{"id":4850,"date":"2025-08-18T05:26:59","date_gmt":"2025-08-18T03:26:59","guid":{"rendered":"https:\/\/www.the-alien-project.com\/quienes-somos\/"},"modified":"2025-12-02T11:35:21","modified_gmt":"2025-12-02T10:35:21","slug":"quienes-somos","status":"publish","type":"page","link":"https:\/\/www.the-alien-project.com\/es\/quienes-somos\/","title":{"rendered":"\u00bfQui\u00e9nes somos?"},"content":{"rendered":"<p>[et_pb_section fb_built=\u00bb1&#8243; fullwidth=\u00bbon\u00bb admin_label=\u00bbHero\u00bb _builder_version=\u00bb4.27.4&#8243; use_background_color_gradient=\u00bbon\u00bb background_color_gradient_stops=\u00bbrgba(75,148,125,0.5) 0%|rgba(41,196,169,0) 100%\u00bb background_enable_image=\u00bboff\u00bb background_video_mp4=\u00bbhttps:\/\/player.vimeo.com\/progressive_redirect\/playback\/1118462345\/rendition\/1080p\/file.mp4?loc=external&#038;log_user=0&#038;signature=2bac6f7770f1055acc61f43a8a325ec28b4a2187acd31c607cfe0fb7bc2ab4e7&#8243; custom_padding=\u00bb0px|0|0px|0px|false|false\u00bb collapsed=\u00bboff\u00bb global_colors_info=\u00bb{}\u00bb][et_pb_fullwidth_header title=\u00bb\u00bfQui\u00e9nes somos?\u00bb text_orientation=\u00bbcenter\u00bb admin_label=\u00bbFullwidth Header\u00bb _builder_version=\u00bb4.27.4&#8243; title_font=\u00bbOpen Sans Condensed Bold||||||||\u00bb title_text_align=\u00bbcenter\u00bb title_font_size=\u00bb80px\u00bb title_line_height=\u00bb1.2em\u00bb content_font=\u00bbOpen Sans Condensed|600||on|||||\u00bb content_text_align=\u00bbcenter\u00bb content_font_size=\u00bb22px\u00bb content_line_height=\u00bb1.8em\u00bb background_color=\u00bbrgba(0,0,0,0)\u00bb use_background_color_gradient=\u00bbon\u00bb background_color_gradient_direction=\u00bb140deg\u00bb background_color_gradient_stops=\u00bbrgba(75,148,125,0.5) 33%|rgba(41,17,96,0) 100%\u00bb background_color_gradient_start=\u00bbrgba(0,72,114,0.9)\u00bb background_color_gradient_end=\u00bbrgba(41,17,96,0.8)\u00bb parallax=\u00bbon\u00bb parallax_method=\u00bbon\u00bb background_enable_video_mp4=\u00bboff\u00bb custom_button_one=\u00bbon\u00bb button_one_text_size=\u00bb15px\u00bb button_one_bg_color=\u00bb#ffa727&#8243; button_one_border_width=\u00bb15px\u00bb button_one_border_color=\u00bb#ffa727&#8243; button_one_border_radius=\u00bb100px\u00bb button_one_letter_spacing=\u00bb5px\u00bb button_one_font=\u00bbOpen Sans|700||on|||||\u00bb custom_margin=\u00bb|||\u00bb custom_padding=\u00bb13vw||13vw||true|false\u00bb custom_padding_tablet=\u00bb100px||100px||true\u00bb custom_padding_phone=\u00bb|||\u00bb custom_padding_last_edited=\u00bbon|desktop\u00bb title_font_size_tablet=\u00bb60px\u00bb title_font_size_phone=\u00bb36px\u00bb title_font_size_last_edited=\u00bbon|phone\u00bb content_font_size_tablet=\u00bb\u00bb content_font_size_phone=\u00bb16px\u00bb content_font_size_last_edited=\u00bbon|phone\u00bb button_one_text_size_tablet=\u00bb\u00bb button_one_text_size_phone=\u00bb\u00bb button_one_text_size_last_edited=\u00bbon|desktop\u00bb button_one_border_color_hover=\u00bb#ff8a3d\u00bb button_one_border_radius_hover=\u00bb100px\u00bb button_one_letter_spacing_hover=\u00bb5px\u00bb button_one_bg_color_hover=\u00bb#ff8a3d\u00bb global_colors_info=\u00bb{}\u00bb button_one_text_size__hover_enabled=\u00bboff\u00bb button_two_text_size__hover_enabled=\u00bboff\u00bb button_one_text_color__hover_enabled=\u00bboff\u00bb button_two_text_color__hover_enabled=\u00bboff\u00bb button_one_border_width__hover_enabled=\u00bboff\u00bb button_two_border_width__hover_enabled=\u00bboff\u00bb button_one_border_color__hover_enabled=\u00bbon\u00bb button_one_border_color__hover=\u00bb#ff8a3d\u00bb button_two_border_color__hover_enabled=\u00bboff\u00bb button_one_border_radius__hover_enabled=\u00bbon\u00bb button_one_border_radius__hover=\u00bb100px\u00bb button_two_border_radius__hover_enabled=\u00bboff\u00bb button_one_letter_spacing__hover_enabled=\u00bbon\u00bb button_one_letter_spacing__hover=\u00bb5px\u00bb button_two_letter_spacing__hover_enabled=\u00bboff\u00bb button_one_bg_color__hover_enabled=\u00bbon\u00bb button_one_bg_color__hover=\u00bb#ff8a3d\u00bb button_two_bg_color__hover_enabled=\u00bboff\u00bb]<\/p>\n<p>Desde octubre de 2016, Thierry Jamin y el equipo del Instituto Inkarri Cusco est\u00e1n involucrados en esta incre\u00edble historia de las momias no humanas de Nasca.<\/p>\n<p>[\/et_pb_fullwidth_header][\/et_pb_section][et_pb_section fb_built=\u00bb1&#8243; use_custom_gutter=\u00bbon\u00bb gutter_width=\u00bb2&#8243; specialty=\u00bbon\u00bb padding_top_1=\u00bb0px\u00bb padding_top_2=\u00bb0px\u00bb padding_bottom_1=\u00bb0px\u00bb padding_bottom_2=\u00bb0px\u00bb padding_top_bottom_link_1=\u00bbtrue\u00bb padding_top_bottom_link_2=\u00bbtrue\u00bb disabled_on=\u00bboff|off|off\u00bb admin_label=\u00bbButton Bar\u00bb _builder_version=\u00bb4.27.4&#8243; background_color=\u00bbrgba(255,255,255,0)\u00bb inner_width=\u00bb100%\u00bb inner_max_width=\u00bb100%\u00bb custom_margin=\u00bb-36px||-13px|||\u00bb custom_padding=\u00bb0||8px||false|false\u00bb use_custom_width=\u00bbon\u00bb width_unit=\u00bboff\u00bb custom_width_percent=\u00bb100%\u00bb saved_tabs=\u00bball\u00bb collapsed=\u00bbon\u00bb global_colors_info=\u00bb{}\u00bb][et_pb_column type=\u00bb1_2&#8243; _builder_version=\u00bb4.16&#8243; custom_padding=\u00bb|||\u00bb global_colors_info=\u00bb{}\u00bb custom_padding__hover=\u00bb|||\u00bb][et_pb_blurb title=\u00bb3D Wiever\u00bb url=\u00bbhttps:\/\/www.the-alien-project.com\/3DV\/\u00bb url_new_window=\u00bbon\u00bb content_max_width=\u00bb1100px\u00bb content_max_width_last_edited=\u00bboff|desktop\u00bb _builder_version=\u00bb4.27.4&#8243; header_font=\u00bbOpen Sans Condensed|500||on|||||\u00bb header_text_color=\u00bb#000000&#8243; header_font_size=\u00bb18px\u00bb header_letter_spacing=\u00bb5px\u00bb header_line_height=\u00bb2em\u00bb body_font=\u00bbOpen Sans Condensed||||||||\u00bb background_color=\u00bb#4b947d\u00bb use_background_color_gradient=\u00bbon\u00bb background_color_gradient_direction=\u00bb90deg\u00bb background_color_gradient_stops=\u00bb#ffffff 0%|#4b947d 100%\u00bb background_color_gradient_start=\u00bb#ffffff\u00bb background_color_gradient_end=\u00bb#2573f9&#8243; text_orientation=\u00bbright\u00bb background_layout=\u00bbdark\u00bb custom_margin=\u00bb||2px|||\u00bb custom_padding=\u00bb20px|40px|12px|40px|false|true\u00bb animation_style=\u00bbslide\u00bb animation_direction=\u00bbleft\u00bb animation_intensity_slide=\u00bb5%\u00bb border_radii=\u00bb||100px|100px|\u00bb locked=\u00bboff\u00bb global_colors_info=\u00bb{}\u00bb][\/et_pb_blurb][\/et_pb_column][et_pb_column type=\u00bb1_2&#8243; specialty_columns=\u00bb2&#8243; _builder_version=\u00bb4.16&#8243; custom_padding=\u00bb|||\u00bb global_colors_info=\u00bb{}\u00bb custom_padding__hover=\u00bb|||\u00bb][et_pb_row_inner column_structure=\u00bb1_2,1_2&#8243; custom_padding_last_edited=\u00bbon|desktop\u00bb _builder_version=\u00bb4.16&#8243; custom_padding=\u00bb0|25%|0|0px|true|false\u00bb custom_padding_tablet=\u00bb|10%||10%||true\u00bb custom_padding_phone=\u00bb\u00bb global_colors_info=\u00bb{}\u00bb][et_pb_column_inner type=\u00bb1_2&#8243; saved_specialty_column_type=\u00bb1_2&#8243; _builder_version=\u00bb4.16&#8243; custom_padding=\u00bb|||\u00bb global_colors_info=\u00bb{}\u00bb custom_padding__hover=\u00bb|||\u00bb][et_pb_button button_url=\u00bbhttps:\/\/www.the-alien-project.com\/es\/los-resultados\/\u00bb button_text=\u00bbLos resultados\u00bb button_alignment=\u00bbcenter\u00bb _builder_version=\u00bb4.27.4&#8243; custom_button=\u00bbon\u00bb button_text_size=\u00bb18px\u00bb button_text_color=\u00bb#ffffff\u00bb button_bg_color=\u00bb#6B418D\u00bb button_bg_color_gradient_direction=\u00bb90deg\u00bb button_bg_color_gradient_stops=\u00bb#ffa727 0%|#FF8A3D 100%\u00bb button_bg_color_gradient_start=\u00bb#ffa727&#8243; button_bg_color_gradient_end=\u00bb#FF8A3D\u00bb button_border_width=\u00bb0px\u00bb button_border_radius=\u00bb100px\u00bb button_letter_spacing=\u00bb5px\u00bb button_font=\u00bbOpen Sans Condensed|||on|||||\u00bb button_use_icon=\u00bboff\u00bb custom_padding=\u00bb23px|24px|23px|24px|true|true\u00bb animation_style=\u00bbslide\u00bb animation_direction=\u00bbleft\u00bb button_border_radius_hover=\u00bb100px\u00bb button_letter_spacing_hover=\u00bb5px\u00bb button_bg_color_hover=\u00bb#3980f9&#8243; locked=\u00bboff\u00bb global_colors_info=\u00bb{}\u00bb button_text_size__hover_enabled=\u00bboff\u00bb button_one_text_size__hover_enabled=\u00bboff\u00bb button_two_text_size__hover_enabled=\u00bboff\u00bb button_text_color__hover_enabled=\u00bboff\u00bb button_one_text_color__hover_enabled=\u00bboff\u00bb button_two_text_color__hover_enabled=\u00bboff\u00bb button_border_width__hover_enabled=\u00bboff\u00bb button_one_border_width__hover_enabled=\u00bboff\u00bb button_two_border_width__hover_enabled=\u00bboff\u00bb button_border_color__hover_enabled=\u00bboff\u00bb button_one_border_color__hover_enabled=\u00bboff\u00bb button_two_border_color__hover_enabled=\u00bboff\u00bb button_border_radius__hover_enabled=\u00bbon\u00bb button_border_radius__hover=\u00bb100px\u00bb button_one_border_radius__hover_enabled=\u00bboff\u00bb button_two_border_radius__hover_enabled=\u00bboff\u00bb button_letter_spacing__hover_enabled=\u00bbon\u00bb button_letter_spacing__hover=\u00bb5px\u00bb button_one_letter_spacing__hover_enabled=\u00bboff\u00bb button_two_letter_spacing__hover_enabled=\u00bboff\u00bb button_bg_color__hover_enabled=\u00bbon\u00bb button_bg_color__hover=\u00bb#3980f9&#8243; button_one_bg_color__hover_enabled=\u00bboff\u00bb button_two_bg_color__hover_enabled=\u00bboff\u00bb][\/et_pb_button][\/et_pb_column_inner][et_pb_column_inner type=\u00bb1_2&#8243; saved_specialty_column_type=\u00bb1_2&#8243; _builder_version=\u00bb4.16&#8243; custom_padding=\u00bb|||\u00bb global_colors_info=\u00bb{}\u00bb custom_padding__hover=\u00bb|||\u00bb][et_pb_button button_url=\u00bbhttps:\/\/www.the-alien-project.com\/es\/contacto\/\u00bb button_text=\u00bbContacto\u00bb button_alignment=\u00bbcenter\u00bb _builder_version=\u00bb4.27.4&#8243; custom_button=\u00bbon\u00bb button_text_size=\u00bb18px\u00bb button_text_color=\u00bb#ffffff\u00bb button_bg_color=\u00bb#6B418D\u00bb button_bg_color_gradient_direction=\u00bb90deg\u00bb button_bg_color_gradient_stops=\u00bb#ffa727 0%|#FF8A3D 100%\u00bb button_bg_color_gradient_start=\u00bb#ffa727&#8243; button_bg_color_gradient_end=\u00bb#FF8A3D\u00bb button_border_width=\u00bb0px\u00bb button_border_radius=\u00bb100px\u00bb button_letter_spacing=\u00bb5px\u00bb button_font=\u00bbOpen Sans Condensed|||on|||||\u00bb button_use_icon=\u00bboff\u00bb custom_padding=\u00bb23px|24px|23px|24px|true|true\u00bb animation_style=\u00bbslide\u00bb animation_direction=\u00bbleft\u00bb animation_intensity_slide=\u00bb70%\u00bb button_border_radius_hover=\u00bb100px\u00bb button_letter_spacing_hover=\u00bb5px\u00bb button_bg_color_hover=\u00bb#3980f9&#8243; locked=\u00bboff\u00bb global_colors_info=\u00bb{}\u00bb button_text_size__hover_enabled=\u00bboff\u00bb button_one_text_size__hover_enabled=\u00bboff\u00bb button_two_text_size__hover_enabled=\u00bboff\u00bb button_text_color__hover_enabled=\u00bboff\u00bb button_one_text_color__hover_enabled=\u00bboff\u00bb button_two_text_color__hover_enabled=\u00bboff\u00bb button_border_width__hover_enabled=\u00bboff\u00bb button_one_border_width__hover_enabled=\u00bboff\u00bb button_two_border_width__hover_enabled=\u00bboff\u00bb button_border_color__hover_enabled=\u00bboff\u00bb button_one_border_color__hover_enabled=\u00bboff\u00bb button_two_border_color__hover_enabled=\u00bboff\u00bb button_border_radius__hover_enabled=\u00bbon\u00bb button_border_radius__hover=\u00bb100px\u00bb button_one_border_radius__hover_enabled=\u00bboff\u00bb button_two_border_radius__hover_enabled=\u00bboff\u00bb button_letter_spacing__hover_enabled=\u00bbon\u00bb button_letter_spacing__hover=\u00bb5px\u00bb button_one_letter_spacing__hover_enabled=\u00bboff\u00bb button_two_letter_spacing__hover_enabled=\u00bboff\u00bb button_bg_color__hover_enabled=\u00bbon\u00bb button_bg_color__hover=\u00bb#3980f9&#8243; button_one_bg_color__hover_enabled=\u00bboff\u00bb button_two_bg_color__hover_enabled=\u00bboff\u00bb][\/et_pb_button][\/et_pb_column_inner][\/et_pb_row_inner][\/et_pb_column][\/et_pb_section][et_pb_section fb_built=\u00bb1&#8243; _builder_version=\u00bb4.27.4&#8243; _module_preset=\u00bbdefault\u00bb custom_padding=\u00bb2px||4px|||\u00bb collapsed=\u00bbon\u00bb global_colors_info=\u00bb{}\u00bb][et_pb_row column_structure=\u00bb1_3,2_3&#8243; _builder_version=\u00bb4.27.4&#8243; _module_preset=\u00bbdefault\u00bb global_colors_info=\u00bb{}\u00bb][et_pb_column type=\u00bb1_3&#8243; _builder_version=\u00bb4.27.4&#8243; _module_preset=\u00bbdefault\u00bb global_colors_info=\u00bb{}\u00bb][et_pb_image src=\u00bbhttps:\/\/www.the-alien-project.com\/wp-content\/uploads\/2025\/08\/inkari-logo-1.png\u00bb alt=\u00bbInstituto Inkarri Cusco\u00bb title_text=\u00bbInstituto Inkarri Cusco\u00bb _builder_version=\u00bb4.27.4&#8243; _module_preset=\u00bbdefault\u00bb animation_style=\u00bbslide\u00bb animation_direction=\u00bbleft\u00bb global_colors_info=\u00bb{}\u00bb][\/et_pb_image][et_pb_button button_url=\u00bbhttps:\/\/instituto-inkarri.com\/\u00bb url_new_window=\u00bbon\u00bb button_text=\u00bbP\u00e1gina web del Instituto Inkarri\u00bb button_alignment=\u00bbcenter\u00bb _builder_version=\u00bb4.27.4&#8243; _module_preset=\u00bbdefault\u00bb animation_style=\u00bbslide\u00bb animation_direction=\u00bbleft\u00bb animation_delay=\u00bb250ms\u00bb global_colors_info=\u00bb{}\u00bb][\/et_pb_button][\/et_pb_column][et_pb_column type=\u00bb2_3&#8243; _builder_version=\u00bb4.27.4&#8243; _module_preset=\u00bbdefault\u00bb global_colors_info=\u00bb{}\u00bb][et_pb_text _builder_version=\u00bb4.27.4&#8243; _module_preset=\u00bbdefault\u00bb global_colors_info=\u00bb{}\u00bb]<\/p>\n<p>Luego, gracias a la generosidad de numerosos donantes, con motivo de una operaci\u00f3n especial de crowdfunding en una plataforma francesa, lanzada en febrero de 2017, el Instituto Inkarri Cusco emprende los primeros an\u00e1lisis cient\u00edficos de estas incre\u00edbles reliquias: an\u00e1lisis cl\u00ednicos, radiograf\u00edas, esc\u00e1neres, an\u00e1lisis de ADN, dataciones con carbono 14, etc.<\/p>\n<p>Tambi\u00e9n fue el Instituto Inkarri el que, desde 2016, a pesar de las adversidades, logr\u00f3 dar a conocer este excepcional descubrimiento a trav\u00e9s de este sitio web, de v\u00eddeos publicados en las redes sociales y de diversos programas de radio, televisi\u00f3n e Internet.<\/p>\n<p>Desde entonces, el caso de las momias no humanas de Nasca se ha convertido en un asunto mundial. Y sus implicaciones son vertiginosas. <\/p>\n<p><strong>Pero esta historia nunca habr\u00eda visto la luz sin la implicaci\u00f3n de las siguientes personas e instituciones:<\/strong><\/p>\n<p>[\/et_pb_text][\/et_pb_column][\/et_pb_row][\/et_pb_section][et_pb_section fb_built=\u00bb1&#8243; _builder_version=\u00bb4.27.4&#8243; _module_preset=\u00bbdefault\u00bb custom_padding=\u00bb0px||4px|||\u00bb collapsed=\u00bbon\u00bb global_colors_info=\u00bb{}\u00bb][et_pb_row column_structure=\u00bb1_3,1_3,1_3&#8243; _builder_version=\u00bb4.27.4&#8243; _module_preset=\u00bbdefault\u00bb global_colors_info=\u00bb{}\u00bb][et_pb_column type=\u00bb1_3&#8243; _builder_version=\u00bb4.27.4&#8243; _module_preset=\u00bbdefault\u00bb global_colors_info=\u00bb{}\u00bb][\/et_pb_column][et_pb_column type=\u00bb1_3&#8243; _builder_version=\u00bb4.27.4&#8243; _module_preset=\u00bbdefault\u00bb global_colors_info=\u00bb{}\u00bb][et_pb_text _builder_version=\u00bb4.27.4&#8243; _module_preset=\u00bbdefault\u00bb header_3_text_align=\u00bbcenter\u00bb header_5_text_align=\u00bbcenter\u00bb global_colors_info=\u00bb{}\u00bb]<\/p>\n<h3>Leandro Benedicto Sarmiento Rivera, alias \u00ab Mario \u00bb<\/h3>\n<p>[\/et_pb_text][et_pb_image src=\u00bbhttps:\/\/www.the-alien-project.com\/wp-content\/uploads\/2025\/08\/mario-1.jpg\u00bb alt=\u00bbLeandro Benedicto Sarmiento Rivera, alias \u00ab Mario \u00bb\u00bb title_text=\u00bbLeandro Benedicto Sarmiento Rivera, alias \u00ab Mario \u00bb\u00bb _builder_version=\u00bb4.27.4&#8243; _module_preset=\u00bbdefault\u00bb animation_style=\u00bbslide\u00bb global_colors_info=\u00bb{}\u00bb][\/et_pb_image][et_pb_text _builder_version=\u00bb4.27.4&#8243; _module_preset=\u00bbdefault\u00bb global_colors_info=\u00bb{}\u00bb]<\/p>\n<p>Es el descubridor del famoso yacimiento de momias no humanas con tres dedos, cuya ubicaci\u00f3n sigue siendo desconocida hasta la fecha.<\/p>\n<p>[\/et_pb_text][\/et_pb_column][et_pb_column type=\u00bb1_3&#8243; _builder_version=\u00bb4.27.4&#8243; _module_preset=\u00bbdefault\u00bb global_colors_info=\u00bb{}\u00bb][\/et_pb_column][\/et_pb_row][\/et_pb_section][et_pb_section fb_built=\u00bb1&#8243; _builder_version=\u00bb4.27.4&#8243; _module_preset=\u00bbdefault\u00bb background_color=\u00bb#4B947D\u00bb custom_margin=\u00bb|5%|||false|false\u00bb custom_padding=\u00bb0px||6px|5%|false|false\u00bb border_radii=\u00bboff||20vw|20vw|\u00bb collapsed=\u00bbon\u00bb global_colors_info=\u00bb{}\u00bb][et_pb_row _builder_version=\u00bb4.27.4&#8243; _module_preset=\u00bbdefault\u00bb global_colors_info=\u00bb{}\u00bb][et_pb_column type=\u00bb4_4&#8243; _builder_version=\u00bb4.27.4&#8243; _module_preset=\u00bbdefault\u00bb global_colors_info=\u00bb{}\u00bb][et_pb_text _builder_version=\u00bb4.27.4&#8243; _module_preset=\u00bbdefault\u00bb header_2_text_color=\u00bb#FFFFFF\u00bb global_colors_info=\u00bb{}\u00bb]<\/p>\n<h2>El Instituto Inkarri Cusco<\/h2>\n<p>[\/et_pb_text][\/et_pb_column][\/et_pb_row][et_pb_row column_structure=\u00bb1_3,1_3,1_3&#8243; _builder_version=\u00bb4.27.4&#8243; _module_preset=\u00bbdefault\u00bb custom_padding=\u00bb1px||3px|||\u00bb global_colors_info=\u00bb{}\u00bb][et_pb_column type=\u00bb1_3&#8243; _builder_version=\u00bb4.27.4&#8243; _module_preset=\u00bbdefault\u00bb global_colors_info=\u00bb{}\u00bb][et_pb_text _builder_version=\u00bb4.27.4&#8243; _module_preset=\u00bbdefault\u00bb header_3_text_align=\u00bbcenter\u00bb header_3_text_color=\u00bb#FFFFFF\u00bb header_5_text_color=\u00bb#FFFFFF\u00bb custom_margin=\u00bb||11px|||\u00bb global_colors_info=\u00bb{}\u00bb]<\/p>\n<h3>Thierry Jamin<\/h3>\n<p>[\/et_pb_text][et_pb_image src=\u00bbhttps:\/\/www.the-alien-project.com\/wp-content\/uploads\/2025\/08\/thierry-jamin-2.jpg\u00bb alt=\u00bbThierry Jamin\u00bb title_text=\u00bbThierry Jamin\u00bb _builder_version=\u00bb4.27.4&#8243; _module_preset=\u00bbdefault\u00bb animation_style=\u00bbslide\u00bb animation_direction=\u00bbleft\u00bb global_colors_info=\u00bb{}\u00bb][\/et_pb_image][et_pb_text _builder_version=\u00bb4.27.4&#8243; _module_preset=\u00bbdefault\u00bb text_text_color=\u00bb#FFFFFF\u00bb custom_margin=\u00bb-22px|||||\u00bb global_colors_info=\u00bb{}\u00bb]<\/p>\n<p>Investigador, explorador franc\u00e9s y presidente del Instituto Inkarri.<\/p>\n<p>[\/et_pb_text][\/et_pb_column][et_pb_column type=\u00bb1_3&#8243; _builder_version=\u00bb4.27.4&#8243; _module_preset=\u00bbdefault\u00bb global_colors_info=\u00bb{}\u00bb][et_pb_button button_url=\u00bbhttps:\/\/www.thierryjamin.com\u00bb url_new_window=\u00bbon\u00bb button_text=\u00bbLa p\u00e1gina web de Thierry Jamin\u00bb button_alignment=\u00bbcenter\u00bb _builder_version=\u00bb4.27.4&#8243; _module_preset=\u00bbdefault\u00bb custom_margin=\u00bb40px||||false|false\u00bb custom_padding=\u00bb11px|||||\u00bb animation_style=\u00bbslide\u00bb animation_direction=\u00bbleft\u00bb animation_delay=\u00bb250ms\u00bb global_colors_info=\u00bb{}\u00bb][\/et_pb_button][\/et_pb_column][et_pb_column type=\u00bb1_3&#8243; _builder_version=\u00bb4.27.4&#8243; _module_preset=\u00bbdefault\u00bb global_colors_info=\u00bb{}\u00bb][et_pb_text _builder_version=\u00bb4.27.4&#8243; _module_preset=\u00bbdefault\u00bb header_3_text_align=\u00bbcenter\u00bb header_3_text_color=\u00bb#FFFFFF\u00bb header_5_text_color=\u00bb#FFFFFF\u00bb custom_margin=\u00bb||11px|||\u00bb global_colors_info=\u00bb{}\u00bb]<\/p>\n<h3 style=\"text-align: center;\">Chiki<\/h3>\n<p>[\/et_pb_text][et_pb_image src=\u00bbhttps:\/\/www.the-alien-project.com\/wp-content\/uploads\/2025\/08\/chiki-jamin-300&#215;300-1.jpg\u00bb alt=\u00bbChiki\u00bb title_text=\u00bbChiki\u00bb _builder_version=\u00bb4.27.4&#8243; _module_preset=\u00bbdefault\u00bb animation_style=\u00bbslide\u00bb animation_direction=\u00bbright\u00bb animation_delay=\u00bb500ms\u00bb global_colors_info=\u00bb{}\u00bb][\/et_pb_image][et_pb_text _builder_version=\u00bb4.27.4&#8243; _module_preset=\u00bbdefault\u00bb text_text_color=\u00bb#FFFFFF\u00bb custom_margin=\u00bb-22px|||||\u00bb global_colors_info=\u00bb{}\u00bb]<\/p>\n<p>Chiki se incorpor\u00f3 al equipo del Instituto Inkarri en 2020. Exploradora de coraz\u00f3n, la selva amaz\u00f3nica ya no tiene secretos para ella. \u00a1El desierto de Nasca tiene que andarse con cuidado! Berger Chiribaya, ahora clasificado como patrimonio nacional de Per\u00fa, Chiki no ha dejado de ser humilde&#8230;   <\/p>\n<p>[\/et_pb_text][\/et_pb_column][\/et_pb_row][et_pb_row column_structure=\u00bb1_2,1_2&#8243; _builder_version=\u00bb4.27.4&#8243; _module_preset=\u00bbdefault\u00bb custom_padding=\u00bb31px||3px|||\u00bb global_colors_info=\u00bb{}\u00bb][et_pb_column type=\u00bb1_2&#8243; _builder_version=\u00bb4.27.4&#8243; _module_preset=\u00bbdefault\u00bb global_colors_info=\u00bb{}\u00bb][et_pb_text _builder_version=\u00bb4.27.4&#8243; _module_preset=\u00bbdefault\u00bb header_3_text_align=\u00bbcenter\u00bb header_3_text_color=\u00bb#FFFFFF\u00bb header_3_font_size=\u00bb21px\u00bb header_5_text_color=\u00bb#FFFFFF\u00bb custom_margin=\u00bb||11px|||\u00bb global_colors_info=\u00bb{}\u00bb]<\/p>\n<h3 style=\"text-align: center;\">Jos\u00e9 Begnino Casafranca Montes<\/h3>\n<p>[\/et_pb_text][et_pb_image src=\u00bbhttps:\/\/www.the-alien-project.com\/wp-content\/uploads\/2025\/08\/jose-casafranca-1.jpg\u00bb alt=\u00bbJos\u00e9 Begnino Casafranca Montes\u00bb title_text=\u00bbJos\u00e9 Begnino Casafranca Montes\u00bb align=\u00bbcenter\u00bb _builder_version=\u00bb4.27.4&#8243; _module_preset=\u00bbdefault\u00bb width=\u00bb66%\u00bb animation_style=\u00bbzoom\u00bb animation_direction=\u00bbleft\u00bb animation_delay=\u00bb250ms\u00bb global_colors_info=\u00bb{}\u00bb][\/et_pb_image][et_pb_text _builder_version=\u00bb4.27.4&#8243; _module_preset=\u00bbdefault\u00bb text_text_color=\u00bb#FFFFFF\u00bb text_orientation=\u00bbcenter\u00bb custom_margin=\u00bb-22px|||||\u00bb global_colors_info=\u00bb{}\u00bb]<\/p>\n<p>Ex polic\u00eda jubilado, es vicepresidente del Instituto Inkarri.<\/p>\n<p>[\/et_pb_text][et_pb_button button_url=\u00bbhttps:\/\/instituto-inkarri.com\/\u00bb url_new_window=\u00bbon\u00bb button_text=\u00bbLa p\u00e1gina web del Instituto Inkarri\u00bb button_alignment=\u00bbcenter\u00bb _builder_version=\u00bb4.27.4&#8243; _module_preset=\u00bbdefault\u00bb animation_style=\u00bbslide\u00bb animation_delay=\u00bb250ms\u00bb global_colors_info=\u00bb{}\u00bb][\/et_pb_button][\/et_pb_column][et_pb_column type=\u00bb1_2&#8243; _builder_version=\u00bb4.27.4&#8243; _module_preset=\u00bbdefault\u00bb global_colors_info=\u00bb{}\u00bb][et_pb_text _builder_version=\u00bb4.27.4&#8243; _module_preset=\u00bbdefault\u00bb header_3_text_align=\u00bbcenter\u00bb header_3_text_color=\u00bb#FFFFFF\u00bb header_3_font_size=\u00bb21px\u00bb header_5_text_color=\u00bb#FFFFFF\u00bb custom_margin=\u00bb||11px|||\u00bb global_colors_info=\u00bb{}\u00bb]<\/p>\n<h3 style=\"text-align: center;\">Edward Valenzuela Gil<\/h3>\n<p>[\/et_pb_text][et_pb_image src=\u00bbhttps:\/\/www.the-alien-project.com\/wp-content\/uploads\/2025\/08\/edward-valenzuela-1.jpg\u00bb alt=\u00bbEdward Valenzuela Gil\u00bb title_text=\u00bbEdward Valenzuela Gil\u00bb align=\u00bbcenter\u00bb _builder_version=\u00bb4.27.4&#8243; _module_preset=\u00bbdefault\u00bb width=\u00bb66%\u00bb animation_style=\u00bbslide\u00bb animation_direction=\u00bbright\u00bb animation_delay=\u00bb500ms\u00bb global_colors_info=\u00bb{}\u00bb][\/et_pb_image][et_pb_text _builder_version=\u00bb4.27.4&#8243; _module_preset=\u00bbdefault\u00bb text_text_color=\u00bb#FFFFFF\u00bb text_orientation=\u00bbcenter\u00bb custom_margin=\u00bb-22px|||||\u00bb global_colors_info=\u00bb{}\u00bb]<\/p>\n<p>Secretario de Relaciones P\u00fablicas e Informaci\u00f3n del Instituto Inkarri.<\/p>\n<p>[\/et_pb_text][\/et_pb_column][\/et_pb_row][et_pb_row _builder_version=\u00bb4.27.4&#8243; _module_preset=\u00bbdefault\u00bb custom_padding=\u00bb||2px|||\u00bb global_colors_info=\u00bb{}\u00bb][et_pb_column type=\u00bb4_4&#8243; _builder_version=\u00bb4.27.4&#8243; _module_preset=\u00bbdefault\u00bb global_colors_info=\u00bb{}\u00bb][et_pb_text _builder_version=\u00bb4.27.4&#8243; _module_preset=\u00bbdefault\u00bb header_4_text_color=\u00bb#FFFFFF\u00bb global_colors_info=\u00bb{}\u00bb]<\/p>\n<h4>En v\u00eddeo<\/h4>\n<p>[\/et_pb_text][\/et_pb_column][\/et_pb_row][et_pb_row column_structure=\u00bb1_3,1_3,1_3&#8243; _builder_version=\u00bb4.27.4&#8243; _module_preset=\u00bbdefault\u00bb custom_padding=\u00bb5px|||||\u00bb global_colors_info=\u00bb{}\u00bb][et_pb_column type=\u00bb1_3&#8243; _builder_version=\u00bb4.27.4&#8243; _module_preset=\u00bbdefault\u00bb global_colors_info=\u00bb{}\u00bb][et_pb_text _builder_version=\u00bb4.27.4&#8243; _module_preset=\u00bbdefault\u00bb header_3_text_align=\u00bbcenter\u00bb header_3_text_color=\u00bb#FFFFFF\u00bb header_4_text_color=\u00bb#FFFFFF\u00bb header_5_text_color=\u00bb#FFFFFF\u00bb custom_margin=\u00bb||-1px|||\u00bb global_colors_info=\u00bb{}\u00bb]<\/p>\n<h3>Thierry Jamin<br \/>\n&nbsp;<\/h3>\n<p>[\/et_pb_text][et_pb_video src=\u00bbhttps:\/\/www.youtube.com\/embed\/cYeYczzIKgY?si=wsQ44SwftKU1u_TE\u00bb _builder_version=\u00bb4.27.4&#8243; _module_preset=\u00bbdefault\u00bb animation_style=\u00bbslide\u00bb animation_direction=\u00bbleft\u00bb global_colors_info=\u00bb{}\u00bb][\/et_pb_video][et_pb_text _builder_version=\u00bb4.27.4&#8243; _module_preset=\u00bbdefault\u00bb text_text_color=\u00bb#FFFFFF\u00bb text_orientation=\u00bbcenter\u00bb global_colors_info=\u00bb{}\u00bb]<\/p>\n<p>14 de septiembre de 2023<br \/>En franc\u00e9s<br \/>En Nurea TV<\/p>\n<p>[\/et_pb_text][\/et_pb_column][et_pb_column type=\u00bb1_3&#8243; _builder_version=\u00bb4.27.4&#8243; _module_preset=\u00bbdefault\u00bb global_colors_info=\u00bb{}\u00bb][et_pb_text _builder_version=\u00bb4.27.4&#8243; _module_preset=\u00bbdefault\u00bb header_3_text_align=\u00bbcenter\u00bb header_3_text_color=\u00bb#FFFFFF\u00bb header_4_text_color=\u00bb#FFFFFF\u00bb header_5_text_color=\u00bb#FFFFFF\u00bb custom_margin=\u00bb||-1px|||\u00bb global_colors_info=\u00bb{}\u00bb]<\/p>\n<h3>Thierry Jamin y Edward Valenzuela<br \/>\n&nbsp;<\/h3>\n<p>[\/et_pb_text][et_pb_video src=\u00bbhttps:\/\/www.youtube.com\/embed\/SY2N_MVDHRE?si=e8L6P5cms-q02tMc\u00bb _builder_version=\u00bb4.27.4&#8243; _module_preset=\u00bbdefault\u00bb animation_style=\u00bbslide\u00bb animation_delay=\u00bb250ms\u00bb global_colors_info=\u00bb{}\u00bb][\/et_pb_video][et_pb_text _builder_version=\u00bb4.27.4&#8243; _module_preset=\u00bbdefault\u00bb text_text_color=\u00bb#FFFFFF\u00bb text_orientation=\u00bbcenter\u00bb global_colors_info=\u00bb{}\u00bb]10 de septiembre de 2024<br \/>\nEn espa\u00f1ol<br \/>\nEn Mundo Ovni Digital Argentina[\/et_pb_text][\/et_pb_column][et_pb_column type=\u00bb1_3&#8243; _builder_version=\u00bb4.27.4&#8243; _module_preset=\u00bbdefault\u00bb global_colors_info=\u00bb{}\u00bb][et_pb_text _builder_version=\u00bb4.27.4&#8243; _module_preset=\u00bbdefault\u00bb header_3_text_align=\u00bbcenter\u00bb header_3_text_color=\u00bb#FFFFFF\u00bb header_4_text_color=\u00bb#FFFFFF\u00bb header_5_text_color=\u00bb#FFFFFF\u00bb custom_margin=\u00bb||-1px|||\u00bb global_colors_info=\u00bb{}\u00bb]<\/p>\n<h3>Thierry Jamin, Jos\u00e9 Casafranca y<br \/>Edward Valenzuela<\/h3>\n<p>[\/et_pb_text][et_pb_video src=\u00bbhttps:\/\/www.youtube.com\/embed\/m0uDEi8qndo?si=Q09NVCJ9Tbxulrp9&#8243; _builder_version=\u00bb4.27.4&#8243; _module_preset=\u00bbdefault\u00bb animation_style=\u00bbslide\u00bb animation_direction=\u00bbright\u00bb animation_delay=\u00bb500ms\u00bb global_colors_info=\u00bb{}\u00bb][\/et_pb_video][et_pb_text _builder_version=\u00bb4.27.4&#8243; _module_preset=\u00bbdefault\u00bb text_text_color=\u00bb#FFFFFF\u00bb text_orientation=\u00bbcenter\u00bb global_colors_info=\u00bb{}\u00bb]5 de septiembre de 2024<br \/>\nEn espa\u00f1ol<br \/>\nSobre RUBEN DANIEL SCIAN PAISAJES PERSONAS Y PERSONAJES[\/et_pb_text][\/et_pb_column][\/et_pb_row][et_pb_row column_structure=\u00bb1_3,1_3,1_3&#8243; _builder_version=\u00bb4.27.4&#8243; _module_preset=\u00bbdefault\u00bb custom_padding=\u00bb5px|||||\u00bb global_colors_info=\u00bb{}\u00bb][et_pb_column type=\u00bb1_3&#8243; _builder_version=\u00bb4.27.4&#8243; _module_preset=\u00bbdefault\u00bb global_colors_info=\u00bb{}\u00bb][et_pb_text _builder_version=\u00bb4.27.4&#8243; _module_preset=\u00bbdefault\u00bb header_3_text_align=\u00bbcenter\u00bb header_3_text_color=\u00bb#FFFFFF\u00bb header_4_text_color=\u00bb#FFFFFF\u00bb header_5_text_color=\u00bb#FFFFFF\u00bb custom_margin=\u00bb||-1px|||\u00bb global_colors_info=\u00bb{}\u00bb]<\/p>\n<h3>Thierry Jamin y Edward Valenzuela<br \/>\n&nbsp;<\/h3>\n<p>[\/et_pb_text][et_pb_video src=\u00bbhttps:\/\/www.youtube.com\/embed\/1vhK4oFQ1Bc?si=Kf4U4JATnGgo5gKA\u00bb _builder_version=\u00bb4.27.4&#8243; _module_preset=\u00bbdefault\u00bb animation_style=\u00bbslide\u00bb animation_direction=\u00bbleft\u00bb global_colors_info=\u00bb{}\u00bb][\/et_pb_video][et_pb_text _builder_version=\u00bb4.27.4&#8243; _module_preset=\u00bbdefault\u00bb text_text_color=\u00bb#FFFFFF\u00bb text_orientation=\u00bbcenter\u00bb global_colors_info=\u00bb{}\u00bb]31 de agosto de 2024<br \/>\nEn espa\u00f1ol<br \/>\nEn Psicoactivo Podcast[\/et_pb_text][\/et_pb_column][et_pb_column type=\u00bb1_3&#8243; _builder_version=\u00bb4.27.4&#8243; _module_preset=\u00bbdefault\u00bb global_colors_info=\u00bb{}\u00bb][et_pb_text _builder_version=\u00bb4.27.4&#8243; _module_preset=\u00bbdefault\u00bb header_3_text_align=\u00bbcenter\u00bb header_3_text_color=\u00bb#FFFFFF\u00bb header_4_text_color=\u00bb#FFFFFF\u00bb header_5_text_color=\u00bb#FFFFFF\u00bb custom_margin=\u00bb||-1px|||\u00bb global_colors_info=\u00bb{}\u00bb]<\/p>\n<h3>Thierry Jamin y Edward Valenzuela<br \/>\n&nbsp;<\/h3>\n<p>[\/et_pb_text][et_pb_video src=\u00bbhttps:\/\/www.youtube.com\/embed\/KTJLGOmr-Jo?si=ZS0toQvICloOrNIA\u00bb _builder_version=\u00bb4.27.4&#8243; _module_preset=\u00bbdefault\u00bb animation_style=\u00bbslide\u00bb animation_delay=\u00bb250ms\u00bb global_colors_info=\u00bb{}\u00bb][\/et_pb_video][et_pb_text _builder_version=\u00bb4.27.4&#8243; _module_preset=\u00bbdefault\u00bb text_text_color=\u00bb#FFFFFF\u00bb text_orientation=\u00bbcenter\u00bb global_colors_info=\u00bb{}\u00bb]31 de agosto de 2024<br \/>\nEn ingl\u00e9s<br \/>\nEn Psicoactivo Podcast[\/et_pb_text][\/et_pb_column][et_pb_column type=\u00bb1_3&#8243; _builder_version=\u00bb4.27.4&#8243; _module_preset=\u00bbdefault\u00bb global_colors_info=\u00bb{}\u00bb][\/et_pb_column][\/et_pb_row][\/et_pb_section][et_pb_section fb_built=\u00bb1&#8243; _builder_version=\u00bb4.27.4&#8243; _module_preset=\u00bbdefault\u00bb background_color=\u00bb#000000&#8243; custom_margin=\u00bb|||5%|false|false\u00bb custom_padding=\u00bb3px|5%|||false|false\u00bb border_radii=\u00bboff|20vw|||20vw\u00bb collapsed=\u00bbon\u00bb global_colors_info=\u00bb{}\u00bb][et_pb_row _builder_version=\u00bb4.27.4&#8243; _module_preset=\u00bbdefault\u00bb custom_padding=\u00bb||0px|||\u00bb global_colors_info=\u00bb{}\u00bb][et_pb_column type=\u00bb4_4&#8243; _builder_version=\u00bb4.27.4&#8243; _module_preset=\u00bbdefault\u00bb global_colors_info=\u00bb{}\u00bb][et_pb_text _builder_version=\u00bb4.27.4&#8243; _module_preset=\u00bbdefault\u00bb header_3_text_color=\u00bb#FFFFFF\u00bb global_colors_info=\u00bb{}\u00bb]<\/p>\n<h3>Representantes del Instituto Inkarri en el extranjero<\/h3>\n<p>[\/et_pb_text][\/et_pb_column][\/et_pb_row][et_pb_row _builder_version=\u00bb4.27.4&#8243; _module_preset=\u00bbdefault\u00bb custom_padding=\u00bb||0px|||\u00bb global_colors_info=\u00bb{}\u00bb][et_pb_column type=\u00bb4_4&#8243; _builder_version=\u00bb4.27.4&#8243; _module_preset=\u00bbdefault\u00bb global_colors_info=\u00bb{}\u00bb][et_pb_text _builder_version=\u00bb4.27.4&#8243; _module_preset=\u00bbdefault\u00bb header_6_text_color=\u00bb#FFFFFF\u00bb global_colors_info=\u00bb{}\u00bb]<\/p>\n<h6>William Galison<\/h6>\n<p>[\/et_pb_text][\/et_pb_column][\/et_pb_row][et_pb_row column_structure=\u00bb1_3,1_3,1_3&#8243; _builder_version=\u00bb4.27.4&#8243; _module_preset=\u00bbdefault\u00bb global_colors_info=\u00bb{}\u00bb][et_pb_column type=\u00bb1_3&#8243; _builder_version=\u00bb4.27.4&#8243; _module_preset=\u00bbdefault\u00bb global_colors_info=\u00bb{}\u00bb][et_pb_image src=\u00bbhttps:\/\/www.the-alien-project.com\/wp-content\/uploads\/2025\/08\/william-galison.jpg\u00bb alt=\u00bbWilliam Galison\u00bb title_text=\u00bbWilliam Galison\u00bb _builder_version=\u00bb4.27.4&#8243; _module_preset=\u00bbdefault\u00bb animation_style=\u00bbslide\u00bb animation_direction=\u00bbleft\u00bb global_colors_info=\u00bb{}\u00bb][\/et_pb_image][\/et_pb_column][et_pb_column type=\u00bb1_3&#8243; _builder_version=\u00bb4.27.4&#8243; _module_preset=\u00bbdefault\u00bb global_colors_info=\u00bb{}\u00bb][et_pb_text _builder_version=\u00bb4.27.4&#8243; _module_preset=\u00bbdefault\u00bb text_text_color=\u00bb#FFFFFF\u00bb global_colors_info=\u00bb{}\u00bb]<\/p>\n<p>De nacionalidad estadounidense y afincado en Nueva York, William es un talentoso m\u00fasico y cantante profesional. Por cierto, \u00bfconoces las pel\u00edculas \u00abBagdad caf\u00e9\u00bb (1987) o \u00abLos incorruptibles\u00bb (1987)? William ha compuesto la m\u00fasica de estas pel\u00edculas de culto, \u00a1y de muchas otras! Apasionado por la ufolog\u00eda, se interesa por la historia de las momias no humanas de Nasca desde que conoci\u00f3 en Francia, en 2017, a Thierry Jamin y Alain Bonnet. Gran conocedor del caso, representa al Instituto Inkarri en Estados Unidos y en el mundo angl\u00f3fono.    <\/p>\n<p>[\/et_pb_text][et_pb_button url_new_window=\u00bbon\u00bb button_text=\u00bbVer la p\u00e1gina web de Willian Galison\u00bb button_alignment=\u00bbcenter\u00bb _builder_version=\u00bb4.27.4&#8243; _module_preset=\u00bbdefault\u00bb animation_style=\u00bbslide\u00bb animation_delay=\u00bb250ms\u00bb global_colors_info=\u00bb{}\u00bb][\/et_pb_button][\/et_pb_column][et_pb_column type=\u00bb1_3&#8243; _builder_version=\u00bb4.27.4&#8243; _module_preset=\u00bbdefault\u00bb global_colors_info=\u00bb{}\u00bb][et_pb_video src=\u00bbhttps:\/\/www.youtube.com\/watch?v=RduJGeIaTSw&#038;t=1s\u00bb _builder_version=\u00bb4.27.4&#8243; _module_preset=\u00bbdefault\u00bb animation_style=\u00bbslide\u00bb animation_direction=\u00bbright\u00bb animation_delay=\u00bb500ms\u00bb global_colors_info=\u00bb{}\u00bb][\/et_pb_video][et_pb_text _builder_version=\u00bb4.27.4&#8243; _module_preset=\u00bbdefault\u00bb text_text_color=\u00bb#FFFFFF\u00bb text_orientation=\u00bbcenter\u00bb global_colors_info=\u00bb{}\u00bb]<\/p>\n<p>31 de mayo de 2024.<br \/>En ingl\u00e9s.<br \/>En That UFO Podcast.<\/p>\n<p>[\/et_pb_text][\/et_pb_column][\/et_pb_row][et_pb_row _builder_version=\u00bb4.27.4&#8243; _module_preset=\u00bbdefault\u00bb custom_padding=\u00bb||0px|||\u00bb global_colors_info=\u00bb{}\u00bb][et_pb_column type=\u00bb4_4&#8243; _builder_version=\u00bb4.27.4&#8243; _module_preset=\u00bbdefault\u00bb global_colors_info=\u00bb{}\u00bb][et_pb_text _builder_version=\u00bb4.27.4&#8243; _module_preset=\u00bbdefault\u00bb header_6_text_color=\u00bb#FFFFFF\u00bb global_colors_info=\u00bb{}\u00bb]<\/p>\n<h6>St\u00e9phanie Serres<\/h6>\n<p>[\/et_pb_text][\/et_pb_column][\/et_pb_row][et_pb_row column_structure=\u00bb1_3,1_3,1_3&#8243; _builder_version=\u00bb4.27.4&#8243; _module_preset=\u00bbdefault\u00bb global_colors_info=\u00bb{}\u00bb][et_pb_column type=\u00bb1_3&#8243; _builder_version=\u00bb4.27.4&#8243; _module_preset=\u00bbdefault\u00bb global_colors_info=\u00bb{}\u00bb][et_pb_image src=\u00bbhttps:\/\/www.the-alien-project.com\/wp-content\/uploads\/2025\/08\/stephanie-serres.jpg\u00bb alt=\u00bbSt\u00e9phanie Serres\u00bb title_text=\u00bbSt\u00e9phanie Serres\u00bb _builder_version=\u00bb4.27.4&#8243; _module_preset=\u00bbdefault\u00bb animation_style=\u00bbslide\u00bb animation_direction=\u00bbleft\u00bb global_colors_info=\u00bb{}\u00bb][\/et_pb_image][\/et_pb_column][et_pb_column type=\u00bb1_3&#8243; _builder_version=\u00bb4.27.4&#8243; _module_preset=\u00bbdefault\u00bb global_colors_info=\u00bb{}\u00bb][et_pb_text _builder_version=\u00bb4.27.4&#8243; _module_preset=\u00bbdefault\u00bb text_text_color=\u00bb#FFFFFF\u00bb global_colors_info=\u00bb{}\u00bb]De origen franc\u00e9s, St\u00e9phanie lleva muchos a\u00f1os viviendo en Quebec. Apasionada desde el principio por el caso de las momias no humanas de Nasca, conoce a fondo esta historia y representa al Instituto Inkarri en Canad\u00e1.[\/et_pb_text][\/et_pb_column][et_pb_column type=\u00bb1_3&#8243; _builder_version=\u00bb4.27.4&#8243; _module_preset=\u00bbdefault\u00bb global_colors_info=\u00bb{}\u00bb][et_pb_video src=\u00bbhttps:\/\/www.youtube.com\/embed\/T-KUdDGtb-Q?si=BkKKSp4y9Jrvzhux\u00bb _builder_version=\u00bb4.27.4&#8243; _module_preset=\u00bbdefault\u00bb animation_style=\u00bbslide\u00bb animation_direction=\u00bbright\u00bb animation_delay=\u00bb500ms\u00bb global_colors_info=\u00bb{}\u00bb][\/et_pb_video][et_pb_text _builder_version=\u00bb4.27.4&#8243; _module_preset=\u00bbdefault\u00bb text_text_color=\u00bb#FFFFFF\u00bb text_orientation=\u00bbcenter\u00bb global_colors_info=\u00bb{}\u00bb]13 de diciembre de 2024<br \/>\nEn franc\u00e9s<br \/>\nJeff Benoit EN DIRECTO[\/et_pb_text][\/et_pb_column][\/et_pb_row][et_pb_row _builder_version=\u00bb4.27.4&#8243; _module_preset=\u00bbdefault\u00bb custom_padding=\u00bb||0px|||\u00bb global_colors_info=\u00bb{}\u00bb][et_pb_column type=\u00bb4_4&#8243; _builder_version=\u00bb4.27.4&#8243; _module_preset=\u00bbdefault\u00bb global_colors_info=\u00bb{}\u00bb][et_pb_text _builder_version=\u00bb4.27.4&#8243; _module_preset=\u00bbdefault\u00bb header_6_text_color=\u00bb#FFFFFF\u00bb global_colors_info=\u00bb{}\u00bb]<\/p>\n<h6>Silvia Kliche<\/h6>\n<p>[\/et_pb_text][\/et_pb_column][\/et_pb_row][et_pb_row column_structure=\u00bb1_3,1_3,1_3&#8243; _builder_version=\u00bb4.27.4&#8243; _module_preset=\u00bbdefault\u00bb global_colors_info=\u00bb{}\u00bb][et_pb_column type=\u00bb1_3&#8243; _builder_version=\u00bb4.27.4&#8243; _module_preset=\u00bbdefault\u00bb global_colors_info=\u00bb{}\u00bb][et_pb_image src=\u00bbhttps:\/\/www.the-alien-project.com\/wp-content\/uploads\/2025\/08\/89698584-5df0-40dd-bd8f-99b585fd0629.jpg\u00bb alt=\u00bbSilvia Kliche\u00bb title_text=\u00bbSilvia Kliche\u00bb _builder_version=\u00bb4.27.4&#8243; _module_preset=\u00bbdefault\u00bb animation_style=\u00bbslide\u00bb animation_direction=\u00bbleft\u00bb global_colors_info=\u00bb{}\u00bb][\/et_pb_image][\/et_pb_column][et_pb_column type=\u00bb1_3&#8243; _builder_version=\u00bb4.27.4&#8243; _module_preset=\u00bbdefault\u00bb global_colors_info=\u00bb{}\u00bb][et_pb_text _builder_version=\u00bb4.27.4&#8243; _module_preset=\u00bbdefault\u00bb text_text_color=\u00bb#FFFFFF\u00bb global_colors_info=\u00bb{}\u00bb]<\/p>\n<p>Silvia Kliche, reconocida periodista en Uruguay (\u00a1dirigi\u00f3 durante 23 a\u00f1os el principal noticiario televisivo del pa\u00eds!) y en toda Sudam\u00e9rica, sigue el caso de las momias no humanas de Nasca desde el principio. En 2018 y 2024, participa en las audiencias p\u00fablicas organizadas por la \u00abcomisi\u00f3n de Cultura\u00bb del Congreso de la Rep\u00fablica del Per\u00fa. Tambi\u00e9n es autora de numerosas obras, entre ellas \u00abPachacuti \u2013 Ya es momento que Nasca la verdad\u00bb (2018), dedicada a los misterios arqueol\u00f3gicos de Per\u00fa, y en particular de Nasca. Embajadora del Instituto Inkarri en Uruguay, tambi\u00e9n representa a nuestra instituci\u00f3n en diferentes pa\u00edses del \u00abCono Sur\u00bb, especialmente en Chile.   <\/p>\n<p>[\/et_pb_text][\/et_pb_column][et_pb_column type=\u00bb1_3&#8243; _builder_version=\u00bb4.27.4&#8243; _module_preset=\u00bbdefault\u00bb global_colors_info=\u00bb{}\u00bb][et_pb_video src=\u00bbhttps:\/\/youtu.be\/uKwuraeWCGg?feature=shared\u00bb _builder_version=\u00bb4.27.4&#8243; _module_preset=\u00bbdefault\u00bb animation_style=\u00bbslide\u00bb animation_direction=\u00bbright\u00bb animation_delay=\u00bb500ms\u00bb global_colors_info=\u00bb{}\u00bb][\/et_pb_video][et_pb_text _builder_version=\u00bb4.27.4&#8243; _module_preset=\u00bbdefault\u00bb text_text_color=\u00bb#FFFFFF\u00bb text_orientation=\u00bbcenter\u00bb custom_margin=\u00bb-15px|||||\u00bb global_colors_info=\u00bb{}\u00bb]22 de diciembre de 2018<br \/>\nEn espa\u00f1ol<br \/>\nTarde o Temprano &#8211; Canal 12[\/et_pb_text][\/et_pb_column][\/et_pb_row][\/et_pb_section][et_pb_section fb_built=\u00bb1&#8243; _builder_version=\u00bb4.27.4&#8243; _module_preset=\u00bbdefault\u00bb custom_padding=\u00bb1px||33px|||\u00bb collapsed=\u00bbon\u00bb global_colors_info=\u00bb{}\u00bb][et_pb_row _builder_version=\u00bb4.27.4&#8243; _module_preset=\u00bbdefault\u00bb custom_padding=\u00bb||4px|||\u00bb global_colors_info=\u00bb{}\u00bb][et_pb_column type=\u00bb4_4&#8243; _builder_version=\u00bb4.27.4&#8243; _module_preset=\u00bbdefault\u00bb global_colors_info=\u00bb{}\u00bb][et_pb_text _builder_version=\u00bb4.27.4&#8243; _module_preset=\u00bbdefault\u00bb global_colors_info=\u00bb{}\u00bb]<\/p>\n<h5>Alain Bonnet<\/h5>\n<p>[\/et_pb_text][\/et_pb_column][\/et_pb_row][et_pb_row column_structure=\u00bb1_3,1_3,1_3&#8243; _builder_version=\u00bb4.27.4&#8243; _module_preset=\u00bbdefault\u00bb custom_padding=\u00bb2px||4px|||\u00bb global_colors_info=\u00bb{}\u00bb][et_pb_column type=\u00bb1_3&#8243; _builder_version=\u00bb4.27.4&#8243; _module_preset=\u00bbdefault\u00bb global_colors_info=\u00bb{}\u00bb][et_pb_image src=\u00bbhttps:\/\/www.the-alien-project.com\/wp-content\/uploads\/2025\/08\/alain-bonnet.jpg\u00bb alt=\u00bbAlain Bonnet\u00bb title_text=\u00bbAlain Bonnet\u00bb _builder_version=\u00bb4.27.4&#8243; _module_preset=\u00bbdefault\u00bb animation_style=\u00bbslide\u00bb animation_direction=\u00bbleft\u00bb global_colors_info=\u00bb{}\u00bb][\/et_pb_image][\/et_pb_column][et_pb_column type=\u00bb1_3&#8243; _builder_version=\u00bb4.27.4&#8243; _module_preset=\u00bbdefault\u00bb global_colors_info=\u00bb{}\u00bb][et_pb_text _builder_version=\u00bb4.27.4&#8243; _module_preset=\u00bbdefault\u00bb global_colors_info=\u00bb{}\u00bb]<\/p>\n<p>Gerente de Jungle Doc Productions, es el director de varias pel\u00edculas dedicadas a este incre\u00edble descubrimiento. Webmaster de formaci\u00f3n, tambi\u00e9n es el arquitecto de este sitio web. <\/p>\n<p>[\/et_pb_text][et_pb_button button_url=\u00bbhttps:\/\/www.jungledoc.com\u00bb url_new_window=\u00bbon\u00bb button_text=\u00bbLa p\u00e1gina web de Jungle Doc Productions\u00bb button_alignment=\u00bbcenter\u00bb _builder_version=\u00bb4.27.4&#8243; _module_preset=\u00bbdefault\u00bb animation_style=\u00bbslide\u00bb animation_delay=\u00bb500ms\u00bb global_colors_info=\u00bb{}\u00bb][\/et_pb_button][\/et_pb_column][et_pb_column type=\u00bb1_3&#8243; _builder_version=\u00bb4.27.4&#8243; _module_preset=\u00bbdefault\u00bb global_colors_info=\u00bb{}\u00bb][et_pb_image src=\u00bbhttps:\/\/www.the-alien-project.com\/wp-content\/uploads\/2025\/08\/logo_jungle_doc-1.jpg\u00bb alt=\u00bbJungle Doc Productions\u00bb title_text=\u00bbJungle Doc Productions\u00bb _builder_version=\u00bb4.27.4&#8243; _module_preset=\u00bbdefault\u00bb animation_style=\u00bbslide\u00bb animation_direction=\u00bbright\u00bb animation_delay=\u00bb250ms\u00bb global_colors_info=\u00bb{}\u00bb][\/et_pb_image][\/et_pb_column][\/et_pb_row][\/et_pb_section][et_pb_section fb_built=\u00bb1&#8243; prev_background_color=\u00bb#ffffff\u00bb next_background_color=\u00bb#ffffff\u00bb _builder_version=\u00bb4.27.4&#8243; _module_preset=\u00bbdefault\u00bb background_color=\u00bb#4B947D\u00bb custom_padding=\u00bb52px||17px|||\u00bb top_divider_style=\u00bbwave\u00bb bottom_divider_style=\u00bbcurve\u00bb collapsed=\u00bbon\u00bb global_colors_info=\u00bb{}\u00bb][et_pb_row _builder_version=\u00bb4.27.4&#8243; _module_preset=\u00bbdefault\u00bb custom_padding=\u00bb||2px|||\u00bb global_colors_info=\u00bb{}\u00bb][et_pb_column type=\u00bb4_4&#8243; _builder_version=\u00bb4.27.4&#8243; _module_preset=\u00bbdefault\u00bb global_colors_info=\u00bb{}\u00bb][et_pb_text _builder_version=\u00bb4.27.4&#8243; _module_preset=\u00bbdefault\u00bb header_3_text_color=\u00bb#FFFFFF\u00bb global_colors_info=\u00bb{}\u00bb]<\/p>\n<h3>Los colaboradores oficiales del Instituto Inkarri<\/h3>\n<p>[\/et_pb_text][\/et_pb_column][\/et_pb_row][et_pb_row column_structure=\u00bb1_3,1_3,1_3&#8243; _builder_version=\u00bb4.27.4&#8243; _module_preset=\u00bbdefault\u00bb global_colors_info=\u00bb{}\u00bb][et_pb_column type=\u00bb1_3&#8243; _builder_version=\u00bb4.27.4&#8243; _module_preset=\u00bbdefault\u00bb global_colors_info=\u00bb{}\u00bb][et_pb_text _builder_version=\u00bb4.27.4&#8243; _module_preset=\u00bbdefault\u00bb header_2_text_align=\u00bbcenter\u00bb header_2_text_color=\u00bb#FFFFFF\u00bb custom_margin=\u00bb||8px||false|false\u00bb global_colors_info=\u00bb{}\u00bb]<\/p>\n<h2>David, alias \u00abFrop-Frop\u00bb<\/h2>\n<p>[\/et_pb_text][et_pb_image src=\u00bbhttps:\/\/www.the-alien-project.com\/wp-content\/uploads\/2025\/08\/fropfrop.jpg\u00bb alt=\u00bbDavid, alias %22Frop-Frop%22&#8243; title_text=\u00bbDavid, alias %22Frop-Frop%22&#8243; _builder_version=\u00bb4.27.4&#8243; _module_preset=\u00bbdefault\u00bb custom_margin=\u00bb||0px||false|false\u00bb custom_padding=\u00bb||0px||false|false\u00bb animation_style=\u00bbslide\u00bb global_colors_info=\u00bb{}\u00bb][\/et_pb_image][et_pb_text _builder_version=\u00bb4.27.4&#8243; _module_preset=\u00bbdefault\u00bb text_text_color=\u00bb#FFFFFF\u00bb custom_margin=\u00bb||||false|false\u00bb custom_padding=\u00bb12px||10px||false|false\u00bb global_colors_info=\u00bb{}\u00bb]<\/p>\n<p>Es nuestro especialista en el tratamiento de DICOMS. \u00a1Le debemos el tratamiento de todos los esc\u00e1neres HD realizados en las momias&#8230; desde 2017! <\/p>\n<p>[\/et_pb_text][\/et_pb_column][et_pb_column type=\u00bb1_3&#8243; _builder_version=\u00bb4.27.4&#8243; _module_preset=\u00bbdefault\u00bb global_colors_info=\u00bb{}\u00bb][et_pb_text _builder_version=\u00bb4.27.4&#8243; _module_preset=\u00bbdefault\u00bb header_2_text_align=\u00bbcenter\u00bb header_2_text_color=\u00bb#FFFFFF\u00bb custom_margin=\u00bb||8px|||\u00bb global_colors_info=\u00bb{}\u00bb]<\/p>\n<h2>Christophe Serres<\/h2>\n<p>[\/et_pb_text][et_pb_image src=\u00bbhttps:\/\/www.the-alien-project.com\/wp-content\/uploads\/2025\/08\/christophe-serres.jpg\u00bb alt=\u00bbChristophe Serres\u00bb title_text=\u00bbChristophe Serres\u00bb _builder_version=\u00bb4.27.4&#8243; _module_preset=\u00bbdefault\u00bb custom_padding=\u00bb0px|||||\u00bb animation_style=\u00bbslide\u00bb animation_delay=\u00bb250ms\u00bb global_colors_info=\u00bb{}\u00bb][\/et_pb_image][et_pb_text _builder_version=\u00bb4.27.4&#8243; _module_preset=\u00bbdefault\u00bb text_text_color=\u00bb#FFFFFF\u00bb custom_margin=\u00bb-26px|||||\u00bb custom_padding=\u00bb12px||0px||false|false\u00bb global_colors_info=\u00bb{}\u00bb]<\/p>\n<p>Especialista en animaciones 3D, Christophe es el autor de las representaciones 3D de las momias, disponibles en este sitio web: 3D Viewer. Pero tambi\u00e9n le debemos las animaciones 3D de las dos temporadas de los documentales \u00abTridactyls\u00bb. <\/p>\n<p>[\/et_pb_text][et_pb_button button_url=\u00bbhttps:\/\/www.the-alien-project.com\/3DV\/\u00bb url_new_window=\u00bbon\u00bb button_text=\u00bb3D Viewer\u00bb button_alignment=\u00bbcenter\u00bb _builder_version=\u00bb4.27.4&#8243; _module_preset=\u00bbdefault\u00bb global_colors_info=\u00bb{}\u00bb][\/et_pb_button][\/et_pb_column][et_pb_column type=\u00bb1_3&#8243; _builder_version=\u00bb4.27.4&#8243; _module_preset=\u00bbdefault\u00bb global_colors_info=\u00bb{}\u00bb][et_pb_text _builder_version=\u00bb4.27.4&#8243; _module_preset=\u00bbdefault\u00bb header_2_text_align=\u00bbcenter\u00bb header_2_text_color=\u00bb#FFFFFF\u00bb custom_margin=\u00bb||8px|||\u00bb global_colors_info=\u00bb{}\u00bb]<\/p>\n<h2>Manuel Cac\u00e9res Ventura<\/h2>\n<p>[\/et_pb_text][et_pb_image src=\u00bbhttps:\/\/www.the-alien-project.com\/wp-content\/uploads\/2025\/08\/manuel-caceres.jpg\u00bb alt=\u00bbManuel Cac\u00e9res Ventura\u00bb title_text=\u00bbManuel Cac\u00e9res Ventura\u00bb _builder_version=\u00bb4.27.4&#8243; _module_preset=\u00bbdefault\u00bb custom_padding=\u00bb0px|||||\u00bb animation_style=\u00bbslide\u00bb animation_direction=\u00bbright\u00bb animation_delay=\u00bb500ms\u00bb global_colors_info=\u00bb{}\u00bb][\/et_pb_image][et_pb_text _builder_version=\u00bb4.27.4&#8243; _module_preset=\u00bbdefault\u00bb text_text_color=\u00bb#FFFFFF\u00bb custom_margin=\u00bb-14px|||||\u00bb global_colors_info=\u00bb{}\u00bb]<\/p>\n<p>Originario de Palpa, Manuel es periodista profesional y representante local de diversos medios de comunicaci\u00f3n nacionales peruanos (televisi\u00f3n, radio, prensa diaria, etc.). Fue \u00e9l quien nos permiti\u00f3 identificar a \u00abMario\u00bb y quien nos lo present\u00f3, en enero de 2017. <\/p>\n<p>[\/et_pb_text][\/et_pb_column][\/et_pb_row][et_pb_row column_structure=\u00bb1_3,1_3,1_3&#8243; _builder_version=\u00bb4.27.4&#8243; _module_preset=\u00bbdefault\u00bb custom_margin=\u00bb-28px|auto||auto||\u00bb global_colors_info=\u00bb{}\u00bb][et_pb_column type=\u00bb1_3&#8243; _builder_version=\u00bb4.27.4&#8243; _module_preset=\u00bbdefault\u00bb global_colors_info=\u00bb{}\u00bb][et_pb_text _builder_version=\u00bb4.27.4&#8243; _module_preset=\u00bbdefault\u00bb header_2_text_align=\u00bbcenter\u00bb header_2_text_color=\u00bb#FFFFFF\u00bb custom_margin=\u00bb||8px||false|false\u00bb global_colors_info=\u00bb{}\u00bb]<\/p>\n<h2>Maxime Arnould<\/h2>\n<p>[\/et_pb_text][et_pb_image src=\u00bbhttps:\/\/www.the-alien-project.com\/wp-content\/uploads\/2025\/08\/maxime-arnould.jpg\u00bb alt=\u00bbMaxime Arnould\u00bb title_text=\u00bbMaxime Arnould\u00bb _builder_version=\u00bb4.27.4&#8243; _module_preset=\u00bbdefault\u00bb custom_margin=\u00bb||0px||false|false\u00bb custom_padding=\u00bb||0px||false|false\u00bb animation_style=\u00bbslide\u00bb animation_direction=\u00bbleft\u00bb global_colors_info=\u00bb{}\u00bb][\/et_pb_image][et_pb_text _builder_version=\u00bb4.27.4&#8243; _module_preset=\u00bbdefault\u00bb text_text_color=\u00bb#FFFFFF\u00bb custom_margin=\u00bb||||false|false\u00bb custom_padding=\u00bb12px||10px||false|false\u00bb global_colors_info=\u00bb{}\u00bb]<\/p>\n<p>Maxime, un piloto de drones excepcional originario del Jura (Francia), acompa\u00f1a al equipo del Instituto Inkarri en el desierto de Nasca desde 2024. Gracias a \u00e9l, se han logrado nuevos avances en el estudio del yacimiento de \u00abMario\u00bb y se han descubierto incre\u00edbles geoglifos gracias a sus drones equipados con c\u00e1maras t\u00e9rmicas. <\/p>\n<p>[\/et_pb_text][\/et_pb_column][et_pb_column type=\u00bb1_3&#8243; _builder_version=\u00bb4.27.4&#8243; _module_preset=\u00bbdefault\u00bb global_colors_info=\u00bb{}\u00bb][et_pb_text _builder_version=\u00bb4.27.4&#8243; _module_preset=\u00bbdefault\u00bb header_2_text_align=\u00bbcenter\u00bb header_2_text_color=\u00bb#FFFFFF\u00bb custom_margin=\u00bb||8px|||\u00bb global_colors_info=\u00bb{}\u00bb]<\/p>\n<h2>Jonathan Wachbar<\/h2>\n<p>[\/et_pb_text][et_pb_image src=\u00bbhttps:\/\/www.the-alien-project.com\/wp-content\/uploads\/2025\/08\/jonathan-wachbar.jpg\u00bb alt=\u00bbJonathan Wachbar\u00bb title_text=\u00bbJonathan Wachbar\u00bb _builder_version=\u00bb4.27.4&#8243; _module_preset=\u00bbdefault\u00bb custom_padding=\u00bb0px|||||\u00bb animation_style=\u00bbslide\u00bb animation_delay=\u00bb250ms\u00bb global_colors_info=\u00bb{}\u00bb][\/et_pb_image][et_pb_text _builder_version=\u00bb4.27.4&#8243; _module_preset=\u00bbdefault\u00bb text_text_color=\u00bb#FFFFFF\u00bb custom_margin=\u00bb-26px|||||\u00bb custom_padding=\u00bb12px||0px||false|false\u00bb global_colors_info=\u00bb{}\u00bb]<\/p>\n<p>Jonathan, asistente de Maxime, es originario de Alsacia (Francia). \u00c9l tambi\u00e9n acompa\u00f1a al Instituto Inkarri en sus investigaciones de campo desde 2024. <\/p>\n<p>[\/et_pb_text][\/et_pb_column][et_pb_column type=\u00bb1_3&#8243; _builder_version=\u00bb4.27.4&#8243; _module_preset=\u00bbdefault\u00bb global_colors_info=\u00bb{}\u00bb][et_pb_text _builder_version=\u00bb4.27.4&#8243; _module_preset=\u00bbdefault\u00bb header_2_text_align=\u00bbcenter\u00bb header_2_text_color=\u00bb#FFFFFF\u00bb min_height=\u00bb73px\u00bb custom_margin=\u00bb||8px|||\u00bb global_colors_info=\u00bb{}\u00bb]<\/p>\n<h2>Catherine Rayer, Antoine Bruno, Sandrine Ferr\u00e9<\/h2>\n<p>[\/et_pb_text][et_pb_text _builder_version=\u00bb4.27.4&#8243; _module_preset=\u00bbdefault\u00bb text_text_color=\u00bb#FFFFFF\u00bb min_height=\u00bb173px\u00bb custom_margin=\u00bb-14px|||||\u00bb global_colors_info=\u00bb{}\u00bb]<\/p>\n<p>Catherine, Antoine y Sandrine son los traductores de todas las publicaciones del Instituto Inkarri Cusco, al ingl\u00e9s y al espa\u00f1ol, desde el inicio del caso Nasca.<\/p>\n<p>[\/et_pb_text][\/et_pb_column][\/et_pb_row][\/et_pb_section][et_pb_section fb_built=\u00bb1&#8243; _builder_version=\u00bb4.27.4&#8243; _module_preset=\u00bbdefault\u00bb custom_padding=\u00bb0px||9px|||\u00bb collapsed=\u00bboff\u00bb global_colors_info=\u00bb{}\u00bb][et_pb_row _builder_version=\u00bb4.27.4&#8243; _module_preset=\u00bbdefault\u00bb custom_padding=\u00bb11px|||||\u00bb global_colors_info=\u00bb{}\u00bb][et_pb_column type=\u00bb4_4&#8243; _builder_version=\u00bb4.27.4&#8243; _module_preset=\u00bbdefault\u00bb global_colors_info=\u00bb{}\u00bb][et_pb_text _builder_version=\u00bb4.27.4&#8243; _module_preset=\u00bbdefault\u00bb min_height=\u00bb144px\u00bb global_colors_info=\u00bb{}\u00bb]<\/p>\n<h3>Los cient\u00edficos que trabajan con el Instituto Inkarri<\/h3>\n<p><strong>En el marco del caso de las momias no humanas de Nasca, el Instituto Inkarri Cusco trabaja desde 2016 en colaboraci\u00f3n con numerosos cient\u00edficos de todo el mundo y de diversas especialidades, tales como: m\u00e9dicos generales, cirujanos, radi\u00f3logos, bi\u00f3logos, genetistas, epigenetistas, paleont\u00f3logos, antrop\u00f3logos, arque\u00f3logos, etc.<\/strong><\/p>\n<p>[\/et_pb_text][\/et_pb_column][\/et_pb_row][et_pb_row column_structure=\u00bb1_3,1_3,1_3&#8243; _builder_version=\u00bb4.27.4&#8243; _module_preset=\u00bbdefault\u00bb custom_padding=\u00bb4px|||||\u00bb global_colors_info=\u00bb{}\u00bb][et_pb_column type=\u00bb1_3&#8243; _builder_version=\u00bb4.27.4&#8243; _module_preset=\u00bbdefault\u00bb global_colors_info=\u00bb{}\u00bb][et_pb_text _builder_version=\u00bb4.27.4&#8243; _module_preset=\u00bbdefault\u00bb header_3_text_align=\u00bbcenter\u00bb custom_margin=\u00bb||12px|||\u00bb global_colors_info=\u00bb{}\u00bb]<\/p>\n<h3>Clifford Miles (Estados Unidos)<\/h3>\n<p>[\/et_pb_text][et_pb_image src=\u00bbhttps:\/\/www.the-alien-project.com\/wp-content\/uploads\/2025\/08\/clifford-miles.jpg\u00bb alt=\u00bbClifford Miles\u00bb title_text=\u00bbClifford Miles\u00bb _builder_version=\u00bb4.27.4&#8243; _module_preset=\u00bbdefault\u00bb animation_style=\u00bbslide\u00bb global_colors_info=\u00bb{}\u00bb][\/et_pb_image][et_pb_text _builder_version=\u00bb4.27.4&#8243; _module_preset=\u00bbdefault\u00bb custom_margin=\u00bb-15px|||||\u00bb global_colors_info=\u00bb{}\u00bb]<\/p>\n<p>Cliff es antrop\u00f3logo y paleont\u00f3logo de formaci\u00f3n. En Estados Unidos, se le debe la creaci\u00f3n de uno de los museos paleontol\u00f3gicos m\u00e1s grandes del pa\u00eds. Apasionado desde hace muchos a\u00f1os por el caso de las momias no humanas de Nasca, es autor de los \u00abMiles Papers\u00bb, dedicados al estudio de los misteriosos cuerpos desecados.  <\/p>\n<p>[\/et_pb_text][\/et_pb_column][et_pb_column type=\u00bb1_3&#8243; _builder_version=\u00bb4.27.4&#8243; _module_preset=\u00bbdefault\u00bb global_colors_info=\u00bb{}\u00bb][et_pb_text _builder_version=\u00bb4.27.4&#8243; _module_preset=\u00bbdefault\u00bb header_3_text_align=\u00bbcenter\u00bb custom_margin=\u00bb||12px|||\u00bb global_colors_info=\u00bb{}\u00bb]<\/p>\n<h3>Celestino Adolfo Piotti (Argentina)<\/h3>\n<p>[\/et_pb_text][et_pb_image src=\u00bbhttps:\/\/www.the-alien-project.com\/wp-content\/uploads\/2025\/08\/celestino-piotti.jpg\u00bb alt=\u00bbCelestino Adolfo Piotti\u00bb title_text=\u00bbCelestino Adolfo Piotti\u00bb _builder_version=\u00bb4.27.4&#8243; _module_preset=\u00bbdefault\u00bb animation_style=\u00bbslide\u00bb animation_delay=\u00bb250ms\u00bb global_colors_info=\u00bb{}\u00bb][\/et_pb_image][et_pb_text _builder_version=\u00bb4.27.4&#8243; _module_preset=\u00bbdefault\u00bb custom_margin=\u00bb-15px|||||\u00bb global_colors_info=\u00bb{}\u00bb]<\/p>\n<p>Cirujano y m\u00e9dico especializado en medicina laboral, el Dr. Celestino Piotti es tambi\u00e9n antrop\u00f3logo forense y arque\u00f3logo, y colabora habitualmente con los tribunales federales de C\u00f3rdoba. Actualmente trabaja en el origen de espec\u00edmenes de tipo h\u00edbrido, como \u00abMar\u00eda\u00bb, o reptilianos, como \u00abAlbert\u00bb o \u00abJosefina\u00bb.  <\/p>\n<p>[\/et_pb_text][et_pb_button button_url=\u00bbhttps:\/\/drpiotti.com\/\u00bb url_new_window=\u00bbon\u00bb button_text=\u00bbLa p\u00e1gina web del Dr. Piotti \u00bb button_alignment=\u00bbcenter\u00bb _builder_version=\u00bb4.27.4&#8243; _module_preset=\u00bbdefault\u00bb global_colors_info=\u00bb{}\u00bb][\/et_pb_button][\/et_pb_column][et_pb_column type=\u00bb1_3&#8243; _builder_version=\u00bb4.27.4&#8243; _module_preset=\u00bbdefault\u00bb global_colors_info=\u00bb{}\u00bb][et_pb_text _builder_version=\u00bb4.27.4&#8243; _module_preset=\u00bbdefault\u00bb header_3_text_align=\u00bbcenter\u00bb custom_margin=\u00bb||12px|||\u00bb global_colors_info=\u00bb{}\u00bb]<\/p>\n<h3>Ricardo Rangel Mart\u00ednez (M\u00e9xico)<\/h3>\n<p>[\/et_pb_text][et_pb_image src=\u00bbhttps:\/\/www.the-alien-project.com\/wp-content\/uploads\/2025\/08\/ricardo-rangel.jpg\u00bb alt=\u00bbRicardo Rangel Mart\u00ednez\u00bb title_text=\u00bbRicardo Rangel Mart\u00ednez\u00bb _builder_version=\u00bb4.27.4&#8243; _module_preset=\u00bbdefault\u00bb custom_margin=\u00bb||37px|||\u00bb animation_style=\u00bbslide\u00bb animation_delay=\u00bb500ms\u00bb global_colors_info=\u00bb{}\u00bb][\/et_pb_image][et_pb_text _builder_version=\u00bb4.27.4&#8243; _module_preset=\u00bbdefault\u00bb custom_margin=\u00bb-15px|||||\u00bb custom_padding=\u00bb2px|||||\u00bb global_colors_info=\u00bb{}\u00bb]<\/p>\n<p>Ricardo Rangel Mart\u00ednez, bi\u00f3logo de formaci\u00f3n, es especialista en biotecnolog\u00eda. En el caso de las momias, se interes\u00f3 especialmente por el genoma y el ADN del esp\u00e9cimen denominado \u00abMar\u00eda\u00bb (<em>Jamin Palpanensis<\/em>). <\/p>\n<p>[\/et_pb_text][\/et_pb_column][\/et_pb_row][et_pb_row column_structure=\u00bb1_3,1_3,1_3&#8243; _builder_version=\u00bb4.27.4&#8243; _module_preset=\u00bbdefault\u00bb custom_padding=\u00bb4px|||||\u00bb global_colors_info=\u00bb{}\u00bb][et_pb_column type=\u00bb1_3&#8243; _builder_version=\u00bb4.27.4&#8243; _module_preset=\u00bbdefault\u00bb global_colors_info=\u00bb{}\u00bb][et_pb_text _builder_version=\u00bb4.27.4&#8243; _module_preset=\u00bbdefault\u00bb header_3_text_align=\u00bbcenter\u00bb custom_margin=\u00bb||12px|||\u00bb global_colors_info=\u00bb{}\u00bb]<\/p>\n<h3>Jos\u00e9 de la Cruz R\u00edos L\u00f3pez (M\u00e9xico)<\/h3>\n<p>[\/et_pb_text][et_pb_image src=\u00bbhttps:\/\/www.the-alien-project.com\/wp-content\/uploads\/2025\/08\/jose-de-la-cruz-rios-lopez.jpg\u00bb alt=\u00bbJos\u00e9 de la Cruz Rios L\u00f3pez\u00bb title_text=\u00bbJos\u00e9 de la Cruz Rios L\u00f3pez\u00bb _builder_version=\u00bb4.27.4&#8243; _module_preset=\u00bbdefault\u00bb animation_style=\u00bbslide\u00bb animation_direction=\u00bbleft\u00bb global_colors_info=\u00bb{}\u00bb][\/et_pb_image][et_pb_text _builder_version=\u00bb4.27.4&#8243; _module_preset=\u00bbdefault\u00bb custom_margin=\u00bb-15px|||||\u00bb global_colors_info=\u00bb{}\u00bb]Originario de Campeche, en Yucat\u00e1n, Jos\u00e9 de la Cruz R\u00edos L\u00f3pez es un formidable bi\u00f3logo profesional que trabaja para el Estado mexicano. Es uno de los primeros cient\u00edficos que se interes\u00f3 y estudi\u00f3 de cerca estos misteriosos cuerpos desecados.[\/et_pb_text][\/et_pb_column][et_pb_column type=\u00bb1_3&#8243; _builder_version=\u00bb4.27.4&#8243; _module_preset=\u00bbdefault\u00bb global_colors_info=\u00bb{}\u00bb][et_pb_text _builder_version=\u00bb4.27.4&#8243; _module_preset=\u00bbdefault\u00bb header_3_text_align=\u00bbcenter\u00bb custom_margin=\u00bb||12px|||\u00bb global_colors_info=\u00bb{}\u00bb]<\/p>\n<h3>Raymundo Salas Alfaro \u20202024 (Per\u00fa)<\/h3>\n<p>[\/et_pb_text][et_pb_image src=\u00bbhttps:\/\/www.the-alien-project.com\/wp-content\/uploads\/2025\/08\/raymundo-salas.jpg\u00bb alt=\u00bbRaymundo Salas Alfaro\u00bb title_text=\u00bbRaymundo Salas Alfaro\u00bb _builder_version=\u00bb4.27.4&#8243; _module_preset=\u00bbdefault\u00bb animation_style=\u00bbslide\u00bb animation_delay=\u00bb250ms\u00bb global_colors_info=\u00bb{}\u00bb][\/et_pb_image][et_pb_text _builder_version=\u00bb4.27.4&#8243; _module_preset=\u00bbdefault\u00bb custom_margin=\u00bb-15px|||||\u00bb global_colors_info=\u00bb{}\u00bb]M\u00e9dico y radi\u00f3logo de formaci\u00f3n, el Dr. Raymundo Salas Alfaro realiz\u00f3 los primeros esc\u00e1neres (dos cortes) de las momias de Nazca. Apasionado por el caso de las momias de Nazca, Raymundo nos dej\u00f3 en julio de 2024. Queremos rendirle homenaje como amigo muy querido y gran profesional.[\/et_pb_text][\/et_pb_column][et_pb_column type=\u00bb1_3&#8243; _builder_version=\u00bb4.27.4&#8243; _module_preset=\u00bbdefault\u00bb global_colors_info=\u00bb{}\u00bb][et_pb_text _builder_version=\u00bb4.27.4&#8243; _module_preset=\u00bbdefault\u00bb header_3_text_align=\u00bbcenter\u00bb custom_margin=\u00bb||12px|||\u00bb global_colors_info=\u00bb{}\u00bb]<\/p>\n<h3>Edson Salazar Vivenco (Per\u00fa)<\/h3>\n<p>[\/et_pb_text][et_pb_image src=\u00bbhttps:\/\/www.the-alien-project.com\/wp-content\/uploads\/2025\/08\/edson-salazar.jpg\u00bb alt=\u00bbEdson Salazar Vivenco\u00bb title_text=\u00bbEdson Salazar Vivenco\u00bb _builder_version=\u00bb4.27.4&#8243; _module_preset=\u00bbdefault\u00bb custom_margin=\u00bb||37px|||\u00bb animation_style=\u00bbslide\u00bb animation_direction=\u00bbright\u00bb animation_delay=\u00bb500ms\u00bb global_colors_info=\u00bb{}\u00bb][\/et_pb_image][et_pb_text _builder_version=\u00bb4.27.4&#8243; _module_preset=\u00bbdefault\u00bb custom_margin=\u00bb-15px|||||\u00bb custom_padding=\u00bb2px|||||\u00bb global_colors_info=\u00bb{}\u00bb]Edson Salazar es m\u00e9dico generalista en Cusco. A \u00e9l se deben las primeras radiograf\u00edas y los primeros an\u00e1lisis cl\u00ednicos de momias no humanas.[\/et_pb_text][\/et_pb_column][\/et_pb_row][et_pb_row column_structure=\u00bb1_3,1_3,1_3&#8243; _builder_version=\u00bb4.27.4&#8243; _module_preset=\u00bbdefault\u00bb custom_padding=\u00bb4px|||||\u00bb global_colors_info=\u00bb{}\u00bb][et_pb_column type=\u00bb1_3&#8243; _builder_version=\u00bb4.27.4&#8243; _module_preset=\u00bbdefault\u00bb global_colors_info=\u00bb{}\u00bb][et_pb_text _builder_version=\u00bb4.27.4&#8243; _module_preset=\u00bbdefault\u00bb header_3_text_align=\u00bbcenter\u00bb custom_margin=\u00bb||12px|||\u00bb hover_enabled=\u00bb0&#8243; global_colors_info=\u00bb{}\u00bb sticky_enabled=\u00bb0&#8243;]<\/p>\n<h3>Olivier Sire (Francia)<br \/> <\/h3>\n<p>[\/et_pb_text][et_pb_image src=\u00bbhttps:\/\/www.the-alien-project.com\/wp-content\/uploads\/2025\/08\/olivier-sire.jpg\u00bb alt=\u00bbOlivier Sire\u00bb title_text=\u00bbOlivier Sire\u00bb _builder_version=\u00bb4.27.4&#8243; _module_preset=\u00bbdefault\u00bb animation_style=\u00bbslide\u00bb global_colors_info=\u00bb{}\u00bb][\/et_pb_image][et_pb_text _builder_version=\u00bb4.27.4&#8243; _module_preset=\u00bbdefault\u00bb custom_margin=\u00bb-15px|||||\u00bb hover_enabled=\u00bb0&#8243; global_colors_info=\u00bb{}\u00bb sticky_enabled=\u00bb0&#8243;]<\/p>\n<p>Olivier Sire, antiguo presidente de la Universidad de Breta\u00f1a Sur, es licenciado en bioqu\u00edmica fundamental y en biolog\u00eda y fisiolog\u00eda animal. Entre otras cosas, ha realizado el an\u00e1lisis molecular de muestras de Mar\u00eda, Victoria y las grandes manos.<\/p>\n<p>[\/et_pb_text][\/et_pb_column][et_pb_column type=\u00bb1_3&#8243; _builder_version=\u00bb4.27.4&#8243; _module_preset=\u00bbdefault\u00bb global_colors_info=\u00bb{}\u00bb][et_pb_text _builder_version=\u00bb4.27.4&#8243; _module_preset=\u00bbdefault\u00bb header_3_text_align=\u00bbcenter\u00bb custom_margin=\u00bb||12px|||\u00bb global_colors_info=\u00bb{}\u00bb]<\/p>\n<h3>Roger Zu\u00f1iga Avil\u00e8s (Per\u00fa)<br \/> <\/h3>\n<p>[\/et_pb_text][et_pb_image src=\u00bbhttps:\/\/www.the-alien-project.com\/wp-content\/uploads\/2025\/08\/roger-zuniga-Copie.jpg\u00bb alt=\u00bbRoger Zu\u00f1iga Avil\u00e8s\u00bb title_text=\u00bbRoger Zu\u00f1iga Avil\u00e8s\u00bb _builder_version=\u00bb4.27.4&#8243; _module_preset=\u00bbdefault\u00bb animation_style=\u00bbslide\u00bb animation_delay=\u00bb250ms\u00bb global_colors_info=\u00bb{}\u00bb][\/et_pb_image][et_pb_text _builder_version=\u00bb4.27.4&#8243; _module_preset=\u00bbdefault\u00bb custom_margin=\u00bb-15px|||||\u00bb global_colors_info=\u00bb{}\u00bb]M\u00e9dico y radi\u00f3logo de formaci\u00f3n, el Dr. Raymundo Salas Alfaro realiz\u00f3 los primeros esc\u00e1neres (dos cortes) de las momias de Nazca. Apasionado por el caso de las momias de Nazca, Raymundo nos dej\u00f3 en julio de 2024. Queremos rendirle homenaje como amigo muy querido y gran profesional.[\/et_pb_text][\/et_pb_column][et_pb_column type=\u00bb1_3&#8243; _builder_version=\u00bb4.27.4&#8243; _module_preset=\u00bbdefault\u00bb global_colors_info=\u00bb{}\u00bb][et_pb_text _builder_version=\u00bb4.27.4&#8243; _module_preset=\u00bbdefault\u00bb header_3_text_align=\u00bbcenter\u00bb custom_margin=\u00bb||12px|||\u00bb global_colors_info=\u00bb{}\u00bb]<\/p>\n<h3>Edgar Mart\u00edn Hern\u00e1ndez Huaripaucar \u20202024 (Per\u00fa)<\/h3>\n<p>[\/et_pb_text][et_pb_image src=\u00bbhttps:\/\/www.the-alien-project.com\/wp-content\/uploads\/2025\/08\/edgar-hernandez-Copie.jpg\u00bb alt=\u00bbEdgar Mart\u00edn Hern\u00e1ndez Huaripaucar\u00bb title_text=\u00bbEdgar Mart\u00edn Hern\u00e1ndez Huaripaucar\u00bb _builder_version=\u00bb4.27.4&#8243; _module_preset=\u00bbdefault\u00bb custom_margin=\u00bb||37px|||\u00bb animation_style=\u00bbslide\u00bb animation_delay=\u00bb500ms\u00bb global_colors_info=\u00bb{}\u00bb][\/et_pb_image][et_pb_text _builder_version=\u00bb4.27.4&#8243; _module_preset=\u00bbdefault\u00bb custom_margin=\u00bb-15px|||||\u00bb custom_padding=\u00bb2px|||||\u00bb global_colors_info=\u00bb{}\u00bb]Edson Salazar es m\u00e9dico generalista en Cusco. A \u00e9l se deben las primeras radiograf\u00edas y los primeros an\u00e1lisis cl\u00ednicos de momias no humanas.[\/et_pb_text][\/et_pb_column][\/et_pb_row][et_pb_row column_structure=\u00bb1_3,1_3,1_3&#8243; _builder_version=\u00bb4.27.4&#8243; _module_preset=\u00bbdefault\u00bb custom_padding=\u00bb4px|||||\u00bb global_colors_info=\u00bb{}\u00bb][et_pb_column type=\u00bb1_3&#8243; _builder_version=\u00bb4.27.4&#8243; _module_preset=\u00bbdefault\u00bb global_colors_info=\u00bb{}\u00bb][et_pb_text _builder_version=\u00bb4.27.4&#8243; _module_preset=\u00bbdefault\u00bb header_3_text_align=\u00bbcenter\u00bb custom_margin=\u00bb||12px|||\u00bb global_colors_info=\u00bb{}\u00bb]<\/p>\n<h3>Daniel Mendoza Vizarreta (Per\u00fa)<\/h3>\n<p>[\/et_pb_text][et_pb_image src=\u00bbhttps:\/\/www.the-alien-project.com\/wp-content\/uploads\/2025\/08\/daniel-mendoza.jpg\u00bb alt=\u00bbDaniel Mendoza Vizarreta\u00bb title_text=\u00bbDaniel Mendoza Vizarreta\u00bb _builder_version=\u00bb4.27.4&#8243; _module_preset=\u00bbdefault\u00bb animation_style=\u00bbslide\u00bb animation_direction=\u00bbleft\u00bb global_colors_info=\u00bb{}\u00bb][\/et_pb_image][et_pb_text _builder_version=\u00bb4.27.4&#8243; _module_preset=\u00bbdefault\u00bb custom_margin=\u00bb-15px|||||\u00bb global_colors_info=\u00bb{}\u00bb]M\u00e9dico radi\u00f3logo jubilado<br \/>\nUniversidad San Luis Gonzaga de Ica[\/et_pb_text][\/et_pb_column][et_pb_column type=\u00bb1_3&#8243; _builder_version=\u00bb4.27.4&#8243; _module_preset=\u00bbdefault\u00bb global_colors_info=\u00bb{}\u00bb][et_pb_text _builder_version=\u00bb4.27.4&#8243; _module_preset=\u00bbdefault\u00bb header_3_text_align=\u00bbcenter\u00bb custom_margin=\u00bb||12px|||\u00bb global_colors_info=\u00bb{}\u00bb]<\/p>\n<h3>Irwin Zu\u00f1iga Almora (Per\u00fa)<\/h3>\n<p>[\/et_pb_text][et_pb_image src=\u00bbhttps:\/\/www.the-alien-project.com\/wp-content\/uploads\/2025\/08\/irwin-zuniga-Copie.jpg\u00bb alt=\u00bbIrwin Zu\u00f1iga Almora\u00bb title_text=\u00bbIrwin Zu\u00f1iga Almora\u00bb _builder_version=\u00bb4.27.4&#8243; _module_preset=\u00bbdefault\u00bb animation_style=\u00bbslide\u00bb animation_delay=\u00bb250ms\u00bb global_colors_info=\u00bb{}\u00bb][\/et_pb_image][et_pb_text _builder_version=\u00bb4.27.4&#8243; _module_preset=\u00bbdefault\u00bb custom_margin=\u00bb-15px|||||\u00bb global_colors_info=\u00bb{}\u00bb]M\u00e9dico cirujano y cirujano dentista en la Universidad San Luis Gonzaga de Ica.[\/et_pb_text][\/et_pb_column][et_pb_column type=\u00bb1_3&#8243; _builder_version=\u00bb4.27.4&#8243; _module_preset=\u00bbdefault\u00bb global_colors_info=\u00bb{}\u00bb][et_pb_text _builder_version=\u00bb4.27.4&#8243; _module_preset=\u00bbdefault\u00bb header_3_text_align=\u00bbcenter\u00bb custom_margin=\u00bb||12px|||\u00bb global_colors_info=\u00bb{}\u00bb]<\/p>\n<h3>Jos\u00e9 de Jes\u00fas Zalce Ben\u00edtez (M\u00e9xico)<\/h3>\n<p>[\/et_pb_text][et_pb_image src=\u00bbhttps:\/\/www.the-alien-project.com\/wp-content\/uploads\/2025\/08\/jesus-salze-Copie.jpg\u00bb alt=\u00bbJos\u00e9 de Jes\u00fas Zalce Ben\u00edtez\u00bb title_text=\u00bbJos\u00e9 de Jes\u00fas Zalce Ben\u00edtez\u00bb _builder_version=\u00bb4.27.4&#8243; _module_preset=\u00bbdefault\u00bb custom_margin=\u00bb||28px|||\u00bb animation_style=\u00bbslide\u00bb animation_direction=\u00bbright\u00bb animation_delay=\u00bb500ms\u00bb global_colors_info=\u00bb{}\u00bb][\/et_pb_image][et_pb_text _builder_version=\u00bb4.27.4&#8243; _module_preset=\u00bbdefault\u00bb custom_margin=\u00bb-15px|||||\u00bb custom_padding=\u00bb2px|||||\u00bb global_colors_info=\u00bb{}\u00bb]M\u00e9dico forense[\/et_pb_text][\/et_pb_column][\/et_pb_row][et_pb_row column_structure=\u00bb1_3,1_3,1_3&#8243; _builder_version=\u00bb4.27.4&#8243; _module_preset=\u00bbdefault\u00bb custom_padding=\u00bb4px|||||\u00bb global_colors_info=\u00bb{}\u00bb][et_pb_column type=\u00bb1_3&#8243; _builder_version=\u00bb4.27.4&#8243; _module_preset=\u00bbdefault\u00bb global_colors_info=\u00bb{}\u00bb][\/et_pb_column][et_pb_column type=\u00bb1_3&#8243; _builder_version=\u00bb4.27.4&#8243; _module_preset=\u00bbdefault\u00bb global_colors_info=\u00bb{}\u00bb][et_pb_text _builder_version=\u00bb4.27.4&#8243; _module_preset=\u00bbdefault\u00bb header_3_text_align=\u00bbcenter\u00bb custom_margin=\u00bb||12px|||\u00bb global_colors_info=\u00bb{}\u00bb]<\/p>\n<h3>David Willy Ruiz Vela (Per\u00fa)<\/h3>\n<p>[\/et_pb_text][et_pb_image src=\u00bbhttps:\/\/www.the-alien-project.com\/wp-content\/uploads\/2025\/08\/david-ruiz-Copie.jpg\u00bb alt=\u00bbDavid Willy Ruiz Vela\u00bb title_text=\u00bbDavid Willy Ruiz Vela\u00bb _builder_version=\u00bb4.27.4&#8243; _module_preset=\u00bbdefault\u00bb animation_style=\u00bbslide\u00bb global_colors_info=\u00bb{}\u00bb][\/et_pb_image][et_pb_text _builder_version=\u00bb4.27.4&#8243; _module_preset=\u00bbdefault\u00bb custom_margin=\u00bb-15px|||||\u00bb global_colors_info=\u00bb{}\u00bb]Cirujano pl\u00e1stico \u2013 M\u00e9dico forense[\/et_pb_text][\/et_pb_column][et_pb_column type=\u00bb1_3&#8243; _builder_version=\u00bb4.27.4&#8243; _module_preset=\u00bbdefault\u00bb global_colors_info=\u00bb{}\u00bb][\/et_pb_column][\/et_pb_row][et_pb_row column_structure=\u00bb1_5,3_5,1_5&#8243; _builder_version=\u00bb4.27.4&#8243; _module_preset=\u00bbdefault\u00bb global_colors_info=\u00bb{}\u00bb][et_pb_column type=\u00bb1_5&#8243; _builder_version=\u00bb4.27.4&#8243; _module_preset=\u00bbdefault\u00bb global_colors_info=\u00bb{}\u00bb][\/et_pb_column][et_pb_column type=\u00bb3_5&#8243; _builder_version=\u00bb4.27.4&#8243; _module_preset=\u00bbdefault\u00bb global_colors_info=\u00bb{}\u00bb][et_pb_text _builder_version=\u00bb4.27.4&#8243; _module_preset=\u00bbdefault\u00bb text_text_color=\u00bb#FFFFFF\u00bb header_3_text_color=\u00bb#FFFFFF\u00bb header_5_text_align=\u00bbcenter\u00bb header_5_text_color=\u00bb#FFFFFF\u00bb background_color=\u00bb#E02B20&#8243; custom_padding=\u00bb10px|10px|10px|10px|false|false\u00bb border_radii=\u00bbon|20px|20px|20px|20px\u00bb global_colors_info=\u00bb{}\u00bb]<\/p>\n<h5>IMPORTANTE<\/h5>\n<p>En raison des vives controverses et parfois des menaces g\u00e9n\u00e9r\u00e9es sur certains scientifiques \u00e0 la suite de ces d\u00e9couvertes, un certain nombre de chercheurs souhaitent (du moins pour le moment) demeurer dans l\u2019anonymat.<\/p>\n<p>El equipo del Instituto Inkarri Cusco trabaja actualmente en colaboraci\u00f3n con varias universidades situadas en Am\u00e9rica Latina, Estados Unidos y Europa. Por razones obvias de confidencialidad, preferimos mantener por el momento en secreto la identidad de estas instituciones. Agradecemos su comprensi\u00f3n.  <\/p>\n<p>[\/et_pb_text][\/et_pb_column][et_pb_column type=\u00bb1_5&#8243; _builder_version=\u00bb4.27.4&#8243; _module_preset=\u00bbdefault\u00bb global_colors_info=\u00bb{}\u00bb][\/et_pb_column][\/et_pb_row][\/et_pb_section][et_pb_section fb_built=\u00bb1&#8243; custom_padding_last_edited=\u00bboff|desktop\u00bb admin_label=\u00bbFooter\u00bb _builder_version=\u00bb4.27.4&#8243; background_image=\u00bbhttps:\/\/www.the-alien-project.com\/wp-content\/uploads\/2025\/08\/En-savoir-plus-2.jpg\u00bb custom_margin=\u00bb|||\u00bb custom_padding=\u00bb50px|0px|50px|0px|true|false\u00bb custom_padding_tablet=\u00bb10vw||10vw||true\u00bb custom_padding_phone=\u00bb5vw||5vw||true\u00bb global_module=\u00bb347&#8243; saved_tabs=\u00bball\u00bb locked=\u00bboff\u00bb collapsed=\u00bboff\u00bb global_colors_info=\u00bb{}\u00bb][et_pb_row _builder_version=\u00bb4.27.4&#8243; _module_preset=\u00bbdefault\u00bb global_colors_info=\u00bb{}\u00bb][et_pb_column type=\u00bb4_4&#8243; _builder_version=\u00bb4.27.4&#8243; _module_preset=\u00bbdefault\u00bb global_colors_info=\u00bb{}\u00bb][et_pb_text _builder_version=\u00bb4.27.4&#8243; _module_preset=\u00bbdefault\u00bb header_3_text_align=\u00bbcenter\u00bb header_3_text_color=\u00bb#FFFFFF\u00bb global_colors_info=\u00bb{}\u00bb]<\/p>\n<h3>Y para saber m\u00e1s&#8230;<\/h3>\n<p>[\/et_pb_text][\/et_pb_column][\/et_pb_row][et_pb_row column_structure=\u00bb1_4,1_4,1_4,1_4&#8243; _builder_version=\u00bb4.27.4&#8243; _module_preset=\u00bbdefault\u00bb global_colors_info=\u00bb{}\u00bb][et_pb_column type=\u00bb1_4&#8243; _builder_version=\u00bb4.27.4&#8243; _module_preset=\u00bbdefault\u00bb global_colors_info=\u00bb{}\u00bb][et_pb_blurb title=\u00bbTRIDACTYLS Temporada 2&#8243; url=\u00bbhttps:\/\/vimeo.com\/ondemand\/tridactyls2es\u00bb url_new_window=\u00bbon\u00bb image=\u00bbhttps:\/\/www.the-alien-project.com\/wp-content\/uploads\/2025\/08\/Tridactyls-Saison-2.jpg\u00bb alt=\u00bbTRIDACTYLS Temporada 2&#8243; _builder_version=\u00bb4.27.4&#8243; _module_preset=\u00bbdefault\u00bb header_text_color=\u00bb#FFFFFF\u00bb body_text_color=\u00bb#FFFFFF\u00bb text_orientation=\u00bbcenter\u00bb background_layout=\u00bbdark\u00bb animation_style=\u00bbslide\u00bb animation_direction=\u00bbtop\u00bb link_option_url=\u00bbhttps:\/\/vimeo.com\/ondemand\/tridactyls2es\u00bb link_option_url_new_window=\u00bbon\u00bb global_colors_info=\u00bb{}\u00bb]<\/p>\n<h4>Documental 6&#215;60 min<\/h4>\n<p>Alquilar o comprar en VOD<\/p>\n<p>[\/et_pb_blurb][\/et_pb_column][et_pb_column type=\u00bb1_4&#8243; _builder_version=\u00bb4.27.4&#8243; _module_preset=\u00bbdefault\u00bb global_colors_info=\u00bb{}\u00bb][et_pb_blurb title=\u00bbTRIDACTYLS Temporada 1&#8243; url=\u00bbhttps:\/\/vimeo.com\/ondemand\/tridactylses\u00bb url_new_window=\u00bbon\u00bb image=\u00bbhttps:\/\/www.the-alien-project.com\/wp-content\/uploads\/2025\/08\/TRIDACTYLS-FR-1.jpg\u00bb alt=\u00bbTRIDACTYLS Temporada 1&#8243; _builder_version=\u00bb4.27.4&#8243; _module_preset=\u00bbdefault\u00bb header_text_color=\u00bb#FFFFFF\u00bb body_text_color=\u00bb#FFFFFF\u00bb text_orientation=\u00bbcenter\u00bb background_layout=\u00bbdark\u00bb animation_style=\u00bbslide\u00bb animation_direction=\u00bbtop\u00bb animation_delay=\u00bb250ms\u00bb link_option_url=\u00bbhttps:\/\/vimeo.com\/ondemand\/tridactylses\u00bb link_option_url_new_window=\u00bbon\u00bb global_colors_info=\u00bb{}\u00bb]<\/p>\n<h4>Documental 6&#215;52 min<\/h4>\n<p>Alquilar o comprar en VOD<\/p>\n<p>[\/et_pb_blurb][\/et_pb_column][et_pb_column type=\u00bb1_4&#8243; _builder_version=\u00bb4.27.4&#8243; _module_preset=\u00bbdefault\u00bb global_colors_info=\u00bb{}\u00bb][et_pb_blurb title=\u00bbLes momies non humaines de Nazca\u00bb url=\u00bbhttps:\/\/www.editions-atlantes.fr\/produit\/les-momies-non-humaines-de-nazca\/\u00bb url_new_window=\u00bbon\u00bb image=\u00bbhttps:\/\/www.the-alien-project.com\/wp-content\/uploads\/2025\/08\/momies-non-humaines-de-Nazca-1.jpg\u00bb alt=\u00bbLes momies non humaines de Nazca\u00bb _builder_version=\u00bb4.27.4&#8243; _module_preset=\u00bbdefault\u00bb header_text_color=\u00bb#FFFFFF\u00bb body_text_color=\u00bb#FFFFFF\u00bb text_orientation=\u00bbcenter\u00bb background_layout=\u00bbdark\u00bb animation_style=\u00bbslide\u00bb animation_direction=\u00bbtop\u00bb animation_delay=\u00bb500ms\u00bb link_option_url=\u00bbhttps:\/\/www.editions-atlantes.fr\/produit\/les-momies-non-humaines-de-nazca\/\u00bb link_option_url_new_window=\u00bbon\u00bb global_colors_info=\u00bb{}\u00bb]<\/p>\n<p>Solo en franc\u00e9s<br \/>Comprar el libro<\/p>\n<p>[\/et_pb_blurb][\/et_pb_column][et_pb_column type=\u00bb1_4&#8243; _builder_version=\u00bb4.27.4&#8243; _module_preset=\u00bbdefault\u00bb global_colors_info=\u00bb{}\u00bb][et_pb_blurb title=\u00bbLost Paititi &#038; the non-human remains of Nazca\u00bb url=\u00bbhttps:\/\/www.adventuresunlimitedpress.com\/proddetail.php?prod=LPNZ\u00bb url_new_window=\u00bbon\u00bb image=\u00bbhttps:\/\/www.the-alien-project.com\/wp-content\/uploads\/2025\/08\/Lost-Paititi-cover-bg.jpg\u00bb alt=\u00bbLost Paititi &#038; the non-human remains of Nazca\u00bb _builder_version=\u00bb4.27.4&#8243; _module_preset=\u00bbdefault\u00bb header_text_color=\u00bb#FFFFFF\u00bb body_text_color=\u00bb#FFFFFF\u00bb text_orientation=\u00bbcenter\u00bb background_layout=\u00bbdark\u00bb animation_style=\u00bbslide\u00bb animation_direction=\u00bbtop\u00bb animation_delay=\u00bb750ms\u00bb link_option_url=\u00bbhttps:\/\/www.adventuresunlimitedpress.com\/proddetail.php?prod=LPNZ\u00bb link_option_url_new_window=\u00bbon\u00bb global_colors_info=\u00bb{}\u00bb]<\/p>\n<p>Solo en ingl\u00e9s<br \/>Comprar el libro<\/p>\n<p>[\/et_pb_blurb][\/et_pb_column][\/et_pb_row][\/et_pb_section]<\/p>\n","protected":false},"excerpt":{"rendered":"<p>Desde octubre de 2016, Thierry Jamin y el equipo del Instituto Inkarri Cusco est\u00e1n involucrados en esta incre\u00edble historia de las momias no humanas de Nasca.Luego, gracias a la generosidad de numerosos donantes, con motivo de una operaci\u00f3n especial de crowdfunding en una plataforma francesa, lanzada en febrero de 2017, el Instituto Inkarri Cusco emprende [&hellip;]<\/p>\n","protected":false},"author":1,"featured_media":0,"parent":0,"menu_order":0,"comment_status":"closed","ping_status":"closed","template":"","meta":{"_et_pb_use_builder":"on","_et_pb_old_content":"","_et_gb_content_width":"","iawp_total_views":34,"footnotes":""},"class_list":["post-4850","page","type-page","status-publish","hentry"],"yoast_head":"<!-- This site is optimized with the Yoast SEO plugin v27.2 - https:\/\/yoast.com\/product\/yoast-seo-wordpress\/ -->\n<title>El equipo de investigaci\u00f3n del Instituto Inkarri<\/title>\n<meta name=\"description\" content=\"Desde octubre de 2016, Thierry Jamin y el equipo del Instituto Inkarri Cusco est\u00e1n involucrados en este asunto de las momias de Nasca.\" \/>\n<meta name=\"robots\" content=\"index, follow, max-snippet:-1, max-image-preview:large, max-video-preview:-1\" \/>\n<link rel=\"canonical\" href=\"https:\/\/www.the-alien-project.com\/es\/quienes-somos\/\" \/>\n<meta property=\"og:locale\" content=\"es_ES\" \/>\n<meta property=\"og:type\" content=\"article\" \/>\n<meta property=\"og:title\" content=\"El equipo de investigaci\u00f3n del Instituto Inkarri\" \/>\n<meta property=\"og:description\" content=\"Desde octubre de 2016, Thierry Jamin y el equipo del Instituto Inkarri Cusco est\u00e1n involucrados en este asunto de las momias de Nasca.\" \/>\n<meta property=\"og:url\" content=\"https:\/\/www.the-alien-project.com\/es\/quienes-somos\/\" \/>\n<meta property=\"og:site_name\" content=\"Les momies de Nazca\" \/>\n<meta property=\"article:publisher\" content=\"https:\/\/www.facebook.com\/AlienProjectPeru\/\" \/>\n<meta property=\"article:modified_time\" content=\"2025-12-02T10:35:21+00:00\" \/>\n<meta name=\"twitter:card\" content=\"summary_large_image\" \/>\n<meta name=\"twitter:title\" content=\"El equipo de investigaci\u00f3n del Instituto Inkarri\" \/>\n<meta name=\"twitter:description\" content=\"Desde octubre de 2016, Thierry Jamin y el equipo del Instituto Inkarri Cusco est\u00e1n involucrados en este asunto de las momias de Nasca.\" \/>\n<meta name=\"twitter:label1\" content=\"Tiempo de lectura\" \/>\n\t<meta name=\"twitter:data1\" content=\"15 minutos\" \/>\n<script type=\"application\/ld+json\" class=\"yoast-schema-graph\">{\"@context\":\"https:\/\/schema.org\",\"@graph\":[{\"@type\":\"WebPage\",\"@id\":\"https:\/\/www.the-alien-project.com\/es\/quienes-somos\/\",\"url\":\"https:\/\/www.the-alien-project.com\/es\/quienes-somos\/\",\"name\":\"El equipo de investigaci\u00f3n del Instituto Inkarri\",\"isPartOf\":{\"@id\":\"https:\/\/www.the-alien-project.com\/es\/#website\"},\"datePublished\":\"2025-08-18T03:26:59+00:00\",\"dateModified\":\"2025-12-02T10:35:21+00:00\",\"description\":\"Desde octubre de 2016, Thierry Jamin y el equipo del Instituto Inkarri Cusco est\u00e1n involucrados en este asunto de las momias de Nasca.\",\"breadcrumb\":{\"@id\":\"https:\/\/www.the-alien-project.com\/es\/quienes-somos\/#breadcrumb\"},\"inLanguage\":\"es\",\"potentialAction\":[{\"@type\":\"ReadAction\",\"target\":[\"https:\/\/www.the-alien-project.com\/es\/quienes-somos\/\"]}]},{\"@type\":\"BreadcrumbList\",\"@id\":\"https:\/\/www.the-alien-project.com\/es\/quienes-somos\/#breadcrumb\",\"itemListElement\":[{\"@type\":\"ListItem\",\"position\":1,\"name\":\"Accueil\",\"item\":\"https:\/\/www.the-alien-project.com\/es\/portada\/\"},{\"@type\":\"ListItem\",\"position\":2,\"name\":\"\u00bfQui\u00e9nes somos?\"}]},{\"@type\":\"WebSite\",\"@id\":\"https:\/\/www.the-alien-project.com\/es\/#website\",\"url\":\"https:\/\/www.the-alien-project.com\/es\/\",\"name\":\"Les momies de Nazca\",\"description\":\"\",\"publisher\":{\"@id\":\"https:\/\/www.the-alien-project.com\/es\/#organization\"},\"potentialAction\":[{\"@type\":\"SearchAction\",\"target\":{\"@type\":\"EntryPoint\",\"urlTemplate\":\"https:\/\/www.the-alien-project.com\/es\/?s={search_term_string}\"},\"query-input\":{\"@type\":\"PropertyValueSpecification\",\"valueRequired\":true,\"valueName\":\"search_term_string\"}}],\"inLanguage\":\"es\"},{\"@type\":\"Organization\",\"@id\":\"https:\/\/www.the-alien-project.com\/es\/#organization\",\"name\":\"Les momies de Nazca\",\"url\":\"https:\/\/www.the-alien-project.com\/es\/\",\"logo\":{\"@type\":\"ImageObject\",\"inLanguage\":\"es\",\"@id\":\"https:\/\/www.the-alien-project.com\/es\/#\/schema\/logo\/image\/\",\"url\":\"https:\/\/www.the-alien-project.com\/wp-content\/uploads\/2025\/08\/logo-alien-project-2025.png\",\"contentUrl\":\"https:\/\/www.the-alien-project.com\/wp-content\/uploads\/2025\/08\/logo-alien-project-2025.png\",\"width\":146,\"height\":80,\"caption\":\"Les momies de Nazca\"},\"image\":{\"@id\":\"https:\/\/www.the-alien-project.com\/es\/#\/schema\/logo\/image\/\"},\"sameAs\":[\"https:\/\/www.facebook.com\/AlienProjectPeru\/\"]}]}<\/script>\n<!-- \/ Yoast SEO plugin. -->","yoast_head_json":{"title":"El equipo de investigaci\u00f3n del Instituto Inkarri","description":"Desde octubre de 2016, Thierry Jamin y el equipo del Instituto Inkarri Cusco est\u00e1n involucrados en este asunto de las momias de Nasca.","robots":{"index":"index","follow":"follow","max-snippet":"max-snippet:-1","max-image-preview":"max-image-preview:large","max-video-preview":"max-video-preview:-1"},"canonical":"https:\/\/www.the-alien-project.com\/es\/quienes-somos\/","og_locale":"es_ES","og_type":"article","og_title":"El equipo de investigaci\u00f3n del Instituto Inkarri","og_description":"Desde octubre de 2016, Thierry Jamin y el equipo del Instituto Inkarri Cusco est\u00e1n involucrados en este asunto de las momias de Nasca.","og_url":"https:\/\/www.the-alien-project.com\/es\/quienes-somos\/","og_site_name":"Les momies de Nazca","article_publisher":"https:\/\/www.facebook.com\/AlienProjectPeru\/","article_modified_time":"2025-12-02T10:35:21+00:00","twitter_card":"summary_large_image","twitter_title":"El equipo de investigaci\u00f3n del Instituto Inkarri","twitter_description":"Desde octubre de 2016, Thierry Jamin y el equipo del Instituto Inkarri Cusco est\u00e1n involucrados en este asunto de las momias de Nasca.","twitter_misc":{"Tiempo de lectura":"15 minutos"},"schema":{"@context":"https:\/\/schema.org","@graph":[{"@type":"WebPage","@id":"https:\/\/www.the-alien-project.com\/es\/quienes-somos\/","url":"https:\/\/www.the-alien-project.com\/es\/quienes-somos\/","name":"El equipo de investigaci\u00f3n del Instituto Inkarri","isPartOf":{"@id":"https:\/\/www.the-alien-project.com\/es\/#website"},"datePublished":"2025-08-18T03:26:59+00:00","dateModified":"2025-12-02T10:35:21+00:00","description":"Desde octubre de 2016, Thierry Jamin y el equipo del Instituto Inkarri Cusco est\u00e1n involucrados en este asunto de las momias de Nasca.","breadcrumb":{"@id":"https:\/\/www.the-alien-project.com\/es\/quienes-somos\/#breadcrumb"},"inLanguage":"es","potentialAction":[{"@type":"ReadAction","target":["https:\/\/www.the-alien-project.com\/es\/quienes-somos\/"]}]},{"@type":"BreadcrumbList","@id":"https:\/\/www.the-alien-project.com\/es\/quienes-somos\/#breadcrumb","itemListElement":[{"@type":"ListItem","position":1,"name":"Accueil","item":"https:\/\/www.the-alien-project.com\/es\/portada\/"},{"@type":"ListItem","position":2,"name":"\u00bfQui\u00e9nes somos?"}]},{"@type":"WebSite","@id":"https:\/\/www.the-alien-project.com\/es\/#website","url":"https:\/\/www.the-alien-project.com\/es\/","name":"Les momies de Nazca","description":"","publisher":{"@id":"https:\/\/www.the-alien-project.com\/es\/#organization"},"potentialAction":[{"@type":"SearchAction","target":{"@type":"EntryPoint","urlTemplate":"https:\/\/www.the-alien-project.com\/es\/?s={search_term_string}"},"query-input":{"@type":"PropertyValueSpecification","valueRequired":true,"valueName":"search_term_string"}}],"inLanguage":"es"},{"@type":"Organization","@id":"https:\/\/www.the-alien-project.com\/es\/#organization","name":"Les momies de Nazca","url":"https:\/\/www.the-alien-project.com\/es\/","logo":{"@type":"ImageObject","inLanguage":"es","@id":"https:\/\/www.the-alien-project.com\/es\/#\/schema\/logo\/image\/","url":"https:\/\/www.the-alien-project.com\/wp-content\/uploads\/2025\/08\/logo-alien-project-2025.png","contentUrl":"https:\/\/www.the-alien-project.com\/wp-content\/uploads\/2025\/08\/logo-alien-project-2025.png","width":146,"height":80,"caption":"Les momies de Nazca"},"image":{"@id":"https:\/\/www.the-alien-project.com\/es\/#\/schema\/logo\/image\/"},"sameAs":["https:\/\/www.facebook.com\/AlienProjectPeru\/"]}]}},"_links":{"self":[{"href":"https:\/\/www.the-alien-project.com\/es\/wp-json\/wp\/v2\/pages\/4850","targetHints":{"allow":["GET"]}}],"collection":[{"href":"https:\/\/www.the-alien-project.com\/es\/wp-json\/wp\/v2\/pages"}],"about":[{"href":"https:\/\/www.the-alien-project.com\/es\/wp-json\/wp\/v2\/types\/page"}],"author":[{"embeddable":true,"href":"https:\/\/www.the-alien-project.com\/es\/wp-json\/wp\/v2\/users\/1"}],"replies":[{"embeddable":true,"href":"https:\/\/www.the-alien-project.com\/es\/wp-json\/wp\/v2\/comments?post=4850"}],"version-history":[{"count":0,"href":"https:\/\/www.the-alien-project.com\/es\/wp-json\/wp\/v2\/pages\/4850\/revisions"}],"wp:attachment":[{"href":"https:\/\/www.the-alien-project.com\/es\/wp-json\/wp\/v2\/media?parent=4850"}],"curies":[{"name":"wp","href":"https:\/\/api.w.org\/{rel}","templated":true}]}}