{"id":4526,"date":"2025-08-10T07:43:43","date_gmt":"2025-08-10T05:43:43","guid":{"rendered":"https:\/\/www.the-alien-project.com\/maria\/"},"modified":"2025-09-03T14:36:43","modified_gmt":"2025-09-03T12:36:43","slug":"maria","status":"publish","type":"page","link":"https:\/\/www.the-alien-project.com\/es\/maria\/","title":{"rendered":"Mar\u00eda"},"content":{"rendered":"<p>[et_pb_section fb_built=\u00bb1&#8243; fullwidth=\u00bbon\u00bb admin_label=\u00bbHero\u00bb _builder_version=\u00bb4.27.4&#8243; use_background_color_gradient=\u00bbon\u00bb background_color_gradient_stops=\u00bbrgba(75,148,125,0.5) 0%|rgba(41,196,169,0) 100%\u00bb background_image=\u00bbhttps:\/\/www.the-alien-project.com\/wp-content\/uploads\/2025\/08\/maria-visuel.jpg\u00bb custom_padding=\u00bb0px|0|0px|0px|false|false\u00bb collapsed=\u00bbon\u00bb global_colors_info=\u00bb{}\u00bb][et_pb_fullwidth_header title=\u00bbMar\u00eda\u00bb text_orientation=\u00bbcenter\u00bb admin_label=\u00bbFullwidth Header\u00bb _builder_version=\u00bb4.27.4&#8243; title_font=\u00bbOpen Sans Condensed Bold||||||||\u00bb title_text_align=\u00bbcenter\u00bb title_font_size=\u00bb80px\u00bb title_line_height=\u00bb1.2em\u00bb content_font=\u00bbOpen Sans Condensed|600||on|||||\u00bb content_text_align=\u00bbcenter\u00bb content_font_size=\u00bb22px\u00bb content_line_height=\u00bb1.8em\u00bb background_color=\u00bbrgba(0,0,0,0)\u00bb use_background_color_gradient=\u00bbon\u00bb background_color_gradient_direction=\u00bb140deg\u00bb background_color_gradient_stops=\u00bbrgba(75,148,125,0.5) 0%|rgba(41,17,96,0) 100%\u00bb background_color_gradient_start=\u00bbrgba(0,72,114,0.9)\u00bb background_color_gradient_end=\u00bbrgba(41,17,96,0.8)\u00bb parallax=\u00bbon\u00bb parallax_method=\u00bbon\u00bb custom_button_one=\u00bbon\u00bb button_one_text_size=\u00bb15px\u00bb button_one_bg_color=\u00bb#ffa727&#8243; button_one_border_width=\u00bb15px\u00bb button_one_border_color=\u00bb#ffa727&#8243; button_one_border_radius=\u00bb100px\u00bb button_one_letter_spacing=\u00bb5px\u00bb button_one_font=\u00bbOpen Sans|700||on|||||\u00bb custom_margin=\u00bb|||\u00bb custom_padding=\u00bb13vw||13vw||true|false\u00bb custom_padding_tablet=\u00bb100px||100px||true\u00bb custom_padding_phone=\u00bb|||\u00bb custom_padding_last_edited=\u00bbon|desktop\u00bb title_font_size_tablet=\u00bb60px\u00bb title_font_size_phone=\u00bb36px\u00bb title_font_size_last_edited=\u00bbon|phone\u00bb content_font_size_tablet=\u00bb\u00bb content_font_size_phone=\u00bb16px\u00bb content_font_size_last_edited=\u00bbon|phone\u00bb button_one_text_size_tablet=\u00bb\u00bb button_one_text_size_phone=\u00bb\u00bb button_one_text_size_last_edited=\u00bbon|desktop\u00bb button_one_border_color_hover=\u00bb#ff8a3d\u00bb button_one_border_radius_hover=\u00bb100px\u00bb button_one_letter_spacing_hover=\u00bb5px\u00bb button_one_bg_color_hover=\u00bb#ff8a3d\u00bb global_colors_info=\u00bb{}\u00bb button_one_text_size__hover_enabled=\u00bboff\u00bb button_two_text_size__hover_enabled=\u00bboff\u00bb button_one_text_color__hover_enabled=\u00bboff\u00bb button_two_text_color__hover_enabled=\u00bboff\u00bb button_one_border_width__hover_enabled=\u00bboff\u00bb button_two_border_width__hover_enabled=\u00bboff\u00bb button_one_border_color__hover_enabled=\u00bbon\u00bb button_one_border_color__hover=\u00bb#ff8a3d\u00bb button_two_border_color__hover_enabled=\u00bboff\u00bb button_one_border_radius__hover_enabled=\u00bbon\u00bb button_one_border_radius__hover=\u00bb100px\u00bb button_two_border_radius__hover_enabled=\u00bboff\u00bb button_one_letter_spacing__hover_enabled=\u00bbon\u00bb button_one_letter_spacing__hover=\u00bb5px\u00bb button_two_letter_spacing__hover_enabled=\u00bboff\u00bb button_one_bg_color__hover_enabled=\u00bbon\u00bb button_one_bg_color__hover=\u00bb#ff8a3d\u00bb button_two_bg_color__hover_enabled=\u00bboff\u00bb]<\/p>\n<p>Es la momia m\u00e1s famosa de Nazca y mide 1,68 m. Sus dedos de las manos y los pies tienen cinco falanges. <\/p>\n<p>[\/et_pb_fullwidth_header][\/et_pb_section][et_pb_section fb_built=\u00bb1&#8243; use_custom_gutter=\u00bbon\u00bb gutter_width=\u00bb2&#8243; specialty=\u00bbon\u00bb padding_top_1=\u00bb0px\u00bb padding_top_2=\u00bb0px\u00bb padding_bottom_1=\u00bb0px\u00bb padding_bottom_2=\u00bb0px\u00bb padding_top_bottom_link_1=\u00bbtrue\u00bb padding_top_bottom_link_2=\u00bbtrue\u00bb disabled_on=\u00bboff|off|off\u00bb admin_label=\u00bbButton Bar\u00bb _builder_version=\u00bb4.16&#8243; background_color=\u00bbrgba(255,255,255,0)\u00bb inner_width=\u00bb100%\u00bb inner_max_width=\u00bb100%\u00bb custom_margin=\u00bb-36px||-13px|||\u00bb custom_padding=\u00bb0||8px||false|false\u00bb use_custom_width=\u00bbon\u00bb width_unit=\u00bboff\u00bb custom_width_percent=\u00bb100%\u00bb global_module=\u00bb251&#8243; saved_tabs=\u00bball\u00bb collapsed=\u00bboff\u00bb global_colors_info=\u00bb{}\u00bb][et_pb_column type=\u00bb1_2&#8243; _builder_version=\u00bb4.16&#8243; custom_padding=\u00bb|||\u00bb global_colors_info=\u00bb{}\u00bb custom_padding__hover=\u00bb|||\u00bb][et_pb_blurb title=\u00bb3D Wiever\u00bb url=\u00bbhttps:\/\/www.the-alien-project.com\/3DV\/\u00bb url_new_window=\u00bbon\u00bb content_max_width=\u00bb1100px\u00bb content_max_width_last_edited=\u00bboff|desktop\u00bb _builder_version=\u00bb4.27.4&#8243; header_font=\u00bbOpen Sans Condensed|500||on|||||\u00bb header_text_color=\u00bb#000000&#8243; header_font_size=\u00bb18px\u00bb header_letter_spacing=\u00bb5px\u00bb header_line_height=\u00bb2em\u00bb body_font=\u00bbOpen Sans Condensed||||||||\u00bb background_color=\u00bb#4b947d\u00bb use_background_color_gradient=\u00bbon\u00bb background_color_gradient_direction=\u00bb90deg\u00bb background_color_gradient_stops=\u00bb#ffffff 0%|#4b947d 100%\u00bb background_color_gradient_start=\u00bb#ffffff\u00bb background_color_gradient_end=\u00bb#2573f9&#8243; text_orientation=\u00bbright\u00bb background_layout=\u00bbdark\u00bb custom_margin=\u00bb||2px|||\u00bb custom_padding=\u00bb20px|40px|12px|40px|false|true\u00bb animation_style=\u00bbslide\u00bb animation_direction=\u00bbleft\u00bb animation_intensity_slide=\u00bb5%\u00bb border_radii=\u00bb||100px|100px|\u00bb locked=\u00bboff\u00bb global_colors_info=\u00bb{}\u00bb][\/et_pb_blurb][\/et_pb_column][et_pb_column type=\u00bb1_2&#8243; specialty_columns=\u00bb2&#8243; _builder_version=\u00bb4.16&#8243; custom_padding=\u00bb|||\u00bb global_colors_info=\u00bb{}\u00bb custom_padding__hover=\u00bb|||\u00bb][et_pb_row_inner column_structure=\u00bb1_2,1_2&#8243; custom_padding_last_edited=\u00bbon|desktop\u00bb _builder_version=\u00bb4.16&#8243; custom_padding=\u00bb0|25%|0|0px|true|false\u00bb custom_padding_tablet=\u00bb|10%||10%||true\u00bb custom_padding_phone=\u00bb\u00bb global_colors_info=\u00bb{}\u00bb][et_pb_column_inner type=\u00bb1_2&#8243; saved_specialty_column_type=\u00bb1_2&#8243; _builder_version=\u00bb4.16&#8243; custom_padding=\u00bb|||\u00bb global_colors_info=\u00bb{}\u00bb custom_padding__hover=\u00bb|||\u00bb][et_pb_button button_url=\u00bbhttps:\/\/www.the-alien-project.com\/es\/los-resultados\/\u00bb button_text=\u00bbLos resultados\u00bb button_alignment=\u00bbcenter\u00bb _builder_version=\u00bb4.27.4&#8243; custom_button=\u00bbon\u00bb button_text_size=\u00bb18px\u00bb button_text_color=\u00bb#ffffff\u00bb button_bg_color=\u00bb#6B418D\u00bb button_bg_color_gradient_direction=\u00bb90deg\u00bb button_bg_color_gradient_stops=\u00bb#ffa727 0%|#FF8A3D 100%\u00bb button_bg_color_gradient_start=\u00bb#ffa727&#8243; button_bg_color_gradient_end=\u00bb#FF8A3D\u00bb button_border_width=\u00bb0px\u00bb button_border_radius=\u00bb100px\u00bb button_letter_spacing=\u00bb5px\u00bb button_font=\u00bbOpen Sans Condensed|||on|||||\u00bb button_use_icon=\u00bboff\u00bb custom_padding=\u00bb23px|24px|23px|24px|true|true\u00bb animation_style=\u00bbslide\u00bb animation_direction=\u00bbleft\u00bb button_border_radius_hover=\u00bb100px\u00bb button_letter_spacing_hover=\u00bb5px\u00bb button_bg_color_hover=\u00bb#3980f9&#8243; locked=\u00bboff\u00bb global_colors_info=\u00bb{}\u00bb button_text_size__hover_enabled=\u00bboff\u00bb button_one_text_size__hover_enabled=\u00bboff\u00bb button_two_text_size__hover_enabled=\u00bboff\u00bb button_text_color__hover_enabled=\u00bboff\u00bb button_one_text_color__hover_enabled=\u00bboff\u00bb button_two_text_color__hover_enabled=\u00bboff\u00bb button_border_width__hover_enabled=\u00bboff\u00bb button_one_border_width__hover_enabled=\u00bboff\u00bb button_two_border_width__hover_enabled=\u00bboff\u00bb button_border_color__hover_enabled=\u00bboff\u00bb button_one_border_color__hover_enabled=\u00bboff\u00bb button_two_border_color__hover_enabled=\u00bboff\u00bb button_border_radius__hover_enabled=\u00bbon\u00bb button_border_radius__hover=\u00bb100px\u00bb button_one_border_radius__hover_enabled=\u00bboff\u00bb button_two_border_radius__hover_enabled=\u00bboff\u00bb button_letter_spacing__hover_enabled=\u00bbon\u00bb button_letter_spacing__hover=\u00bb5px\u00bb button_one_letter_spacing__hover_enabled=\u00bboff\u00bb button_two_letter_spacing__hover_enabled=\u00bboff\u00bb button_bg_color__hover_enabled=\u00bbon\u00bb button_bg_color__hover=\u00bb#3980f9&#8243; button_one_bg_color__hover_enabled=\u00bboff\u00bb button_two_bg_color__hover_enabled=\u00bboff\u00bb][\/et_pb_button][\/et_pb_column_inner][et_pb_column_inner type=\u00bb1_2&#8243; saved_specialty_column_type=\u00bb1_2&#8243; _builder_version=\u00bb4.16&#8243; custom_padding=\u00bb|||\u00bb global_colors_info=\u00bb{}\u00bb custom_padding__hover=\u00bb|||\u00bb][et_pb_button button_url=\u00bbhttps:\/\/www.the-alien-project.com\/es\/contacto\/\u00bb button_text=\u00bbContacto\u00bb button_alignment=\u00bbcenter\u00bb _builder_version=\u00bb4.27.4&#8243; custom_button=\u00bbon\u00bb button_text_size=\u00bb18px\u00bb button_text_color=\u00bb#ffffff\u00bb button_bg_color=\u00bb#6B418D\u00bb button_bg_color_gradient_direction=\u00bb90deg\u00bb button_bg_color_gradient_stops=\u00bb#ffa727 0%|#FF8A3D 100%\u00bb button_bg_color_gradient_start=\u00bb#ffa727&#8243; button_bg_color_gradient_end=\u00bb#FF8A3D\u00bb button_border_width=\u00bb0px\u00bb button_border_radius=\u00bb100px\u00bb button_letter_spacing=\u00bb5px\u00bb button_font=\u00bbOpen Sans Condensed|||on|||||\u00bb button_use_icon=\u00bboff\u00bb custom_padding=\u00bb23px|24px|23px|24px|true|true\u00bb animation_style=\u00bbslide\u00bb animation_direction=\u00bbleft\u00bb animation_intensity_slide=\u00bb70%\u00bb button_border_radius_hover=\u00bb100px\u00bb button_letter_spacing_hover=\u00bb5px\u00bb button_bg_color_hover=\u00bb#3980f9&#8243; locked=\u00bboff\u00bb global_colors_info=\u00bb{}\u00bb button_text_size__hover_enabled=\u00bboff\u00bb button_one_text_size__hover_enabled=\u00bboff\u00bb button_two_text_size__hover_enabled=\u00bboff\u00bb button_text_color__hover_enabled=\u00bboff\u00bb button_one_text_color__hover_enabled=\u00bboff\u00bb button_two_text_color__hover_enabled=\u00bboff\u00bb button_border_width__hover_enabled=\u00bboff\u00bb button_one_border_width__hover_enabled=\u00bboff\u00bb button_two_border_width__hover_enabled=\u00bboff\u00bb button_border_color__hover_enabled=\u00bboff\u00bb button_one_border_color__hover_enabled=\u00bboff\u00bb button_two_border_color__hover_enabled=\u00bboff\u00bb button_border_radius__hover_enabled=\u00bbon\u00bb button_border_radius__hover=\u00bb100px\u00bb button_one_border_radius__hover_enabled=\u00bboff\u00bb button_two_border_radius__hover_enabled=\u00bboff\u00bb button_letter_spacing__hover_enabled=\u00bbon\u00bb button_letter_spacing__hover=\u00bb5px\u00bb button_one_letter_spacing__hover_enabled=\u00bboff\u00bb button_two_letter_spacing__hover_enabled=\u00bboff\u00bb button_bg_color__hover_enabled=\u00bbon\u00bb button_bg_color__hover=\u00bb#3980f9&#8243; button_one_bg_color__hover_enabled=\u00bboff\u00bb button_two_bg_color__hover_enabled=\u00bboff\u00bb][\/et_pb_button][\/et_pb_column_inner][\/et_pb_row_inner][\/et_pb_column][\/et_pb_section][et_pb_section fb_built=\u00bb1&#8243; admin_label=\u00bbGalerie\u00bb _builder_version=\u00bb4.27.4&#8243; _module_preset=\u00bbdefault\u00bb background_image=\u00bbhttps:\/\/www.the-alien-project.com\/wp-content\/uploads\/2025\/08\/fond-maria.jpg\u00bb background_size=\u00bbcontain\u00bb background_position=\u00bbcenter_left\u00bb custom_padding=\u00bb5px||10px|||\u00bb collapsed=\u00bboff\u00bb global_colors_info=\u00bb{}\u00bb][et_pb_row _builder_version=\u00bb4.27.4&#8243; _module_preset=\u00bbdefault\u00bb animation_style=\u00bbslide\u00bb animation_direction=\u00bbleft\u00bb global_colors_info=\u00bb{}\u00bb custom_padding=\u00bb||0px|||\u00bb][et_pb_column type=\u00bb4_4&#8243; _builder_version=\u00bb4.27.4&#8243; _module_preset=\u00bbdefault\u00bb global_colors_info=\u00bb{}\u00bb][et_pb_gallery gallery_ids=\u00bb4514,4515,4516,4517&#8243; show_title_and_caption=\u00bboff\u00bb _builder_version=\u00bb4.27.4&#8243; _module_preset=\u00bbdefault\u00bb hover_enabled=\u00bb0&#8243; global_colors_info=\u00bb{}\u00bb custom_margin=\u00bb||0px||false|false\u00bb custom_padding=\u00bb||0px||false|false\u00bb sticky_enabled=\u00bb0&#8243;][\/et_pb_gallery][et_pb_button button_url=\u00bbhttps:\/\/www.the-alien-project.com\/3DV\/maria-2\/\u00bb url_new_window=\u00bbon\u00bb button_text=\u00bbVer Mar\u00eda en 3D\u00bb button_alignment=\u00bbcenter\u00bb _builder_version=\u00bb4.27.4&#8243; _module_preset=\u00bbdefault\u00bb hover_enabled=\u00bb0&#8243; global_colors_info=\u00bb{}\u00bb custom_margin=\u00bb0px||||false|false\u00bb custom_padding=\u00bb||||false|false\u00bb sticky_enabled=\u00bb0&#8243;][\/et_pb_button][\/et_pb_column][\/et_pb_row][et_pb_row column_structure=\u00bb1_4,1_2,1_4&#8243; _builder_version=\u00bb4.27.4&#8243; _module_preset=\u00bbdefault\u00bb global_colors_info=\u00bb{}\u00bb][et_pb_column type=\u00bb1_4&#8243; _builder_version=\u00bb4.27.4&#8243; _module_preset=\u00bbdefault\u00bb global_colors_info=\u00bb{}\u00bb][\/et_pb_column][et_pb_column type=\u00bb1_2&#8243; _builder_version=\u00bb4.27.4&#8243; _module_preset=\u00bbdefault\u00bb global_colors_info=\u00bb{}\u00bb][et_pb_video src=\u00bbhttps:\/\/vimeo.com\/943691430?share=copy\u00bb _builder_version=\u00bb4.27.4&#8243; _module_preset=\u00bbdefault\u00bb animation_style=\u00bbslide\u00bb global_colors_info=\u00bb{}\u00bb][\/et_pb_video][\/et_pb_column][et_pb_column type=\u00bb1_4&#8243; _builder_version=\u00bb4.27.4&#8243; _module_preset=\u00bbdefault\u00bb global_colors_info=\u00bb{}\u00bb][\/et_pb_column][\/et_pb_row][\/et_pb_section][et_pb_section fb_built=\u00bb1&#8243; admin_label=\u00bbCaract\u00e9ristiques\u00bb _builder_version=\u00bb4.27.4&#8243; _module_preset=\u00bbdefault\u00bb background_color=\u00bb#000000&#8243; background_enable_image=\u00bboff\u00bb background_size=\u00bbcontain\u00bb background_blend=\u00bbscreen\u00bb custom_margin=\u00bb||||false|false\u00bb custom_padding=\u00bb1px||0px||false|false\u00bb border_radii=\u00bboff||20vw||\u00bb collapsed=\u00bbon\u00bb global_colors_info=\u00bb{}\u00bb][et_pb_row _builder_version=\u00bb4.27.4&#8243; _module_preset=\u00bbdefault\u00bb global_colors_info=\u00bb{}\u00bb][et_pb_column type=\u00bb4_4&#8243; _builder_version=\u00bb4.27.4&#8243; _module_preset=\u00bbdefault\u00bb global_colors_info=\u00bb{}\u00bb][et_pb_text _builder_version=\u00bb4.27.4&#8243; _module_preset=\u00bbdefault\u00bb header_text_align=\u00bbcenter\u00bb header_3_text_align=\u00bbcenter\u00bb header_3_font_size=\u00bb40px\u00bb animation_direction=\u00bbleft\u00bb global_colors_info=\u00bb{}\u00bb]<\/p>\n<h3>Caracter\u00edsticas<\/h3>\n<p>[\/et_pb_text][\/et_pb_column][\/et_pb_row][et_pb_row column_structure=\u00bb2_5,3_5&#8243; _builder_version=\u00bb4.27.4&#8243; _module_preset=\u00bbdefault\u00bb global_colors_info=\u00bb{}\u00bb][et_pb_column type=\u00bb2_5&#8243; _builder_version=\u00bb4.27.4&#8243; _module_preset=\u00bbdefault\u00bb global_colors_info=\u00bb{}\u00bb][et_pb_text _builder_version=\u00bb4.27.4&#8243; _module_preset=\u00bbdefault\u00bb text_font=\u00bb|||on|||||\u00bb text_text_color=\u00bb#FFFFFF\u00bb text_line_height=\u00bb30px\u00bb header_3_text_align=\u00bbright\u00bb text_orientation=\u00bbright\u00bb global_colors_info=\u00bb{}\u00bb]<\/p>\n<p>Tama\u00f1o: 1,68 m.<br \/>Especie: Jamin Palpanensis.<br \/>G\u00e9nero: femenino*.<br \/>Manos y pies con tres dedos.<br \/>Dedos de manos y pies con cinco falanges.<br \/>Presencia de articulaciones.<br \/>Cuerpo muy bien conservado, con piel visible y huellas dactilares parcialmente visibles en manos y pies.<br \/>Ausencia de cabello y vello.<br \/>Ausencia de pabellones auriculares.<br \/>Capacidad craneal un 19 % mayor que la de los humanos.<\/p>\n<p>[\/et_pb_text][et_pb_text _builder_version=\u00bb4.27.4&#8243; _module_preset=\u00bbdefault\u00bb text_text_color=\u00bb#FFFFFF\u00bb text_font_size=\u00bb16px\u00bb global_colors_info=\u00bb{}\u00bb]<\/p>\n<p>* Seg\u00fan los \u00faltimos estudios, Mar\u00eda ser\u00eda m\u00e1s probablemente un var\u00f3n.<\/p>\n<p>[\/et_pb_text][\/et_pb_column][et_pb_column type=\u00bb3_5&#8243; _builder_version=\u00bb4.27.4&#8243; _module_preset=\u00bbdefault\u00bb global_colors_info=\u00bb{}\u00bb][et_pb_video src=\u00bbhttps:\/\/vimeo.com\/943691404?share=copy\u00bb _builder_version=\u00bb4.27.4&#8243; _module_preset=\u00bbdefault\u00bb animation_style=\u00bbslide\u00bb animation_direction=\u00bbright\u00bb global_colors_info=\u00bb{}\u00bb][\/et_pb_video][\/et_pb_column][\/et_pb_row][et_pb_row column_structure=\u00bb1_2,1_2&#8243; _builder_version=\u00bb4.27.4&#8243; _module_preset=\u00bbdefault\u00bb global_colors_info=\u00bb{}\u00bb][et_pb_column type=\u00bb1_2&#8243; _builder_version=\u00bb4.27.4&#8243; _module_preset=\u00bbdefault\u00bb global_colors_info=\u00bb{}\u00bb][et_pb_video src=\u00bbhttps:\/\/vimeo.com\/251660098&#8243; _builder_version=\u00bb4.27.4&#8243; _module_preset=\u00bbdefault\u00bb animation_style=\u00bbslide\u00bb animation_direction=\u00bbleft\u00bb global_colors_info=\u00bb{}\u00bb][\/et_pb_video][et_pb_text _builder_version=\u00bb4.27.4&#8243; _module_preset=\u00bbdefault\u00bb text_text_color=\u00bb#FFFFFF\u00bb text_orientation=\u00bbcenter\u00bb global_colors_info=\u00bb{}\u00bb]<\/p>\n<p>Descubrimiento de Mar\u00eda en Palpa, cerca de Nazca<\/p>\n<p>[\/et_pb_text][\/et_pb_column][et_pb_column type=\u00bb1_2&#8243; _builder_version=\u00bb4.27.4&#8243; _module_preset=\u00bbdefault\u00bb global_colors_info=\u00bb{}\u00bb][et_pb_video src=\u00bbhttps:\/\/vimeo.com\/251072650&#8243; _builder_version=\u00bb4.27.4&#8243; _module_preset=\u00bbdefault\u00bb animation_style=\u00bbslide\u00bb animation_direction=\u00bbright\u00bb animation_delay=\u00bb250ms\u00bb global_colors_info=\u00bb{}\u00bb][\/et_pb_video][et_pb_text _builder_version=\u00bb4.27.4&#8243; _module_preset=\u00bbdefault\u00bb text_text_color=\u00bb#FFFFFF\u00bb text_orientation=\u00bbcenter\u00bb global_colors_info=\u00bb{}\u00bb]<\/p>\n<p>An\u00e1lisis de las radiograf\u00edas de Mar\u00eda por el Dr. Edson Salazar Vivanco<\/p>\n<p>[\/et_pb_text][\/et_pb_column][\/et_pb_row][et_pb_row column_structure=\u00bb1_4,1_2,1_4&#8243; _builder_version=\u00bb4.27.4&#8243; _module_preset=\u00bbdefault\u00bb custom_padding=\u00bb||2px|||\u00bb global_colors_info=\u00bb{}\u00bb][et_pb_column type=\u00bb1_4&#8243; _builder_version=\u00bb4.27.4&#8243; _module_preset=\u00bbdefault\u00bb global_colors_info=\u00bb{}\u00bb][\/et_pb_column][et_pb_column type=\u00bb1_2&#8243; _builder_version=\u00bb4.27.4&#8243; _module_preset=\u00bbdefault\u00bb global_colors_info=\u00bb{}\u00bb][et_pb_image src=\u00bbhttps:\/\/www.the-alien-project.com\/wp-content\/uploads\/2025\/08\/radiologue-ica.jpg\u00bb title_text=\u00bbradiologue-ica\u00bb _builder_version=\u00bb4.27.4&#8243; _module_preset=\u00bbdefault\u00bb animation_style=\u00bbslide\u00bb global_colors_info=\u00bb{}\u00bb][\/et_pb_image][et_pb_text _builder_version=\u00bb4.27.4&#8243; _module_preset=\u00bbdefault\u00bb text_text_color=\u00bb#FFFFFF\u00bb text_line_height=\u00bb1.8em\u00bb global_colors_info=\u00bb{}\u00bb]<\/p>\n<p>Dos radi\u00f3logos del Hospital Regional de Ica, designados por el Ministerio de Cultura, declaran sobre las tomograf\u00edas computarizadas de Mar\u00eda: \u00abNo se observa ning\u00fan rastro de manipulaci\u00f3n\u00bb.<\/p>\n<p>[\/et_pb_text][\/et_pb_column][et_pb_column type=\u00bb1_4&#8243; _builder_version=\u00bb4.27.4&#8243; _module_preset=\u00bbdefault\u00bb global_colors_info=\u00bb{}\u00bb][\/et_pb_column][\/et_pb_row][\/et_pb_section][et_pb_section fb_built=\u00bb1&#8243; prev_background_color=\u00bb#000000&#8243; _builder_version=\u00bb4.27.4&#8243; _module_preset=\u00bbdefault\u00bb background_color=\u00bb#4B947D\u00bb custom_margin=\u00bb||||false|false\u00bb custom_padding=\u00bb42px||9px|||\u00bb top_divider_style=\u00bbwave\u00bb border_radii=\u00bboff||||20vw\u00bb collapsed=\u00bbon\u00bb global_colors_info=\u00bb{}\u00bb][et_pb_row column_structure=\u00bb1_3,1_3,1_3&#8243; _builder_version=\u00bb4.27.4&#8243; _module_preset=\u00bbdefault\u00bb custom_padding=\u00bb||0px|||\u00bb global_colors_info=\u00bb{}\u00bb][et_pb_column type=\u00bb1_3&#8243; _builder_version=\u00bb4.27.4&#8243; _module_preset=\u00bbdefault\u00bb global_colors_info=\u00bb{}\u00bb][\/et_pb_column][et_pb_column type=\u00bb1_3&#8243; _builder_version=\u00bb4.27.4&#8243; _module_preset=\u00bbdefault\u00bb global_colors_info=\u00bb{}\u00bb][et_pb_text _builder_version=\u00bb4.27.4&#8243; _module_preset=\u00bbdefault\u00bb header_3_text_align=\u00bbcenter\u00bb header_3_text_color=\u00bb#FFFFFF\u00bb header_3_font_size=\u00bb40px\u00bb global_colors_info=\u00bb{}\u00bb]<\/p>\n<h3>La cabeza<\/h3>\n<p>[\/et_pb_text][\/et_pb_column][et_pb_column type=\u00bb1_3&#8243; _builder_version=\u00bb4.27.4&#8243; _module_preset=\u00bbdefault\u00bb global_colors_info=\u00bb{}\u00bb][\/et_pb_column][\/et_pb_row][et_pb_row column_structure=\u00bb1_2,1_2&#8243; _builder_version=\u00bb4.27.4&#8243; _module_preset=\u00bbdefault\u00bb global_colors_info=\u00bb{}\u00bb][et_pb_column type=\u00bb1_2&#8243; _builder_version=\u00bb4.27.4&#8243; _module_preset=\u00bbdefault\u00bb global_colors_info=\u00bb{}\u00bb][et_pb_video src=\u00bbhttps:\/\/vimeo.com\/943961925?share=copy\u00bb _builder_version=\u00bb4.27.4&#8243; _module_preset=\u00bbdefault\u00bb animation_style=\u00bbslide\u00bb animation_direction=\u00bbleft\u00bb global_colors_info=\u00bb{}\u00bb][\/et_pb_video][\/et_pb_column][et_pb_column type=\u00bb1_2&#8243; _builder_version=\u00bb4.27.4&#8243; _module_preset=\u00bbdefault\u00bb global_colors_info=\u00bb{}\u00bb][et_pb_video src=\u00bbhttps:\/\/vimeo.com\/943961909?share=copy\u00bb _builder_version=\u00bb4.27.4&#8243; _module_preset=\u00bbdefault\u00bb animation_style=\u00bbslide\u00bb animation_direction=\u00bbright\u00bb animation_delay=\u00bb250ms\u00bb global_colors_info=\u00bb{}\u00bb][\/et_pb_video][\/et_pb_column][\/et_pb_row][et_pb_row column_structure=\u00bb1_5,3_5,1_5&#8243; _builder_version=\u00bb4.27.4&#8243; _module_preset=\u00bbdefault\u00bb custom_padding=\u00bb4px||8px|||\u00bb global_colors_info=\u00bb{}\u00bb][et_pb_column type=\u00bb1_5&#8243; _builder_version=\u00bb4.27.4&#8243; _module_preset=\u00bbdefault\u00bb global_colors_info=\u00bb{}\u00bb][\/et_pb_column][et_pb_column type=\u00bb3_5&#8243; _builder_version=\u00bb4.27.4&#8243; _module_preset=\u00bbdefault\u00bb global_colors_info=\u00bb{}\u00bb][et_pb_text _builder_version=\u00bb4.27.4&#8243; _module_preset=\u00bbdefault\u00bb text_text_color=\u00bb#FFFFFF\u00bb text_line_height=\u00bb1.8em\u00bb global_colors_info=\u00bb{}\u00bb]<\/p>\n<p>La cabeza es alargada y tiene una longitud facial de 31 cm. Su capacidad craneal es un 20 % superior a la del Homo sapiens. Los ojos tambi\u00e9n son muy grandes y almendrados. Miden 5 cm de di\u00e1metro. El cr\u00e1neo no tiene pabell\u00f3n auricular, solo un orificio para el conducto auditivo. Se observan fosas nasales peque\u00f1as sin hueso nasal. Por \u00faltimo, la cabeza de \u00abMar\u00eda\u00bb, en buen estado de momificaci\u00f3n, no tiene pelo, cejas ni pesta\u00f1as.      <\/p>\n<p>[\/et_pb_text][\/et_pb_column][et_pb_column type=\u00bb1_5&#8243; _builder_version=\u00bb4.27.4&#8243; _module_preset=\u00bbdefault\u00bb global_colors_info=\u00bb{}\u00bb][\/et_pb_column][\/et_pb_row][et_pb_row column_structure=\u00bb1_2,1_2&#8243; _builder_version=\u00bb4.27.4&#8243; _module_preset=\u00bbdefault\u00bb custom_padding=\u00bb||8px|||\u00bb global_colors_info=\u00bb{}\u00bb][et_pb_column type=\u00bb1_2&#8243; _builder_version=\u00bb4.27.4&#8243; _module_preset=\u00bbdefault\u00bb global_colors_info=\u00bb{}\u00bb][et_pb_image src=\u00bbhttps:\/\/www.the-alien-project.com\/wp-content\/uploads\/2025\/08\/maria-oeil.jpg\u00bb alt=\u00bbOjo de Mar\u00eda\u00bb title_text=\u00bbOjo de Mar\u00eda\u00bb _builder_version=\u00bb4.27.4&#8243; _module_preset=\u00bbdefault\u00bb custom_margin=\u00bb||4px|||\u00bb animation_style=\u00bbslide\u00bb animation_direction=\u00bbleft\u00bb global_colors_info=\u00bb{}\u00bb][\/et_pb_image][et_pb_text _builder_version=\u00bb4.27.4&#8243; _module_preset=\u00bbdefault\u00bb text_text_color=\u00bb#FFFFFF\u00bb text_line_height=\u00bb1.8em\u00bb global_colors_info=\u00bb{}\u00bb]<\/p>\n<p>Las \u00f3rbitas oculares miden 54 mm (35 mm en los hombres). El ojo est\u00e1 proyectado hacia delante. <\/p>\n<p>[\/et_pb_text][\/et_pb_column][et_pb_column type=\u00bb1_2&#8243; _builder_version=\u00bb4.27.4&#8243; _module_preset=\u00bbdefault\u00bb global_colors_info=\u00bb{}\u00bb][et_pb_image src=\u00bbhttps:\/\/www.the-alien-project.com\/wp-content\/uploads\/2025\/08\/maria-dents.jpg\u00bb alt=\u00bbDentici\u00f3n de Mar\u00eda\u00bb title_text=\u00bbDentici\u00f3n de Mar\u00eda\u00bb align=\u00bbcenter\u00bb _builder_version=\u00bb4.27.4&#8243; _module_preset=\u00bbdefault\u00bb custom_margin=\u00bb||2px|||\u00bb animation_style=\u00bbslide\u00bb animation_direction=\u00bbright\u00bb animation_delay=\u00bb250ms\u00bb global_colors_info=\u00bb{}\u00bb][\/et_pb_image][et_pb_text _builder_version=\u00bb4.27.4&#8243; _module_preset=\u00bbdefault\u00bb text_text_color=\u00bb#FFFFFF\u00bb text_line_height=\u00bb1.8em\u00bb global_colors_info=\u00bb{}\u00bb]<\/p>\n<p>\u00a1Probablemente Mar\u00eda ten\u00eda dentista!<br \/>Se detecta la cicatrizaci\u00f3n de una intervenci\u00f3n realizada entre 10 y 15 a\u00f1os antes de su muerte.<\/p>\n<p>[\/et_pb_text][\/et_pb_column][\/et_pb_row][\/et_pb_section][et_pb_section fb_built=\u00bb1&#8243; next_background_color=\u00bb#6B418D\u00bb admin_label=\u00bbMains\u00bb _builder_version=\u00bb4.27.4&#8243; _module_preset=\u00bbdefault\u00bb background_image=\u00bbhttps:\/\/www.the-alien-project.com\/wp-content\/uploads\/2025\/08\/fond-main.jpg\u00bb background_size=\u00bbinitial\u00bb background_position=\u00bbbottom_right\u00bb background_horizontal_offset=\u00bb100%\u00bb background_vertical_offset=\u00bb-14%\u00bb custom_padding=\u00bb1px||75px|||\u00bb bottom_divider_style=\u00bbramp\u00bb collapsed=\u00bbon\u00bb global_colors_info=\u00bb{}\u00bb][et_pb_row _builder_version=\u00bb4.27.4&#8243; _module_preset=\u00bbdefault\u00bb custom_padding=\u00bb18px||13px|||\u00bb global_colors_info=\u00bb{}\u00bb][et_pb_column type=\u00bb4_4&#8243; _builder_version=\u00bb4.27.4&#8243; _module_preset=\u00bbdefault\u00bb global_colors_info=\u00bb{}\u00bb][et_pb_text _builder_version=\u00bb4.27.4&#8243; _module_preset=\u00bbdefault\u00bb header_3_text_align=\u00bbcenter\u00bb global_colors_info=\u00bb{}\u00bb]<\/p>\n<h3>Las manos y los brazos<\/h3>\n<p>[\/et_pb_text][\/et_pb_column][\/et_pb_row][et_pb_row column_structure=\u00bb1_2,1_2&#8243; _builder_version=\u00bb4.27.4&#8243; _module_preset=\u00bbdefault\u00bb custom_padding=\u00bb0px|||||\u00bb global_colors_info=\u00bb{}\u00bb][et_pb_column type=\u00bb1_2&#8243; _builder_version=\u00bb4.27.4&#8243; _module_preset=\u00bbdefault\u00bb global_colors_info=\u00bb{}\u00bb][et_pb_video src=\u00bbhttps:\/\/vimeo.com\/943691404?share=copy\u00bb _builder_version=\u00bb4.27.4&#8243; _module_preset=\u00bbdefault\u00bb animation_style=\u00bbslide\u00bb animation_direction=\u00bbleft\u00bb global_colors_info=\u00bb{}\u00bb][\/et_pb_video][\/et_pb_column][et_pb_column type=\u00bb1_2&#8243; _builder_version=\u00bb4.27.4&#8243; _module_preset=\u00bbdefault\u00bb global_colors_info=\u00bb{}\u00bb][et_pb_video src=\u00bbhttps:\/\/vimeo.com\/943972987?share=copy\u00bb _builder_version=\u00bb4.27.4&#8243; _module_preset=\u00bbdefault\u00bb animation_style=\u00bbslide\u00bb animation_direction=\u00bbright\u00bb animation_delay=\u00bb250ms\u00bb global_colors_info=\u00bb{}\u00bb][\/et_pb_video][\/et_pb_column][\/et_pb_row][et_pb_row column_structure=\u00bb1_2,1_2&#8243; _builder_version=\u00bb4.27.4&#8243; _module_preset=\u00bbdefault\u00bb global_colors_info=\u00bb{}\u00bb][et_pb_column type=\u00bb1_2&#8243; _builder_version=\u00bb4.27.4&#8243; _module_preset=\u00bbdefault\u00bb global_colors_info=\u00bb{}\u00bb][et_pb_video src=\u00bbhttps:\/\/vimeo.com\/943691479?share=copy\u00bb _builder_version=\u00bb4.27.4&#8243; _module_preset=\u00bbdefault\u00bb animation_style=\u00bbslide\u00bb animation_direction=\u00bbleft\u00bb global_colors_info=\u00bb{}\u00bb][\/et_pb_video][\/et_pb_column][et_pb_column type=\u00bb1_2&#8243; _builder_version=\u00bb4.27.4&#8243; _module_preset=\u00bbdefault\u00bb global_colors_info=\u00bb{}\u00bb][et_pb_video src=\u00bbhttps:\/\/vimeo.com\/943691459?share=copy\u00bb _builder_version=\u00bb4.27.4&#8243; _module_preset=\u00bbdefault\u00bb animation_style=\u00bbslide\u00bb animation_direction=\u00bbright\u00bb animation_delay=\u00bb250ms\u00bb global_colors_info=\u00bb{}\u00bb][\/et_pb_video][\/et_pb_column][\/et_pb_row][et_pb_row column_structure=\u00bb2_5,3_5&#8243; _builder_version=\u00bb4.27.4&#8243; _module_preset=\u00bbdefault\u00bb custom_padding=\u00bb8px||1px|||\u00bb global_colors_info=\u00bb{}\u00bb][et_pb_column type=\u00bb2_5&#8243; _builder_version=\u00bb4.27.4&#8243; _module_preset=\u00bbdefault\u00bb global_colors_info=\u00bb{}\u00bb][et_pb_text _builder_version=\u00bb4.27.4&#8243; _module_preset=\u00bbdefault\u00bb text_line_height=\u00bb1.8em\u00bb global_colors_info=\u00bb{}\u00bb]<\/p>\n<p>La mu\u00f1eca de esta Entidad Biol\u00f3gica (E.B.) est\u00e1 compuesta por huesos carpianos y mide 5 cm de largo. La mano no tiene palma, similar a la del Homo Sapiens. No hay huesos metacarpianos. Se trata de un ser trid\u00e1ctilo, con tres dedos en las manos y los pies, que est\u00e1n formados por 5 falanges.   <\/p>\n<p>Cada una de las manos mide una media de 17 cm de largo y tiene un aspecto robusto. La u\u00f1a es de tipo hom\u00ednido y cubre entre el 80 y el 90 % de la falange distal. En el Homo sapiens, solo cubre entre el 45 y el 50 % de la primera falange. Las huellas dactilares de los dedos a\u00fan son parcialmente visibles.   <\/p>\n<p>[\/et_pb_text][\/et_pb_column][et_pb_column type=\u00bb3_5&#8243; _builder_version=\u00bb4.27.4&#8243; _module_preset=\u00bbdefault\u00bb global_colors_info=\u00bb{}\u00bb][et_pb_image src=\u00bbhttps:\/\/www.the-alien-project.com\/wp-content\/uploads\/2025\/08\/maria-main-3.jpg\u00bb alt=\u00bbDetalle de las manos trid\u00e1ctilas de Mar\u00eda.\u00bb title_text=\u00bbDetalle de las manos trid\u00e1ctilas de Mar\u00eda.\u00bb _builder_version=\u00bb4.27.4&#8243; _module_preset=\u00bbdefault\u00bb custom_margin=\u00bb||-1px|||\u00bb animation_style=\u00bbslide\u00bb animation_direction=\u00bbright\u00bb global_colors_info=\u00bb{}\u00bb][\/et_pb_image][et_pb_text _builder_version=\u00bb4.27.4&#8243; _module_preset=\u00bbdefault\u00bb text_font_size=\u00bb15px\u00bb custom_margin=\u00bb|||40px|false|false\u00bb custom_padding=\u00bb||||false|false\u00bb global_colors_info=\u00bb{}\u00bb]<\/p>\n<p><strong>1<\/strong> Carpa<br \/><strong>2-5<\/strong> Falanges<br \/><strong>6<\/strong> Falange distal<br \/><strong>7<\/strong> Huella dactilar de uno de los dedos<\/p>\n<p>[\/et_pb_text][\/et_pb_column][\/et_pb_row][et_pb_row column_structure=\u00bb1_2,1_2&#8243; _builder_version=\u00bb4.27.4&#8243; _module_preset=\u00bbdefault\u00bb custom_padding=\u00bb||0px|||\u00bb global_colors_info=\u00bb{}\u00bb][et_pb_column type=\u00bb1_2&#8243; _builder_version=\u00bb4.27.4&#8243; _module_preset=\u00bbdefault\u00bb global_colors_info=\u00bb{}\u00bb][et_pb_text _builder_version=\u00bb4.27.4&#8243; _module_preset=\u00bbdefault\u00bb header_5_text_align=\u00bbcenter\u00bb custom_margin=\u00bb||12px|||\u00bb global_colors_info=\u00bb{}\u00bb]<\/p>\n<h5>Huellas dactilares<\/h5>\n<p>[\/et_pb_text][et_pb_image src=\u00bbhttps:\/\/www.the-alien-project.com\/wp-content\/uploads\/2025\/08\/empreintes-digitales-de-maria.jpg\u00bb alt=\u00bbHuellas dactilares de Mar\u00eda\u00bb title_text=\u00bbHuellas dactilares de Mar\u00eda\u00bb align=\u00bbcenter\u00bb _builder_version=\u00bb4.27.4&#8243; _module_preset=\u00bbdefault\u00bb custom_margin=\u00bb||-2px|||\u00bb animation_style=\u00bbslide\u00bb animation_direction=\u00bbleft\u00bb global_colors_info=\u00bb{}\u00bb][\/et_pb_image][et_pb_text _builder_version=\u00bb4.27.4&#8243; _module_preset=\u00bbdefault\u00bb text_line_height=\u00bb1.8em\u00bb global_colors_info=\u00bb{}\u00bb]<\/p>\n<p>Se pueden ver huellas digitales en las manos y los dedos de los pies.<br \/>Son diferentes a las de los humanos.<\/p>\n<p>[\/et_pb_text][\/et_pb_column][et_pb_column type=\u00bb1_2&#8243; _builder_version=\u00bb4.27.4&#8243; _module_preset=\u00bbdefault\u00bb global_colors_info=\u00bb{}\u00bb][et_pb_text _builder_version=\u00bb4.27.4&#8243; _module_preset=\u00bbdefault\u00bb header_5_text_align=\u00bbcenter\u00bb custom_margin=\u00bb||12px|||\u00bb global_colors_info=\u00bb{}\u00bb]<\/p>\n<h5>Radio y c\u00fabito<\/h5>\n<p>[\/et_pb_text][et_pb_image src=\u00bbhttps:\/\/www.the-alien-project.com\/wp-content\/uploads\/2025\/08\/radius-et-cubitus-de-maria.jpg\u00bb alt=\u00bbEl radio y el c\u00fabito de Mar\u00eda\u00bb title_text=\u00bbEl radio y el c\u00fabito de Mar\u00eda\u00bb align=\u00bbcenter\u00bb _builder_version=\u00bb4.27.4&#8243; _module_preset=\u00bbdefault\u00bb custom_margin=\u00bb||-2px|||\u00bb animation_style=\u00bbslide\u00bb animation_direction=\u00bbright\u00bb animation_delay=\u00bb250ms\u00bb global_colors_info=\u00bb{}\u00bb][\/et_pb_image][et_pb_text _builder_version=\u00bb4.27.4&#8243; _module_preset=\u00bbdefault\u00bb text_line_height=\u00bb1.8em\u00bb global_colors_info=\u00bb{}\u00bb]<\/p>\n<p>La distancia entre el radio y el c\u00fabito, 21 mm, es mayor que la observada en los seres humanos. Su brazo se asemeja al de un gran primate. <\/p>\n<p>[\/et_pb_text][\/et_pb_column][\/et_pb_row][\/et_pb_section][et_pb_section fb_built=\u00bb1&#8243; _builder_version=\u00bb4.27.4&#8243; _module_preset=\u00bbdefault\u00bb background_color=\u00bb#6B418D\u00bb background_enable_image=\u00bboff\u00bb background_size=\u00bbcontain\u00bb background_position=\u00bbtop_center\u00bb background_blend=\u00bbmultiply\u00bb custom_padding=\u00bb0px||11px|||\u00bb collapsed=\u00bbon\u00bb global_colors_info=\u00bb{}\u00bb][et_pb_row column_structure=\u00bb1_3,1_3,1_3&#8243; _builder_version=\u00bb4.27.4&#8243; _module_preset=\u00bbdefault\u00bb global_colors_info=\u00bb{}\u00bb][et_pb_column type=\u00bb1_3&#8243; _builder_version=\u00bb4.27.4&#8243; _module_preset=\u00bbdefault\u00bb global_colors_info=\u00bb{}\u00bb][\/et_pb_column][et_pb_column type=\u00bb1_3&#8243; _builder_version=\u00bb4.27.4&#8243; _module_preset=\u00bbdefault\u00bb global_colors_info=\u00bb{}\u00bb][et_pb_text _builder_version=\u00bb4.27.4&#8243; _module_preset=\u00bbdefault\u00bb header_3_text_align=\u00bbcenter\u00bb header_3_text_color=\u00bb#FFFFFF\u00bb header_3_font_size=\u00bb40px\u00bb global_colors_info=\u00bb{}\u00bb]<\/p>\n<h3>Los pies<\/h3>\n<p>[\/et_pb_text][\/et_pb_column][et_pb_column type=\u00bb1_3&#8243; _builder_version=\u00bb4.27.4&#8243; _module_preset=\u00bbdefault\u00bb global_colors_info=\u00bb{}\u00bb][\/et_pb_column][\/et_pb_row][et_pb_row column_structure=\u00bb1_2,1_2&#8243; _builder_version=\u00bb4.27.4&#8243; _module_preset=\u00bbdefault\u00bb custom_padding=\u00bb0px|||||\u00bb global_colors_info=\u00bb{}\u00bb][et_pb_column type=\u00bb1_2&#8243; _builder_version=\u00bb4.27.4&#8243; _module_preset=\u00bbdefault\u00bb global_colors_info=\u00bb{}\u00bb][et_pb_video src=\u00bbhttps:\/\/vimeo.com\/943691587?share=copy\u00bb _builder_version=\u00bb4.27.4&#8243; _module_preset=\u00bbdefault\u00bb animation_style=\u00bbslide\u00bb animation_direction=\u00bbleft\u00bb global_colors_info=\u00bb{}\u00bb][\/et_pb_video][\/et_pb_column][et_pb_column type=\u00bb1_2&#8243; _builder_version=\u00bb4.27.4&#8243; _module_preset=\u00bbdefault\u00bb global_colors_info=\u00bb{}\u00bb][et_pb_video src=\u00bbhttps:\/\/vimeo.com\/943973008?share=copy\u00bb _builder_version=\u00bb4.27.4&#8243; _module_preset=\u00bbdefault\u00bb animation_style=\u00bbslide\u00bb animation_direction=\u00bbright\u00bb animation_delay=\u00bb250ms\u00bb global_colors_info=\u00bb{}\u00bb][\/et_pb_video][\/et_pb_column][\/et_pb_row][et_pb_row column_structure=\u00bb1_2,1_2&#8243; _builder_version=\u00bb4.27.4&#8243; _module_preset=\u00bbdefault\u00bb global_colors_info=\u00bb{}\u00bb][et_pb_column type=\u00bb1_2&#8243; _builder_version=\u00bb4.27.4&#8243; _module_preset=\u00bbdefault\u00bb global_colors_info=\u00bb{}\u00bb][et_pb_video src=\u00bbhttps:\/\/vimeo.com\/945661723?share=copy\u00bb _builder_version=\u00bb4.27.4&#8243; _module_preset=\u00bbdefault\u00bb animation_style=\u00bbslide\u00bb animation_direction=\u00bbleft\u00bb global_colors_info=\u00bb{}\u00bb][\/et_pb_video][\/et_pb_column][et_pb_column type=\u00bb1_2&#8243; _builder_version=\u00bb4.27.4&#8243; _module_preset=\u00bbdefault\u00bb global_colors_info=\u00bb{}\u00bb][et_pb_video src=\u00bbhttps:\/\/vimeo.com\/945661386?share=copy\u00bb _builder_version=\u00bb4.27.4&#8243; _module_preset=\u00bbdefault\u00bb animation_style=\u00bbslide\u00bb animation_direction=\u00bbright\u00bb animation_delay=\u00bb250ms\u00bb global_colors_info=\u00bb{}\u00bb][\/et_pb_video][\/et_pb_column][\/et_pb_row][et_pb_row column_structure=\u00bb1_5,3_5,1_5&#8243; _builder_version=\u00bb4.27.4&#8243; _module_preset=\u00bbdefault\u00bb custom_padding=\u00bb4px|||||\u00bb global_colors_info=\u00bb{}\u00bb][et_pb_column type=\u00bb1_5&#8243; _builder_version=\u00bb4.27.4&#8243; _module_preset=\u00bbdefault\u00bb global_colors_info=\u00bb{}\u00bb][\/et_pb_column][et_pb_column type=\u00bb3_5&#8243; _builder_version=\u00bb4.27.4&#8243; _module_preset=\u00bbdefault\u00bb global_colors_info=\u00bb{}\u00bb][et_pb_text _builder_version=\u00bb4.27.4&#8243; _module_preset=\u00bbdefault\u00bb text_text_color=\u00bb#FFFFFF\u00bb text_line_height=\u00bb1.8em\u00bb background_color=\u00bbRGBA(255,255,255,0)\u00bb custom_padding=\u00bb10px|10px|10px|10px|false|false\u00bb border_radii=\u00bbon|15px|15px|15px|15px\u00bb global_colors_info=\u00bb{}\u00bb]<\/p>\n<p>Los pies de \u00abMar\u00eda\u00bb miden 21 cm de largo y presentan las mismas caracter\u00edsticas anat\u00f3micas que las manos: u\u00f1as de tipo hom\u00ednido y presencia de huellas dactilares. Estas huellas dactilares, bien visibles en algunos dedos, parecen muy diferentes a las de las especies hom\u00ednidas conocidas. La planta del pie mide 7 cm. Los dedos miden catorce cent\u00edmetros de largo. Las falanges distales parecen haberse adaptado al proceso evolutivo de esta especie, ya que est\u00e1n colocadas en un \u00e1ngulo de 90\u00b0 hacia abajo. Las \u00abalmohadillas\u00bb situadas en los extremos de los dedos miden 1,2 cm de di\u00e1metro. Probablemente serv\u00edan de apoyo y amortiguaci\u00f3n para los dedos de los pies en el proceso de la marcha b\u00edpeda.      <\/p>\n<p>[\/et_pb_text][\/et_pb_column][et_pb_column type=\u00bb1_5&#8243; _builder_version=\u00bb4.27.4&#8243; _module_preset=\u00bbdefault\u00bb global_colors_info=\u00bb{}\u00bb][\/et_pb_column][\/et_pb_row][et_pb_row column_structure=\u00bb2_3,1_3&#8243; _builder_version=\u00bb4.27.4&#8243; _module_preset=\u00bbdefault\u00bb global_colors_info=\u00bb{}\u00bb][et_pb_column type=\u00bb2_3&#8243; _builder_version=\u00bb4.27.4&#8243; _module_preset=\u00bbdefault\u00bb global_colors_info=\u00bb{}\u00bb][et_pb_image src=\u00bbhttps:\/\/www.the-alien-project.com\/wp-content\/uploads\/2025\/08\/maria-pied-1.png\u00bb title_text=\u00bbmaria-pied-1&#8243; _builder_version=\u00bb4.27.4&#8243; _module_preset=\u00bbdefault\u00bb animation_style=\u00bbslide\u00bb animation_direction=\u00bbleft\u00bb global_colors_info=\u00bb{}\u00bb][\/et_pb_image][et_pb_text _builder_version=\u00bb4.27.4&#8243; _module_preset=\u00bbdefault\u00bb text_text_color=\u00bb#FFFFFF\u00bb text_font_size=\u00bb15px\u00bb text_line_height=\u00bb1.2em\u00bb global_colors_info=\u00bb{}\u00bb]<\/p>\n<p><strong>1<\/strong> Radiograf\u00eda del pie de Mar\u00eda<br \/><strong>2<\/strong> Corte transversal del pie de Mar\u00eda. En rojo, el calc\u00e1neo. <br \/><strong>3<\/strong> Corte transversal de un pie de Homo sapiens. En azul claro, la ap\u00f3fisis calc\u00e1nea, ausente en Mar\u00eda. <\/p>\n<p>[\/et_pb_text][\/et_pb_column][et_pb_column type=\u00bb1_3&#8243; _builder_version=\u00bb4.27.4&#8243; _module_preset=\u00bbdefault\u00bb global_colors_info=\u00bb{}\u00bb][et_pb_text _builder_version=\u00bb4.27.4&#8243; _module_preset=\u00bbdefault\u00bb text_text_color=\u00bb#FFFFFF\u00bb text_line_height=\u00bb1.8em\u00bb background_color=\u00bbRGBA(255,255,255,0)\u00bb custom_padding=\u00bb10px|10px|10px|10px|false|false\u00bb border_radii=\u00bbon|15px|15px|15px|15px\u00bb global_colors_info=\u00bb{}\u00bb]<\/p>\n<p>La diferencia entre los pies del Homo sapiens y los de la momia \u00abMar\u00eda\u00bb no reside solo en la presencia de tres dedos, sino tambi\u00e9n en la longitud y el grosor de sus falanges, as\u00ed como en el calc\u00e1neo, que en \u00abMar\u00eda\u00bb es muy grande.<\/p>\n<p>[\/et_pb_text][\/et_pb_column][\/et_pb_row][et_pb_row _builder_version=\u00bb4.27.4&#8243; _module_preset=\u00bbdefault\u00bb custom_padding=\u00bb5px|||||\u00bb global_colors_info=\u00bb{}\u00bb][et_pb_column type=\u00bb4_4&#8243; _builder_version=\u00bb4.27.4&#8243; _module_preset=\u00bbdefault\u00bb global_colors_info=\u00bb{}\u00bb][et_pb_text _builder_version=\u00bb4.27.4&#8243; _module_preset=\u00bbdefault\u00bb header_4_text_align=\u00bbcenter\u00bb header_4_text_color=\u00bb#FFFFFF\u00bb global_colors_info=\u00bb{}\u00bb]<\/p>\n<h4>El calc\u00e1neo<\/h4>\n<p>[\/et_pb_text][\/et_pb_column][\/et_pb_row][et_pb_row column_structure=\u00bb1_2,1_2&#8243; _builder_version=\u00bb4.27.4&#8243; _module_preset=\u00bbdefault\u00bb custom_margin=\u00bb-29px|auto||auto||\u00bb global_colors_info=\u00bb{}\u00bb][et_pb_column type=\u00bb1_2&#8243; _builder_version=\u00bb4.27.4&#8243; _module_preset=\u00bbdefault\u00bb global_colors_info=\u00bb{}\u00bb][et_pb_video src=\u00bbhttps:\/\/vimeo.com\/945659896?share=copy\u00bb _builder_version=\u00bb4.27.4&#8243; _module_preset=\u00bbdefault\u00bb animation_style=\u00bbslide\u00bb animation_direction=\u00bbleft\u00bb global_colors_info=\u00bb{}\u00bb][\/et_pb_video][\/et_pb_column][et_pb_column type=\u00bb1_2&#8243; _builder_version=\u00bb4.27.4&#8243; _module_preset=\u00bbdefault\u00bb global_colors_info=\u00bb{}\u00bb][et_pb_video src=\u00bbhttps:\/\/vimeo.com\/945660621?share=copy\u00bb _builder_version=\u00bb4.27.4&#8243; _module_preset=\u00bbdefault\u00bb animation_style=\u00bbslide\u00bb animation_direction=\u00bbright\u00bb animation_delay=\u00bb250ms\u00bb global_colors_info=\u00bb{}\u00bb][\/et_pb_video][\/et_pb_column][\/et_pb_row][et_pb_row _builder_version=\u00bb4.27.4&#8243; _module_preset=\u00bbdefault\u00bb custom_padding=\u00bb7px||3px|||\u00bb global_colors_info=\u00bb{}\u00bb][et_pb_column type=\u00bb4_4&#8243; _builder_version=\u00bb4.27.4&#8243; _module_preset=\u00bbdefault\u00bb global_colors_info=\u00bb{}\u00bb][et_pb_text _builder_version=\u00bb4.27.4&#8243; _module_preset=\u00bbdefault\u00bb header_text_color=\u00bb#FFFFFF\u00bb header_4_text_align=\u00bbcenter\u00bb header_4_text_color=\u00bb#FFFFFF\u00bb global_colors_info=\u00bb{}\u00bb]<\/p>\n<h4>Pie y tal\u00f3n rectos<br \/>Comparaci\u00f3n con el pie humano<\/h4>\n<p>[\/et_pb_text][\/et_pb_column][\/et_pb_row][et_pb_row column_structure=\u00bb1_4,1_2,1_4&#8243; _builder_version=\u00bb4.27.4&#8243; _module_preset=\u00bbdefault\u00bb global_colors_info=\u00bb{}\u00bb][et_pb_column type=\u00bb1_4&#8243; _builder_version=\u00bb4.27.4&#8243; _module_preset=\u00bbdefault\u00bb global_colors_info=\u00bb{}\u00bb][\/et_pb_column][et_pb_column type=\u00bb1_2&#8243; _builder_version=\u00bb4.27.4&#8243; _module_preset=\u00bbdefault\u00bb global_colors_info=\u00bb{}\u00bb][et_pb_video src=\u00bbhttps:\/\/vimeo.com\/350553096&#8243; _builder_version=\u00bb4.27.4&#8243; _module_preset=\u00bbdefault\u00bb custom_margin=\u00bb-11px|||||\u00bb animation_style=\u00bbslide\u00bb global_colors_info=\u00bb{}\u00bb][\/et_pb_video][\/et_pb_column][et_pb_column type=\u00bb1_4&#8243; _builder_version=\u00bb4.27.4&#8243; _module_preset=\u00bbdefault\u00bb global_colors_info=\u00bb{}\u00bb][\/et_pb_column][\/et_pb_row][\/et_pb_section][et_pb_section fb_built=\u00bb1&#8243; admin_label=\u00bbImplant\u00bb _builder_version=\u00bb4.27.4&#8243; _module_preset=\u00bbdefault\u00bb background_color=\u00bb#000000&#8243; background_enable_image=\u00bboff\u00bb background_size=\u00bbcontain\u00bb background_position=\u00bbcenter_left\u00bb background_horizontal_offset=\u00bb-19%\u00bb custom_margin=\u00bb|5%|||false|false\u00bb custom_padding=\u00bb4px||6px|5%|false|false\u00bb border_radii=\u00bboff||20vw|20vw|\u00bb collapsed=\u00bbon\u00bb global_colors_info=\u00bb{}\u00bb][et_pb_row _builder_version=\u00bb4.27.4&#8243; _module_preset=\u00bbdefault\u00bb global_colors_info=\u00bb{}\u00bb][et_pb_column type=\u00bb4_4&#8243; _builder_version=\u00bb4.27.4&#8243; _module_preset=\u00bbdefault\u00bb global_colors_info=\u00bb{}\u00bb][et_pb_text _builder_version=\u00bb4.27.4&#8243; _module_preset=\u00bbdefault\u00bb header_3_text_align=\u00bbcenter\u00bb header_3_text_color=\u00bb#FFFFFF\u00bb global_colors_info=\u00bb{}\u00bb]<\/p>\n<h3>\u00bfUn posible implante en la cadera?<\/h3>\n<p>[\/et_pb_text][\/et_pb_column][\/et_pb_row][et_pb_row column_structure=\u00bb1_2,1_2&#8243; _builder_version=\u00bb4.27.4&#8243; _module_preset=\u00bbdefault\u00bb custom_padding=\u00bb3px||7px|||\u00bb global_colors_info=\u00bb{}\u00bb][et_pb_column type=\u00bb1_2&#8243; _builder_version=\u00bb4.27.4&#8243; _module_preset=\u00bbdefault\u00bb global_colors_info=\u00bb{}\u00bb][et_pb_video src=\u00bbhttps:\/\/vimeo.com\/1079185524\/e76915eda5&#8243; _builder_version=\u00bb4.27.4&#8243; _module_preset=\u00bbdefault\u00bb animation_style=\u00bbslide\u00bb animation_direction=\u00bbleft\u00bb global_colors_info=\u00bb{}\u00bb][\/et_pb_video][et_pb_text _builder_version=\u00bb4.27.4&#8243; _module_preset=\u00bbdefault\u00bb text_text_color=\u00bb#FFFFFF\u00bb text_line_height=\u00bb30px\u00bb global_colors_info=\u00bb{}\u00bb]<\/p>\n<p>Tras las nuevas tomograf\u00edas realizadas a las momias Mar\u00eda y Wawita el 13 de septiembre de 2024 en el Hospital Augusto Hern\u00e1ndez de Ica, a petici\u00f3n del Ministerio de Cultura del Per\u00fa, el equipo del Instituto Inkarri confirma la presencia de un \u00abobjeto denso, sin duda de naturaleza met\u00e1lica\u00bb, localizado en el interior de la masa \u00f3sea, en el lado izquierdo, de la cadera de Mar\u00eda.<\/p>\n<p>La presencia de este objeto (\u00bfun implante?) ya hab\u00eda sido observada en 2017 por el radi\u00f3logo cusquense Raymundo Salas Alfaro. Sin embargo, en ese momento no fue posible confirmar la naturaleza del objeto, dada la resoluci\u00f3n insuficiente del tom\u00f3grafo utilizado. Este parece estar compuesto por dos partes distintas, claramente visibles en las im\u00e1genes y v\u00eddeos producidos por nuestro compa\u00f1ero \u00abFrop-Frop\u00bb. El color azul parece confirmar, a priori, la naturaleza met\u00e1lica del objeto, que se encuentra en el hueso de la cadera. Sin embargo, su radiaci\u00f3n difiere de los implantes ya estudiados en otros espec\u00edmenes. \u00bfSe trata realmente de una pieza met\u00e1lica?     <\/p>\n<p>[\/et_pb_text][\/et_pb_column][et_pb_column type=\u00bb1_2&#8243; _builder_version=\u00bb4.27.4&#8243; _module_preset=\u00bbdefault\u00bb global_colors_info=\u00bb{}\u00bb][et_pb_video src=\u00bbhttps:\/\/vimeo.com\/1081838604\/700718f7d0&#8243; _builder_version=\u00bb4.27.4&#8243; _module_preset=\u00bbdefault\u00bb animation_style=\u00bbslide\u00bb animation_direction=\u00bbright\u00bb animation_delay=\u00bb250ms\u00bb global_colors_info=\u00bb{}\u00bb][\/et_pb_video][et_pb_gallery gallery_ids=\u00bb4518,4519&#8243; fullwidth=\u00bbon\u00bb _builder_version=\u00bb4.27.4&#8243; _module_preset=\u00bbdefault\u00bb animation_style=\u00bbslide\u00bb animation_direction=\u00bbright\u00bb global_colors_info=\u00bb{}\u00bb][\/et_pb_gallery][\/et_pb_column][\/et_pb_row][et_pb_row column_structure=\u00bb1_5,3_5,1_5&#8243; _builder_version=\u00bb4.27.4&#8243; _module_preset=\u00bbdefault\u00bb global_colors_info=\u00bb{}\u00bb][et_pb_column type=\u00bb1_5&#8243; _builder_version=\u00bb4.27.4&#8243; _module_preset=\u00bbdefault\u00bb global_colors_info=\u00bb{}\u00bb][\/et_pb_column][et_pb_column type=\u00bb3_5&#8243; _builder_version=\u00bb4.27.4&#8243; _module_preset=\u00bbdefault\u00bb global_colors_info=\u00bb{}\u00bb][et_pb_text _builder_version=\u00bb4.27.4&#8243; _module_preset=\u00bbdefault\u00bb header_4_text_align=\u00bbcenter\u00bb header_4_text_color=\u00bb#FFFFFF\u00bb header_4_font_size=\u00bb30px\u00bb custom_margin=\u00bb||19px|||\u00bb global_colors_info=\u00bb{}\u00bb]<\/p>\n<h4>Dimensiones y radiodensidades<\/h4>\n<p>[\/et_pb_text][et_pb_gallery gallery_ids=\u00bb4520,4521&#8243; fullwidth=\u00bbon\u00bb _builder_version=\u00bb4.27.4&#8243; _module_preset=\u00bbdefault\u00bb animation_style=\u00bbslide\u00bb global_colors_info=\u00bb{}\u00bb][\/et_pb_gallery][\/et_pb_column][et_pb_column type=\u00bb1_5&#8243; _builder_version=\u00bb4.27.4&#8243; _module_preset=\u00bbdefault\u00bb global_colors_info=\u00bb{}\u00bb][\/et_pb_column][\/et_pb_row][et_pb_row column_structure=\u00bb1_2,1_2&#8243; _builder_version=\u00bb4.27.4&#8243; _module_preset=\u00bbdefault\u00bb global_colors_info=\u00bb{}\u00bb][et_pb_column type=\u00bb1_2&#8243; _builder_version=\u00bb4.27.4&#8243; _module_preset=\u00bbdefault\u00bb global_colors_info=\u00bb{}\u00bb][et_pb_video src=\u00bbhttps:\/\/vimeo.com\/1079185485\/d423ac5bc3&#8243; _builder_version=\u00bb4.27.4&#8243; _module_preset=\u00bbdefault\u00bb animation_style=\u00bbslide\u00bb animation_direction=\u00bbleft\u00bb global_colors_info=\u00bb{}\u00bb][\/et_pb_video][et_pb_video src=\u00bbhttps:\/\/vimeo.com\/1079185574\/55b16f041a\u00bb _builder_version=\u00bb4.27.4&#8243; _module_preset=\u00bbdefault\u00bb animation_style=\u00bbslide\u00bb animation_direction=\u00bbleft\u00bb global_colors_info=\u00bb{}\u00bb][\/et_pb_video][\/et_pb_column][et_pb_column type=\u00bb1_2&#8243; _builder_version=\u00bb4.27.4&#8243; _module_preset=\u00bbdefault\u00bb global_colors_info=\u00bb{}\u00bb][et_pb_video src=\u00bbhttps:\/\/vimeo.com\/1079185460\/d14d0a8a14&#8243; _builder_version=\u00bb4.27.4&#8243; _module_preset=\u00bbdefault\u00bb animation_style=\u00bbslide\u00bb animation_direction=\u00bbright\u00bb animation_delay=\u00bb250ms\u00bb global_colors_info=\u00bb{}\u00bb][\/et_pb_video][et_pb_video src=\u00bbhttps:\/\/vimeo.com\/1079185419\/618a677f23&#8243; _builder_version=\u00bb4.27.4&#8243; _module_preset=\u00bbdefault\u00bb animation_style=\u00bbslide\u00bb animation_direction=\u00bbright\u00bb animation_delay=\u00bb250ms\u00bb global_colors_info=\u00bb{}\u00bb][\/et_pb_video][\/et_pb_column][\/et_pb_row][\/et_pb_section][et_pb_section fb_built=\u00bb1&#8243; _builder_version=\u00bb4.27.4&#8243; _module_preset=\u00bbdefault\u00bb custom_padding=\u00bb0px||4px|||\u00bb collapsed=\u00bbon\u00bb global_colors_info=\u00bb{}\u00bb][et_pb_row _builder_version=\u00bb4.27.4&#8243; _module_preset=\u00bbdefault\u00bb global_colors_info=\u00bb{}\u00bb][et_pb_column type=\u00bb4_4&#8243; _builder_version=\u00bb4.27.4&#8243; _module_preset=\u00bbdefault\u00bb global_colors_info=\u00bb{}\u00bb][et_pb_text _builder_version=\u00bb4.27.4&#8243; _module_preset=\u00bbdefault\u00bb header_3_text_align=\u00bbcenter\u00bb custom_margin=\u00bb||-12px|||\u00bb global_colors_info=\u00bb{}\u00bb]<\/p>\n<h3>Los \u00f3rganos<\/h3>\n<p>[\/et_pb_text][\/et_pb_column][\/et_pb_row][et_pb_row column_structure=\u00bb1_2,1_2&#8243; _builder_version=\u00bb4.27.4&#8243; _module_preset=\u00bbdefault\u00bb custom_padding=\u00bb0px|||||\u00bb global_colors_info=\u00bb{}\u00bb][et_pb_column type=\u00bb1_2&#8243; _builder_version=\u00bb4.27.4&#8243; _module_preset=\u00bbdefault\u00bb global_colors_info=\u00bb{}\u00bb][et_pb_image src=\u00bbhttps:\/\/www.the-alien-project.com\/wp-content\/uploads\/2025\/08\/maria-organes-1.jpg\u00bb alt=\u00bbLos \u00f3rganos de Mar\u00eda\u00bb title_text=\u00bbLos \u00f3rganos de Mar\u00eda\u00bb _builder_version=\u00bb4.27.4&#8243; _module_preset=\u00bbdefault\u00bb custom_margin=\u00bb||-2px|||\u00bb animation_style=\u00bbslide\u00bb animation_direction=\u00bbleft\u00bb global_colors_info=\u00bb{}\u00bb][\/et_pb_image][et_pb_text _builder_version=\u00bb4.27.4&#8243; _module_preset=\u00bbdefault\u00bb text_font_size=\u00bb15px\u00bb text_line_height=\u00bb1.3em\u00bb custom_padding=\u00bb|||22px|false|false\u00bb global_colors_info=\u00bb{}\u00bb]<\/p>\n<p><strong>1<\/strong> Coraz\u00f3n<br \/><strong>2<\/strong> Bronquios<br \/><strong>3<\/strong> Columna vertebral<br \/><strong>4<\/strong> Articulaci\u00f3n del hombro<\/p>\n<p><em>Seg\u00fan los trabajos del Dr. Raymundo Salas Alfaro.<\/em><\/p>\n<p>[\/et_pb_text][\/et_pb_column][et_pb_column type=\u00bb1_2&#8243; _builder_version=\u00bb4.27.4&#8243; _module_preset=\u00bbdefault\u00bb global_colors_info=\u00bb{}\u00bb][et_pb_text _builder_version=\u00bb4.27.4&#8243; _module_preset=\u00bbdefault\u00bb text_line_height=\u00bb1.8em\u00bb global_colors_info=\u00bb{}\u00bb]<\/p>\n<p>Los \u00f3rganos de la momia \u00abMar\u00eda\u00bb a\u00fan se encuentran dentro del cuerpo, al igual que el cerebro. Este esp\u00e9cimen no pertenece a ning\u00fan grupo de mam\u00edferos. No se puede relacionar con ninguna especie conocida de primates u hom\u00ednidos.  <\/p>\n<p>[\/et_pb_text][\/et_pb_column][\/et_pb_row][et_pb_row column_structure=\u00bb1_3,1_3,1_3&#8243; _builder_version=\u00bb4.27.4&#8243; _module_preset=\u00bbdefault\u00bb custom_padding=\u00bb0px||14px|||\u00bb global_colors_info=\u00bb{}\u00bb][et_pb_column type=\u00bb1_3&#8243; _builder_version=\u00bb4.27.4&#8243; _module_preset=\u00bbdefault\u00bb global_colors_info=\u00bb{}\u00bb][\/et_pb_column][et_pb_column type=\u00bb1_3&#8243; _builder_version=\u00bb4.27.4&#8243; _module_preset=\u00bbdefault\u00bb global_colors_info=\u00bb{}\u00bb][et_pb_image src=\u00bbhttps:\/\/www.the-alien-project.com\/wp-content\/uploads\/2025\/08\/maria-colonne.jpg\u00bb alt=\u00bbMar\u00eda, lesiones en algunas v\u00e9rtebras\u00bb title_text=\u00bbMar\u00eda, lesiones en algunas v\u00e9rtebras\u00bb _builder_version=\u00bb4.27.4&#8243; _module_preset=\u00bbdefault\u00bb custom_margin=\u00bb||14px|||\u00bb animation_style=\u00bbslide\u00bb global_colors_info=\u00bb{}\u00bb][\/et_pb_image][et_pb_text _builder_version=\u00bb4.27.4&#8243; _module_preset=\u00bbdefault\u00bb text_orientation=\u00bbcenter\u00bb global_colors_info=\u00bb{}\u00bb]<\/p>\n<p>Las lesiones en algunas v\u00e9rtebras de la columna dorsal sugieren que Mar\u00eda padec\u00eda una enfermedad inflamatoria.<\/p>\n<p>[\/et_pb_text][\/et_pb_column][et_pb_column type=\u00bb1_3&#8243; _builder_version=\u00bb4.27.4&#8243; _module_preset=\u00bbdefault\u00bb global_colors_info=\u00bb{}\u00bb][\/et_pb_column][\/et_pb_row][\/et_pb_section][et_pb_section fb_built=\u00bb1&#8243; admin_label=\u00bbAnalyses\u00bb _builder_version=\u00bb4.27.4&#8243; _module_preset=\u00bbdefault\u00bb background_color=\u00bb#4B947D\u00bb background_enable_image=\u00bboff\u00bb background_size=\u00bbinitial\u00bb custom_margin=\u00bb|||5%|false|false\u00bb custom_padding=\u00bb5px|5%|13px||false|false\u00bb border_radii=\u00bboff|20vw|||\u00bb collapsed=\u00bbon\u00bb global_colors_info=\u00bb{}\u00bb][et_pb_row _builder_version=\u00bb4.27.4&#8243; _module_preset=\u00bbdefault\u00bb global_colors_info=\u00bb{}\u00bb][et_pb_column type=\u00bb4_4&#8243; _builder_version=\u00bb4.27.4&#8243; _module_preset=\u00bbdefault\u00bb global_colors_info=\u00bb{}\u00bb][et_pb_text _builder_version=\u00bb4.27.4&#8243; _module_preset=\u00bbdefault\u00bb header_3_text_align=\u00bbcenter\u00bb header_3_text_color=\u00bb#FFFFFF\u00bb global_colors_info=\u00bb{}\u00bb]<\/p>\n<h3>Los resultados de los an\u00e1lisis biol\u00f3gicos<\/h3>\n<p>[\/et_pb_text][\/et_pb_column][\/et_pb_row][et_pb_row _builder_version=\u00bb4.27.4&#8243; _module_preset=\u00bbdefault\u00bb custom_padding=\u00bb2px|||||\u00bb global_colors_info=\u00bb{}\u00bb][et_pb_column type=\u00bb4_4&#8243; _builder_version=\u00bb4.27.4&#8243; _module_preset=\u00bbdefault\u00bb global_colors_info=\u00bb{}\u00bb][et_pb_text _builder_version=\u00bb4.27.4&#8243; _module_preset=\u00bbdefault\u00bb header_4_text_align=\u00bbcenter\u00bb header_4_text_color=\u00bb#FFFFFF\u00bb custom_margin=\u00bb-16px|||||\u00bb global_colors_info=\u00bb{}\u00bb]<\/p>\n<h4>Dataci\u00f3n por carbono 14<\/h4>\n<p>[\/et_pb_text][\/et_pb_column][\/et_pb_row][et_pb_row column_structure=\u00bb1_5,1_5,1_5,1_5,1_5&#8243; _builder_version=\u00bb4.27.4&#8243; _module_preset=\u00bbdefault\u00bb custom_margin=\u00bb-41px|auto||auto||\u00bb custom_padding=\u00bb8px||25px|||\u00bb border_width_bottom=\u00bb2px\u00bb border_color_bottom=\u00bb#FFFFFF\u00bb global_colors_info=\u00bb{}\u00bb][et_pb_column type=\u00bb1_5&#8243; _builder_version=\u00bb4.27.4&#8243; _module_preset=\u00bbdefault\u00bb global_colors_info=\u00bb{}\u00bb][\/et_pb_column][et_pb_column type=\u00bb1_5&#8243; _builder_version=\u00bb4.27.4&#8243; _module_preset=\u00bbdefault\u00bb global_colors_info=\u00bb{}\u00bb][et_pb_number_counter title=\u00bba\u00f1os \u00b130&#8243; number=\u00bb1750&#8243; percent_sign=\u00bboff\u00bb _builder_version=\u00bb4.27.4&#8243; _module_preset=\u00bbdefault\u00bb title_font=\u00bbOpen Sans Condensed||||||||\u00bb title_text_color=\u00bb#FFFFFF\u00bb title_line_height=\u00bb0em\u00bb number_font=\u00bbOpen Sans Condensed Bold|100|||||||\u00bb number_text_color=\u00bb#FFFFFF\u00bb background_color=\u00bb#6B418D\u00bb width=\u00bb100%\u00bb module_alignment=\u00bbcenter\u00bb custom_margin=\u00bb||15px||false|false\u00bb custom_padding=\u00bb2vw||2vw||false|false\u00bb border_radii=\u00bbon|100vw|100vw|100vw|100vw\u00bb global_colors_info=\u00bb{}\u00bb][\/et_pb_number_counter][et_pb_text _builder_version=\u00bb4.27.4&#8243; _module_preset=\u00bbdefault\u00bb text_font=\u00bb|600|||||||\u00bb text_text_color=\u00bb#FFFFFF\u00bb text_orientation=\u00bbcenter\u00bb global_colors_info=\u00bb{}\u00bb]<\/p>\n<p>Beta Analytics<\/p>\n<p>[\/et_pb_text][\/et_pb_column][et_pb_column type=\u00bb1_5&#8243; _builder_version=\u00bb4.27.4&#8243; _module_preset=\u00bbdefault\u00bb global_colors_info=\u00bb{}\u00bb][\/et_pb_column][et_pb_column type=\u00bb1_5&#8243; _builder_version=\u00bb4.27.4&#8243; _module_preset=\u00bbdefault\u00bb global_colors_info=\u00bb{}\u00bb][et_pb_number_counter title=\u00bba\u00f1os \u00b130&#8243; number=\u00bb1771&#8243; percent_sign=\u00bboff\u00bb _builder_version=\u00bb4.27.4&#8243; _module_preset=\u00bbdefault\u00bb title_font=\u00bbOpen Sans Condensed||||||||\u00bb title_text_color=\u00bb#FFFFFF\u00bb title_line_height=\u00bb0em\u00bb number_font=\u00bbOpen Sans Condensed Bold|100|||||||\u00bb number_text_color=\u00bb#FFFFFF\u00bb background_color=\u00bb#6B418D\u00bb width=\u00bb100%\u00bb module_alignment=\u00bbcenter\u00bb custom_margin=\u00bb||15px||false|false\u00bb custom_padding=\u00bb2vw||2vw||false|false\u00bb border_radii=\u00bbon|100vw|100vw|100vw|100vw\u00bb global_colors_info=\u00bb{}\u00bb][\/et_pb_number_counter][et_pb_text _builder_version=\u00bb4.27.4&#8243; _module_preset=\u00bbdefault\u00bb text_font=\u00bbOpen Sans Condensed|600|||||||\u00bb text_text_color=\u00bb#FFFFFF\u00bb text_orientation=\u00bbcenter\u00bb global_colors_info=\u00bb{}\u00bb]<\/p>\n<p>IFUNAM Mexico<\/p>\n<p>[\/et_pb_text][\/et_pb_column][et_pb_column type=\u00bb1_5&#8243; _builder_version=\u00bb4.27.4&#8243; _module_preset=\u00bbdefault\u00bb global_colors_info=\u00bb{}\u00bb][\/et_pb_column][\/et_pb_row][et_pb_row _builder_version=\u00bb4.27.4&#8243; _module_preset=\u00bbdefault\u00bb global_colors_info=\u00bb{}\u00bb][et_pb_column type=\u00bb4_4&#8243; _builder_version=\u00bb4.27.4&#8243; _module_preset=\u00bbdefault\u00bb global_colors_info=\u00bb{}\u00bb][et_pb_text _builder_version=\u00bb4.27.4&#8243; _module_preset=\u00bbdefault\u00bb header_4_text_align=\u00bbcenter\u00bb header_4_text_color=\u00bb#FFFFFF\u00bb custom_margin=\u00bb-15px||-25px|||\u00bb global_colors_info=\u00bb{}\u00bb]<\/p>\n<h4>ADN<\/h4>\n<p>[\/et_pb_text][\/et_pb_column][\/et_pb_row][et_pb_row column_structure=\u00bb1_5,1_5,1_5,1_5,1_5&#8243; _builder_version=\u00bb4.27.4&#8243; _module_preset=\u00bbdefault\u00bb custom_padding=\u00bb3px|||||\u00bb border_width_bottom=\u00bb2px\u00bb border_color_bottom=\u00bb#FFFFFF\u00bb global_colors_info=\u00bb{}\u00bb][et_pb_column type=\u00bb1_5&#8243; _builder_version=\u00bb4.27.4&#8243; _module_preset=\u00bbdefault\u00bb global_colors_info=\u00bb{}\u00bb][\/et_pb_column][et_pb_column type=\u00bb1_5&#8243; _builder_version=\u00bb4.27.4&#8243; _module_preset=\u00bbdefault\u00bb global_colors_info=\u00bb{}\u00bb][\/et_pb_column][et_pb_column type=\u00bb1_5&#8243; _builder_version=\u00bb4.27.4&#8243; _module_preset=\u00bbdefault\u00bb global_colors_info=\u00bb{}\u00bb][et_pb_text _builder_version=\u00bb4.27.4&#8243; _module_preset=\u00bbdefault\u00bb text_font=\u00bb||on||||||\u00bb text_text_color=\u00bb#FFFFFF\u00bb text_orientation=\u00bbcenter\u00bb custom_margin=\u00bb||6px|||\u00bb global_colors_info=\u00bb{}\u00bb]<\/p>\n<p>Homo Sapiens<\/p>\n<p>[\/et_pb_text][et_pb_circle_counter number=\u00bb33.6&#8243; bar_bg_color=\u00bb#6B418D\u00bb circle_color=\u00bb#6B418D\u00bb circle_color_alpha=\u00bb0.25&#8243; _builder_version=\u00bb4.27.4&#8243; _module_preset=\u00bbdefault\u00bb title_text_align=\u00bbcenter\u00bb title_text_color=\u00bb#FFFFFF\u00bb number_font=\u00bbOpen Sans Condensed Bold|800|||||||\u00bb number_text_align=\u00bbcenter\u00bb number_font_size=\u00bb49px\u00bb background_layout=\u00bbdark\u00bb module_alignment=\u00bbcenter\u00bb custom_margin=\u00bb0px|auto|10px|auto|false|false\u00bb global_colors_info=\u00bb{}\u00bb][\/et_pb_circle_counter][et_pb_text _builder_version=\u00bb4.27.4&#8243; _module_preset=\u00bbdefault\u00bb text_font=\u00bbOpen Sans Condensed|600|||||||\u00bb text_text_color=\u00bb#FFFFFF\u00bb text_orientation=\u00bbcenter\u00bb global_colors_info=\u00bb{}\u00bb]<\/p>\n<p>Biotechmol<\/p>\n<p>[\/et_pb_text][\/et_pb_column][et_pb_column type=\u00bb1_5&#8243; _builder_version=\u00bb4.27.4&#8243; _module_preset=\u00bbdefault\u00bb global_colors_info=\u00bb{}\u00bb][\/et_pb_column][et_pb_column type=\u00bb1_5&#8243; _builder_version=\u00bb4.27.4&#8243; _module_preset=\u00bbdefault\u00bb global_colors_info=\u00bb{}\u00bb][\/et_pb_column][\/et_pb_row][et_pb_row column_structure=\u00bb1_5,1_5,1_5,1_5,1_5&#8243; _builder_version=\u00bb4.27.4&#8243; _module_preset=\u00bbdefault\u00bb custom_margin=\u00bb-18px|auto|11px|auto||\u00bb border_width_bottom=\u00bb2px\u00bb border_color_bottom=\u00bb#FFFFFF\u00bb global_colors_info=\u00bb{}\u00bb][et_pb_column type=\u00bb1_5&#8243; _builder_version=\u00bb4.27.4&#8243; _module_preset=\u00bbdefault\u00bb global_colors_info=\u00bb{}\u00bb][\/et_pb_column][et_pb_column type=\u00bb1_5&#8243; _builder_version=\u00bb4.27.4&#8243; _module_preset=\u00bbdefault\u00bb global_colors_info=\u00bb{}\u00bb][et_pb_text _builder_version=\u00bb4.27.4&#8243; _module_preset=\u00bbdefault\u00bb text_font=\u00bb||on||||||\u00bb text_text_color=\u00bb#FFFFFF\u00bb text_orientation=\u00bbcenter\u00bb custom_margin=\u00bb||6px|||\u00bb global_colors_info=\u00bb{}\u00bb]Homo Sapiens<br \/>\n&nbsp;[\/et_pb_text][et_pb_circle_counter number=\u00bb33.68&#8243; bar_bg_color=\u00bb#6B418D\u00bb circle_color=\u00bb#6B418D\u00bb circle_color_alpha=\u00bb0.25&#8243; _builder_version=\u00bb4.27.4&#8243; _module_preset=\u00bbdefault\u00bb title_text_align=\u00bbcenter\u00bb title_text_color=\u00bb#FFFFFF\u00bb number_font=\u00bbOpen Sans Condensed Bold|800|||||||\u00bb number_text_align=\u00bbcenter\u00bb number_font_size=\u00bb49px\u00bb background_layout=\u00bbdark\u00bb module_alignment=\u00bbcenter\u00bb custom_margin=\u00bb0px|auto|10px|auto|false|false\u00bb global_colors_info=\u00bb{}\u00bb][\/et_pb_circle_counter][\/et_pb_column][et_pb_column type=\u00bb1_5&#8243; _builder_version=\u00bb4.27.4&#8243; _module_preset=\u00bbdefault\u00bb global_colors_info=\u00bb{}\u00bb][et_pb_text _builder_version=\u00bb4.27.4&#8243; _module_preset=\u00bbdefault\u00bb text_font=\u00bb||on||||||\u00bb text_text_color=\u00bb#FFFFFF\u00bb text_orientation=\u00bbcenter\u00bb custom_margin=\u00bb||6px|||\u00bb global_colors_info=\u00bb{}\u00bb]<\/p>\n<p>Bacterias y otros genomas<\/p>\n<p>[\/et_pb_text][et_pb_circle_counter number=\u00bb18.42&#8243; bar_bg_color=\u00bb#6B418D\u00bb circle_color=\u00bb#6B418D\u00bb circle_color_alpha=\u00bb0.25&#8243; _builder_version=\u00bb4.27.4&#8243; _module_preset=\u00bbdefault\u00bb title_text_align=\u00bbcenter\u00bb title_text_color=\u00bb#FFFFFF\u00bb number_font=\u00bbOpen Sans Condensed Bold|800|||||||\u00bb number_text_align=\u00bbcenter\u00bb number_font_size=\u00bb49px\u00bb background_layout=\u00bbdark\u00bb module_alignment=\u00bbcenter\u00bb custom_margin=\u00bb0px|auto|10px|auto|false|false\u00bb global_colors_info=\u00bb{}\u00bb][\/et_pb_circle_counter][et_pb_text _builder_version=\u00bb4.27.4&#8243; _module_preset=\u00bbdefault\u00bb text_font=\u00bbOpen Sans Condensed|600|||||||\u00bb text_text_color=\u00bb#FFFFFF\u00bb text_orientation=\u00bbcenter\u00bb global_colors_info=\u00bb{}\u00bb]<\/p>\n<p>PhD SK \/ Biotechmol<\/p>\n<p>[\/et_pb_text][\/et_pb_column][et_pb_column type=\u00bb1_5&#8243; _builder_version=\u00bb4.27.4&#8243; _module_preset=\u00bbdefault\u00bb global_colors_info=\u00bb{}\u00bb][et_pb_text _builder_version=\u00bb4.27.4&#8243; _module_preset=\u00bbdefault\u00bb text_font=\u00bb||on||||||\u00bb text_text_color=\u00bb#FFFFFF\u00bb text_orientation=\u00bbcenter\u00bb custom_margin=\u00bb||6px|||\u00bb global_colors_info=\u00bb{}\u00bb]Sin clasificar<br \/>\n&nbsp;[\/et_pb_text][et_pb_circle_counter number=\u00bb47.90&#8243; bar_bg_color=\u00bb#6B418D\u00bb circle_color=\u00bb#6B418D\u00bb circle_color_alpha=\u00bb0.25&#8243; _builder_version=\u00bb4.27.4&#8243; _module_preset=\u00bbdefault\u00bb title_text_align=\u00bbcenter\u00bb title_text_color=\u00bb#FFFFFF\u00bb number_font=\u00bbOpen Sans Condensed Bold|800|||||||\u00bb number_text_align=\u00bbcenter\u00bb number_font_size=\u00bb49px\u00bb background_layout=\u00bbdark\u00bb module_alignment=\u00bbcenter\u00bb custom_margin=\u00bb0px|auto|10px|auto|false|false\u00bb global_colors_info=\u00bb{}\u00bb][\/et_pb_circle_counter][\/et_pb_column][et_pb_column type=\u00bb1_5&#8243; _builder_version=\u00bb4.27.4&#8243; _module_preset=\u00bbdefault\u00bb global_colors_info=\u00bb{}\u00bb][\/et_pb_column][\/et_pb_row][et_pb_row column_structure=\u00bb1_5,1_5,1_5,1_5,1_5&#8243; _builder_version=\u00bb4.27.4&#8243; _module_preset=\u00bbdefault\u00bb custom_padding=\u00bb2px||0px|||\u00bb global_colors_info=\u00bb{}\u00bb][et_pb_column type=\u00bb1_5&#8243; _builder_version=\u00bb4.27.4&#8243; _module_preset=\u00bbdefault\u00bb global_colors_info=\u00bb{}\u00bb][\/et_pb_column][et_pb_column type=\u00bb1_5&#8243; _builder_version=\u00bb4.27.4&#8243; _module_preset=\u00bbdefault\u00bb global_colors_info=\u00bb{}\u00bb][et_pb_text _builder_version=\u00bb4.27.4&#8243; _module_preset=\u00bbdefault\u00bb text_font=\u00bb||on||||||\u00bb text_text_color=\u00bb#FFFFFF\u00bb text_orientation=\u00bbcenter\u00bb custom_margin=\u00bb||6px|||\u00bb global_colors_info=\u00bb{}\u00bb]Homo Sapiens<br \/>\n&nbsp;[\/et_pb_text][et_pb_circle_counter number=\u00bb23.8&#8243; bar_bg_color=\u00bb#6B418D\u00bb circle_color=\u00bb#6B418D\u00bb circle_color_alpha=\u00bb0.25&#8243; _builder_version=\u00bb4.27.4&#8243; _module_preset=\u00bbdefault\u00bb title_text_align=\u00bbcenter\u00bb title_text_color=\u00bb#FFFFFF\u00bb number_font=\u00bbOpen Sans Condensed Bold|800|||||||\u00bb number_text_align=\u00bbcenter\u00bb number_font_size=\u00bb49px\u00bb background_layout=\u00bbdark\u00bb module_alignment=\u00bbcenter\u00bb custom_margin=\u00bb0px|auto|10px|auto|false|false\u00bb global_colors_info=\u00bb{}\u00bb][\/et_pb_circle_counter][\/et_pb_column][et_pb_column type=\u00bb1_5&#8243; _builder_version=\u00bb4.27.4&#8243; _module_preset=\u00bbdefault\u00bb global_colors_info=\u00bb{}\u00bb][\/et_pb_column][et_pb_column type=\u00bb1_5&#8243; _builder_version=\u00bb4.27.4&#8243; _module_preset=\u00bbdefault\u00bb global_colors_info=\u00bb{}\u00bb][et_pb_text _builder_version=\u00bb4.27.4&#8243; _module_preset=\u00bbdefault\u00bb text_font=\u00bb||on||||||\u00bb text_text_color=\u00bb#FFFFFF\u00bb text_orientation=\u00bbcenter\u00bb custom_margin=\u00bb||6px|||\u00bb global_colors_info=\u00bb{}\u00bb]Sin clasificar<br \/>\n&nbsp;[\/et_pb_text][et_pb_circle_counter number=\u00bb76.2&#8243; bar_bg_color=\u00bb#6B418D\u00bb circle_color=\u00bb#6B418D\u00bb circle_color_alpha=\u00bb0.25&#8243; _builder_version=\u00bb4.27.4&#8243; _module_preset=\u00bbdefault\u00bb title_text_align=\u00bbcenter\u00bb title_text_color=\u00bb#FFFFFF\u00bb number_font=\u00bbOpen Sans Condensed Bold|800|||||||\u00bb number_text_align=\u00bbcenter\u00bb number_font_size=\u00bb49px\u00bb background_layout=\u00bbdark\u00bb module_alignment=\u00bbcenter\u00bb custom_margin=\u00bb0px|auto|10px|auto|false|false\u00bb global_colors_info=\u00bb{}\u00bb][\/et_pb_circle_counter][\/et_pb_column][et_pb_column type=\u00bb1_5&#8243; _builder_version=\u00bb4.27.4&#8243; _module_preset=\u00bbdefault\u00bb global_colors_info=\u00bb{}\u00bb][\/et_pb_column][\/et_pb_row][et_pb_row _builder_version=\u00bb4.27.4&#8243; _module_preset=\u00bbdefault\u00bb custom_margin=\u00bb|auto|-20px|auto||\u00bb global_colors_info=\u00bb{}\u00bb][et_pb_column type=\u00bb4_4&#8243; _builder_version=\u00bb4.27.4&#8243; _module_preset=\u00bbdefault\u00bb global_colors_info=\u00bb{}\u00bb][et_pb_text _builder_version=\u00bb4.27.4&#8243; _module_preset=\u00bbdefault\u00bb text_font=\u00bbOpen Sans Condensed|600|||||||\u00bb text_text_color=\u00bb#FFFFFF\u00bb text_orientation=\u00bbcenter\u00bb custom_margin=\u00bb-35px|||||\u00bb global_colors_info=\u00bb{}\u00bb]<\/p>\n<p>Universidad de San Petersburgo<\/p>\n<p>[\/et_pb_text][\/et_pb_column][\/et_pb_row][\/et_pb_section][et_pb_section fb_built=\u00bb1&#8243; admin_label=\u00bbP\u00e9rou 2018&#8243; _builder_version=\u00bb4.27.4&#8243; _module_preset=\u00bbdefault\u00bb background_color=\u00bb#000000&#8243; background_enable_image=\u00bboff\u00bb background_size=\u00bbcontain\u00bb custom_margin=\u00bb|||5%|false|false\u00bb custom_padding=\u00bb7px|5%|0px||false|false\u00bb border_radii=\u00bboff||||20vw\u00bb collapsed=\u00bbon\u00bb global_colors_info=\u00bb{}\u00bb][et_pb_row _builder_version=\u00bb4.27.4&#8243; _module_preset=\u00bbdefault\u00bb global_colors_info=\u00bb{}\u00bb][et_pb_column type=\u00bb4_4&#8243; _builder_version=\u00bb4.27.4&#8243; _module_preset=\u00bbdefault\u00bb global_colors_info=\u00bb{}\u00bb][et_pb_text _builder_version=\u00bb4.27.4&#8243; _module_preset=\u00bbdefault\u00bb text_text_color=\u00bb#FFFFFF\u00bb header_text_align=\u00bbcenter\u00bb header_3_text_align=\u00bbcenter\u00bb header_3_text_color=\u00bb#FFFFFF\u00bb global_colors_info=\u00bb{}\u00bb]<\/p>\n<h3>19 de noviembre de 2018<br \/>Presentaciones en el Congreso de la Rep\u00fablica del Per\u00fa<\/h3>\n<p>[\/et_pb_text][\/et_pb_column][\/et_pb_row][et_pb_row column_structure=\u00bb1_2,1_2&#8243; _builder_version=\u00bb4.27.4&#8243; _module_preset=\u00bbdefault\u00bb custom_padding=\u00bb8px|||||\u00bb global_colors_info=\u00bb{}\u00bb][et_pb_column type=\u00bb1_2&#8243; _builder_version=\u00bb4.27.4&#8243; _module_preset=\u00bbdefault\u00bb global_colors_info=\u00bb{}\u00bb][et_pb_video src=\u00bbhttps:\/\/vimeo.com\/308484924&#8243; _builder_version=\u00bb4.27.4&#8243; _module_preset=\u00bbdefault\u00bb animation_style=\u00bbslide\u00bb animation_direction=\u00bbleft\u00bb global_colors_info=\u00bb{}\u00bb][\/et_pb_video][et_pb_text _builder_version=\u00bb4.27.4&#8243; _module_preset=\u00bbdefault\u00bb text_text_color=\u00bb#FFFFFF\u00bb text_font_size=\u00bb1em\u00bb header_4_text_align=\u00bbcenter\u00bb header_4_text_color=\u00bb#FFFFFF\u00bb header_4_font_size=\u00bb1.1em\u00bb header_5_font=\u00bbOpen Sans Condensed|300|||||||\u00bb header_5_text_align=\u00bbcenter\u00bb header_5_text_color=\u00bb#FFFFFF\u00bb header_5_font_size=\u00bb1em\u00bb text_orientation=\u00bbcenter\u00bb global_colors_info=\u00bb{}\u00bb]<\/p>\n<h4>Jos\u00e9 de la Cruz R\u00edos L\u00f3pez<\/h4>\n<h5><em>Bi\u00f3logo<\/em><\/h5>\n<p>A partir de las 23:22<\/p>\n<p>[\/et_pb_text][\/et_pb_column][et_pb_column type=\u00bb1_2&#8243; _builder_version=\u00bb4.27.4&#8243; _module_preset=\u00bbdefault\u00bb global_colors_info=\u00bb{}\u00bb][et_pb_video src=\u00bbhttps:\/\/vimeo.com\/306256791&#8243; _builder_version=\u00bb4.27.4&#8243; _module_preset=\u00bbdefault\u00bb animation_style=\u00bbslide\u00bb animation_direction=\u00bbright\u00bb animation_delay=\u00bb250ms\u00bb global_colors_info=\u00bb{}\u00bb][\/et_pb_video][et_pb_text _builder_version=\u00bb4.27.4&#8243; _module_preset=\u00bbdefault\u00bb header_4_text_align=\u00bbcenter\u00bb header_4_text_color=\u00bb#FFFFFF\u00bb header_4_font_size=\u00bb1.1em\u00bb header_5_font=\u00bbOpen Sans Condensed|300|||||||\u00bb header_5_text_align=\u00bbcenter\u00bb header_5_text_color=\u00bb#FFFFFF\u00bb header_5_font_size=\u00bb1em\u00bb global_colors_info=\u00bb{}\u00bb]<\/p>\n<h4>Raymundo Salas Alfaro<\/h4>\n<h5><em>Radi\u00f3logo<\/em><\/h5>\n<p>[\/et_pb_text][\/et_pb_column][\/et_pb_row][et_pb_row column_structure=\u00bb1_4,1_2,1_4&#8243; _builder_version=\u00bb4.27.4&#8243; _module_preset=\u00bbdefault\u00bb global_colors_info=\u00bb{}\u00bb][et_pb_column type=\u00bb1_4&#8243; _builder_version=\u00bb4.27.4&#8243; _module_preset=\u00bbdefault\u00bb global_colors_info=\u00bb{}\u00bb][\/et_pb_column][et_pb_column type=\u00bb1_2&#8243; _builder_version=\u00bb4.27.4&#8243; _module_preset=\u00bbdefault\u00bb global_colors_info=\u00bb{}\u00bb][et_pb_video src=\u00bbhttps:\/\/vimeo.com\/313557901&#8243; _builder_version=\u00bb4.27.4&#8243; _module_preset=\u00bbdefault\u00bb animation_style=\u00bbslide\u00bb global_colors_info=\u00bb{}\u00bb][\/et_pb_video][et_pb_text _builder_version=\u00bb4.27.4&#8243; _module_preset=\u00bbdefault\u00bb header_4_text_align=\u00bbcenter\u00bb header_4_text_color=\u00bb#FFFFFF\u00bb header_4_font_size=\u00bb1.1em\u00bb header_5_font=\u00bbOpen Sans Condensed|300|||||||\u00bb header_5_text_align=\u00bbcenter\u00bb header_5_text_color=\u00bb#FFFFFF\u00bb header_5_font_size=\u00bb1em\u00bb global_colors_info=\u00bb{}\u00bb]<\/p>\n<h4>Galetskiy Dmitriy Vladisla\u0300vovich<\/h4>\n<h5><em>Universidad de Medicina de San Petersburgo \u2013 Rusia<\/em><\/h5>\n<p>[\/et_pb_text][\/et_pb_column][et_pb_column type=\u00bb1_4&#8243; _builder_version=\u00bb4.27.4&#8243; _module_preset=\u00bbdefault\u00bb global_colors_info=\u00bb{}\u00bb][\/et_pb_column][\/et_pb_row][\/et_pb_section][et_pb_section fb_built=\u00bb1&#8243; admin_label=\u00bbVideos\u00bb _builder_version=\u00bb4.27.4&#8243; _module_preset=\u00bbdefault\u00bb background_image=\u00bbhttps:\/\/www.the-alien-project.com\/wp-content\/uploads\/2025\/08\/fond-video.jpg\u00bb background_size=\u00bbcontain\u00bb custom_padding=\u00bb17px||0px|||\u00bb collapsed=\u00bbon\u00bb global_colors_info=\u00bb{}\u00bb][et_pb_row column_structure=\u00bb1_2,1_2&#8243; _builder_version=\u00bb4.27.4&#8243; _module_preset=\u00bbdefault\u00bb global_colors_info=\u00bb{}\u00bb][et_pb_column type=\u00bb1_2&#8243; _builder_version=\u00bb4.27.4&#8243; _module_preset=\u00bbdefault\u00bb global_colors_info=\u00bb{}\u00bb][et_pb_video src=\u00bbhttps:\/\/vimeo.com\/300054150&#8243; _builder_version=\u00bb4.27.4&#8243; _module_preset=\u00bbdefault\u00bb animation_style=\u00bbslide\u00bb animation_direction=\u00bbleft\u00bb global_colors_info=\u00bb{}\u00bb][\/et_pb_video][\/et_pb_column][et_pb_column type=\u00bb1_2&#8243; _builder_version=\u00bb4.27.4&#8243; _module_preset=\u00bbdefault\u00bb global_colors_info=\u00bb{}\u00bb][et_pb_video src=\u00bbhttps:\/\/vimeo.com\/301348873&#8243; _builder_version=\u00bb4.27.4&#8243; _module_preset=\u00bbdefault\u00bb animation_style=\u00bbslide\u00bb animation_direction=\u00bbright\u00bb animation_delay=\u00bb250ms\u00bb global_colors_info=\u00bb{}\u00bb][\/et_pb_video][\/et_pb_column][\/et_pb_row][et_pb_row column_structure=\u00bb1_4,1_2,1_4&#8243; _builder_version=\u00bb4.27.4&#8243; _module_preset=\u00bbdefault\u00bb custom_padding=\u00bb1px|||||\u00bb global_colors_info=\u00bb{}\u00bb][et_pb_column type=\u00bb1_4&#8243; _builder_version=\u00bb4.27.4&#8243; _module_preset=\u00bbdefault\u00bb global_colors_info=\u00bb{}\u00bb][\/et_pb_column][et_pb_column type=\u00bb1_2&#8243; _builder_version=\u00bb4.27.4&#8243; _module_preset=\u00bbdefault\u00bb global_colors_info=\u00bb{}\u00bb][et_pb_video src=\u00bbhttps:\/\/vimeo.com\/301032972&#8243; _builder_version=\u00bb4.27.4&#8243; _module_preset=\u00bbdefault\u00bb animation_style=\u00bbslide\u00bb global_colors_info=\u00bb{}\u00bb][\/et_pb_video][\/et_pb_column][et_pb_column type=\u00bb1_4&#8243; _builder_version=\u00bb4.27.4&#8243; _module_preset=\u00bbdefault\u00bb global_colors_info=\u00bb{}\u00bb][\/et_pb_column][\/et_pb_row][\/et_pb_section][et_pb_section fb_built=\u00bb1&#8243; custom_padding_last_edited=\u00bboff|desktop\u00bb admin_label=\u00bbFooter\u00bb _builder_version=\u00bb4.27.4&#8243; background_image=\u00bbhttps:\/\/www.the-alien-project.com\/wp-content\/uploads\/2025\/08\/En-savoir-plus-2.jpg\u00bb custom_margin=\u00bb|||\u00bb custom_padding=\u00bb50px|0px|50px|0px|true|false\u00bb custom_padding_tablet=\u00bb10vw||10vw||true\u00bb custom_padding_phone=\u00bb5vw||5vw||true\u00bb global_module=\u00bb347&#8243; saved_tabs=\u00bball\u00bb locked=\u00bboff\u00bb collapsed=\u00bbon\u00bb global_colors_info=\u00bb{}\u00bb][et_pb_row _builder_version=\u00bb4.27.4&#8243; _module_preset=\u00bbdefault\u00bb global_colors_info=\u00bb{}\u00bb][et_pb_column type=\u00bb4_4&#8243; _builder_version=\u00bb4.27.4&#8243; _module_preset=\u00bbdefault\u00bb global_colors_info=\u00bb{}\u00bb][et_pb_text _builder_version=\u00bb4.27.4&#8243; _module_preset=\u00bbdefault\u00bb header_3_text_align=\u00bbcenter\u00bb header_3_text_color=\u00bb#FFFFFF\u00bb global_colors_info=\u00bb{}\u00bb]<\/p>\n<h3>Y para saber m\u00e1s&#8230;<\/h3>\n<p>[\/et_pb_text][\/et_pb_column][\/et_pb_row][et_pb_row column_structure=\u00bb1_4,1_4,1_4,1_4&#8243; _builder_version=\u00bb4.27.4&#8243; _module_preset=\u00bbdefault\u00bb global_colors_info=\u00bb{}\u00bb][et_pb_column type=\u00bb1_4&#8243; _builder_version=\u00bb4.27.4&#8243; _module_preset=\u00bbdefault\u00bb global_colors_info=\u00bb{}\u00bb][et_pb_blurb title=\u00bbTRIDACTYLS Temporada 1&#8243; url=\u00bbhttps:\/\/vimeo.com\/ondemand\/tridactylses\u00bb url_new_window=\u00bbon\u00bb image=\u00bbhttps:\/\/www.the-alien-project.com\/wp-content\/uploads\/2025\/08\/TRIDACTYLS-FR-1.jpg\u00bb alt=\u00bbTRIDACTYLS Temporada 1&#8243; _builder_version=\u00bb4.27.4&#8243; _module_preset=\u00bbdefault\u00bb header_text_color=\u00bb#FFFFFF\u00bb body_text_color=\u00bb#FFFFFF\u00bb text_orientation=\u00bbcenter\u00bb background_layout=\u00bbdark\u00bb animation_style=\u00bbslide\u00bb animation_direction=\u00bbtop\u00bb link_option_url=\u00bbhttps:\/\/vimeo.com\/ondemand\/tridactylses\u00bb link_option_url_new_window=\u00bbon\u00bb global_colors_info=\u00bb{}\u00bb]<\/p>\n<h4>Documental 6&#215;52 min<\/h4>\n<p>Alquilar o comprar en VOD<\/p>\n<p>[\/et_pb_blurb][\/et_pb_column][et_pb_column type=\u00bb1_4&#8243; _builder_version=\u00bb4.27.4&#8243; _module_preset=\u00bbdefault\u00bb global_colors_info=\u00bb{}\u00bb][et_pb_blurb title=\u00bbLes momies non humaines de Nazca\u00bb url=\u00bbhttps:\/\/www.editions-atlantes.fr\/produit\/les-momies-non-humaines-de-nazca\/\u00bb url_new_window=\u00bbon\u00bb image=\u00bbhttps:\/\/www.the-alien-project.com\/wp-content\/uploads\/2025\/08\/momies-non-humaines-de-Nazca-1.jpg\u00bb alt=\u00bbLes momies non humaines de Nazca\u00bb _builder_version=\u00bb4.27.4&#8243; _module_preset=\u00bbdefault\u00bb header_text_color=\u00bb#FFFFFF\u00bb body_text_color=\u00bb#FFFFFF\u00bb text_orientation=\u00bbcenter\u00bb background_layout=\u00bbdark\u00bb animation_style=\u00bbslide\u00bb animation_direction=\u00bbtop\u00bb animation_delay=\u00bb500ms\u00bb link_option_url=\u00bbhttps:\/\/www.editions-atlantes.fr\/produit\/les-momies-non-humaines-de-nazca\/\u00bb link_option_url_new_window=\u00bbon\u00bb global_colors_info=\u00bb{}\u00bb]<\/p>\n<p>Solo en franc\u00e9s<br \/>Comprar el libro<\/p>\n<p>[\/et_pb_blurb][\/et_pb_column][et_pb_column type=\u00bb1_4&#8243; _builder_version=\u00bb4.27.4&#8243; _module_preset=\u00bbdefault\u00bb global_colors_info=\u00bb{}\u00bb][et_pb_blurb title=\u00bbLost Paititi &amp; the non-human remains of Nazca\u00bb url=\u00bbhttps:\/\/www.adventuresunlimitedpress.com\/proddetail.php?prod=LPNZ\u00bb url_new_window=\u00bbon\u00bb image=\u00bbhttps:\/\/www.the-alien-project.com\/wp-content\/uploads\/2025\/08\/Lost-Paititi-cover-bg.jpg\u00bb alt=\u00bbLost Paititi &amp; the non-human remains of Nazca\u00bb _builder_version=\u00bb4.27.4&#8243; _module_preset=\u00bbdefault\u00bb header_text_color=\u00bb#FFFFFF\u00bb body_text_color=\u00bb#FFFFFF\u00bb text_orientation=\u00bbcenter\u00bb background_layout=\u00bbdark\u00bb animation_style=\u00bbslide\u00bb animation_direction=\u00bbtop\u00bb animation_delay=\u00bb1000ms\u00bb link_option_url=\u00bbhttps:\/\/www.adventuresunlimitedpress.com\/proddetail.php?prod=LPNZ\u00bb link_option_url_new_window=\u00bbon\u00bb global_colors_info=\u00bb{}\u00bb]<\/p>\n<p>Solo en ingl\u00e9s<br \/>Comprar el libro<\/p>\n<p>[\/et_pb_blurb][\/et_pb_column][et_pb_column type=\u00bb1_4&#8243; _builder_version=\u00bb4.27.4&#8243; _module_preset=\u00bbdefault\u00bb global_colors_info=\u00bb{}\u00bb][\/et_pb_column][\/et_pb_row][\/et_pb_section]<\/p>\n","protected":false},"excerpt":{"rendered":"<p>Es la momia m\u00e1s famosa de Nazca y mide 1,68 m. Sus dedos de las manos y los pies tienen cinco falanges. Caracter\u00edsticasTama\u00f1o: 1,68 m.Especie: Jamin Palpanensis.G\u00e9nero: femenino*.Manos y pies con tres dedos.Dedos de manos y pies con cinco falanges.Presencia de articulaciones.Cuerpo muy bien conservado, con piel visible y huellas dactilares parcialmente visibles en manos [&hellip;]<\/p>\n","protected":false},"author":1,"featured_media":0,"parent":0,"menu_order":0,"comment_status":"closed","ping_status":"closed","template":"","meta":{"_et_pb_use_builder":"on","_et_pb_old_content":"","_et_gb_content_width":"","iawp_total_views":87,"footnotes":""},"class_list":["post-4526","page","type-page","status-publish","hentry"],"yoast_head":"<!-- This site is optimized with the Yoast SEO plugin v27.2 - https:\/\/yoast.com\/product\/yoast-seo-wordpress\/ -->\n<title>Mar\u00eda, momia de Nasca<\/title>\n<meta name=\"description\" content=\"La momia de Nasca descubierta por los huaqueros, Mar\u00eda, es la m\u00e1s famosa de todas. Mide aproximadamente 1,68 m y parece un h\u00edbrido.\" \/>\n<meta name=\"robots\" content=\"index, follow, max-snippet:-1, max-image-preview:large, max-video-preview:-1\" \/>\n<link rel=\"canonical\" href=\"https:\/\/www.the-alien-project.com\/es\/maria\/\" \/>\n<meta property=\"og:locale\" content=\"es_ES\" \/>\n<meta property=\"og:type\" content=\"article\" \/>\n<meta property=\"og:title\" content=\"Mar\u00eda, momia de Nasca\" \/>\n<meta property=\"og:description\" content=\"La momia de Nasca descubierta por los huaqueros, Mar\u00eda, es la m\u00e1s famosa de todas. Mide aproximadamente 1,68 m y parece un h\u00edbrido.\" \/>\n<meta property=\"og:url\" content=\"https:\/\/www.the-alien-project.com\/es\/maria\/\" \/>\n<meta property=\"og:site_name\" content=\"Les momies de Nazca\" \/>\n<meta property=\"article:publisher\" content=\"https:\/\/www.facebook.com\/AlienProjectPeru\/\" \/>\n<meta property=\"article:modified_time\" content=\"2025-09-03T12:36:43+00:00\" \/>\n<meta property=\"og:image\" content=\"https:\/\/www.the-alien-project.com\/wp-content\/uploads\/2025\/08\/maria-visuel-1-1024x533.jpg\" \/>\n<meta name=\"twitter:card\" content=\"summary_large_image\" \/>\n<meta name=\"twitter:title\" content=\"Mar\u00eda, momia de Nasca\" \/>\n<meta name=\"twitter:description\" content=\"La momia de Nasca descubierta por los huaqueros, Mar\u00eda, es la m\u00e1s famosa de todas. Mide aproximadamente 1,68 m y parece un h\u00edbrido.\" \/>\n<meta name=\"twitter:image\" content=\"https:\/\/www.the-alien-project.com\/wp-content\/uploads\/2025\/08\/maria-visuel-1-1024x533.jpg\" \/>\n<meta name=\"twitter:label1\" content=\"Tiempo de lectura\" \/>\n\t<meta name=\"twitter:data1\" content=\"43 minutos\" \/>\n<script type=\"application\/ld+json\" class=\"yoast-schema-graph\">{\"@context\":\"https:\/\/schema.org\",\"@graph\":[{\"@type\":\"WebPage\",\"@id\":\"https:\/\/www.the-alien-project.com\/es\/maria\/\",\"url\":\"https:\/\/www.the-alien-project.com\/es\/maria\/\",\"name\":\"Mar\u00eda, momia de Nasca\",\"isPartOf\":{\"@id\":\"https:\/\/www.the-alien-project.com\/es\/#website\"},\"datePublished\":\"2025-08-10T05:43:43+00:00\",\"dateModified\":\"2025-09-03T12:36:43+00:00\",\"description\":\"La momia de Nasca descubierta por los huaqueros, Mar\u00eda, es la m\u00e1s famosa de todas. Mide aproximadamente 1,68 m y parece un h\u00edbrido.\",\"breadcrumb\":{\"@id\":\"https:\/\/www.the-alien-project.com\/es\/maria\/#breadcrumb\"},\"inLanguage\":\"es\",\"potentialAction\":[{\"@type\":\"ReadAction\",\"target\":[\"https:\/\/www.the-alien-project.com\/es\/maria\/\"]}]},{\"@type\":\"BreadcrumbList\",\"@id\":\"https:\/\/www.the-alien-project.com\/es\/maria\/#breadcrumb\",\"itemListElement\":[{\"@type\":\"ListItem\",\"position\":1,\"name\":\"Accueil\",\"item\":\"https:\/\/www.the-alien-project.com\/es\/portada\/\"},{\"@type\":\"ListItem\",\"position\":2,\"name\":\"Mar\u00eda\"}]},{\"@type\":\"WebSite\",\"@id\":\"https:\/\/www.the-alien-project.com\/es\/#website\",\"url\":\"https:\/\/www.the-alien-project.com\/es\/\",\"name\":\"Les momies de Nazca\",\"description\":\"\",\"publisher\":{\"@id\":\"https:\/\/www.the-alien-project.com\/es\/#organization\"},\"potentialAction\":[{\"@type\":\"SearchAction\",\"target\":{\"@type\":\"EntryPoint\",\"urlTemplate\":\"https:\/\/www.the-alien-project.com\/es\/?s={search_term_string}\"},\"query-input\":{\"@type\":\"PropertyValueSpecification\",\"valueRequired\":true,\"valueName\":\"search_term_string\"}}],\"inLanguage\":\"es\"},{\"@type\":\"Organization\",\"@id\":\"https:\/\/www.the-alien-project.com\/es\/#organization\",\"name\":\"Les momies de Nazca\",\"url\":\"https:\/\/www.the-alien-project.com\/es\/\",\"logo\":{\"@type\":\"ImageObject\",\"inLanguage\":\"es\",\"@id\":\"https:\/\/www.the-alien-project.com\/es\/#\/schema\/logo\/image\/\",\"url\":\"https:\/\/www.the-alien-project.com\/wp-content\/uploads\/2025\/08\/logo-alien-project-2025.png\",\"contentUrl\":\"https:\/\/www.the-alien-project.com\/wp-content\/uploads\/2025\/08\/logo-alien-project-2025.png\",\"width\":146,\"height\":80,\"caption\":\"Les momies de Nazca\"},\"image\":{\"@id\":\"https:\/\/www.the-alien-project.com\/es\/#\/schema\/logo\/image\/\"},\"sameAs\":[\"https:\/\/www.facebook.com\/AlienProjectPeru\/\"]}]}<\/script>\n<!-- \/ Yoast SEO plugin. -->","yoast_head_json":{"title":"Mar\u00eda, momia de Nasca","description":"La momia de Nasca descubierta por los huaqueros, Mar\u00eda, es la m\u00e1s famosa de todas. Mide aproximadamente 1,68 m y parece un h\u00edbrido.","robots":{"index":"index","follow":"follow","max-snippet":"max-snippet:-1","max-image-preview":"max-image-preview:large","max-video-preview":"max-video-preview:-1"},"canonical":"https:\/\/www.the-alien-project.com\/es\/maria\/","og_locale":"es_ES","og_type":"article","og_title":"Mar\u00eda, momia de Nasca","og_description":"La momia de Nasca descubierta por los huaqueros, Mar\u00eda, es la m\u00e1s famosa de todas. Mide aproximadamente 1,68 m y parece un h\u00edbrido.","og_url":"https:\/\/www.the-alien-project.com\/es\/maria\/","og_site_name":"Les momies de Nazca","article_publisher":"https:\/\/www.facebook.com\/AlienProjectPeru\/","article_modified_time":"2025-09-03T12:36:43+00:00","og_image":[{"url":"https:\/\/www.the-alien-project.com\/wp-content\/uploads\/2025\/08\/maria-visuel-1-1024x533.jpg","type":"","width":"","height":""}],"twitter_card":"summary_large_image","twitter_title":"Mar\u00eda, momia de Nasca","twitter_description":"La momia de Nasca descubierta por los huaqueros, Mar\u00eda, es la m\u00e1s famosa de todas. Mide aproximadamente 1,68 m y parece un h\u00edbrido.","twitter_image":"https:\/\/www.the-alien-project.com\/wp-content\/uploads\/2025\/08\/maria-visuel-1-1024x533.jpg","twitter_misc":{"Tiempo de lectura":"43 minutos"},"schema":{"@context":"https:\/\/schema.org","@graph":[{"@type":"WebPage","@id":"https:\/\/www.the-alien-project.com\/es\/maria\/","url":"https:\/\/www.the-alien-project.com\/es\/maria\/","name":"Mar\u00eda, momia de Nasca","isPartOf":{"@id":"https:\/\/www.the-alien-project.com\/es\/#website"},"datePublished":"2025-08-10T05:43:43+00:00","dateModified":"2025-09-03T12:36:43+00:00","description":"La momia de Nasca descubierta por los huaqueros, Mar\u00eda, es la m\u00e1s famosa de todas. Mide aproximadamente 1,68 m y parece un h\u00edbrido.","breadcrumb":{"@id":"https:\/\/www.the-alien-project.com\/es\/maria\/#breadcrumb"},"inLanguage":"es","potentialAction":[{"@type":"ReadAction","target":["https:\/\/www.the-alien-project.com\/es\/maria\/"]}]},{"@type":"BreadcrumbList","@id":"https:\/\/www.the-alien-project.com\/es\/maria\/#breadcrumb","itemListElement":[{"@type":"ListItem","position":1,"name":"Accueil","item":"https:\/\/www.the-alien-project.com\/es\/portada\/"},{"@type":"ListItem","position":2,"name":"Mar\u00eda"}]},{"@type":"WebSite","@id":"https:\/\/www.the-alien-project.com\/es\/#website","url":"https:\/\/www.the-alien-project.com\/es\/","name":"Les momies de Nazca","description":"","publisher":{"@id":"https:\/\/www.the-alien-project.com\/es\/#organization"},"potentialAction":[{"@type":"SearchAction","target":{"@type":"EntryPoint","urlTemplate":"https:\/\/www.the-alien-project.com\/es\/?s={search_term_string}"},"query-input":{"@type":"PropertyValueSpecification","valueRequired":true,"valueName":"search_term_string"}}],"inLanguage":"es"},{"@type":"Organization","@id":"https:\/\/www.the-alien-project.com\/es\/#organization","name":"Les momies de Nazca","url":"https:\/\/www.the-alien-project.com\/es\/","logo":{"@type":"ImageObject","inLanguage":"es","@id":"https:\/\/www.the-alien-project.com\/es\/#\/schema\/logo\/image\/","url":"https:\/\/www.the-alien-project.com\/wp-content\/uploads\/2025\/08\/logo-alien-project-2025.png","contentUrl":"https:\/\/www.the-alien-project.com\/wp-content\/uploads\/2025\/08\/logo-alien-project-2025.png","width":146,"height":80,"caption":"Les momies de Nazca"},"image":{"@id":"https:\/\/www.the-alien-project.com\/es\/#\/schema\/logo\/image\/"},"sameAs":["https:\/\/www.facebook.com\/AlienProjectPeru\/"]}]}},"_links":{"self":[{"href":"https:\/\/www.the-alien-project.com\/es\/wp-json\/wp\/v2\/pages\/4526","targetHints":{"allow":["GET"]}}],"collection":[{"href":"https:\/\/www.the-alien-project.com\/es\/wp-json\/wp\/v2\/pages"}],"about":[{"href":"https:\/\/www.the-alien-project.com\/es\/wp-json\/wp\/v2\/types\/page"}],"author":[{"embeddable":true,"href":"https:\/\/www.the-alien-project.com\/es\/wp-json\/wp\/v2\/users\/1"}],"replies":[{"embeddable":true,"href":"https:\/\/www.the-alien-project.com\/es\/wp-json\/wp\/v2\/comments?post=4526"}],"version-history":[{"count":0,"href":"https:\/\/www.the-alien-project.com\/es\/wp-json\/wp\/v2\/pages\/4526\/revisions"}],"wp:attachment":[{"href":"https:\/\/www.the-alien-project.com\/es\/wp-json\/wp\/v2\/media?parent=4526"}],"curies":[{"name":"wp","href":"https:\/\/api.w.org\/{rel}","templated":true}]}}