{"id":3919,"date":"2025-08-18T13:48:30","date_gmt":"2025-08-18T11:48:30","guid":{"rendered":"https:\/\/www.the-alien-project.com\/politica-de-privacidad\/"},"modified":"2025-08-31T16:59:43","modified_gmt":"2025-08-31T14:59:43","slug":"politica-de-privacidad","status":"publish","type":"page","link":"https:\/\/www.the-alien-project.com\/es\/politica-de-privacidad\/","title":{"rendered":"Pol\u00edtica de privacidad"},"content":{"rendered":"<p>[et_pb_section fb_built=\u00bb1&#8243; _builder_version=\u00bb4.27.4&#8243; _module_preset=\u00bbdefault\u00bb custom_padding=\u00bb0px||23px|||\u00bb global_colors_info=\u00bb{}\u00bb][et_pb_row _builder_version=\u00bb4.27.4&#8243; _module_preset=\u00bbdefault\u00bb custom_padding=\u00bb||3px|||\u00bb global_colors_info=\u00bb{}\u00bb][et_pb_column type=\u00bb4_4&#8243; _builder_version=\u00bb4.27.4&#8243; _module_preset=\u00bbdefault\u00bb global_colors_info=\u00bb{}\u00bb][et_pb_text _builder_version=\u00bb4.27.4&#8243; _module_preset=\u00bbdefault\u00bb hover_enabled=\u00bb0&#8243; global_colors_info=\u00bb{}\u00bb sticky_enabled=\u00bb0&#8243;]<\/p>\n<h1>Pol\u00edtica de privacidad<\/h1>\n<h2>Datos personales recopilados<\/h2>\n<p>Les donn\u00e9es personnelles sont collect\u00e9es par INSTITUTO INKARI CUSCO, Pasaje Esmeralda, N\u00b0 172B, Distrito de Santiago \u2013 CUSCO \u2013 PEROU.<\/p>\n<p>La seguridad y la confidencialidad son aspectos importantes en este sitio web. Se han implementado medidas t\u00e9cnicas y organizativas para respetar sus derechos en materia de protecci\u00f3n de datos personales. <\/p>\n<p>Se trata de datos personales (informaci\u00f3n que permite identificar a una persona f\u00edsica) utilizados en el marco de los servicios ofrecidos por este sitio web.<\/p>\n<p>Al utilizar estos servicios o rellenar un formulario de contacto en este sitio web, usted acepta y consiente que el INSTITUTO INKARI CUSCO recopile estos datos (tratamiento, nombre, apellidos, direcci\u00f3n de correo electr\u00f3nico). Estos datos no ser\u00e1n objeto de ning\u00fan tratamiento y en ning\u00fan caso ser\u00e1n cedidos a terceros. Se utilizan exclusivamente dentro del INSTITUTO INKARI CUSCO en el marco del servicio ofrecido o para responder a sus solicitudes.  <\/p>\n<p>Vous conservez un droit de rectification, le droit \u00e0 l\u2019oubli ou\/et le droit \u00e0 la suppression de vos donn\u00e9es personnelles. Pour cela, adressez vous \u00e0 INSTITUTO INKARI CUSCO, Pasaje Esmeralda, N\u00b0 172B, Distrito de Santiago \u2013 CUSCO \u2013 PEROU ou envoyez-nous un message par notre formulaire de contact. <\/p>\n<h2>Conservaci\u00f3n y almacenamiento de datos<\/h2>\n<p>Los datos recopilados en este sitio web, principalmente a trav\u00e9s del formulario de contacto, no son objeto de tratamiento inform\u00e1tico. En otras palabras, no se crea ninguna base de datos a partir de los datos personales recopilados en este sitio web y solo se conservan durante el tiempo que dura la tramitaci\u00f3n de la solicitud y\/o la relaci\u00f3n establecida entre el INSTITUTO INKARI CUSCO y usted. <\/p>\n<p>Los datos se utilizan estrictamente en el marco de la solicitud.<\/p>\n<p>[\/et_pb_text][\/et_pb_column][\/et_pb_row][\/et_pb_section][et_pb_section fb_built=\u00bb1&#8243; custom_padding_last_edited=\u00bboff|desktop\u00bb admin_label=\u00bbFooter\u00bb _builder_version=\u00bb4.27.4&#8243; background_image=\u00bbhttps:\/\/www.the-alien-project.com\/wp-content\/uploads\/2025\/08\/En-savoir-plus-2.jpg\u00bb custom_margin=\u00bb|||\u00bb custom_padding=\u00bb50px|0px|50px|0px|true|false\u00bb custom_padding_tablet=\u00bb10vw||10vw||true\u00bb custom_padding_phone=\u00bb5vw||5vw||true\u00bb global_module=\u00bb347&#8243; saved_tabs=\u00bball\u00bb locked=\u00bboff\u00bb collapsed=\u00bboff\u00bb global_colors_info=\u00bb{}\u00bb][et_pb_row _builder_version=\u00bb4.27.4&#8243; _module_preset=\u00bbdefault\u00bb global_colors_info=\u00bb{}\u00bb][et_pb_column type=\u00bb4_4&#8243; _builder_version=\u00bb4.27.4&#8243; _module_preset=\u00bbdefault\u00bb global_colors_info=\u00bb{}\u00bb][et_pb_text _builder_version=\u00bb4.27.4&#8243; _module_preset=\u00bbdefault\u00bb header_3_text_align=\u00bbcenter\u00bb header_3_text_color=\u00bb#FFFFFF\u00bb global_colors_info=\u00bb{}\u00bb]<\/p>\n<h3>Y para saber m\u00e1s&#8230;<\/h3>\n<p>[\/et_pb_text][\/et_pb_column][\/et_pb_row][et_pb_row column_structure=\u00bb1_4,1_4,1_4,1_4&#8243; _builder_version=\u00bb4.27.4&#8243; _module_preset=\u00bbdefault\u00bb global_colors_info=\u00bb{}\u00bb][et_pb_column type=\u00bb1_4&#8243; _builder_version=\u00bb4.27.4&#8243; _module_preset=\u00bbdefault\u00bb global_colors_info=\u00bb{}\u00bb][et_pb_blurb title=\u00bbTRIDACTYLS Temporada 2&#8243; url=\u00bbhttps:\/\/vimeo.com\/ondemand\/tridactyls2es\u00bb url_new_window=\u00bbon\u00bb image=\u00bbhttps:\/\/www.the-alien-project.com\/wp-content\/uploads\/2025\/08\/Tridactyls-Saison-2.jpg\u00bb alt=\u00bbTRIDACTYLS Temporada 2&#8243; _builder_version=\u00bb4.27.4&#8243; _module_preset=\u00bbdefault\u00bb header_text_color=\u00bb#FFFFFF\u00bb body_text_color=\u00bb#FFFFFF\u00bb text_orientation=\u00bbcenter\u00bb background_layout=\u00bbdark\u00bb animation_style=\u00bbslide\u00bb animation_direction=\u00bbtop\u00bb link_option_url=\u00bbhttps:\/\/vimeo.com\/ondemand\/tridactyls2es\u00bb link_option_url_new_window=\u00bbon\u00bb global_colors_info=\u00bb{}\u00bb]<\/p>\n<h4>Documental 6&#215;60 min<\/h4>\n<p>Alquilar o comprar en VOD<\/p>\n<p>[\/et_pb_blurb][\/et_pb_column][et_pb_column type=\u00bb1_4&#8243; _builder_version=\u00bb4.27.4&#8243; _module_preset=\u00bbdefault\u00bb global_colors_info=\u00bb{}\u00bb][et_pb_blurb title=\u00bbTRIDACTYLS Temporada 1&#8243; url=\u00bbhttps:\/\/vimeo.com\/ondemand\/tridactylses\u00bb url_new_window=\u00bbon\u00bb image=\u00bbhttps:\/\/www.the-alien-project.com\/wp-content\/uploads\/2025\/08\/TRIDACTYLS-FR-1.jpg\u00bb alt=\u00bbTRIDACTYLS Temporada 1&#8243; _builder_version=\u00bb4.27.4&#8243; _module_preset=\u00bbdefault\u00bb header_text_color=\u00bb#FFFFFF\u00bb body_text_color=\u00bb#FFFFFF\u00bb text_orientation=\u00bbcenter\u00bb background_layout=\u00bbdark\u00bb animation_style=\u00bbslide\u00bb animation_direction=\u00bbtop\u00bb animation_delay=\u00bb250ms\u00bb link_option_url=\u00bbhttps:\/\/vimeo.com\/ondemand\/tridactylses\u00bb link_option_url_new_window=\u00bbon\u00bb global_colors_info=\u00bb{}\u00bb]<\/p>\n<h4>Documental 6&#215;52 min<\/h4>\n<p>Alquilar o comprar en VOD<\/p>\n<p>[\/et_pb_blurb][\/et_pb_column][et_pb_column type=\u00bb1_4&#8243; _builder_version=\u00bb4.27.4&#8243; _module_preset=\u00bbdefault\u00bb global_colors_info=\u00bb{}\u00bb][et_pb_blurb title=\u00bbLes momies non humaines de Nazca\u00bb url=\u00bbhttps:\/\/www.editions-atlantes.fr\/produit\/les-momies-non-humaines-de-nazca\/\u00bb url_new_window=\u00bbon\u00bb image=\u00bbhttps:\/\/www.the-alien-project.com\/wp-content\/uploads\/2025\/08\/momies-non-humaines-de-Nazca-1.jpg\u00bb alt=\u00bbLes momies non humaines de Nazca\u00bb _builder_version=\u00bb4.27.4&#8243; _module_preset=\u00bbdefault\u00bb header_text_color=\u00bb#FFFFFF\u00bb body_text_color=\u00bb#FFFFFF\u00bb text_orientation=\u00bbcenter\u00bb background_layout=\u00bbdark\u00bb animation_style=\u00bbslide\u00bb animation_direction=\u00bbtop\u00bb animation_delay=\u00bb500ms\u00bb link_option_url=\u00bbhttps:\/\/www.editions-atlantes.fr\/produit\/les-momies-non-humaines-de-nazca\/\u00bb link_option_url_new_window=\u00bbon\u00bb global_colors_info=\u00bb{}\u00bb]<\/p>\n<p>Solo en franc\u00e9s<br \/>Comprar el libro<\/p>\n<p>[\/et_pb_blurb][\/et_pb_column][et_pb_column type=\u00bb1_4&#8243; _builder_version=\u00bb4.27.4&#8243; _module_preset=\u00bbdefault\u00bb global_colors_info=\u00bb{}\u00bb][et_pb_blurb title=\u00bbLost Paititi &amp; the non-human remains of Nazca\u00bb url=\u00bbhttps:\/\/www.adventuresunlimitedpress.com\/proddetail.php?prod=LPNZ\u00bb url_new_window=\u00bbon\u00bb image=\u00bbhttps:\/\/www.the-alien-project.com\/wp-content\/uploads\/2025\/08\/Lost-Paititi-cover-bg.jpg\u00bb alt=\u00bbLost Paititi &amp; the non-human remains of Nazca\u00bb _builder_version=\u00bb4.27.4&#8243; _module_preset=\u00bbdefault\u00bb header_text_color=\u00bb#FFFFFF\u00bb body_text_color=\u00bb#FFFFFF\u00bb text_orientation=\u00bbcenter\u00bb background_layout=\u00bbdark\u00bb animation_style=\u00bbslide\u00bb animation_direction=\u00bbtop\u00bb animation_delay=\u00bb750ms\u00bb link_option_url=\u00bbhttps:\/\/www.adventuresunlimitedpress.com\/proddetail.php?prod=LPNZ\u00bb link_option_url_new_window=\u00bbon\u00bb global_colors_info=\u00bb{}\u00bb]<\/p>\n<p>Solo en ingl\u00e9s<br \/>Comprar el libro<\/p>\n<p>[\/et_pb_blurb][\/et_pb_column][\/et_pb_row][\/et_pb_section]<\/p>\n","protected":false},"excerpt":{"rendered":"<p>Pol\u00edtica de privacidad Datos personales recopilados Les donn\u00e9es personnelles sont collect\u00e9es par INSTITUTO INKARI CUSCO, Pasaje Esmeralda, N\u00b0 172B, Distrito de Santiago \u2013 CUSCO \u2013 PEROU. La seguridad y la confidencialidad son aspectos importantes en este sitio web. Se han implementado medidas t\u00e9cnicas y organizativas para respetar sus derechos en materia de protecci\u00f3n de datos [&hellip;]<\/p>\n","protected":false},"author":1,"featured_media":0,"parent":0,"menu_order":0,"comment_status":"closed","ping_status":"closed","template":"","meta":{"_et_pb_use_builder":"on","_et_pb_old_content":"","_et_gb_content_width":"","iawp_total_views":1,"footnotes":""},"class_list":["post-3919","page","type-page","status-publish","hentry"],"yoast_head":"<!-- This site is optimized with the Yoast SEO plugin v27.2 - https:\/\/yoast.com\/product\/yoast-seo-wordpress\/ -->\n<title>Pol\u00edtica de privacidad - Les momies de Nazca<\/title>\n<meta name=\"robots\" content=\"noindex, nofollow\" \/>\n<meta property=\"og:locale\" content=\"es_ES\" \/>\n<meta property=\"og:type\" content=\"article\" \/>\n<meta property=\"og:title\" content=\"Pol\u00edtica de privacidad - Les momies de Nazca\" \/>\n<meta property=\"og:description\" content=\"Pol\u00edtica de privacidad Datos personales recopilados Les donn\u00e9es personnelles sont collect\u00e9es par INSTITUTO INKARI CUSCO, Pasaje Esmeralda, N\u00b0 172B, Distrito de Santiago \u2013 CUSCO \u2013 PEROU. La seguridad y la confidencialidad son aspectos importantes en este sitio web. Se han implementado medidas t\u00e9cnicas y organizativas para respetar sus derechos en materia de protecci\u00f3n de datos [&hellip;]\" \/>\n<meta property=\"og:url\" content=\"https:\/\/www.the-alien-project.com\/es\/politica-de-privacidad\/\" \/>\n<meta property=\"og:site_name\" content=\"Les momies de Nazca\" \/>\n<meta property=\"article:publisher\" content=\"https:\/\/www.facebook.com\/AlienProjectPeru\/\" \/>\n<meta property=\"article:modified_time\" content=\"2025-08-31T14:59:43+00:00\" \/>\n<meta name=\"twitter:card\" content=\"summary_large_image\" \/>\n<meta name=\"twitter:label1\" content=\"Tiempo de lectura\" \/>\n\t<meta name=\"twitter:data1\" content=\"5 minutos\" \/>\n<script type=\"application\/ld+json\" class=\"yoast-schema-graph\">{\"@context\":\"https:\/\/schema.org\",\"@graph\":[{\"@type\":\"WebPage\",\"@id\":\"https:\/\/www.the-alien-project.com\/es\/politica-de-privacidad\/\",\"url\":\"https:\/\/www.the-alien-project.com\/es\/politica-de-privacidad\/\",\"name\":\"Pol\u00edtica de privacidad - Les momies de Nazca\",\"isPartOf\":{\"@id\":\"https:\/\/www.the-alien-project.com\/es\/#website\"},\"datePublished\":\"2025-08-18T11:48:30+00:00\",\"dateModified\":\"2025-08-31T14:59:43+00:00\",\"breadcrumb\":{\"@id\":\"https:\/\/www.the-alien-project.com\/es\/politica-de-privacidad\/#breadcrumb\"},\"inLanguage\":\"es\",\"potentialAction\":[{\"@type\":\"ReadAction\",\"target\":[\"https:\/\/www.the-alien-project.com\/es\/politica-de-privacidad\/\"]}]},{\"@type\":\"BreadcrumbList\",\"@id\":\"https:\/\/www.the-alien-project.com\/es\/politica-de-privacidad\/#breadcrumb\",\"itemListElement\":[{\"@type\":\"ListItem\",\"position\":1,\"name\":\"Accueil\",\"item\":\"https:\/\/www.the-alien-project.com\/es\/portada\/\"},{\"@type\":\"ListItem\",\"position\":2,\"name\":\"Pol\u00edtica de privacidad\"}]},{\"@type\":\"WebSite\",\"@id\":\"https:\/\/www.the-alien-project.com\/es\/#website\",\"url\":\"https:\/\/www.the-alien-project.com\/es\/\",\"name\":\"Les momies de Nazca\",\"description\":\"\",\"publisher\":{\"@id\":\"https:\/\/www.the-alien-project.com\/es\/#organization\"},\"potentialAction\":[{\"@type\":\"SearchAction\",\"target\":{\"@type\":\"EntryPoint\",\"urlTemplate\":\"https:\/\/www.the-alien-project.com\/es\/?s={search_term_string}\"},\"query-input\":{\"@type\":\"PropertyValueSpecification\",\"valueRequired\":true,\"valueName\":\"search_term_string\"}}],\"inLanguage\":\"es\"},{\"@type\":\"Organization\",\"@id\":\"https:\/\/www.the-alien-project.com\/es\/#organization\",\"name\":\"Les momies de Nazca\",\"url\":\"https:\/\/www.the-alien-project.com\/es\/\",\"logo\":{\"@type\":\"ImageObject\",\"inLanguage\":\"es\",\"@id\":\"https:\/\/www.the-alien-project.com\/es\/#\/schema\/logo\/image\/\",\"url\":\"https:\/\/www.the-alien-project.com\/wp-content\/uploads\/2025\/08\/logo-alien-project-2025.png\",\"contentUrl\":\"https:\/\/www.the-alien-project.com\/wp-content\/uploads\/2025\/08\/logo-alien-project-2025.png\",\"width\":146,\"height\":80,\"caption\":\"Les momies de Nazca\"},\"image\":{\"@id\":\"https:\/\/www.the-alien-project.com\/es\/#\/schema\/logo\/image\/\"},\"sameAs\":[\"https:\/\/www.facebook.com\/AlienProjectPeru\/\"]}]}<\/script>\n<!-- \/ Yoast SEO plugin. -->","yoast_head_json":{"title":"Pol\u00edtica de privacidad - Les momies de Nazca","robots":{"index":"noindex","follow":"nofollow"},"og_locale":"es_ES","og_type":"article","og_title":"Pol\u00edtica de privacidad - Les momies de Nazca","og_description":"Pol\u00edtica de privacidad Datos personales recopilados Les donn\u00e9es personnelles sont collect\u00e9es par INSTITUTO INKARI CUSCO, Pasaje Esmeralda, N\u00b0 172B, Distrito de Santiago \u2013 CUSCO \u2013 PEROU. La seguridad y la confidencialidad son aspectos importantes en este sitio web. Se han implementado medidas t\u00e9cnicas y organizativas para respetar sus derechos en materia de protecci\u00f3n de datos [&hellip;]","og_url":"https:\/\/www.the-alien-project.com\/es\/politica-de-privacidad\/","og_site_name":"Les momies de Nazca","article_publisher":"https:\/\/www.facebook.com\/AlienProjectPeru\/","article_modified_time":"2025-08-31T14:59:43+00:00","twitter_card":"summary_large_image","twitter_misc":{"Tiempo de lectura":"5 minutos"},"schema":{"@context":"https:\/\/schema.org","@graph":[{"@type":"WebPage","@id":"https:\/\/www.the-alien-project.com\/es\/politica-de-privacidad\/","url":"https:\/\/www.the-alien-project.com\/es\/politica-de-privacidad\/","name":"Pol\u00edtica de privacidad - Les momies de Nazca","isPartOf":{"@id":"https:\/\/www.the-alien-project.com\/es\/#website"},"datePublished":"2025-08-18T11:48:30+00:00","dateModified":"2025-08-31T14:59:43+00:00","breadcrumb":{"@id":"https:\/\/www.the-alien-project.com\/es\/politica-de-privacidad\/#breadcrumb"},"inLanguage":"es","potentialAction":[{"@type":"ReadAction","target":["https:\/\/www.the-alien-project.com\/es\/politica-de-privacidad\/"]}]},{"@type":"BreadcrumbList","@id":"https:\/\/www.the-alien-project.com\/es\/politica-de-privacidad\/#breadcrumb","itemListElement":[{"@type":"ListItem","position":1,"name":"Accueil","item":"https:\/\/www.the-alien-project.com\/es\/portada\/"},{"@type":"ListItem","position":2,"name":"Pol\u00edtica de privacidad"}]},{"@type":"WebSite","@id":"https:\/\/www.the-alien-project.com\/es\/#website","url":"https:\/\/www.the-alien-project.com\/es\/","name":"Les momies de Nazca","description":"","publisher":{"@id":"https:\/\/www.the-alien-project.com\/es\/#organization"},"potentialAction":[{"@type":"SearchAction","target":{"@type":"EntryPoint","urlTemplate":"https:\/\/www.the-alien-project.com\/es\/?s={search_term_string}"},"query-input":{"@type":"PropertyValueSpecification","valueRequired":true,"valueName":"search_term_string"}}],"inLanguage":"es"},{"@type":"Organization","@id":"https:\/\/www.the-alien-project.com\/es\/#organization","name":"Les momies de Nazca","url":"https:\/\/www.the-alien-project.com\/es\/","logo":{"@type":"ImageObject","inLanguage":"es","@id":"https:\/\/www.the-alien-project.com\/es\/#\/schema\/logo\/image\/","url":"https:\/\/www.the-alien-project.com\/wp-content\/uploads\/2025\/08\/logo-alien-project-2025.png","contentUrl":"https:\/\/www.the-alien-project.com\/wp-content\/uploads\/2025\/08\/logo-alien-project-2025.png","width":146,"height":80,"caption":"Les momies de Nazca"},"image":{"@id":"https:\/\/www.the-alien-project.com\/es\/#\/schema\/logo\/image\/"},"sameAs":["https:\/\/www.facebook.com\/AlienProjectPeru\/"]}]}},"_links":{"self":[{"href":"https:\/\/www.the-alien-project.com\/es\/wp-json\/wp\/v2\/pages\/3919","targetHints":{"allow":["GET"]}}],"collection":[{"href":"https:\/\/www.the-alien-project.com\/es\/wp-json\/wp\/v2\/pages"}],"about":[{"href":"https:\/\/www.the-alien-project.com\/es\/wp-json\/wp\/v2\/types\/page"}],"author":[{"embeddable":true,"href":"https:\/\/www.the-alien-project.com\/es\/wp-json\/wp\/v2\/users\/1"}],"replies":[{"embeddable":true,"href":"https:\/\/www.the-alien-project.com\/es\/wp-json\/wp\/v2\/comments?post=3919"}],"version-history":[{"count":0,"href":"https:\/\/www.the-alien-project.com\/es\/wp-json\/wp\/v2\/pages\/3919\/revisions"}],"wp:attachment":[{"href":"https:\/\/www.the-alien-project.com\/es\/wp-json\/wp\/v2\/media?parent=3919"}],"curies":[{"name":"wp","href":"https:\/\/api.w.org\/{rel}","templated":true}]}}