{"id":3378,"date":"2025-08-05T17:48:55","date_gmt":"2025-08-05T15:48:55","guid":{"rendered":"https:\/\/www.the-alien-project.com\/chronology\/"},"modified":"2025-12-12T06:41:35","modified_gmt":"2025-12-12T05:41:35","slug":"chronology","status":"publish","type":"page","link":"https:\/\/www.the-alien-project.com\/en\/chronology\/","title":{"rendered":"Chronology"},"content":{"rendered":"<p>[et_pb_section fb_built=&#8221;1&#8243; fullwidth=&#8221;on&#8221; admin_label=&#8221;Hero&#8221; _builder_version=&#8221;4.27.4&#8243; use_background_color_gradient=&#8221;on&#8221; background_color_gradient_stops=&#8221;rgba(75,148,125,0.5) 0%|rgba(41,196,169,0) 100%&#8221; background_image=&#8221;https:\/\/www.the-alien-project.com\/wp-content\/uploads\/2025\/08\/chronologie-visuel.jpg&#8221; custom_padding=&#8221;0px|0|0px|0px|false|false&#8221; collapsed=&#8221;off&#8221; global_colors_info=&#8221;{}&#8221;][et_pb_fullwidth_header title=&#8221;Alien Project: the chronology of events&#8221; text_orientation=&#8221;center&#8221; admin_label=&#8221;Fullwidth Header&#8221; _builder_version=&#8221;4.27.4&#8243; title_font=&#8221;Open Sans Condensed Bold||||||||&#8221; title_text_align=&#8221;left&#8221; title_font_size=&#8221;80px&#8221; title_line_height=&#8221;1.2em&#8221; content_font=&#8221;Open Sans Condensed|700||on|||||&#8221; content_text_align=&#8221;left&#8221; content_font_size=&#8221;22px&#8221; content_line_height=&#8221;1.8em&#8221; background_color=&#8221;rgba(0,0,0,0)&#8221; use_background_color_gradient=&#8221;on&#8221; background_color_gradient_direction=&#8221;140deg&#8221; background_color_gradient_stops=&#8221;rgba(41,17,96,0) 0%|rgba(75,148,125,0.5) 66%&#8221; background_color_gradient_start=&#8221;rgba(0,72,114,0.9)&#8221; background_color_gradient_end=&#8221;rgba(41,17,96,0.8)&#8221; parallax=&#8221;on&#8221; parallax_method=&#8221;on&#8221; custom_button_one=&#8221;on&#8221; button_one_text_size=&#8221;15px&#8221; button_one_bg_color=&#8221;#ffa727&#8243; button_one_border_width=&#8221;15px&#8221; button_one_border_color=&#8221;#ffa727&#8243; button_one_border_radius=&#8221;100px&#8221; button_one_letter_spacing=&#8221;5px&#8221; button_one_font=&#8221;Open Sans|700||on|||||&#8221; custom_margin=&#8221;|||&#8221; custom_padding=&#8221;10vw||9vw||false|false&#8221; custom_padding_tablet=&#8221;100px||100px||true&#8221; custom_padding_phone=&#8221;|||&#8221; custom_padding_last_edited=&#8221;on|desktop&#8221; title_font_size_tablet=&#8221;60px&#8221; title_font_size_phone=&#8221;36px&#8221; title_font_size_last_edited=&#8221;on|phone&#8221; content_font_size_tablet=&#8221;&#8221; content_font_size_phone=&#8221;16px&#8221; content_font_size_last_edited=&#8221;on|phone&#8221; button_one_text_size_tablet=&#8221;&#8221; button_one_text_size_phone=&#8221;&#8221; button_one_text_size_last_edited=&#8221;on|desktop&#8221; button_one_border_color_hover=&#8221;#ff8a3d&#8221; button_one_border_radius_hover=&#8221;100px&#8221; button_one_letter_spacing_hover=&#8221;5px&#8221; button_one_bg_color_hover=&#8221;#ff8a3d&#8221; global_colors_info=&#8221;{}&#8221; button_one_text_size__hover_enabled=&#8221;off&#8221; button_two_text_size__hover_enabled=&#8221;off&#8221; button_one_text_color__hover_enabled=&#8221;off&#8221; button_two_text_color__hover_enabled=&#8221;off&#8221; button_one_border_width__hover_enabled=&#8221;off&#8221; button_two_border_width__hover_enabled=&#8221;off&#8221; button_one_border_color__hover_enabled=&#8221;on&#8221; button_one_border_color__hover=&#8221;#ff8a3d&#8221; button_two_border_color__hover_enabled=&#8221;off&#8221; button_one_border_radius__hover_enabled=&#8221;on&#8221; button_one_border_radius__hover=&#8221;100px&#8221; button_two_border_radius__hover_enabled=&#8221;off&#8221; button_one_letter_spacing__hover_enabled=&#8221;on&#8221; button_one_letter_spacing__hover=&#8221;5px&#8221; button_two_letter_spacing__hover_enabled=&#8221;off&#8221; button_one_bg_color__hover_enabled=&#8221;on&#8221; button_one_bg_color__hover=&#8221;#ff8a3d&#8221; button_two_bg_color__hover_enabled=&#8221;off&#8221;]<\/p>\n<p>This page presents the facts about the Nazca three-fingered mummies case,<br \/>from the most recent to the oldest.<\/p>\n<p>[\/et_pb_fullwidth_header][\/et_pb_section][et_pb_section fb_built=&#8221;1&#8243; use_custom_gutter=&#8221;on&#8221; gutter_width=&#8221;2&#8243; specialty=&#8221;on&#8221; padding_top_1=&#8221;0px&#8221; padding_top_2=&#8221;0px&#8221; padding_bottom_1=&#8221;0px&#8221; padding_bottom_2=&#8221;0px&#8221; padding_top_bottom_link_1=&#8221;true&#8221; padding_top_bottom_link_2=&#8221;true&#8221; disabled_on=&#8221;off|off|off&#8221; admin_label=&#8221;Button Bar&#8221; _builder_version=&#8221;4.27.4&#8243; background_color=&#8221;rgba(255,255,255,0)&#8221; inner_width=&#8221;100%&#8221; inner_max_width=&#8221;100%&#8221; custom_margin=&#8221;-36px||-13px|||&#8221; custom_padding=&#8221;0||8px||false|false&#8221; use_custom_width=&#8221;on&#8221; width_unit=&#8221;off&#8221; custom_width_percent=&#8221;100%&#8221; global_module=&#8221;251&#8243; saved_tabs=&#8221;all&#8221; collapsed=&#8221;off&#8221; global_colors_info=&#8221;{}&#8221;][et_pb_column type=&#8221;1_2&#8243; _builder_version=&#8221;4.16&#8243; custom_padding=&#8221;|||&#8221; global_colors_info=&#8221;{}&#8221; custom_padding__hover=&#8221;|||&#8221;][et_pb_blurb title=&#8221;3D Viewer&#8221; url=&#8221;https:\/\/www.the-alien-project.com\/3DV\/&#8221; url_new_window=&#8221;on&#8221; content_max_width=&#8221;1100px&#8221; content_max_width_last_edited=&#8221;off|desktop&#8221; _builder_version=&#8221;4.27.5&#8243; header_font=&#8221;Open Sans Condensed|500||on|||||&#8221; header_text_color=&#8221;#000000&#8243; header_font_size=&#8221;18px&#8221; header_letter_spacing=&#8221;5px&#8221; header_line_height=&#8221;2em&#8221; body_font=&#8221;Open Sans Condensed||||||||&#8221; background_color=&#8221;#4b947d&#8221; use_background_color_gradient=&#8221;on&#8221; background_color_gradient_direction=&#8221;90deg&#8221; background_color_gradient_stops=&#8221;#ffffff 0%|#4b947d 100%&#8221; background_color_gradient_start=&#8221;#ffffff&#8221; background_color_gradient_end=&#8221;#2573f9&#8243; text_orientation=&#8221;right&#8221; background_layout=&#8221;dark&#8221; custom_margin=&#8221;||2px|||&#8221; custom_padding=&#8221;20px|40px|12px|40px|false|true&#8221; animation_style=&#8221;slide&#8221; animation_direction=&#8221;left&#8221; animation_intensity_slide=&#8221;5%&#8221; border_radii=&#8221;||100px|100px|&#8221; locked=&#8221;off&#8221; global_colors_info=&#8221;{}&#8221;][\/et_pb_blurb][\/et_pb_column][et_pb_column type=&#8221;1_2&#8243; specialty_columns=&#8221;2&#8243; _builder_version=&#8221;4.16&#8243; custom_padding=&#8221;|||&#8221; global_colors_info=&#8221;{}&#8221; custom_padding__hover=&#8221;|||&#8221;][et_pb_row_inner column_structure=&#8221;1_2,1_2&#8243; custom_padding_last_edited=&#8221;on|desktop&#8221; _builder_version=&#8221;4.16&#8243; custom_padding=&#8221;0|25%|0|0px|true|false&#8221; custom_padding_tablet=&#8221;|10%||10%||true&#8221; custom_padding_phone=&#8221;&#8221; global_colors_info=&#8221;{}&#8221;][et_pb_column_inner type=&#8221;1_2&#8243; saved_specialty_column_type=&#8221;1_2&#8243; _builder_version=&#8221;4.16&#8243; custom_padding=&#8221;|||&#8221; global_colors_info=&#8221;{}&#8221; custom_padding__hover=&#8221;|||&#8221;][et_pb_button button_url=&#8221;https:\/\/www.the-alien-project.com\/en\/the-results\/&#8221; button_text=&#8221;The Results&#8221; button_alignment=&#8221;center&#8221; _builder_version=&#8221;4.27.4&#8243; custom_button=&#8221;on&#8221; button_text_size=&#8221;18px&#8221; button_text_color=&#8221;#ffffff&#8221; button_bg_color=&#8221;#6B418D&#8221; button_bg_color_gradient_direction=&#8221;90deg&#8221; button_bg_color_gradient_stops=&#8221;#ffa727 0%|#FF8A3D 100%&#8221; button_bg_color_gradient_start=&#8221;#ffa727&#8243; button_bg_color_gradient_end=&#8221;#FF8A3D&#8221; button_border_width=&#8221;0px&#8221; button_border_radius=&#8221;100px&#8221; button_letter_spacing=&#8221;5px&#8221; button_font=&#8221;Open Sans Condensed|||on|||||&#8221; button_use_icon=&#8221;off&#8221; custom_padding=&#8221;23px|24px|23px|24px|true|true&#8221; animation_style=&#8221;slide&#8221; animation_direction=&#8221;left&#8221; button_border_radius_hover=&#8221;100px&#8221; button_letter_spacing_hover=&#8221;5px&#8221; button_bg_color_hover=&#8221;#3980f9&#8243; locked=&#8221;off&#8221; global_colors_info=&#8221;{}&#8221; button_text_size__hover_enabled=&#8221;off&#8221; button_one_text_size__hover_enabled=&#8221;off&#8221; button_two_text_size__hover_enabled=&#8221;off&#8221; button_text_color__hover_enabled=&#8221;off&#8221; button_one_text_color__hover_enabled=&#8221;off&#8221; button_two_text_color__hover_enabled=&#8221;off&#8221; button_border_width__hover_enabled=&#8221;off&#8221; button_one_border_width__hover_enabled=&#8221;off&#8221; button_two_border_width__hover_enabled=&#8221;off&#8221; button_border_color__hover_enabled=&#8221;off&#8221; button_one_border_color__hover_enabled=&#8221;off&#8221; button_two_border_color__hover_enabled=&#8221;off&#8221; button_border_radius__hover_enabled=&#8221;on&#8221; button_border_radius__hover=&#8221;100px&#8221; button_one_border_radius__hover_enabled=&#8221;off&#8221; button_two_border_radius__hover_enabled=&#8221;off&#8221; button_letter_spacing__hover_enabled=&#8221;on&#8221; button_letter_spacing__hover=&#8221;5px&#8221; button_one_letter_spacing__hover_enabled=&#8221;off&#8221; button_two_letter_spacing__hover_enabled=&#8221;off&#8221; button_bg_color__hover_enabled=&#8221;on&#8221; button_bg_color__hover=&#8221;#3980f9&#8243; button_one_bg_color__hover_enabled=&#8221;off&#8221; button_two_bg_color__hover_enabled=&#8221;off&#8221;][\/et_pb_button][\/et_pb_column_inner][et_pb_column_inner type=&#8221;1_2&#8243; saved_specialty_column_type=&#8221;1_2&#8243; _builder_version=&#8221;4.16&#8243; custom_padding=&#8221;|||&#8221; global_colors_info=&#8221;{}&#8221; custom_padding__hover=&#8221;|||&#8221;][et_pb_button button_url=&#8221;https:\/\/www.the-alien-project.com\/en\/contact\/&#8221; button_text=&#8221;Contact&#8221; button_alignment=&#8221;center&#8221; _builder_version=&#8221;4.27.4&#8243; custom_button=&#8221;on&#8221; button_text_size=&#8221;18px&#8221; button_text_color=&#8221;#ffffff&#8221; button_bg_color=&#8221;#6B418D&#8221; button_bg_color_gradient_direction=&#8221;90deg&#8221; button_bg_color_gradient_stops=&#8221;#ffa727 0%|#FF8A3D 100%&#8221; button_bg_color_gradient_start=&#8221;#ffa727&#8243; button_bg_color_gradient_end=&#8221;#FF8A3D&#8221; button_border_width=&#8221;0px&#8221; button_border_radius=&#8221;100px&#8221; button_letter_spacing=&#8221;5px&#8221; button_font=&#8221;Open Sans Condensed|||on|||||&#8221; button_use_icon=&#8221;off&#8221; custom_padding=&#8221;23px|24px|23px|24px|true|true&#8221; animation_style=&#8221;slide&#8221; animation_direction=&#8221;left&#8221; animation_intensity_slide=&#8221;70%&#8221; button_border_radius_hover=&#8221;100px&#8221; button_letter_spacing_hover=&#8221;5px&#8221; button_bg_color_hover=&#8221;#3980f9&#8243; locked=&#8221;off&#8221; global_colors_info=&#8221;{}&#8221; button_text_size__hover_enabled=&#8221;off&#8221; button_one_text_size__hover_enabled=&#8221;off&#8221; button_two_text_size__hover_enabled=&#8221;off&#8221; button_text_color__hover_enabled=&#8221;off&#8221; button_one_text_color__hover_enabled=&#8221;off&#8221; button_two_text_color__hover_enabled=&#8221;off&#8221; button_border_width__hover_enabled=&#8221;off&#8221; button_one_border_width__hover_enabled=&#8221;off&#8221; button_two_border_width__hover_enabled=&#8221;off&#8221; button_border_color__hover_enabled=&#8221;off&#8221; button_one_border_color__hover_enabled=&#8221;off&#8221; button_two_border_color__hover_enabled=&#8221;off&#8221; button_border_radius__hover_enabled=&#8221;on&#8221; button_border_radius__hover=&#8221;100px&#8221; button_one_border_radius__hover_enabled=&#8221;off&#8221; button_two_border_radius__hover_enabled=&#8221;off&#8221; button_letter_spacing__hover_enabled=&#8221;on&#8221; button_letter_spacing__hover=&#8221;5px&#8221; button_one_letter_spacing__hover_enabled=&#8221;off&#8221; button_two_letter_spacing__hover_enabled=&#8221;off&#8221; button_bg_color__hover_enabled=&#8221;on&#8221; button_bg_color__hover=&#8221;#3980f9&#8243; button_one_bg_color__hover_enabled=&#8221;off&#8221; button_two_bg_color__hover_enabled=&#8221;off&#8221;][\/et_pb_button][\/et_pb_column_inner][\/et_pb_row_inner][\/et_pb_column][\/et_pb_section][et_pb_section fb_built=&#8221;1&#8243; _builder_version=&#8221;4.27.5&#8243; _module_preset=&#8221;default&#8221; custom_margin=&#8221;15px||||false|false&#8221; custom_padding=&#8221;5px|||||&#8221; collapsed=&#8221;off&#8221; global_colors_info=&#8221;{}&#8221;][et_pb_row column_structure=&#8221;1_2,1_2&#8243; admin_label=&#8221;September 2025 Cauda Bifurca&#8221; _builder_version=&#8221;4.27.5&#8243; _module_preset=&#8221;default&#8221; background_color=&#8221;rgba(0,0,0,0.05)&#8221; custom_padding=&#8221;15px|15px|15px|15px|false|false&#8221; border_radii=&#8221;on|10px|10px|10px|10px&#8221; global_colors_info=&#8221;{}&#8221;][et_pb_column type=&#8221;1_2&#8243; _builder_version=&#8221;4.27.5&#8243; _module_preset=&#8221;default&#8221; global_colors_info=&#8221;{}&#8221;][et_pb_text _builder_version=&#8221;4.27.5&#8243; _module_preset=&#8221;default&#8221; global_colors_info=&#8221;{}&#8221;]<\/p>\n<h5>September 2025<\/h5>\n<p>The Inkarri Cusco Institute was able to study two new mummies, <a href=\"https:\/\/www.the-alien-project.com\/en\/sullqa-mummie-of-nasca\/\">Sullqa<\/a> and <a href=\"https:\/\/www.the-alien-project.com\/en\/yachaq-mummie-of-nasca\/\">Yachaq<\/a>, belonging to a new species: <em>Cauda Bifurca Lacerta Nascensis<\/em>.<\/p>\n<p>CT scans were performed.<\/p>\n<p>[\/et_pb_text][\/et_pb_column][et_pb_column type=&#8221;1_2&#8243; _builder_version=&#8221;4.27.5&#8243; _module_preset=&#8221;default&#8221; global_colors_info=&#8221;{}&#8221;][et_pb_video src=&#8221;https:\/\/vimeo.com\/1145336729\/654d71941c&#8221; _builder_version=&#8221;4.27.5&#8243; _module_preset=&#8221;default&#8221; global_colors_info=&#8221;{}&#8221;][\/et_pb_video][\/et_pb_column][\/et_pb_row][et_pb_row column_structure=&#8221;1_2,1_2&#8243; make_equal=&#8221;on&#8221; _builder_version=&#8221;4.27.4&#8243; _module_preset=&#8221;default&#8221; collapsed=&#8221;off&#8221; global_colors_info=&#8221;{}&#8221;][et_pb_column type=&#8221;1_2&#8243; _builder_version=&#8221;4.27.4&#8243; _module_preset=&#8221;default&#8221; background_color=&#8221;rgba(2,0,0,0.05)&#8221; custom_padding=&#8221;15px|15px|15px|15px|false|false&#8221; border_radii=&#8221;on|15px|15px|15px|15px&#8221; global_colors_info=&#8221;{}&#8221;][et_pb_text _builder_version=&#8221;4.27.4&#8243; _module_preset=&#8221;default&#8221; header_3_text_align=&#8221;center&#8221; header_5_text_align=&#8221;center&#8221; global_colors_info=&#8221;{}&#8221;]<\/p>\n<h5>April 9, 2025<\/h5>\n<p>[\/et_pb_text][et_pb_image src=&#8221;https:\/\/www.the-alien-project.com\/wp-content\/uploads\/2025\/08\/65-01-1.jpg&#8221; title_text=&#8221;65 01-1&#8243; _builder_version=&#8221;4.27.4&#8243; _module_preset=&#8221;default&#8221; width=&#8221;33%&#8221; module_alignment=&#8221;center&#8221; animation_style=&#8221;slide&#8221; animation_direction=&#8221;left&#8221; global_colors_info=&#8221;{}&#8221;][\/et_pb_image][et_pb_text _builder_version=&#8221;4.27.4&#8243; _module_preset=&#8221;default&#8221; global_colors_info=&#8221;{}&#8221;]<\/p>\n<p>The Ministry of Culture (DDC Ica) has released the official documents (reports and CT scans) relating to the examination of the mummies \u201cMaria\u201d and \u201cWawita,\u201d carried out on September 13, 2024, at the request of MINCUL. Based on the results of these analyses, a bill is currently being drafted to declare \u201cMaria\u201d and \u2018Wawita\u2019 as \u201cnational heritage of the nation.\u201d <\/p>\n<p>[\/et_pb_text][et_pb_button button_url=&#8221;https:\/\/www.the-alien-project.com\/wp-content\/uploads\/2025\/08\/01-oficio-n-227-gra-ica-essalud-2024-20-11-24.pdf&#8221; url_new_window=&#8221;on&#8221; button_text=&#8221;Doc. No. 1 (in Spanish) &#8221; button_alignment=&#8221;center&#8221; _builder_version=&#8221;4.27.4&#8243; _module_preset=&#8221;default&#8221; animation_style=&#8221;slide&#8221; animation_direction=&#8221;left&#8221; global_colors_info=&#8221;{}&#8221;][\/et_pb_button][et_pb_button button_url=&#8221;https:\/\/www.the-alien-project.com\/wp-content\/uploads\/2025\/08\/02-carta-no-000607-2025-ddc-icamc.pdf&#8221; url_new_window=&#8221;on&#8221; button_text=&#8221;Doc. No. 2 (in Spanish) &#8221; button_alignment=&#8221;center&#8221; _builder_version=&#8221;4.27.4&#8243; _module_preset=&#8221;default&#8221; animation_style=&#8221;slide&#8221; animation_direction=&#8221;right&#8221; global_colors_info=&#8221;{}&#8221;][\/et_pb_button][\/et_pb_column][et_pb_column type=&#8221;1_2&#8243; _builder_version=&#8221;4.27.4&#8243; _module_preset=&#8221;default&#8221; background_color=&#8221;RGBA(75,148,125,0.15)&#8221; custom_padding=&#8221;15px|15px|15px|15px|false|false&#8221; border_radii=&#8221;on|15px|15px|15px|15px&#8221; global_colors_info=&#8221;{}&#8221;][et_pb_text _builder_version=&#8221;4.27.4&#8243; _module_preset=&#8221;default&#8221; header_3_text_align=&#8221;center&#8221; header_5_text_align=&#8221;center&#8221; global_colors_info=&#8221;{}&#8221;]<\/p>\n<h5>March 5\u201315, 2025<\/h5>\n<p>[\/et_pb_text][et_pb_gallery gallery_ids=&#8221;3345,3346,3347,3348&#8243; fullwidth=&#8221;on&#8221; _builder_version=&#8221;4.27.4&#8243; _module_preset=&#8221;default&#8221; animation_style=&#8221;slide&#8221; animation_direction=&#8221;right&#8221; animation_delay=&#8221;250ms&#8221; global_colors_info=&#8221;{}&#8221;][\/et_pb_gallery][et_pb_text _builder_version=&#8221;4.27.4&#8243; _module_preset=&#8221;default&#8221; global_colors_info=&#8221;{}&#8221;]<\/p>\n<p>A team of researchers from a North American university visits the Inkarri Institute to examine the case of the non-human mummies of Nasca. A publication in a renowned scientific journal is planned for 2025&#8230; <\/p>\n<p>[\/et_pb_text][\/et_pb_column][\/et_pb_row][et_pb_row column_structure=&#8221;1_2,1_2&#8243; make_equal=&#8221;on&#8221; _builder_version=&#8221;4.27.4&#8243; _module_preset=&#8221;default&#8221; collapsed=&#8221;on&#8221; global_colors_info=&#8221;{}&#8221;][et_pb_column type=&#8221;1_2&#8243; _builder_version=&#8221;4.27.4&#8243; _module_preset=&#8221;default&#8221; background_enable_color=&#8221;off&#8221; custom_padding=&#8221;15px|15px|15px|15px|false|false&#8221; border_radii=&#8221;on|15px|15px|15px|15px&#8221; global_colors_info=&#8221;{}&#8221;][et_pb_text _builder_version=&#8221;4.27.4&#8243; _module_preset=&#8221;default&#8221; header_3_text_align=&#8221;center&#8221; header_5_text_align=&#8221;center&#8221; global_colors_info=&#8221;{}&#8221;]<\/p>\n<h5>February 21, 2025<\/h5>\n<p>[\/et_pb_text][et_pb_image src=&#8221;https:\/\/www.the-alien-project.com\/wp-content\/uploads\/2025\/08\/63-2025-02-21-DAILY-MAIL.jpg&#8221; title_text=&#8221;63 2025-02-21-DAILY-MAIL&#8221; _builder_version=&#8221;4.27.4&#8243; _module_preset=&#8221;default&#8221; width=&#8221;50%&#8221; module_alignment=&#8221;center&#8221; animation_style=&#8221;slide&#8221; animation_direction=&#8221;left&#8221; global_colors_info=&#8221;{}&#8221;][\/et_pb_image][et_pb_text _builder_version=&#8221;4.27.4&#8243; _module_preset=&#8221;default&#8221; global_colors_info=&#8221;{}&#8221;]<\/p>\n<p>The British newspaper Daily Mail in London reports on analyses carried out several weeks ago by Jes\u00fas Salce and Ricardo Rangel on a small mummy named \u201cAntonio.\u201d They reportedly found traces of ancient dental work on several teeth. Small cavities caused by tooth decay were treated and then filled with a paste composed of various elements, including mercury, silver, copper, and tin.  <\/p>\n<p>[\/et_pb_text][et_pb_button button_url=&#8221;https:\/\/www.dailymail.co.uk\/sciencetech\/article-14418841\/Scientists-studying-alien-mummies-Peru-probing-mouths.html&#8221; url_new_window=&#8221;on&#8221; button_text=&#8221;Article in English&#8221; button_alignment=&#8221;center&#8221; _builder_version=&#8221;4.27.4&#8243; _module_preset=&#8221;default&#8221; animation_style=&#8221;slide&#8221; animation_direction=&#8221;left&#8221; global_colors_info=&#8221;{}&#8221;][\/et_pb_button][\/et_pb_column][et_pb_column type=&#8221;1_2&#8243; _builder_version=&#8221;4.27.4&#8243; _module_preset=&#8221;default&#8221; background_color=&#8221;#000000&#8243; custom_padding=&#8221;15px|15px|15px|15px|false|false&#8221; border_radii=&#8221;on|15px|15px|15px|15px&#8221; global_colors_info=&#8221;{}&#8221;][et_pb_text _builder_version=&#8221;4.27.4&#8243; _module_preset=&#8221;default&#8221; header_3_text_align=&#8221;center&#8221; header_5_text_align=&#8221;center&#8221; header_5_text_color=&#8221;#FFFFFF&#8221; global_colors_info=&#8221;{}&#8221;]<\/p>\n<h5>December 8, 2024<\/h5>\n<p>[\/et_pb_text][et_pb_video src=&#8221;https:\/\/vimeo.com\/1075572890\/e47e248055&#8243; _builder_version=&#8221;4.27.4&#8243; _module_preset=&#8221;default&#8221; animation_style=&#8221;slide&#8221; animation_direction=&#8221;right&#8221; animation_delay=&#8221;250ms&#8221; global_colors_info=&#8221;{}&#8221;][\/et_pb_video][et_pb_text _builder_version=&#8221;4.27.4&#8243; _module_preset=&#8221;default&#8221; text_text_color=&#8221;#FFFFFF&#8221; global_colors_info=&#8221;{}&#8221;]<\/p>\n<p><strong>Death of Dr. Edgar Hern\u00e1ndez Huaripaucar<\/strong><br \/>Professor at the San Luis Gonzaga National University of Ica (UNICA). A member of the commission tasked with studying the non-human mummies of Nasca, he notably focused his research on the mummy known as &#8220;Maria.&#8221;<\/p>\n<p>[\/et_pb_text][\/et_pb_column][\/et_pb_row][et_pb_row column_structure=&#8221;1_2,1_2&#8243; make_equal=&#8221;on&#8221; _builder_version=&#8221;4.27.4&#8243; _module_preset=&#8221;default&#8221; global_colors_info=&#8221;{}&#8221;][et_pb_column type=&#8221;1_2&#8243; _builder_version=&#8221;4.27.4&#8243; _module_preset=&#8221;default&#8221; background_color=&#8221;RGBA(75,148,125,0.15)&#8221; custom_padding=&#8221;15px|15px|15px|15px|false|false&#8221; border_radii=&#8221;on|15px|15px|15px|15px&#8221; global_colors_info=&#8221;{}&#8221;][et_pb_text _builder_version=&#8221;4.27.4&#8243; _module_preset=&#8221;default&#8221; header_3_text_align=&#8221;center&#8221; header_5_text_align=&#8221;center&#8221; global_colors_info=&#8221;{}&#8221;]<\/p>\n<h5>November 25, 2024<\/h5>\n<p>[\/et_pb_text][et_pb_gallery gallery_ids=&#8221;3349&#8243; fullwidth=&#8221;on&#8221; _builder_version=&#8221;4.27.4&#8243; _module_preset=&#8221;default&#8221; width=&#8221;50%&#8221; module_alignment=&#8221;center&#8221; animation_style=&#8221;slide&#8221; animation_direction=&#8221;top&#8221; global_colors_info=&#8221;{}&#8221;][\/et_pb_gallery][et_pb_text _builder_version=&#8221;4.27.4&#8243; _module_preset=&#8221;default&#8221; global_colors_info=&#8221;{}&#8221;]<\/p>\n<p>In an official statement, the Inkarri Cusco Institute declared that it no longer supports the highly questionable manner in which Mexican journalist Jaime Maussan is handling the subject of the non-human mummies of Nasca. It demands that the seven mummies held by Maussan be handed over in their entirety to a Peruvian institution (university, museum, or Ministry of Culture). It reiterates the illegal nature of such trafficking and declares its opposition to the clandestine removal of Peruvian mummies. If this does not happen, the Inkarri Institute calls on the Peruvian authorities to take responsibility and intervene.   <\/p>\n<p>[\/et_pb_text][\/et_pb_column][et_pb_column type=&#8221;1_2&#8243; _builder_version=&#8221;4.27.4&#8243; _module_preset=&#8221;default&#8221; background_color=&#8221;#FFFFFF&#8221; custom_padding=&#8221;15px|15px|15px|15px|false|false&#8221; border_radii=&#8221;on|15px|15px|15px|15px&#8221; global_colors_info=&#8221;{}&#8221;][et_pb_text _builder_version=&#8221;4.27.4&#8243; _module_preset=&#8221;default&#8221; header_3_text_align=&#8221;center&#8221; header_5_text_align=&#8221;center&#8221; global_colors_info=&#8221;{}&#8221;]<\/p>\n<h5>November 20, 2024<\/h5>\n<p>[\/et_pb_text][et_pb_video src=&#8221;https:\/\/vimeo.com\/1066353058\/c929d6c998&#8243; _builder_version=&#8221;4.27.4&#8243; _module_preset=&#8221;default&#8221; animation_style=&#8221;slide&#8221; animation_direction=&#8221;right&#8221; animation_delay=&#8221;250ms&#8221; global_colors_info=&#8221;{}&#8221;][\/et_pb_video][et_pb_text _builder_version=&#8221;4.27.4&#8243; _module_preset=&#8221;default&#8221; global_colors_info=&#8221;{}&#8221;]<\/p>\n<p><strong>FERNANDO<\/strong><br \/>Appearance of a new hybrid mummy, male, named Fernando.<\/p>\n<p>[\/et_pb_text][et_pb_button button_url=&#8221;https:\/\/www.the-alien-project.com\/en\/fernando\/&#8221; button_text=&#8221;Learn more about Fernando&#8221; button_alignment=&#8221;center&#8221; _builder_version=&#8221;4.27.4&#8243; _module_preset=&#8221;default&#8221; animation_style=&#8221;slide&#8221; animation_direction=&#8221;left&#8221; animation_delay=&#8221;500ms&#8221; global_colors_info=&#8221;{}&#8221;][\/et_pb_button][\/et_pb_column][\/et_pb_row][et_pb_row column_structure=&#8221;1_3,1_3,1_3&#8243; _builder_version=&#8221;4.27.5&#8243; _module_preset=&#8221;default&#8221; hover_enabled=&#8221;0&#8243; global_colors_info=&#8221;{}&#8221; sticky_enabled=&#8221;0&#8243;][et_pb_column type=&#8221;1_3&#8243; _builder_version=&#8221;4.27.4&#8243; _module_preset=&#8221;default&#8221; global_colors_info=&#8221;{}&#8221;][et_pb_text _builder_version=&#8221;4.27.4&#8243; _module_preset=&#8221;default&#8221; header_3_text_align=&#8221;center&#8221; header_5_text_align=&#8221;center&#8221; header_5_font_size=&#8221;35px&#8221; global_colors_info=&#8221;{}&#8221;]<\/p>\n<h5>November 17, 2024<\/h5>\n<p>[\/et_pb_text][et_pb_video src=&#8221;https:\/\/vimeo.com\/1066353376\/d5b47f4fca&#8221; _builder_version=&#8221;4.27.4&#8243; _module_preset=&#8221;default&#8221; animation_style=&#8221;slide&#8221; animation_direction=&#8221;left&#8221; animation_delay=&#8221;250ms&#8221; global_colors_info=&#8221;{}&#8221;][\/et_pb_video][et_pb_text _builder_version=&#8221;4.27.4&#8243; _module_preset=&#8221;default&#8221; global_colors_info=&#8221;{}&#8221;]<\/p>\n<p><strong>PALOMA<\/strong><br \/>Appearance of a new hybrid mummy, female, named \u201cPaloma.\u201d<\/p>\n<p>[\/et_pb_text][et_pb_button button_url=&#8221;https:\/\/www.the-alien-project.com\/en\/paloma\/&#8221; button_text=&#8221;Learn more about Paloma&#8221; button_alignment=&#8221;center&#8221; _builder_version=&#8221;4.27.4&#8243; _module_preset=&#8221;default&#8221; animation_style=&#8221;slide&#8221; animation_direction=&#8221;left&#8221; animation_delay=&#8221;750ms&#8221; global_colors_info=&#8221;{}&#8221;][\/et_pb_button][\/et_pb_column][et_pb_column type=&#8221;1_3&#8243; _builder_version=&#8221;4.27.4&#8243; _module_preset=&#8221;default&#8221; global_colors_info=&#8221;{}&#8221;][et_pb_text _builder_version=&#8221;4.27.4&#8243; _module_preset=&#8221;default&#8221; header_3_text_align=&#8221;center&#8221; header_5_text_align=&#8221;center&#8221; header_5_font_size=&#8221;35px&#8221; global_colors_info=&#8221;{}&#8221;]<\/p>\n<h5>November 9, 2024<\/h5>\n<p>[\/et_pb_text][et_pb_video src=&#8221;https:\/\/www.youtube.com\/watch?v=bP2ljGRxKis&#8221; _builder_version=&#8221;4.27.4&#8243; _module_preset=&#8221;default&#8221; animation_style=&#8221;slide&#8221; animation_delay=&#8221;250ms&#8221; global_colors_info=&#8221;{}&#8221;][\/et_pb_video][et_pb_text _builder_version=&#8221;4.27.4&#8243; _module_preset=&#8221;default&#8221; global_colors_info=&#8221;{}&#8221;]<\/p>\n<p><strong>Public hearing in Lima<\/strong><br \/>Second public hearing at the Congress of the Republic of Peru, initiated by the Congress&#8217;s \u201cCulture and Cultural Heritage Committee.\u201d<\/p>\n<p>[\/et_pb_text][\/et_pb_column][et_pb_column type=&#8221;1_3&#8243; _builder_version=&#8221;4.27.5&#8243; _module_preset=&#8221;default&#8221; hover_enabled=&#8221;0&#8243; global_colors_info=&#8221;{}&#8221; background_color=&#8221;#000000&#8243; custom_padding=&#8221;10px|10px|10px|10px|false|false&#8221; border_radii=&#8221;on|10px|10px|10px|10px&#8221; sticky_enabled=&#8221;0&#8243;][et_pb_text _builder_version=&#8221;4.27.4&#8243; _module_preset=&#8221;default&#8221; header_3_text_align=&#8221;center&#8221; header_5_text_align=&#8221;center&#8221; header_5_font_size=&#8221;35px&#8221; global_colors_info=&#8221;{}&#8221;]<\/p>\n<h5>November 4, 2024<\/h5>\n<p>[\/et_pb_text][et_pb_video src=&#8221;https:\/\/vimeo.com\/1075579180\/5725da4fd8&#8243; _builder_version=&#8221;4.27.4&#8243; _module_preset=&#8221;default&#8221; width=&#8221;50%&#8221; module_alignment=&#8221;center&#8221; animation_style=&#8221;slide&#8221; animation_direction=&#8221;bottom&#8221; animation_delay=&#8221;500ms&#8221; global_colors_info=&#8221;{}&#8221;][\/et_pb_video][et_pb_text _builder_version=&#8221;4.27.5&#8243; _module_preset=&#8221;default&#8221; hover_enabled=&#8221;0&#8243; global_colors_info=&#8221;{}&#8221; text_text_color=&#8221;#FFFFFF&#8221; sticky_enabled=&#8221;0&#8243;]<\/p>\n<p>In a TikTok video, Mexican journalist Jaime Maussan, accompanied by Peruvian journalist Jois Mantilla from Lima, claims to have seven hybrid mummies in his possession and wants to transfer them (illegally!) to the United States.<\/p>\n<p>[\/et_pb_text][\/et_pb_column][\/et_pb_row][et_pb_row column_structure=&#8221;1_2,1_2&#8243; _builder_version=&#8221;4.27.4&#8243; _module_preset=&#8221;default&#8221; global_colors_info=&#8221;{}&#8221;][et_pb_column type=&#8221;1_2&#8243; _builder_version=&#8221;4.27.4&#8243; _module_preset=&#8221;default&#8221; background_color=&#8221;rgba(0,0,0,0.05)&#8221; custom_padding=&#8221;10px|10px|10px|10px|false|false&#8221; border_radii=&#8221;on|15px|15px|15px|15px&#8221; global_colors_info=&#8221;{}&#8221;][et_pb_text _builder_version=&#8221;4.27.4&#8243; _module_preset=&#8221;default&#8221; header_3_text_align=&#8221;center&#8221; header_5_text_align=&#8221;center&#8221; header_5_font_size=&#8221;35px&#8221; global_colors_info=&#8221;{}&#8221;]<\/p>\n<h5>September 13, 2024<\/h5>\n<p>[\/et_pb_text][et_pb_video src=&#8221;https:\/\/vimeo.com\/1075743594\/3c2d922456&#8243; _builder_version=&#8221;4.27.4&#8243; _module_preset=&#8221;default&#8221; animation_style=&#8221;slide&#8221; animation_direction=&#8221;left&#8221; global_colors_info=&#8221;{}&#8221;][\/et_pb_video][et_pb_text _builder_version=&#8221;4.27.4&#8243; _module_preset=&#8221;default&#8221; global_colors_info=&#8221;{}&#8221;]<\/p>\n<p>For the first time, the Peruvian Ministry of Culture (DDC Ica) is conducting CT scans of the mummies \u201cMaria\u201d and \u201cWawita\u201d at the Augusto Hern\u00e1ndez Hospital in Ica.<\/p>\n<p>[\/et_pb_text][\/et_pb_column][et_pb_column type=&#8221;1_2&#8243; _builder_version=&#8221;4.27.4&#8243; _module_preset=&#8221;default&#8221; background_color=&#8221;#000000&#8243; custom_padding=&#8221;10px|10px|10px|10px|false|false&#8221; border_radii=&#8221;on|15px|15px|15px|15px&#8221; global_colors_info=&#8221;{}&#8221;][et_pb_text _builder_version=&#8221;4.27.4&#8243; _module_preset=&#8221;default&#8221; header_3_text_align=&#8221;center&#8221; header_3_text_color=&#8221;#FFFFFF&#8221; header_5_text_align=&#8221;center&#8221; header_5_text_color=&#8221;#FFFFFF&#8221; header_5_font_size=&#8221;35px&#8221; global_colors_info=&#8221;{}&#8221;]<\/p>\n<h5>August 21, 2024<\/h5>\n<p>[\/et_pb_text][et_pb_video src=&#8221;https:\/\/vimeo.com\/1075573600\/837c8fc9b4&#8243; _builder_version=&#8221;4.27.4&#8243; _module_preset=&#8221;default&#8221; animation_style=&#8221;slide&#8221; animation_direction=&#8221;right&#8221; animation_delay=&#8221;250ms&#8221; global_colors_info=&#8221;{}&#8221;][\/et_pb_video][et_pb_text _builder_version=&#8221;4.27.4&#8243; _module_preset=&#8221;default&#8221; text_text_color=&#8221;#FFFFFF&#8221; global_colors_info=&#8221;{}&#8221;]<\/p>\n<p><strong>Death of Dr. Raymundo Salas Alfaro.<\/strong><br \/>A member of the Inkarri team, he was the radiologist who performed the very first CT scans of &#8220;Albert,&#8221; &#8220;Josefina,&#8221; &#8220;Victoria,&#8221; &#8220;Maria,&#8221; and &#8220;Wawita.&#8221;<\/p>\n<p>[\/et_pb_text][\/et_pb_column][\/et_pb_row][et_pb_row column_structure=&#8221;1_3,1_3,1_3&#8243; _builder_version=&#8221;4.27.4&#8243; _module_preset=&#8221;default&#8221; custom_padding=&#8221;1px|||||&#8221; global_colors_info=&#8221;{}&#8221;][et_pb_column type=&#8221;1_3&#8243; _builder_version=&#8221;4.27.4&#8243; _module_preset=&#8221;default&#8221; custom_padding=&#8221;10px||||false|false&#8221; global_colors_info=&#8221;{}&#8221;][et_pb_text _builder_version=&#8221;4.27.4&#8243; _module_preset=&#8221;default&#8221; header_3_text_align=&#8221;center&#8221; header_5_text_align=&#8221;center&#8221; header_5_font_size=&#8221;35px&#8221; global_colors_info=&#8221;{}&#8221;]<\/p>\n<h5>April 4, 2024<\/h5>\n<p>[\/et_pb_text][et_pb_gallery gallery_ids=&#8221;3350&#8243; fullwidth=&#8221;on&#8221; _builder_version=&#8221;4.27.4&#8243; _module_preset=&#8221;default&#8221; animation_style=&#8221;slide&#8221; animation_direction=&#8221;left&#8221; global_colors_info=&#8221;{}&#8221;][\/et_pb_gallery][et_pb_text _builder_version=&#8221;4.27.4&#8243; _module_preset=&#8221;default&#8221; global_colors_info=&#8221;{}&#8221;]<\/p>\n<p><strong>Presentation in Lima of the Montserrat mummy discovered by Mario in the Nazca desert in early 2024.<\/strong><br \/>Although smaller than Maria, she appears to be of the same species. She contains 10 metal implants and a fetus named Rafael. <\/p>\n<p>[\/et_pb_text][et_pb_button button_url=&#8221;https:\/\/www.the-alien-project.com\/en\/montserrat-rafael\/&#8221; button_text=&#8221;Learn more about Montserrat&#8221; button_alignment=&#8221;center&#8221; _builder_version=&#8221;4.27.4&#8243; _module_preset=&#8221;default&#8221; animation_style=&#8221;slide&#8221; animation_direction=&#8221;left&#8221; global_colors_info=&#8221;{}&#8221;][\/et_pb_button][\/et_pb_column][et_pb_column type=&#8221;1_3&#8243; _builder_version=&#8221;4.27.4&#8243; _module_preset=&#8221;default&#8221; background_color=&#8221;rgba(75,148,125,0.15)&#8221; custom_padding=&#8221;10px|10px|10px|10px|false|false&#8221; border_radii=&#8221;on|25px|25px|25px|25px&#8221; global_colors_info=&#8221;{}&#8221;][et_pb_text _builder_version=&#8221;4.27.4&#8243; _module_preset=&#8221;default&#8221; header_3_text_align=&#8221;center&#8221; header_5_text_align=&#8221;center&#8221; header_5_font_size=&#8221;35px&#8221; global_colors_info=&#8221;{}&#8221;]<\/p>\n<h5>November 14, 2023<\/h5>\n<p>[\/et_pb_text][et_pb_gallery gallery_ids=&#8221;3351&#8243; fullwidth=&#8221;on&#8221; _builder_version=&#8221;4.27.4&#8243; _module_preset=&#8221;default&#8221; animation_style=&#8221;slide&#8221; animation_delay=&#8221;250ms&#8221; global_colors_info=&#8221;{}&#8221;][\/et_pb_gallery][et_pb_text _builder_version=&#8221;4.27.4&#8243; _module_preset=&#8221;default&#8221; global_colors_info=&#8221;{}&#8221;]<\/p>\n<p>Thierry Jamin appeared on a program on NureaTV to discuss the second hearing, which was devoted almost exclusively to the results of research on the Nazca mummies at the Congress of the Republic of Mexico.<\/p>\n<p>[\/et_pb_text][et_pb_button button_url=&#8221;https:\/\/www.youtube.com\/watch?v=cYeYczzIKgY&#8221; url_new_window=&#8221;on&#8221; button_text=&#8221;Watch the program with Thierry Jamin (in French)&#8221; button_alignment=&#8221;center&#8221; _builder_version=&#8221;4.27.4&#8243; _module_preset=&#8221;default&#8221; animation_style=&#8221;slide&#8221; animation_delay=&#8221;250ms&#8221; global_colors_info=&#8221;{}&#8221;][\/et_pb_button][\/et_pb_column][et_pb_column type=&#8221;1_3&#8243; _builder_version=&#8221;4.27.4&#8243; _module_preset=&#8221;default&#8221; custom_padding=&#8221;10px||||false|false&#8221; global_colors_info=&#8221;{}&#8221;][et_pb_text _builder_version=&#8221;4.27.4&#8243; _module_preset=&#8221;default&#8221; header_3_text_align=&#8221;center&#8221; header_5_text_align=&#8221;center&#8221; header_5_font_size=&#8221;35px&#8221; global_colors_info=&#8221;{}&#8221;]<\/p>\n<h5>November 7, 2023<\/h5>\n<p>[\/et_pb_text][et_pb_gallery gallery_ids=&#8221;3352&#8243; fullwidth=&#8221;on&#8221; _builder_version=&#8221;4.27.4&#8243; _module_preset=&#8221;default&#8221; animation_style=&#8221;slide&#8221; animation_direction=&#8221;right&#8221; animation_delay=&#8221;500ms&#8221; global_colors_info=&#8221;{}&#8221;][\/et_pb_gallery][et_pb_text _builder_version=&#8221;4.27.4&#8243; _module_preset=&#8221;default&#8221; global_colors_info=&#8221;{}&#8221;]<\/p>\n<p><strong>Second hearing at the Congress of the Republic of Mexico largely devoted to the \u201cMummies of Nazca.\u201d<\/strong><br \/>UNICA has released its preliminary report confirming the authenticity of these desiccated bodies. The report is signed by 11 experts who participated in the research. <\/p>\n<p>[\/et_pb_text][et_pb_button button_url=&#8221;https:\/\/www.youtube.com\/watch?v=XHyMlkm7Njo&#8221; url_new_window=&#8221;on&#8221; button_text=&#8221;See the hearing (in English)&#8221; button_alignment=&#8221;center&#8221; _builder_version=&#8221;4.27.4&#8243; _module_preset=&#8221;default&#8221; animation_style=&#8221;slide&#8221; animation_direction=&#8221;right&#8221; animation_delay=&#8221;500ms&#8221; global_colors_info=&#8221;{}&#8221;][\/et_pb_button][et_pb_button button_url=&#8221;https:\/\/www.youtube.com\/watch?v=3ZsT18dO0mg&#8221; url_new_window=&#8221;on&#8221; button_text=&#8221;Watch the hearing (in Spanish)&#8221; button_alignment=&#8221;center&#8221; _builder_version=&#8221;4.27.4&#8243; _module_preset=&#8221;default&#8221; animation_style=&#8221;slide&#8221; animation_direction=&#8221;right&#8221; animation_delay=&#8221;750ms&#8221; global_colors_info=&#8221;{}&#8221;][\/et_pb_button][\/et_pb_column][\/et_pb_row][et_pb_row column_structure=&#8221;1_3,1_3,1_3&#8243; _builder_version=&#8221;4.27.4&#8243; _module_preset=&#8221;default&#8221; custom_padding=&#8221;1px|||||&#8221; global_colors_info=&#8221;{}&#8221;][et_pb_column type=&#8221;1_3&#8243; _builder_version=&#8221;4.27.4&#8243; _module_preset=&#8221;default&#8221; background_color=&#8221;rgba(0,0,0,0.05)&#8221; custom_padding=&#8221;10px|10px|10px|10px|false|false&#8221; border_radii=&#8221;on|25px|25px|25px|25px&#8221; global_colors_info=&#8221;{}&#8221;][et_pb_text _builder_version=&#8221;4.27.4&#8243; _module_preset=&#8221;default&#8221; header_3_text_align=&#8221;center&#8221; header_5_text_align=&#8221;center&#8221; header_5_font_size=&#8221;35px&#8221; global_colors_info=&#8221;{}&#8221;]<\/p>\n<h5>October 11, 2023<\/h5>\n<p>[\/et_pb_text][et_pb_gallery gallery_ids=&#8221;3353&#8243; fullwidth=&#8221;on&#8221; _builder_version=&#8221;4.27.4&#8243; _module_preset=&#8221;default&#8221; animation_style=&#8221;slide&#8221; animation_direction=&#8221;left&#8221; global_colors_info=&#8221;{}&#8221;][\/et_pb_gallery][et_pb_text _builder_version=&#8221;4.27.4&#8243; _module_preset=&#8221;default&#8221; global_colors_info=&#8221;{}&#8221;]<\/p>\n<p>Officials from Peru&#8217;s Ministry of Culture arrived with the prosecutor for the sixth attempt to seize the mummies, but they were unsuccessful because they did not have permission to enter. They went to the Rector&#8217;s Office to speak with the rector, but he was busy and they were referred to a legal advisor. The officials were contacted by the local press and refused to give explanations, despite the insistence of their colleagues.  <\/p>\n<p>[\/et_pb_text][et_pb_button button_url=&#8221;https:\/\/fb.watch\/nCFGk7ZJXW\/&#8221; url_new_window=&#8221;on&#8221; button_text=&#8221;Watch the video&#8221; button_alignment=&#8221;center&#8221; disabled_on=&#8221;on|on|on&#8221; _builder_version=&#8221;4.27.4&#8243; _module_preset=&#8221;default&#8221; animation_style=&#8221;slide&#8221; animation_direction=&#8221;left&#8221; disabled=&#8221;on&#8221; global_colors_info=&#8221;{}&#8221;][\/et_pb_button][\/et_pb_column][et_pb_column type=&#8221;1_3&#8243; _builder_version=&#8221;4.27.4&#8243; _module_preset=&#8221;default&#8221; custom_padding=&#8221;10px||10px||true|false&#8221; global_colors_info=&#8221;{}&#8221;][et_pb_text _builder_version=&#8221;4.27.4&#8243; _module_preset=&#8221;default&#8221; header_3_text_align=&#8221;center&#8221; header_5_text_align=&#8221;center&#8221; header_5_font_size=&#8221;35px&#8221; global_colors_info=&#8221;{}&#8221;]<\/p>\n<h5>September 13, 2023<\/h5>\n<p>[\/et_pb_text][et_pb_gallery gallery_ids=&#8221;3354&#8243; fullwidth=&#8221;on&#8221; _builder_version=&#8221;4.27.4&#8243; _module_preset=&#8221;default&#8221; animation_style=&#8221;slide&#8221; animation_delay=&#8221;250ms&#8221; global_colors_info=&#8221;{}&#8221;][\/et_pb_gallery][et_pb_text _builder_version=&#8221;4.27.4&#8243; _module_preset=&#8221;default&#8221; global_colors_info=&#8221;{}&#8221;]<\/p>\n<p>In a hospital in Mexico City, X-rays and scans are performed live. The team of specialists present confirm the authenticity of the two specimens. <\/p>\n<p>[\/et_pb_text][et_pb_button button_url=&#8221;https:\/\/www.youtube.com\/live\/Eief8UMIwZI?feature=shared&#8221; url_new_window=&#8221;on&#8221; button_text=&#8221;Watch the video (in Spanish)&#8221; button_alignment=&#8221;center&#8221; _builder_version=&#8221;4.27.4&#8243; _module_preset=&#8221;default&#8221; animation_style=&#8221;slide&#8221; animation_delay=&#8221;250ms&#8221; global_colors_info=&#8221;{}&#8221;][\/et_pb_button][\/et_pb_column][et_pb_column type=&#8221;1_3&#8243; _builder_version=&#8221;4.27.4&#8243; _module_preset=&#8221;default&#8221; custom_padding=&#8221;10px||10px||true|false&#8221; global_colors_info=&#8221;{}&#8221;][et_pb_text _builder_version=&#8221;4.27.4&#8243; _module_preset=&#8221;default&#8221; header_3_text_align=&#8221;center&#8221; header_5_text_align=&#8221;center&#8221; header_5_font_size=&#8221;35px&#8221; global_colors_info=&#8221;{}&#8221;]<\/p>\n<h5>September 12, 2023<\/h5>\n<p>[\/et_pb_text][et_pb_gallery gallery_ids=&#8221;3355&#8243; fullwidth=&#8221;on&#8221; _builder_version=&#8221;4.27.4&#8243; _module_preset=&#8221;default&#8221; animation_style=&#8221;slide&#8221; animation_direction=&#8221;right&#8221; animation_delay=&#8221;500ms&#8221; global_colors_info=&#8221;{}&#8221;][\/et_pb_gallery][et_pb_text _builder_version=&#8221;4.27.4&#8243; _module_preset=&#8221;default&#8221; global_colors_info=&#8221;{}&#8221;]<\/p>\n<p>Jaime Maussan and Tercer Milenio present the Nazca case to the Congress of the Republic of Mexico and exhibit two reptilian humanoid specimens. This presentation has a global impact. For the first time, the Nazca mummies case is covered by mainstream media.  <\/p>\n<p>[\/et_pb_text][et_pb_button button_url=&#8221;https:\/\/www.youtube.com\/watch?v=tu7Y0e_9HWU&#8221; url_new_window=&#8221;on&#8221; button_text=&#8221;Watch the video (in Spanish)&#8221; button_alignment=&#8221;center&#8221; _builder_version=&#8221;4.27.4&#8243; _module_preset=&#8221;default&#8221; animation_style=&#8221;slide&#8221; animation_direction=&#8221;right&#8221; animation_delay=&#8221;500ms&#8221; global_colors_info=&#8221;{}&#8221;][\/et_pb_button][\/et_pb_column][\/et_pb_row][et_pb_row column_structure=&#8221;1_2,1_2&#8243; _builder_version=&#8221;4.27.4&#8243; _module_preset=&#8221;default&#8221; global_colors_info=&#8221;{}&#8221;][et_pb_column type=&#8221;1_2&#8243; _builder_version=&#8221;4.27.4&#8243; _module_preset=&#8221;default&#8221; background_color=&#8221;rgba(0,0,0,0.05)&#8221; custom_padding=&#8221;10px|10px|10px|10px|false|false&#8221; border_radii=&#8221;on|15px|15px|15px|15px&#8221; global_colors_info=&#8221;{}&#8221;][et_pb_text _builder_version=&#8221;4.27.4&#8243; _module_preset=&#8221;default&#8221; header_3_text_align=&#8221;center&#8221; header_5_text_align=&#8221;center&#8221; header_5_font_size=&#8221;35px&#8221; global_colors_info=&#8221;{}&#8221;]<\/p>\n<h5>July 26, 2023<\/h5>\n<p>[\/et_pb_text][et_pb_gallery gallery_ids=&#8221;3356&#8243; fullwidth=&#8221;on&#8221; _builder_version=&#8221;4.27.4&#8243; _module_preset=&#8221;default&#8221; animation_style=&#8221;slide&#8221; animation_direction=&#8221;left&#8221; global_colors_info=&#8221;{}&#8221;][\/et_pb_gallery][et_pb_text _builder_version=&#8221;4.27.4&#8243; _module_preset=&#8221;default&#8221; global_colors_info=&#8221;{}&#8221;]<\/p>\n<p>For the first time, Peru&#8217;s Ministry of Culture has asked the Ica Cultural Directorate to carry out X-rays of the various mummies held at the University of Ica.<\/p>\n<p>[\/et_pb_text][\/et_pb_column][et_pb_column type=&#8221;1_2&#8243; _builder_version=&#8221;4.27.4&#8243; _module_preset=&#8221;default&#8221; background_color=&#8221;rgba(0,0,0,0.05)&#8221; custom_padding=&#8221;10px|10px|10px|10px|false|false&#8221; border_radii=&#8221;on|15px|15px|15px|15px&#8221; global_colors_info=&#8221;{}&#8221;][et_pb_text _builder_version=&#8221;4.27.4&#8243; _module_preset=&#8221;default&#8221; header_3_text_align=&#8221;center&#8221; header_5_text_align=&#8221;center&#8221; header_5_font_size=&#8221;35px&#8221; global_colors_info=&#8221;{}&#8221;]<\/p>\n<h5>July 21, 2023<\/h5>\n<p>[\/et_pb_text][et_pb_gallery gallery_ids=&#8221;3357&#8243; fullwidth=&#8221;on&#8221; _builder_version=&#8221;4.27.4&#8243; _module_preset=&#8221;default&#8221; animation_style=&#8221;slide&#8221; animation_direction=&#8221;right&#8221; animation_delay=&#8221;250ms&#8221; global_colors_info=&#8221;{}&#8221;][\/et_pb_gallery][et_pb_text _builder_version=&#8221;4.27.4&#8243; _module_preset=&#8221;default&#8221; global_colors_info=&#8221;{}&#8221;]<\/p>\n<p>For the fifth time, Peru&#8217;s Ministry of Culture has unsuccessfully attempted to seize the controversial mummies kept at UNICA.<\/p>\n<p>[\/et_pb_text][et_pb_button button_url=&#8221;https:\/\/www.youtube.com\/watch?v=iGMrpZ5UZcQ&#038;t=54s&#8221; url_new_window=&#8221;on&#8221; button_text=&#8221;Watch the video (in Spanish)&#8221; button_alignment=&#8221;center&#8221; _builder_version=&#8221;4.27.4&#8243; _module_preset=&#8221;default&#8221; animation_style=&#8221;slide&#8221; animation_direction=&#8221;right&#8221; animation_delay=&#8221;500ms&#8221; global_colors_info=&#8221;{}&#8221;][\/et_pb_button][\/et_pb_column][\/et_pb_row][et_pb_row column_structure=&#8221;3_5,2_5&#8243; _builder_version=&#8221;4.27.4&#8243; _module_preset=&#8221;default&#8221; global_colors_info=&#8221;{}&#8221;][et_pb_column type=&#8221;3_5&#8243; _builder_version=&#8221;4.27.4&#8243; _module_preset=&#8221;default&#8221; background_color=&#8221;rgba(75,148,125,0.15)&#8221; custom_padding=&#8221;10px|10px|10px|10px|false|false&#8221; border_radii=&#8221;on|15px|15px|15px|15px&#8221; global_colors_info=&#8221;{}&#8221;][et_pb_text _builder_version=&#8221;4.27.4&#8243; _module_preset=&#8221;default&#8221; header_3_text_align=&#8221;center&#8221; header_5_text_align=&#8221;center&#8221; header_5_font_size=&#8221;35px&#8221; global_colors_info=&#8221;{}&#8221;]<\/p>\n<h5>February 2023<\/h5>\n<p>[\/et_pb_text][et_pb_video src=&#8221;https:\/\/vimeo.com\/719517198?share=copy&#8221; _builder_version=&#8221;4.27.4&#8243; _module_preset=&#8221;default&#8221; animation_style=&#8221;slide&#8221; animation_direction=&#8221;left&#8221; global_colors_info=&#8221;{}&#8221;][\/et_pb_video][et_pb_text _builder_version=&#8221;4.27.4&#8243; _module_preset=&#8221;default&#8221; global_colors_info=&#8221;{}&#8221;]<\/p>\n<p><strong>TRIDACTYLS 1 on VOD<\/strong><br \/>TRIDACTYLS 1 is now available on VOD (in French, English, or Spanish), with six 52-minute episodes telling the true story as experienced from the inside by those involved in the case.<\/p>\n<p>TRIDACTYLS 1 is also available on DVD in French, with bonus content including a selection of 3D reconstructions of different bodies based on DICOMs.<\/p>\n<p>[\/et_pb_text][et_pb_button button_url=&#8221;https:\/\/jungledoc.com\/en\/tridactyls-en\/&#8221; url_new_window=&#8221;on&#8221; button_text=&#8221;Learn more&#8221; button_alignment=&#8221;center&#8221; _builder_version=&#8221;4.27.4&#8243; _module_preset=&#8221;default&#8221; animation_style=&#8221;slide&#8221; animation_direction=&#8221;left&#8221; global_colors_info=&#8221;{}&#8221;][\/et_pb_button][\/et_pb_column][et_pb_column type=&#8221;2_5&#8243; _builder_version=&#8221;4.27.4&#8243; _module_preset=&#8221;default&#8221; background_color=&#8221;rgba(75,148,125,0.16)&#8221; custom_padding=&#8221;10px|10px|10px|10px|false|false&#8221; border_radii=&#8221;on|15px|15px|15px|15px&#8221; global_colors_info=&#8221;{}&#8221;][et_pb_text _builder_version=&#8221;4.27.4&#8243; _module_preset=&#8221;default&#8221; header_3_text_align=&#8221;center&#8221; header_5_text_align=&#8221;center&#8221; header_5_font_size=&#8221;35px&#8221; global_colors_info=&#8221;{}&#8221;]<\/p>\n<h5>February 2023<\/h5>\n<p>[\/et_pb_text][et_pb_gallery gallery_ids=&#8221;3358&#8243; fullwidth=&#8221;on&#8221; _builder_version=&#8221;4.27.4&#8243; _module_preset=&#8221;default&#8221; text_orientation=&#8221;center&#8221; width=&#8221;50%&#8221; module_alignment=&#8221;center&#8221; animation_style=&#8221;slide&#8221; animation_direction=&#8221;right&#8221; animation_delay=&#8221;250ms&#8221; global_colors_info=&#8221;{}&#8221;][\/et_pb_gallery][et_pb_text _builder_version=&#8221;4.27.4&#8243; _module_preset=&#8221;default&#8221; global_colors_info=&#8221;{}&#8221;]<\/p>\n<p><strong>Lost Paititi and the Non-Human Remains of Nazca<\/strong><br \/>Thierry Jamin \/ \u00c9ditions Adventure Unlimited Press (USA), F\u00e9vrier 2023<\/p>\n<p>French explorer Thierry Jamin presents the results of his years spent in Peru searching for Paititi, the lost city of the Incas. He also recounts the exceptional discoveries made by his team between 2011 and 2014 in the famous citadel of Machu Picchu. Finally, Jamin recounts in detail the incredible story in which he and his companions were the main protagonists: the case of the non-human mummies of Nasca. A moving book, full of twists and turns. It reads like an adventure novel, except that this is a true story&#8230;    <\/p>\n<p>English only<\/p>\n<p>[\/et_pb_text][et_pb_button button_url=&#8221;https:\/\/www.amazon.com\/Lost-Paititi-Non-Human-Remains-Nazca\/dp\/1948803526\/ref=sr_1_1?crid=1J58WJYLL41UI&#038;keywords=thierry+jamin&#038;qid=1697120953&#038;sprefix=thierry+jamin%2Caps%2C165&#038;sr=8-1&#8243; url_new_window=&#8221;on&#8221; button_text=&#8221;Learn more&#8221; button_alignment=&#8221;center&#8221; _builder_version=&#8221;4.27.4&#8243; _module_preset=&#8221;default&#8221; animation_style=&#8221;slide&#8221; animation_direction=&#8221;right&#8221; global_colors_info=&#8221;{}&#8221;][\/et_pb_button][\/et_pb_column][\/et_pb_row][et_pb_row column_structure=&#8221;2_5,3_5&#8243; _builder_version=&#8221;4.27.4&#8243; _module_preset=&#8221;default&#8221; global_colors_info=&#8221;{}&#8221;][et_pb_column type=&#8221;2_5&#8243; _builder_version=&#8221;4.27.4&#8243; _module_preset=&#8221;default&#8221; custom_padding=&#8221;10px||||false|false&#8221; global_colors_info=&#8221;{}&#8221;][et_pb_text _builder_version=&#8221;4.27.4&#8243; _module_preset=&#8221;default&#8221; header_3_text_align=&#8221;center&#8221; header_5_text_align=&#8221;center&#8221; header_5_font_size=&#8221;35px&#8221; global_colors_info=&#8221;{}&#8221;]<\/p>\n<h5>October 5, 2022<\/h5>\n<p>[\/et_pb_text][et_pb_gallery gallery_ids=&#8221;3359&#8243; fullwidth=&#8221;on&#8221; _builder_version=&#8221;4.27.4&#8243; _module_preset=&#8221;default&#8221; animation_style=&#8221;slide&#8221; animation_direction=&#8221;left&#8221; global_colors_info=&#8221;{}&#8221;][\/et_pb_gallery][et_pb_text _builder_version=&#8221;4.27.4&#8243; _module_preset=&#8221;default&#8221; global_colors_info=&#8221;{}&#8221;]<\/p>\n<p>Mirko Tello, a traumatologist with 20 years of experience and an expert in reconstructive hand surgery, confirms the authenticity of Maria&#8217;s hand and foot joints.<\/p>\n<p>[\/et_pb_text][et_pb_button button_url=&#8221;https:\/\/www.youtube.com\/watch?v=yaheSplnDZI&#8221; url_new_window=&#8221;on&#8221; button_text=&#8221;Watch the video (in Spanish)&#8221; button_alignment=&#8221;center&#8221; _builder_version=&#8221;4.27.4&#8243; _module_preset=&#8221;default&#8221; animation_style=&#8221;slide&#8221; animation_direction=&#8221;left&#8221; animation_delay=&#8221;250ms&#8221; global_colors_info=&#8221;{}&#8221;][\/et_pb_button][\/et_pb_column][et_pb_column type=&#8221;3_5&#8243; _builder_version=&#8221;4.27.4&#8243; _module_preset=&#8221;default&#8221; background_color=&#8221;rgba(75,148,125,0.15)&#8221; custom_padding=&#8221;10px|10px|10px|10px|false|false&#8221; border_radii=&#8221;on|15px|15px|15px|15px&#8221; global_colors_info=&#8221;{}&#8221;][et_pb_text _builder_version=&#8221;4.27.4&#8243; _module_preset=&#8221;default&#8221; header_3_text_align=&#8221;center&#8221; header_5_text_align=&#8221;center&#8221; header_5_font_size=&#8221;35px&#8221; global_colors_info=&#8221;{}&#8221;]<\/p>\n<h5>January 2022<\/h5>\n<p>[\/et_pb_text][et_pb_gallery gallery_ids=&#8221;3360&#8243; fullwidth=&#8221;on&#8221; _builder_version=&#8221;4.27.4&#8243; _module_preset=&#8221;default&#8221; animation_style=&#8221;slide&#8221; animation_direction=&#8221;right&#8221; animation_delay=&#8221;250ms&#8221; global_colors_info=&#8221;{}&#8221;][\/et_pb_gallery][et_pb_text _builder_version=&#8221;4.27.4&#8243; _module_preset=&#8221;default&#8221; global_colors_info=&#8221;{}&#8221;]<\/p>\n<p>The Inkarri Institute team is studying a new reptilian humanoid specimen named Artemis. This extraordinary entity contains three eggs and seven metal plates, some of which probably contain osmium (to be continued&#8230;). <\/p>\n<p>[\/et_pb_text][et_pb_button button_url=&#8221;https:\/\/www.the-alien-project.com\/en\/artemis\/&#8221; button_text=&#8221;Learn more about Artemis&#8221; button_alignment=&#8221;center&#8221; _builder_version=&#8221;4.27.4&#8243; _module_preset=&#8221;default&#8221; animation_style=&#8221;slide&#8221; animation_direction=&#8221;right&#8221; animation_delay=&#8221;500ms&#8221; global_colors_info=&#8221;{}&#8221;][\/et_pb_button][\/et_pb_column][\/et_pb_row][et_pb_row column_structure=&#8221;1_3,2_3&#8243; _builder_version=&#8221;4.27.4&#8243; _module_preset=&#8221;default&#8221; custom_padding=&#8221;4px|||||&#8221; global_colors_info=&#8221;{}&#8221;][et_pb_column type=&#8221;1_3&#8243; _builder_version=&#8221;4.27.4&#8243; _module_preset=&#8221;default&#8221; custom_padding=&#8221;10px||||false|false&#8221; global_colors_info=&#8221;{}&#8221;][et_pb_text _builder_version=&#8221;4.27.4&#8243; _module_preset=&#8221;default&#8221; header_3_text_align=&#8221;center&#8221; header_5_text_align=&#8221;center&#8221; header_5_font_size=&#8221;35px&#8221; global_colors_info=&#8221;{}&#8221;]<\/p>\n<h5>December 2021<\/h5>\n<p>[\/et_pb_text][et_pb_gallery gallery_ids=&#8221;3361&#8243; fullwidth=&#8221;on&#8221; _builder_version=&#8221;4.27.4&#8243; _module_preset=&#8221;default&#8221; animation_style=&#8221;slide&#8221; animation_direction=&#8221;left&#8221; global_colors_info=&#8221;{}&#8221;][\/et_pb_gallery][et_pb_text _builder_version=&#8221;4.27.4&#8243; _module_preset=&#8221;default&#8221; global_colors_info=&#8221;{}&#8221;]<\/p>\n<p>UNI joins forces with UNICA and detects osmium in Luisa&#8217;s breastplate.<\/p>\n<p>[\/et_pb_text][et_pb_button button_url=&#8221;https:\/\/www.youtube.com\/watch?v=Wt-7bAqN0b8&#8243; url_new_window=&#8221;on&#8221; button_text=&#8221;Watch the video (in Spanish)&#8221; button_alignment=&#8221;center&#8221; _builder_version=&#8221;4.27.4&#8243; _module_preset=&#8221;default&#8221; animation_style=&#8221;slide&#8221; animation_direction=&#8221;left&#8221; animation_delay=&#8221;250ms&#8221; global_colors_info=&#8221;{}&#8221;][\/et_pb_button][\/et_pb_column][et_pb_column type=&#8221;2_3&#8243; _builder_version=&#8221;4.27.4&#8243; _module_preset=&#8221;default&#8221; background_color=&#8221;rgba(75,148,125,0.15)&#8221; custom_padding=&#8221;10px|10px|10px|10px|false|false&#8221; animation_style=&#8221;slide&#8221; animation_delay=&#8221;250ms&#8221; border_radii=&#8221;on|15px|15px|15px|15px&#8221; global_colors_info=&#8221;{}&#8221;][et_pb_text _builder_version=&#8221;4.27.4&#8243; _module_preset=&#8221;default&#8221; header_3_text_align=&#8221;center&#8221; header_5_text_align=&#8221;center&#8221; header_5_font_size=&#8221;35px&#8221; global_colors_info=&#8221;{}&#8221;]<\/p>\n<h5>October 2021<\/h5>\n<p>[\/et_pb_text][et_pb_text _builder_version=&#8221;4.27.4&#8243; _module_preset=&#8221;default&#8221; global_colors_info=&#8221;{}&#8221;]<\/p>\n<p><strong><img loading=\"lazy\" decoding=\"async\" src=\"https:\/\/www.the-alien-project.com\/wp-content\/uploads\/2025\/08\/momies-non-humaines-de-Nazca-1-204x300.jpg\" width=\"204\" height=\"300\" alt=\"\" class=\"wp-image-162 alignright size-medium\" srcset=\"https:\/\/www.the-alien-project.com\/wp-content\/uploads\/2025\/08\/momies-non-humaines-de-Nazca-1-204x300.jpg 204w, https:\/\/www.the-alien-project.com\/wp-content\/uploads\/2025\/08\/momies-non-humaines-de-Nazca-1.jpg 441w\" sizes=\"(max-width: 204px) 100vw, 204px\" \/>Les momies non humaines de Nazca<\/strong><br \/>Thierry Jamin<br \/>\u00c9ditions Atlantes, octobre 2020.<\/p>\n<p>The true story told for the first time by Thierry Jamin! In October 2016, Thierry Jamin, a French researcher and explorer, was contacted by tomb raiders, or \u201chuaqueros,\u201d from the southern coast of Peru. They told him about strange mummified objects discovered in a secret location in the Nazca Desert. Convinced of the reality of the facts, Jamin and his group embarked on this quest. Strange humanoid mummies with elongated heads and three-fingered hands made headlines and shook up the world of Peruvian archaeology and global ufology for more than four years. This incredible story is the \u201cRoswell incident\u201d of modern archaeology, and its implications will unfold throughout the century. More than 230 photos!<br \/>In French only.      <\/p>\n<p>[\/et_pb_text][et_pb_button button_url=&#8221;https:\/\/www.editions-atlantes.fr\/produit\/les-momies-non-humaines-de-nazca\/&#8221; url_new_window=&#8221;on&#8221; button_text=&#8221;Buy the book&#8221; button_alignment=&#8221;center&#8221; _builder_version=&#8221;4.27.4&#8243; _module_preset=&#8221;default&#8221; animation_style=&#8221;slide&#8221; animation_direction=&#8221;left&#8221; animation_delay=&#8221;250ms&#8221; global_colors_info=&#8221;{}&#8221;][\/et_pb_button][\/et_pb_column][\/et_pb_row][et_pb_row column_structure=&#8221;1_4,1_4,1_2&#8243; _builder_version=&#8221;4.27.4&#8243; _module_preset=&#8221;default&#8221; global_colors_info=&#8221;{}&#8221;][et_pb_column type=&#8221;1_4&#8243; _builder_version=&#8221;4.27.4&#8243; _module_preset=&#8221;default&#8221; global_colors_info=&#8221;{}&#8221;][et_pb_text _builder_version=&#8221;4.27.4&#8243; _module_preset=&#8221;default&#8221; header_3_text_align=&#8221;center&#8221; header_5_text_align=&#8221;center&#8221; header_5_font_size=&#8221;35px&#8221; global_colors_info=&#8221;{}&#8221;]<\/p>\n<h5>Sept. 5 2020<\/h5>\n<p>[\/et_pb_text][et_pb_gallery gallery_ids=&#8221;3362&#8243; fullwidth=&#8221;on&#8221; _builder_version=&#8221;4.27.4&#8243; _module_preset=&#8221;default&#8221; animation_style=&#8221;slide&#8221; animation_direction=&#8221;left&#8221; global_colors_info=&#8221;{}&#8221;][\/et_pb_gallery][et_pb_text _builder_version=&#8221;4.27.4&#8243; _module_preset=&#8221;default&#8221; global_colors_info=&#8221;{}&#8221;]<\/p>\n<p>Samples taken from Luisa&#8217;s egg confirm the biological nature of these ovoid objects.<\/p>\n<p>[\/et_pb_text][et_pb_button button_url=&#8221;https:\/\/www.youtube.com\/watch?v=hCWmaYoOeME&#038;t=581s&#8221; url_new_window=&#8221;on&#8221; button_text=&#8221;Watch the video (in Spanish)&#8221; button_alignment=&#8221;center&#8221; _builder_version=&#8221;4.27.4&#8243; _module_preset=&#8221;default&#8221; animation_style=&#8221;slide&#8221; animation_direction=&#8221;left&#8221; animation_delay=&#8221;250ms&#8221; global_colors_info=&#8221;{}&#8221;][\/et_pb_button][\/et_pb_column][et_pb_column type=&#8221;1_4&#8243; _builder_version=&#8221;4.27.4&#8243; _module_preset=&#8221;default&#8221; global_colors_info=&#8221;{}&#8221;][et_pb_text _builder_version=&#8221;4.27.4&#8243; _module_preset=&#8221;default&#8221; header_3_text_align=&#8221;center&#8221; header_5_text_align=&#8221;center&#8221; header_5_font_size=&#8221;35px&#8221; global_colors_info=&#8221;{}&#8221;]<\/p>\n<h5>March 1, 2020<\/h5>\n<p>[\/et_pb_text][et_pb_gallery gallery_ids=&#8221;3363&#8243; fullwidth=&#8221;on&#8221; _builder_version=&#8221;4.27.4&#8243; _module_preset=&#8221;default&#8221; animation_style=&#8221;slide&#8221; animation_delay=&#8221;250ms&#8221; global_colors_info=&#8221;{}&#8221;][\/et_pb_gallery][et_pb_text _builder_version=&#8221;4.27.4&#8243; _module_preset=&#8221;default&#8221; global_colors_info=&#8221;{}&#8221;]<\/p>\n<p>UNICA performs 128-slice scans of Maria, Alberto, and Luisa in Lima.<\/p>\n<p>[\/et_pb_text][et_pb_button button_url=&#8221;https:\/\/vimeo.com\/873461997\/1e44995f27?share=copy&#8221; url_new_window=&#8221;on&#8221; button_text=&#8221;Watch the video (in Spanish)&#8221; button_alignment=&#8221;center&#8221; _builder_version=&#8221;4.27.4&#8243; _module_preset=&#8221;default&#8221; animation_style=&#8221;slide&#8221; animation_direction=&#8221;left&#8221; animation_delay=&#8221;250ms&#8221; global_colors_info=&#8221;{}&#8221;][\/et_pb_button][\/et_pb_column][et_pb_column type=&#8221;1_2&#8243; _builder_version=&#8221;4.27.4&#8243; _module_preset=&#8221;default&#8221; animation_style=&#8221;slide&#8221; animation_direction=&#8221;right&#8221; animation_delay=&#8221;500ms&#8221; global_colors_info=&#8221;{}&#8221;][et_pb_text _builder_version=&#8221;4.27.4&#8243; _module_preset=&#8221;default&#8221; header_3_text_align=&#8221;center&#8221; header_5_text_align=&#8221;center&#8221; header_5_font_size=&#8221;35px&#8221; global_colors_info=&#8221;{}&#8221;]<\/p>\n<h5>November 6, 2019<\/h5>\n<p>[\/et_pb_text][et_pb_text _builder_version=&#8221;4.27.4&#8243; _module_preset=&#8221;default&#8221; global_colors_info=&#8221;{}&#8221;]<\/p>\n<p><img loading=\"lazy\" decoding=\"async\" src=\"https:\/\/www.the-alien-project.com\/wp-content\/uploads\/2025\/08\/37-thierry-jamin-300x186.jpg\" width=\"300\" height=\"186\" alt=\"Special press conference held at San Luis Gonzaga National University in Ica\" class=\"wp-image-2845 alignright size-medium\">Special press conference held at San Luis Gonzaga National University in Ica. At this event, university officials officially announced that they had recovered four of the \u201cthree-fingered mummies of Nasca\u201d and launched an international appeal to researchers around the world to join them in the scientific study of these mysterious relics. For the first time, an exhibition revealed the mummies to the general public.  <\/p>\n<p>[\/et_pb_text][et_pb_button button_url=&#8221;https:\/\/www.youtube.com\/watch?v=rFAwod4kLFQ&#8221; url_new_window=&#8221;on&#8221; button_text=&#8221;Watch the video (in Spanish)&#8221; button_alignment=&#8221;center&#8221; _builder_version=&#8221;4.27.4&#8243; _module_preset=&#8221;default&#8221; animation_style=&#8221;slide&#8221; animation_direction=&#8221;left&#8221; animation_delay=&#8221;250ms&#8221; global_colors_info=&#8221;{}&#8221;][\/et_pb_button][\/et_pb_column][\/et_pb_row][et_pb_row column_structure=&#8221;1_4,1_4,1_2&#8243; _builder_version=&#8221;4.27.4&#8243; _module_preset=&#8221;default&#8221; global_colors_info=&#8221;{}&#8221;][et_pb_column type=&#8221;1_4&#8243; _builder_version=&#8221;4.27.4&#8243; _module_preset=&#8221;default&#8221; background_color=&#8221;rgba(0,0,0,0.08)&#8221; custom_padding=&#8221;10px|10px|10px|10px|false|false&#8221; border_radii=&#8221;on|15px|15px|15px|15px&#8221; global_colors_info=&#8221;{}&#8221;][et_pb_text _builder_version=&#8221;4.27.4&#8243; _module_preset=&#8221;default&#8221; header_3_text_align=&#8221;center&#8221; header_5_text_align=&#8221;center&#8221; header_5_font_size=&#8221;35px&#8221; global_colors_info=&#8221;{}&#8221;]<\/p>\n<h5>October 28, 2019<\/h5>\n<p>[\/et_pb_text][et_pb_gallery gallery_ids=&#8221;3364&#8243; fullwidth=&#8221;on&#8221; _builder_version=&#8221;4.27.4&#8243; _module_preset=&#8221;default&#8221; animation_style=&#8221;slide&#8221; animation_direction=&#8221;left&#8221; global_colors_info=&#8221;{}&#8221;][\/et_pb_gallery][et_pb_text _builder_version=&#8221;4.27.4&#8243; _module_preset=&#8221;default&#8221; global_colors_info=&#8221;{}&#8221;]<\/p>\n<p>Local officials from the Ministry of Culture (DDC-Ica) are making another attempt to recover the mummies. But UNICA officials refuse to be intimidated. The police raid on university premises is a \u201cfirst\u201d in Peru in decades.  <\/p>\n<p>[\/et_pb_text][\/et_pb_column][et_pb_column type=&#8221;1_4&#8243; _builder_version=&#8221;4.27.4&#8243; _module_preset=&#8221;default&#8221; background_color=&#8221;rgba(0,0,0,0.08)&#8221; custom_padding=&#8221;10px|10px|10px|10px|false|false&#8221; border_radii=&#8221;on|15px|15px|15px|15px&#8221; global_colors_info=&#8221;{}&#8221;][et_pb_text _builder_version=&#8221;4.27.4&#8243; _module_preset=&#8221;default&#8221; header_3_text_align=&#8221;center&#8221; header_5_text_align=&#8221;center&#8221; header_5_font_size=&#8221;35px&#8221; global_colors_info=&#8221;{}&#8221;]<\/p>\n<h5>October 25, 2019<\/h5>\n<p>[\/et_pb_text][et_pb_gallery gallery_ids=&#8221;3365&#8243; fullwidth=&#8221;on&#8221; _builder_version=&#8221;4.27.4&#8243; _module_preset=&#8221;default&#8221; animation_style=&#8221;slide&#8221; animation_delay=&#8221;250ms&#8221; global_colors_info=&#8221;{}&#8221;][\/et_pb_gallery][et_pb_text _builder_version=&#8221;4.27.4&#8243; _module_preset=&#8221;default&#8221; global_colors_info=&#8221;{}&#8221;]<\/p>\n<p>Officials from the Ica Ministry of Culture (DDC-Ica) stormed the premises of the San Luis Gonzaga National University in Ica, accompanied by a lawyer and several police officers, demanding that the \u201cthree-fingered mummies of Nasca\u201d be handed over to them. But this incursion was illegal. Local officials from the Ministry of Culture had no legal documents allowing them to take possession of the famous relics.  <\/p>\n<p>[\/et_pb_text][\/et_pb_column][et_pb_column type=&#8221;1_2&#8243; _builder_version=&#8221;4.27.4&#8243; _module_preset=&#8221;default&#8221; background_color=&#8221;rgba(0,0,0,0.06)&#8221; custom_padding=&#8221;10px|10px|10px|10px|false|false&#8221; animation_style=&#8221;slide&#8221; animation_direction=&#8221;right&#8221; animation_delay=&#8221;500ms&#8221; border_radii=&#8221;on|15px|15px|15px|15px&#8221; global_colors_info=&#8221;{}&#8221;][et_pb_text _builder_version=&#8221;4.27.4&#8243; _module_preset=&#8221;default&#8221; header_3_text_align=&#8221;center&#8221; header_5_text_align=&#8221;center&#8221; header_5_font_size=&#8221;35px&#8221; global_colors_info=&#8221;{}&#8221;]<\/p>\n<h5>September 24, 2019<\/h5>\n<p>[\/et_pb_text][et_pb_text _builder_version=&#8221;4.27.4&#8243; _module_preset=&#8221;default&#8221; global_colors_info=&#8221;{}&#8221;]<\/p>\n<p><img loading=\"lazy\" decoding=\"async\" src=\"https:\/\/www.the-alien-project.com\/wp-content\/uploads\/2025\/08\/34-2019-09-24-DICTAMEN-FISCALIA-300x220.jpg\" width=\"300\" height=\"220\" alt=\"Final ruling by the Peruvian courts on the complaint of criminal offense against cultural property filed by the public prosecutor in charge of legal affairs at the Ministry of Culture\" class=\"wp-image-2851 alignleft size-medium\" srcset=\"https:\/\/www.the-alien-project.com\/wp-content\/uploads\/2025\/08\/34-2019-09-24-DICTAMEN-FISCALIA-300x220.jpg 300w, https:\/\/www.the-alien-project.com\/wp-content\/uploads\/2025\/08\/34-2019-09-24-DICTAMEN-FISCALIA.jpg 400w\" sizes=\"(max-width: 300px) 100vw, 300px\" \/>Final ruling by the Peruvian courts on the complaint of criminal offense against cultural property filed by the public prosecutor in charge of legal affairs at the Ministry of Culture.<br \/>Conclusion:<br \/><em>&#8220;[&#8230;] it has not been possible to determine the location where the alleged dried remains were found; without knowing the location of the site, it is not possible to determine whether or not the site is archaeological&#8230; Thus, the act reported does not constitute a crime (Article 334.1 of the Code of Criminal Procedure, amended by Law 30076).&#8221;<\/em><\/p>\n<p>[\/et_pb_text][et_pb_button button_url=&#8221;https:\/\/www.the-alien-project.com\/wp-content\/uploads\/2025\/08\/04-2019-09-24-DICTAMEN-FISCALIA.pdf&#8221; url_new_window=&#8221;on&#8221; button_text=&#8221;See THE DOCUMENT (in Spanish)&#8221; button_alignment=&#8221;center&#8221; _builder_version=&#8221;4.27.4&#8243; _module_preset=&#8221;default&#8221; animation_style=&#8221;slide&#8221; animation_direction=&#8221;left&#8221; animation_delay=&#8221;250ms&#8221; global_colors_info=&#8221;{}&#8221;][\/et_pb_button][\/et_pb_column][\/et_pb_row][et_pb_row column_structure=&#8221;3_5,2_5&#8243; _builder_version=&#8221;4.27.4&#8243; _module_preset=&#8221;default&#8221; global_colors_info=&#8221;{}&#8221;][et_pb_column type=&#8221;3_5&#8243; _builder_version=&#8221;4.27.4&#8243; _module_preset=&#8221;default&#8221; background_color=&#8221;rgba(75,148,125,0.15)&#8221; custom_padding=&#8221;10px|10px|10px|10px|false|false&#8221; border_radii=&#8221;on|15px|15px|15px|15px&#8221; global_colors_info=&#8221;{}&#8221;][et_pb_text _builder_version=&#8221;4.27.4&#8243; _module_preset=&#8221;default&#8221; header_3_text_align=&#8221;center&#8221; header_5_text_align=&#8221;center&#8221; header_5_font_size=&#8221;35px&#8221; global_colors_info=&#8221;{}&#8221;]<\/p>\n<h5>August 2, 2019<\/h5>\n<p>[\/et_pb_text][et_pb_image src=&#8221;https:\/\/www.the-alien-project.com\/wp-content\/uploads\/2025\/08\/33-conference-ica.jpg&#8221; alt=&#8221;Conference by Thierry Jamin in Ica&#8221; title_text=&#8221;Conference by Thierry Jamin in Ica&#8221; _builder_version=&#8221;4.27.4&#8243; _module_preset=&#8221;default&#8221; animation_style=&#8221;slide&#8221; animation_direction=&#8221;left&#8221; global_colors_info=&#8221;{}&#8221;][\/et_pb_image][et_pb_text _builder_version=&#8221;4.27.4&#8243; _module_preset=&#8221;default&#8221; global_colors_info=&#8221;{}&#8221;]<\/p>\n<p>Conference by Thierry Jamin in Ica on the results of the analyses presented on November 19, 2018, at the Congress of the Republic of Peru.<\/p>\n<p>[\/et_pb_text][\/et_pb_column][et_pb_column type=&#8221;2_5&#8243; _builder_version=&#8221;4.27.4&#8243; _module_preset=&#8221;default&#8221; custom_padding=&#8221;10px||||false|false&#8221; global_colors_info=&#8221;{}&#8221;][et_pb_text _builder_version=&#8221;4.27.4&#8243; _module_preset=&#8221;default&#8221; header_3_text_align=&#8221;center&#8221; header_5_text_align=&#8221;center&#8221; header_5_font_size=&#8221;35px&#8221; global_colors_info=&#8221;{}&#8221;]<\/p>\n<h5>August 1, 2019<\/h5>\n<p>[\/et_pb_text][et_pb_gallery gallery_ids=&#8221;3366,3367,3368,3369&#8243; fullwidth=&#8221;on&#8221; _builder_version=&#8221;4.27.4&#8243; _module_preset=&#8221;default&#8221; animation_style=&#8221;slide&#8221; animation_direction=&#8221;right&#8221; animation_delay=&#8221;250ms&#8221; auto=&#8221;on&#8221; auto_speed=&#8221;3000&#8243; global_colors_info=&#8221;{}&#8221;][\/et_pb_gallery][et_pb_text _builder_version=&#8221;4.27.4&#8243; _module_preset=&#8221;default&#8221; global_colors_info=&#8221;{}&#8221;]<\/p>\n<p>Officials at San Luis Gonzaga National University in Ica have managed to recover four of the famous three-fingered mummies of Nasca: Maria, Wawita, Albert, and Victoria.<\/p>\n<p>[\/et_pb_text][\/et_pb_column][\/et_pb_row][et_pb_row column_structure=&#8221;3_4,1_4&#8243; _builder_version=&#8221;4.27.4&#8243; _module_preset=&#8221;default&#8221; global_colors_info=&#8221;{}&#8221;][et_pb_column type=&#8221;3_4&#8243; _builder_version=&#8221;4.27.4&#8243; _module_preset=&#8221;default&#8221; background_color=&#8221;rgba(75,148,125,0.16)&#8221; custom_padding=&#8221;10px|10px|10px|10px|false|false&#8221; border_radii=&#8221;on|15px|15px|15px|15px&#8221; global_colors_info=&#8221;{}&#8221;][et_pb_text _builder_version=&#8221;4.27.4&#8243; _module_preset=&#8221;default&#8221; header_3_text_align=&#8221;center&#8221; header_5_text_align=&#8221;center&#8221; header_5_font_size=&#8221;35px&#8221; global_colors_info=&#8221;{}&#8221;]<\/p>\n<h5>July 30, 2019<\/h5>\n<p>[\/et_pb_text][et_pb_image src=&#8221;https:\/\/www.the-alien-project.com\/wp-content\/uploads\/2025\/08\/31-RapportNAZCA-Olivier-Sire.jpg&#8221; alt=&#8221;Officials at San Luis Gonzaga National University in Ica have managed to recover four of the famous \u201cthree-fingered mummies of Nasca,\u201d namely \u201cMaria,\u201d \u201cWawita,\u201d \u201cAlbert,\u201d and \u201cVictoria.\u201d&#8221; title_text=&#8221;Officials at San Luis Gonzaga National University in Ica have managed to recover four of the famous \u201cthree-fingered mummies of Nasca,\u201d namely \u201cMaria,\u201d \u201cWawita,\u201d \u201cAlbert,\u201d and \u201cVictoria.\u201d&#8221; _builder_version=&#8221;4.27.4&#8243; _module_preset=&#8221;default&#8221; animation_style=&#8221;slide&#8221; animation_direction=&#8221;left&#8221; global_colors_info=&#8221;{}&#8221;][\/et_pb_image][et_pb_text _builder_version=&#8221;4.27.4&#8243; _module_preset=&#8221;default&#8221; global_colors_info=&#8221;{}&#8221;]<\/p>\n<p><strong>Examination of the molecular composition of different samples<\/strong><br \/>As part of The Alien Project, five samples from different parts of mummies found at the Nasca site (Peru) were sent to Professor Olivier Sire, an expert at the Rennes Court of Appeal in physical-chemical, biological, and agro-food industry analysis, for examination of their molecular composition using mid-infrared spectroscopy. This technique makes it possible to identify the (bio)chemical composition of any sample consisting of organic matter. The analyses were conducted at the Dupuy de L\u00f4me Research Institute (UMR CNRS 6027) in Vannes (France).  <\/p>\n<p>[\/et_pb_text][et_pb_button button_url=&#8221;https:\/\/www.the-alien-project.com\/wp-content\/uploads\/2025\/08\/RapportNAZCA-Olivier-Sire-FR1-1.jpg&#8221; url_new_window=&#8221;on&#8221; button_text=&#8221;See the report&#8221; button_alignment=&#8221;center&#8221; _builder_version=&#8221;4.27.4&#8243; _module_preset=&#8221;default&#8221; global_colors_info=&#8221;{}&#8221;][\/et_pb_button][\/et_pb_column][et_pb_column type=&#8221;1_4&#8243; _builder_version=&#8221;4.27.4&#8243; _module_preset=&#8221;default&#8221; custom_padding=&#8221;10px||||false|false&#8221; global_colors_info=&#8221;{}&#8221;][et_pb_text _builder_version=&#8221;4.27.4&#8243; _module_preset=&#8221;default&#8221; header_3_text_align=&#8221;center&#8221; header_5_text_align=&#8221;center&#8221; header_5_font_size=&#8221;35px&#8221; global_colors_info=&#8221;{}&#8221;]<\/p>\n<h5>January 25, 2019<\/h5>\n<p>[\/et_pb_text][et_pb_image src=&#8221;https:\/\/www.the-alien-project.com\/wp-content\/uploads\/2025\/08\/30-universite-ica.jpg&#8221; alt=&#8221;Meeting with Congressman Armando Villanueva&#8221; title_text=&#8221;Meeting with Congressman Armando Villanueva&#8221; _builder_version=&#8221;4.27.4&#8243; _module_preset=&#8221;default&#8221; animation_style=&#8221;slide&#8221; animation_direction=&#8221;right&#8221; animation_delay=&#8221;250ms&#8221; global_colors_info=&#8221;{}&#8221;][\/et_pb_image][et_pb_text _builder_version=&#8221;4.27.4&#8243; _module_preset=&#8221;default&#8221; global_colors_info=&#8221;{}&#8221;]<\/p>\n<p>Meeting between officials from the University of Ica, Armando Villanueva, congressman, Jaime Maussan, Tercer Milenio, and members of the Instituto Inkarri Cusco.<\/p>\n<p>[\/et_pb_text][\/et_pb_column][\/et_pb_row][et_pb_row column_structure=&#8221;2_5,3_5&#8243; _builder_version=&#8221;4.27.4&#8243; _module_preset=&#8221;default&#8221; global_colors_info=&#8221;{}&#8221;][et_pb_column type=&#8221;2_5&#8243; _builder_version=&#8221;4.27.4&#8243; _module_preset=&#8221;default&#8221; global_colors_info=&#8221;{}&#8221;][et_pb_text _builder_version=&#8221;4.27.4&#8243; _module_preset=&#8221;default&#8221; header_3_text_align=&#8221;center&#8221; header_5_text_align=&#8221;center&#8221; header_5_font_size=&#8221;35px&#8221; global_colors_info=&#8221;{}&#8221;]<\/p>\n<h5>December 2018<\/h5>\n<p>[\/et_pb_text][et_pb_image src=&#8221;https:\/\/www.the-alien-project.com\/wp-content\/uploads\/2025\/08\/29-IKARIS_06.jpg&#8221; alt=&#8221;Ikaris Magazine No. 6&#8243; title_text=&#8221;Ikaris Magazine No. 6&#8243; align=&#8221;center&#8221; _builder_version=&#8221;4.27.4&#8243; _module_preset=&#8221;default&#8221; animation_style=&#8221;slide&#8221; animation_direction=&#8221;left&#8221; global_colors_info=&#8221;{}&#8221;][\/et_pb_image][et_pb_text _builder_version=&#8221;4.27.4&#8243; _module_preset=&#8221;default&#8221; global_colors_info=&#8221;{}&#8221;]<\/p>\n<p>Article devoted to the results announced at the conference on November 19, 2018, in Ikaris magazine No. 6.<\/p>\n<p>[\/et_pb_text][et_pb_button button_url=&#8221;https:\/\/www.ikaris.fr\/fr\/&#8221; url_new_window=&#8221;on&#8221; button_text=&#8221;Ikaris Magazine&#8221; button_alignment=&#8221;center&#8221; _builder_version=&#8221;4.27.4&#8243; _module_preset=&#8221;default&#8221; custom_margin=&#8221;||||false|false&#8221; global_colors_info=&#8221;{}&#8221;][\/et_pb_button][\/et_pb_column][et_pb_column type=&#8221;3_5&#8243; _builder_version=&#8221;4.27.4&#8243; _module_preset=&#8221;default&#8221; global_colors_info=&#8221;{}&#8221;][et_pb_text _builder_version=&#8221;4.27.4&#8243; _module_preset=&#8221;default&#8221; header_3_text_align=&#8221;center&#8221; header_5_text_align=&#8221;center&#8221; header_5_font_size=&#8221;35px&#8221; global_colors_info=&#8221;{}&#8221;]<\/p>\n<h5>November 19, 2018<\/h5>\n<p>[\/et_pb_text][et_pb_video src=&#8221;https:\/\/vimeo.com\/298939744&#8243; _builder_version=&#8221;4.27.4&#8243; _module_preset=&#8221;default&#8221; width=&#8221;73.3%&#8221; custom_margin=&#8221;|auto||auto|false|false&#8221; animation_style=&#8221;slide&#8221; animation_direction=&#8221;right&#8221; animation_delay=&#8221;250ms&#8221; global_colors_info=&#8221;{}&#8221;][\/et_pb_video][et_pb_text _builder_version=&#8221;4.27.4&#8243; _module_preset=&#8221;default&#8221; global_colors_info=&#8221;{}&#8221;]<\/p>\n<p>Presentation of analysis results at the Congress of the Republic of Peru under the auspices of Congressman Armando Villanueva Mercado. With Thierry Jamin, Dr. Raymundo Salas, biologist Jos\u00e9 de la Cruz R\u00edos L\u00f3pez, forensic scientist Jos\u00e9 de Jes\u00fas Zalce Ben\u00edtez, Dr. Clara Ines Martinez, Galestskiy Dmitriy Vladil\u00e0vovich, Manuel \u00c0ngel C\u00e1ceres, Salavador Angel Romero Martinez&#8230; <\/p>\n<p>[\/et_pb_text][et_pb_button button_url=&#8221;https:\/\/www.the-alien-project.com\/en\/peru-2018\/&#8221; button_text=&#8221;See the results&#8221; button_alignment=&#8221;center&#8221; _builder_version=&#8221;4.27.4&#8243; _module_preset=&#8221;default&#8221; global_colors_info=&#8221;{}&#8221;][\/et_pb_button][\/et_pb_column][\/et_pb_row][et_pb_row column_structure=&#8221;1_3,1_3,1_3&#8243; _builder_version=&#8221;4.27.4&#8243; _module_preset=&#8221;default&#8221; global_colors_info=&#8221;{}&#8221;][et_pb_column type=&#8221;1_3&#8243; _builder_version=&#8221;4.27.4&#8243; _module_preset=&#8221;default&#8221; background_color=&#8221;rgba(75,148,125,0.16)&#8221; custom_padding=&#8221;10px|10px|10px|10px|false|false&#8221; border_radii=&#8221;on|15px|15px|15px|15px&#8221; global_colors_info=&#8221;{}&#8221;][et_pb_text _builder_version=&#8221;4.27.4&#8243; _module_preset=&#8221;default&#8221; header_3_text_align=&#8221;center&#8221; header_5_text_align=&#8221;center&#8221; header_5_font_size=&#8221;35px&#8221; global_colors_info=&#8221;{}&#8221;]<\/p>\n<h5>August 7, 2018<\/h5>\n<p>[\/et_pb_text][et_pb_image src=&#8221;https:\/\/www.the-alien-project.com\/wp-content\/uploads\/2025\/08\/27-3-05-maria-de-cote-en-coupe.jpg&#8221; alt=&#8221;First HD CT Scans by the Inkarri Institute&#8221; title_text=&#8221;First HD CT Scans by the Inkarri Institute&#8221; _builder_version=&#8221;4.27.4&#8243; _module_preset=&#8221;default&#8221; animation_style=&#8221;slide&#8221; animation_direction=&#8221;left&#8221; global_colors_info=&#8221;{}&#8221;][\/et_pb_image][et_pb_image src=&#8221;https:\/\/www.the-alien-project.com\/wp-content\/uploads\/2025\/08\/27-2-06-josefina-vertebres.jpg&#8221; alt=&#8221;Josefina&#8221; title_text=&#8221;Josefina&#8221; _builder_version=&#8221;4.27.4&#8243; _module_preset=&#8221;default&#8221; animation_style=&#8221;slide&#8221; animation_direction=&#8221;left&#8221; animation_delay=&#8221;750ms&#8221; global_colors_info=&#8221;{}&#8221;][\/et_pb_image][et_pb_image src=&#8221;https:\/\/www.the-alien-project.com\/wp-content\/uploads\/2025\/08\/27-1-02-wawita.jpg&#8221; alt=&#8221;Wawita&#8221; title_text=&#8221;Wawita&#8221; _builder_version=&#8221;4.27.4&#8243; _module_preset=&#8221;default&#8221; animation_style=&#8221;slide&#8221; animation_direction=&#8221;left&#8221; animation_delay=&#8221;1000ms&#8221; global_colors_info=&#8221;{}&#8221;][\/et_pb_image][et_pb_text _builder_version=&#8221;4.27.4&#8243; _module_preset=&#8221;default&#8221; global_colors_info=&#8221;{}&#8221;]<\/p>\n<p>The Inkarri Institute performs the first HD CT scans on Maria, Josefina, and Wawita.<\/p>\n<p>[\/et_pb_text][\/et_pb_column][et_pb_column type=&#8221;1_3&#8243; _builder_version=&#8221;4.27.4&#8243; _module_preset=&#8221;default&#8221; custom_padding=&#8221;10px||||false|false&#8221; global_colors_info=&#8221;{}&#8221;][et_pb_text _builder_version=&#8221;4.27.4&#8243; _module_preset=&#8221;default&#8221; header_3_text_align=&#8221;center&#8221; header_5_text_align=&#8221;center&#8221; header_5_font_size=&#8221;35px&#8221; global_colors_info=&#8221;{}&#8221;]<\/p>\n<h5>July 11, 2018<\/h5>\n<p>[\/et_pb_text][et_pb_image src=&#8221;https:\/\/www.the-alien-project.com\/wp-content\/uploads\/2025\/08\/26-07-2018-Proyecto-Ley-ES-1.jpg&#8221; alt=&#8221;Bill proposed by Congressman Armando Villanueva Mercado&#8221; title_text=&#8221;Bill proposed by Congressman Armando Villanueva Mercado&#8221; _builder_version=&#8221;4.27.4&#8243; _module_preset=&#8221;default&#8221; animation_style=&#8221;slide&#8221; animation_delay=&#8221;250ms&#8221; global_colors_info=&#8221;{}&#8221;][\/et_pb_image][et_pb_text _builder_version=&#8221;4.27.4&#8243; _module_preset=&#8221;default&#8221; global_colors_info=&#8221;{}&#8221;]<\/p>\n<p>Bill proposed by Congressman Armando Villanueva Mercado for the declaration of historical and cultural interest and the study of the humanoid mummies of Nasca.<\/p>\n<p>[\/et_pb_text][et_pb_button button_url=&#8221;https:\/\/www.the-alien-project.com\/wp-content\/uploads\/2025\/08\/07-2018-Proyecto-Ley-ES.pdf&#8221; url_new_window=&#8221;on&#8221; button_text=&#8221;See the proposed law (in Spanish)&#8221; button_alignment=&#8221;center&#8221; _builder_version=&#8221;4.27.4&#8243; _module_preset=&#8221;default&#8221; global_colors_info=&#8221;{}&#8221;][\/et_pb_button][\/et_pb_column][et_pb_column type=&#8221;1_3&#8243; _builder_version=&#8221;4.27.4&#8243; _module_preset=&#8221;default&#8221; custom_padding=&#8221;10px||||false|false&#8221; global_colors_info=&#8221;{}&#8221;][et_pb_text _builder_version=&#8221;4.27.4&#8243; _module_preset=&#8221;default&#8221; header_3_text_align=&#8221;center&#8221; header_5_text_align=&#8221;center&#8221; header_5_font_size=&#8221;35px&#8221; global_colors_info=&#8221;{}&#8221;]<\/p>\n<h5>March 2018<\/h5>\n<p>[\/et_pb_text][et_pb_image src=&#8221;https:\/\/www.the-alien-project.com\/wp-content\/uploads\/2025\/08\/25-magazine-n01-4-1-e1523628449556.jpg&#8221; alt=&#8221;Ikaris n\u00b01&#8243; title_text=&#8221;Ikaris n\u00b01&#8243; _builder_version=&#8221;4.27.4&#8243; _module_preset=&#8221;default&#8221; animation_style=&#8221;slide&#8221; animation_direction=&#8221;right&#8221; animation_delay=&#8221;500ms&#8221; global_colors_info=&#8221;{}&#8221;][\/et_pb_image][et_pb_text _builder_version=&#8221;4.27.4&#8243; _module_preset=&#8221;default&#8221; global_colors_info=&#8221;{}&#8221;]<\/p>\n<p>The first issue of Ikaris magazine features a comprehensive article on the mummies of Nasca.<\/p>\n<p>[\/et_pb_text][et_pb_button button_url=&#8221;https:\/\/www.ikaris.fr\/fr\/&#8221; url_new_window=&#8221;on&#8221; button_text=&#8221;Ikaris Magazine&#8221; button_alignment=&#8221;center&#8221; _builder_version=&#8221;4.27.4&#8243; _module_preset=&#8221;default&#8221; custom_margin=&#8221;||||false|false&#8221; global_colors_info=&#8221;{}&#8221;][\/et_pb_button][\/et_pb_column][\/et_pb_row][et_pb_row column_structure=&#8221;1_2,1_2&#8243; _builder_version=&#8221;4.27.4&#8243; _module_preset=&#8221;default&#8221; global_colors_info=&#8221;{}&#8221;][et_pb_column type=&#8221;1_2&#8243; _builder_version=&#8221;4.27.4&#8243; _module_preset=&#8221;default&#8221; custom_padding=&#8221;10px||||false|false&#8221; global_colors_info=&#8221;{}&#8221;][et_pb_text _builder_version=&#8221;4.27.4&#8243; _module_preset=&#8221;default&#8221; header_3_text_align=&#8221;center&#8221; header_5_text_align=&#8221;center&#8221; header_5_font_size=&#8221;35px&#8221; global_colors_info=&#8221;{}&#8221;]<\/p>\n<h5>January 28, 2018<\/h5>\n<p>[\/et_pb_text][et_pb_image src=&#8221;https:\/\/www.the-alien-project.com\/wp-content\/uploads\/2025\/08\/24-66-minutes-alien-project.jpg&#8221; alt=&#8221;The Nazca mummies on French television channel M6&#8243; title_text=&#8221;The Nazca mummies on French television channel M6&#8243; _builder_version=&#8221;4.27.4&#8243; _module_preset=&#8221;default&#8221; animation_style=&#8221;slide&#8221; animation_direction=&#8221;left&#8221; global_colors_info=&#8221;{}&#8221;][\/et_pb_image][et_pb_text _builder_version=&#8221;4.27.4&#8243; _module_preset=&#8221;default&#8221; global_colors_info=&#8221;{}&#8221;]<\/p>\n<p>For the first time, the Nasca mummies case is the subject of a report on a French national television channel. As part of the program \u201c66 Minutes,\u201d broadcast in France every Sunday, the M6 channel presents the facts in a fairly objective manner, giving a voice to Thierry Jamin and those in Peru who doubt the authenticity of this story. The final word will be left to the analyses currently underway&#8230;  <\/p>\n<p>[\/et_pb_text][\/et_pb_column][et_pb_column type=&#8221;1_2&#8243; _builder_version=&#8221;4.27.4&#8243; _module_preset=&#8221;default&#8221; background_color=&#8221;rgba(75,148,125,0.15)&#8221; custom_padding=&#8221;10px|10px|10px|10px|false|false&#8221; border_radii=&#8221;on|15px|15px|15px|15px&#8221; global_colors_info=&#8221;{}&#8221;][et_pb_text _builder_version=&#8221;4.27.4&#8243; _module_preset=&#8221;default&#8221; header_3_text_align=&#8221;center&#8221; header_5_text_align=&#8221;center&#8221; header_5_font_size=&#8221;35px&#8221; global_colors_info=&#8221;{}&#8221;]<\/p>\n<h5>Fin d\u00e9c. 2017<\/h5>\n<p>[\/et_pb_text][et_pb_image src=&#8221;https:\/\/www.the-alien-project.com\/wp-content\/uploads\/2025\/08\/23-2-analyses-biologiques-02.jpg&#8221; alt=&#8221;Sampling for DNA and C14 analysis&#8221; title_text=&#8221;Sampling for DNA and C14 analysis&#8221; _builder_version=&#8221;4.27.4&#8243; _module_preset=&#8221;default&#8221; animation_style=&#8221;slide&#8221; animation_direction=&#8221;right&#8221; animation_delay=&#8221;250ms&#8221; global_colors_info=&#8221;{}&#8221;][\/et_pb_image][et_pb_text _builder_version=&#8221;4.27.4&#8243; _module_preset=&#8221;default&#8221; global_colors_info=&#8221;{}&#8221;]<\/p>\n<p>DNA, C14, etc. analyses of biological material and analyses of non-biological materials are continuing&#8230;<\/p>\n<p>[\/et_pb_text][\/et_pb_column][\/et_pb_row][et_pb_row column_structure=&#8221;1_2,1_2&#8243; _builder_version=&#8221;4.27.4&#8243; _module_preset=&#8221;default&#8221; global_colors_info=&#8221;{}&#8221;][et_pb_column type=&#8221;1_2&#8243; _builder_version=&#8221;4.27.4&#8243; _module_preset=&#8221;default&#8221; background_color=&#8221;rgba(75,148,125,0.14)&#8221; custom_padding=&#8221;10px|10px|10px|10px|false|false&#8221; border_radii=&#8221;on|15px|15px|15px|15px&#8221; global_colors_info=&#8221;{}&#8221;][et_pb_text _builder_version=&#8221;4.27.4&#8243; _module_preset=&#8221;default&#8221; header_3_text_align=&#8221;center&#8221; header_5_text_align=&#8221;center&#8221; header_5_font_size=&#8221;35px&#8221; global_colors_info=&#8221;{}&#8221;]<\/p>\n<h5>Nov. 29 2017<\/h5>\n<p>[\/et_pb_text][et_pb_image src=&#8221;https:\/\/www.the-alien-project.com\/wp-content\/uploads\/2025\/08\/22-radiographie-petit-gris-01.jpg&#8221; alt=&#8221;X-ray with Dr. Edson Salazar Vivanco.&#8221; title_text=&#8221;X-ray with Dr. Edson Salazar Vivanco.&#8221; _builder_version=&#8221;4.27.4&#8243; _module_preset=&#8221;default&#8221; animation_style=&#8221;slide&#8221; animation_direction=&#8221;left&#8221; global_colors_info=&#8221;{}&#8221;][\/et_pb_image][et_pb_text _builder_version=&#8221;4.27.4&#8243; _module_preset=&#8221;default&#8221; global_colors_info=&#8221;{}&#8221;]<\/p>\n<p>X-ray of the new biological material recovered with Dr. Edson Salazar Vivanco.<\/p>\n<p>[\/et_pb_text][\/et_pb_column][et_pb_column type=&#8221;1_2&#8243; _builder_version=&#8221;4.27.4&#8243; _module_preset=&#8221;default&#8221; background_color=&#8221;rgba(75,148,125,0.15)&#8221; custom_padding=&#8221;10px|10px|10px|10px|false|false&#8221; border_radii=&#8221;on|15px|15px|15px|15px&#8221; global_colors_info=&#8221;{}&#8221;][et_pb_text _builder_version=&#8221;4.27.4&#8243; _module_preset=&#8221;default&#8221; header_3_text_align=&#8221;center&#8221; header_5_text_align=&#8221;center&#8221; header_5_font_size=&#8221;35px&#8221; global_colors_info=&#8221;{}&#8221;]<\/p>\n<h5>Nov. 25 2017<\/h5>\n<p>[\/et_pb_text][et_pb_image src=&#8221;https:\/\/www.the-alien-project.com\/wp-content\/uploads\/2025\/08\/21-nouvelle-entite-petit-gris.jpg&#8221; alt=&#8221;New specimen of the small gray type&#8221; title_text=&#8221;New specimen of the small gray type&#8221; _builder_version=&#8221;4.27.4&#8243; _module_preset=&#8221;default&#8221; animation_style=&#8221;slide&#8221; animation_direction=&#8221;right&#8221; animation_delay=&#8221;250ms&#8221; global_colors_info=&#8221;{}&#8221;][\/et_pb_image][et_pb_text _builder_version=&#8221;4.27.4&#8243; _module_preset=&#8221;default&#8221; global_colors_info=&#8221;{}&#8221;]<\/p>\n<p>The team from the Instituto Inkari \u2013 Cusco managed to recover and study a new specimen of the small gray type, as well as two new mummified heads of the small gray type and a three-fingered hand measuring 38 cm long.<\/p>\n<p>[\/et_pb_text][\/et_pb_column][\/et_pb_row][et_pb_row column_structure=&#8221;1_2,1_2&#8243; _builder_version=&#8221;4.27.4&#8243; _module_preset=&#8221;default&#8221; global_colors_info=&#8221;{}&#8221;][et_pb_column type=&#8221;1_2&#8243; _builder_version=&#8221;4.27.4&#8243; _module_preset=&#8221;default&#8221; background_color=&#8221;rgba(75,148,125,0.15)&#8221; custom_padding=&#8221;10px|10px|10px|10px|false|false&#8221; border_radii=&#8221;on|15px|15px|15px|15px&#8221; global_colors_info=&#8221;{}&#8221;][et_pb_text _builder_version=&#8221;4.27.4&#8243; _module_preset=&#8221;default&#8221; header_3_text_align=&#8221;center&#8221; header_5_text_align=&#8221;center&#8221; header_5_font_size=&#8221;35px&#8221; global_colors_info=&#8221;{}&#8221;]<\/p>\n<h5>October\/November 2017<\/h5>\n<p>[\/et_pb_text][et_pb_image src=&#8221;https:\/\/www.the-alien-project.com\/wp-content\/uploads\/2025\/08\/20-10-conference-alien-project-sarlat.jpg&#8221; alt=&#8221;Thierry Jamin and Alain Bonnet are touring France to meet Alien Project contributors.&#8221; title_text=&#8221;Thierry Jamin and Alain Bonnet are touring France to meet Alien Project contributors.&#8221; _builder_version=&#8221;4.27.4&#8243; _module_preset=&#8221;default&#8221; animation_style=&#8221;slide&#8221; animation_direction=&#8221;left&#8221; global_colors_info=&#8221;{}&#8221;][\/et_pb_image][et_pb_text _builder_version=&#8221;4.27.4&#8243; _module_preset=&#8221;default&#8221; global_colors_info=&#8221;{}&#8221;]<\/p>\n<p>Thierry Jamin and Alain Bonnet are touring France to meet Alien Project contributors and give conferences.<\/p>\n<p>October 7, 2017 \u2013 Sarlat \/ October 12, 2017 \u2013 Toulouse<br \/>October 19, 2017 \u2013 Perpignan \/ October 20, 2017 \u2013 Col de Vence<br \/>October 21, 2017 \u2013 Annecy \/ October 24, 2017 \u2013 Lyon<br \/>October 25, 2017 \u2013 Lille \/ October 26, 2017 \u2013 Paris<br \/>October 27, 2017 \u2013 Tours \/ November 4, 2017 \u2013 Angoul\u00eame<\/p>\n<p>[\/et_pb_text][\/et_pb_column][et_pb_column type=&#8221;1_2&#8243; _builder_version=&#8221;4.27.4&#8243; _module_preset=&#8221;default&#8221; background_color=&#8221;rgba(75,148,125,0.15)&#8221; custom_padding=&#8221;10px|10px|10px|10px|false|false&#8221; border_radii=&#8221;on|15px|15px|15px|15px&#8221; global_colors_info=&#8221;{}&#8221;][et_pb_text _builder_version=&#8221;4.27.4&#8243; _module_preset=&#8221;default&#8221; header_3_text_align=&#8221;center&#8221; header_5_text_align=&#8221;center&#8221; header_5_font_size=&#8221;35px&#8221; global_colors_info=&#8221;{}&#8221;]<\/p>\n<h5>August 4, 2017<\/h5>\n<p>[\/et_pb_text][et_pb_image src=&#8221;https:\/\/www.the-alien-project.com\/wp-content\/uploads\/2025\/08\/19-la-famille.jpg&#8221; alt=&#8221;Three new specimens of the little gray type, named La Famille&#8221; title_text=&#8221;Three new specimens of the little gray type, named La Famille&#8221; _builder_version=&#8221;4.27.4&#8243; _module_preset=&#8221;default&#8221; animation_style=&#8221;slide&#8221; animation_direction=&#8221;right&#8221; animation_delay=&#8221;250ms&#8221; global_colors_info=&#8221;{}&#8221;][\/et_pb_image][et_pb_text _builder_version=&#8221;4.27.4&#8243; _module_preset=&#8221;default&#8221; global_colors_info=&#8221;{}&#8221;]<\/p>\n<p>Thierry Jamin&#8217;s team successfully studied three new specimens of the \u201clittle gray\u201d type, dubbed \u201cThe Family.\u201d<\/p>\n<p>Examination and X-ray of these three new biological entities.<\/p>\n<p>[\/et_pb_text][et_pb_button button_url=&#8221;https:\/\/www.the-alien-project.com\/en\/paul-and-the-family\/&#8221; button_text=&#8221;Learn more&#8221; button_alignment=&#8221;center&#8221; _builder_version=&#8221;4.27.4&#8243; _module_preset=&#8221;default&#8221; global_colors_info=&#8221;{}&#8221;][\/et_pb_button][\/et_pb_column][\/et_pb_row][et_pb_row column_structure=&#8221;3_5,2_5&#8243; _builder_version=&#8221;4.27.4&#8243; _module_preset=&#8221;default&#8221; global_colors_info=&#8221;{}&#8221;][et_pb_column type=&#8221;3_5&#8243; _builder_version=&#8221;4.27.4&#8243; _module_preset=&#8221;default&#8221; custom_padding=&#8221;10px||||false|false&#8221; global_colors_info=&#8221;{}&#8221;][et_pb_text _builder_version=&#8221;4.27.4&#8243; _module_preset=&#8221;default&#8221; header_3_text_align=&#8221;center&#8221; header_5_text_align=&#8221;center&#8221; header_5_font_size=&#8221;35px&#8221; global_colors_info=&#8221;{}&#8221;]<\/p>\n<h5>July 11, 2017<\/h5>\n<p>[\/et_pb_text][et_pb_image src=&#8221;https:\/\/www.the-alien-project.com\/wp-content\/uploads\/2025\/08\/18-conference-11-juillet-2017-lima-01.jpg&#8221; alt=&#8221;First conference on the Nazca mummies in Lima&#8221; title_text=&#8221;First conference on the Nazca mummies in Lima&#8221; _builder_version=&#8221;4.27.4&#8243; _module_preset=&#8221;default&#8221; animation_style=&#8221;slide&#8221; animation_direction=&#8221;left&#8221; global_colors_info=&#8221;{}&#8221;][\/et_pb_image][et_pb_text _builder_version=&#8221;4.27.4&#8243; _module_preset=&#8221;default&#8221; global_colors_info=&#8221;{}&#8221;]<\/p>\n<p>The Instituto Inkari \u2013 Cusco, in collaboration with the American private channel Gaia, Mexican journalist Jaime Maussan, and Peruvian journalist Jois Mantilla, is organizing its first press conference in Lima to present the initial conclusions of laboratory analyses (X-rays, scans, DNA, C14, etc.) of the UFOs studied and the initial conclusions of the scientists who worked directly on the biological material. These conclusions can be summarized in three points: <\/p>\n<ol>\n<li>it is indeed biological material,<\/li>\n<li>this material is old, even very old,<\/li>\n<li>no clear evidence of fraud has (yet) been found.<\/li>\n<\/ol>\n<p>[\/et_pb_text][\/et_pb_column][et_pb_column type=&#8221;2_5&#8243; _builder_version=&#8221;4.27.4&#8243; _module_preset=&#8221;default&#8221; background_color=&#8221;rgba(75,148,125,0.14)&#8221; custom_padding=&#8221;10px|10px|10px|10px|false|false&#8221; border_radii=&#8221;on|15px|15px|15px|15px&#8221; global_colors_info=&#8221;{}&#8221;][et_pb_text _builder_version=&#8221;4.27.4&#8243; _module_preset=&#8221;default&#8221; header_3_text_align=&#8221;center&#8221; header_5_text_align=&#8221;center&#8221; header_5_font_size=&#8221;35px&#8221; global_colors_info=&#8221;{}&#8221;]<\/p>\n<h5>July 9, 2017<\/h5>\n<p>[\/et_pb_text][et_pb_image src=&#8221;https:\/\/www.the-alien-project.com\/wp-content\/uploads\/2025\/08\/17-wawita.jpg&#8221; alt=&#8221;Wawita&#8221; title_text=&#8221;Wawita&#8221; _builder_version=&#8221;4.27.4&#8243; _module_preset=&#8221;default&#8221; animation_style=&#8221;slide&#8221; animation_direction=&#8221;right&#8221; animation_delay=&#8221;250ms&#8221; global_colors_info=&#8221;{}&#8221;][\/et_pb_image][et_pb_text _builder_version=&#8221;4.27.4&#8243; _module_preset=&#8221;default&#8221; global_colors_info=&#8221;{}&#8221;]<\/p>\n<p>Examination of the hybrid body \u201cWawita,\u201d meaning \u201cbaby\u201d in Quechua, an ancient Andean language still in use today.<\/p>\n<p>[\/et_pb_text][et_pb_button button_url=&#8221;https:\/\/www.the-alien-project.com\/en\/wawita\/&#8221; button_text=&#8221;Learn more about Wawita&#8221; button_alignment=&#8221;center&#8221; _builder_version=&#8221;4.27.4&#8243; _module_preset=&#8221;default&#8221; animation_style=&#8221;slide&#8221; animation_delay=&#8221;500ms&#8221; global_colors_info=&#8221;{}&#8221;][\/et_pb_button][\/et_pb_column][\/et_pb_row][et_pb_row column_structure=&#8221;1_3,1_3,1_3&#8243; _builder_version=&#8221;4.27.4&#8243; _module_preset=&#8221;default&#8221; global_colors_info=&#8221;{}&#8221;][et_pb_column type=&#8221;1_3&#8243; _builder_version=&#8221;4.27.4&#8243; _module_preset=&#8221;default&#8221; background_color=&#8221;rgba(75,148,125,0.15)&#8221; custom_padding=&#8221;10px|10px|10px|10px|false|false&#8221; border_radii=&#8221;on|15px|15px|15px|15px&#8221; global_colors_info=&#8221;{}&#8221;][et_pb_text _builder_version=&#8221;4.27.4&#8243; _module_preset=&#8221;default&#8221; header_3_text_align=&#8221;center&#8221; header_5_text_align=&#8221;center&#8221; header_5_font_size=&#8221;35px&#8221; global_colors_info=&#8221;{}&#8221;]<\/p>\n<h5>May 19-20, 2017<\/h5>\n<p>[\/et_pb_text][et_pb_image src=&#8221;https:\/\/www.the-alien-project.com\/wp-content\/uploads\/2025\/08\/16-victoria.jpg&#8221; alt=&#8221;Victoria&#8221; title_text=&#8221;Victoria&#8221; _builder_version=&#8221;4.27.4&#8243; _module_preset=&#8221;default&#8221; animation_style=&#8221;slide&#8221; animation_direction=&#8221;left&#8221; global_colors_info=&#8221;{}&#8221;][\/et_pb_image][et_pb_text _builder_version=&#8221;4.27.4&#8243; _module_preset=&#8221;default&#8221; global_colors_info=&#8221;{}&#8221;]<\/p>\n<p>The team at Instituto Inkari \u2013 Cusco has successfully recovered a new biological entity of the \u201cgray\u201d type, named \u201cVictoria.\u201d<\/p>\n<p>[\/et_pb_text][et_pb_button button_url=&#8221;https:\/\/www.the-alien-project.com\/en\/victoria\/&#8221; button_text=&#8221;Learn more about Victoria&#8221; button_alignment=&#8221;center&#8221; _builder_version=&#8221;4.27.4&#8243; _module_preset=&#8221;default&#8221; global_colors_info=&#8221;{}&#8221;][\/et_pb_button][\/et_pb_column][et_pb_column type=&#8221;1_3&#8243; _builder_version=&#8221;4.27.4&#8243; _module_preset=&#8221;default&#8221; background_color=&#8221;rgba(75,148,125,0.18)&#8221; custom_padding=&#8221;10px|10px|10px|10px|false|false&#8221; border_radii=&#8221;on|15px|15px|15px|15px&#8221; global_colors_info=&#8221;{}&#8221;][et_pb_text _builder_version=&#8221;4.27.4&#8243; _module_preset=&#8221;default&#8221; header_3_text_align=&#8221;center&#8221; header_5_text_align=&#8221;center&#8221; header_5_font_size=&#8221;35px&#8221; global_colors_info=&#8221;{}&#8221;]<\/p>\n<h5>9 mai 2017<\/h5>\n<p>[\/et_pb_text][et_pb_video src=&#8221;https:\/\/vimeo.com\/249926226&#8243; _builder_version=&#8221;4.27.4&#8243; _module_preset=&#8221;default&#8221; animation_style=&#8221;slide&#8221; animation_delay=&#8221;250ms&#8221; global_colors_info=&#8221;{}&#8221;][\/et_pb_video][et_pb_text _builder_version=&#8221;4.27.4&#8243; _module_preset=&#8221;default&#8221; global_colors_info=&#8221;{}&#8221;]<\/p>\n<p>First Scans by Josefina, Alberto, and Maria.<\/p>\n<p>[\/et_pb_text][\/et_pb_column][et_pb_column type=&#8221;1_3&#8243; _builder_version=&#8221;4.27.4&#8243; _module_preset=&#8221;default&#8221; background_color=&#8221;rgba(75,148,125,0.15)&#8221; custom_padding=&#8221;10px|10px|10px|10px|false|false&#8221; border_radii=&#8221;on|15px|15px|15px|15px&#8221; global_colors_info=&#8221;{}&#8221;][et_pb_text _builder_version=&#8221;4.27.4&#8243; _module_preset=&#8221;default&#8221; header_3_text_align=&#8221;center&#8221; header_5_text_align=&#8221;center&#8221; header_5_font_size=&#8221;35px&#8221; global_colors_info=&#8221;{}&#8221;]<\/p>\n<h5>May 2, 2017<\/h5>\n<p>[\/et_pb_text][et_pb_image src=&#8221;https:\/\/www.the-alien-project.com\/wp-content\/uploads\/2025\/08\/14-radiographie-maria.jpg&#8221; alt=&#8221;X-rays of Maria and Josefina&#8221; title_text=&#8221;X-rays of Maria and Josefina&#8221; _builder_version=&#8221;4.27.4&#8243; _module_preset=&#8221;default&#8221; animation_style=&#8221;slide&#8221; animation_direction=&#8221;right&#8221; animation_delay=&#8221;500ms&#8221; global_colors_info=&#8221;{}&#8221;][\/et_pb_image][et_pb_text _builder_version=&#8221;4.27.4&#8243; _module_preset=&#8221;default&#8221; global_colors_info=&#8221;{}&#8221;]<\/p>\n<p>X-rays of Maria and Josefina in the presence of Jaime Maussan&#8217;s team and two North American television channels.<\/p>\n<p>Discovery of three \u201ceggs\u201d (?) in Josefina&#8217;s abdomen.<\/p>\n<p>[\/et_pb_text][\/et_pb_column][\/et_pb_row][et_pb_row column_structure=&#8221;3_5,2_5&#8243; _builder_version=&#8221;4.27.4&#8243; _module_preset=&#8221;default&#8221; global_colors_info=&#8221;{}&#8221;][et_pb_column type=&#8221;3_5&#8243; _builder_version=&#8221;4.27.4&#8243; _module_preset=&#8221;default&#8221; background_color=&#8221;rgba(75,148,125,0.15)&#8221; custom_padding=&#8221;10px|10px|10px|10px|false|false&#8221; animation_style=&#8221;slide&#8221; animation_direction=&#8221;left&#8221; border_radii=&#8221;on|15px|15px|15px|15px&#8221; global_colors_info=&#8221;{}&#8221;][et_pb_text _builder_version=&#8221;4.27.4&#8243; _module_preset=&#8221;default&#8221; header_3_text_align=&#8221;center&#8221; header_5_text_align=&#8221;center&#8221; header_5_font_size=&#8221;35px&#8221; global_colors_info=&#8221;{}&#8221;]<\/p>\n<h5>April 25, 2017<\/h5>\n<p>[\/et_pb_text][et_pb_text _builder_version=&#8221;4.27.4&#8243; _module_preset=&#8221;default&#8221; global_colors_info=&#8221;{}&#8221;]<\/p>\n<p><img loading=\"lazy\" decoding=\"async\" src=\"https:\/\/www.the-alien-project.com\/wp-content\/uploads\/2025\/08\/13-maria-hybride-300x169.jpg\" width=\"398\" height=\"224\" alt=\"Mar\u00eda\" class=\"wp-image-2910 alignnone size-medium\" style=\"float: right;\">Mario&#8217;s meeting in Palpa with Thierry Jamin and the team from the Instituto Inkari \u2013 Cusco, accompanied by Jaime Maussan and two American TV channels.<\/p>\n<p>Mario reveals to the team at Instituto Inkari \u2013 Cusco an exceptional biological entity, a hybrid, named \u201cMaria\u201d by Thierry and his group. New DNA sample taken. <\/p>\n<p>The team from the Inkari Institute in Cusco manages to convince Mario to lend them Maria so that they can carry out initial clinical analyses of the relic, as well as X-rays and scans.<\/p>\n<p>[\/et_pb_text][\/et_pb_column][et_pb_column type=&#8221;2_5&#8243; _builder_version=&#8221;4.27.4&#8243; _module_preset=&#8221;default&#8221; background_color=&#8221;rgba(75,148,125,0.15)&#8221; custom_padding=&#8221;10px|10px|10px|10px|false|false&#8221; border_radii=&#8221;on|15px|15px|15px|15px&#8221; global_colors_info=&#8221;{}&#8221;][et_pb_text _builder_version=&#8221;4.27.4&#8243; _module_preset=&#8221;default&#8221; header_3_text_align=&#8221;center&#8221; header_5_text_align=&#8221;center&#8221; header_5_font_size=&#8221;35px&#8221; global_colors_info=&#8221;{}&#8221;]<\/p>\n<h5>April 23, 2017<\/h5>\n<p>[\/et_pb_text][et_pb_image src=&#8221;https:\/\/www.the-alien-project.com\/wp-content\/uploads\/2025\/08\/12-jaime-maussan.jpg&#8221; alt=&#8221;Jaime Maussan, Mexican journalist, welcomed in Cusco&#8221; title_text=&#8221;Jaime Maussan, Mexican journalist, welcomed in Cusco&#8221; _builder_version=&#8221;4.27.4&#8243; _module_preset=&#8221;default&#8221; animation_style=&#8221;slide&#8221; animation_direction=&#8221;right&#8221; animation_delay=&#8221;250ms&#8221; global_colors_info=&#8221;{}&#8221;][\/et_pb_image][et_pb_text _builder_version=&#8221;4.27.4&#8243; _module_preset=&#8221;default&#8221; global_colors_info=&#8221;{}&#8221;]<\/p>\n<p>Welcome to Cusco for Jaime Maussan, Mexican journalist, and two American TV channels. Also accompanied by Dr. Jose Jesus Zalce Benitez, Chief Medical Officer of the Mexican Navy, Mexican biologist Dr. Jose De La Cruz Rios Lopez, and Dr. Kontsnatin G. Korotkov, Professor of Medicine at the Federal University of Saint Petersburg, Russia.    <\/p>\n<p>[\/et_pb_text][\/et_pb_column][\/et_pb_row][et_pb_row column_structure=&#8221;1_3,1_3,1_3&#8243; _builder_version=&#8221;4.27.4&#8243; _module_preset=&#8221;default&#8221; global_colors_info=&#8221;{}&#8221;][et_pb_column type=&#8221;1_3&#8243; _builder_version=&#8221;4.27.4&#8243; _module_preset=&#8221;default&#8221; background_color=&#8221;RGBA(75,148,125,0.15)&#8221; custom_padding=&#8221;10px|10px|10px|10px|false|false&#8221; border_radii=&#8221;on|15px|15px|15px|15px&#8221; global_colors_info=&#8221;{}&#8221;][et_pb_text _builder_version=&#8221;4.27.4&#8243; _module_preset=&#8221;default&#8221; header_3_text_align=&#8221;center&#8221; header_5_text_align=&#8221;center&#8221; header_5_font_size=&#8221;35px&#8221; global_colors_info=&#8221;{}&#8221;]<\/p>\n<h5>April 3, 2017<\/h5>\n<p>[\/et_pb_text][et_pb_video src=&#8221;https:\/\/vimeo.com\/249911316&#8243; _builder_version=&#8221;4.27.4&#8243; _module_preset=&#8221;default&#8221; animation_style=&#8221;slide&#8221; animation_direction=&#8221;left&#8221; global_colors_info=&#8221;{}&#8221;][\/et_pb_video][et_pb_text _builder_version=&#8221;4.27.4&#8243; _module_preset=&#8221;default&#8221; global_colors_info=&#8221;{}&#8221;]<\/p>\n<p>Collection of the first samples from various mummified bodies and dispatch to several laboratories located in different countries.<\/p>\n<p>[\/et_pb_text][\/et_pb_column][et_pb_column type=&#8221;1_3&#8243; _builder_version=&#8221;4.27.4&#8243; _module_preset=&#8221;default&#8221; background_color=&#8221;RGBA(75,148,125,0.15)&#8221; custom_padding=&#8221;10px|10px|10px|10px|false|false&#8221; border_radii=&#8221;on|15px|15px|15px|15px&#8221; global_colors_info=&#8221;{}&#8221;][et_pb_text _builder_version=&#8221;4.27.4&#8243; _module_preset=&#8221;default&#8221; header_3_text_align=&#8221;center&#8221; header_5_text_align=&#8221;center&#8221; header_5_font_size=&#8221;35px&#8221; global_colors_info=&#8221;{}&#8221;]<\/p>\n<h5>April 2, 2017<\/h5>\n<p>[\/et_pb_text][et_pb_gallery gallery_ids=&#8221;3370,3371,3372&#8243; fullwidth=&#8221;on&#8221; _builder_version=&#8221;4.27.4&#8243; _module_preset=&#8221;default&#8221; animation_style=&#8221;slide&#8221; animation_delay=&#8221;250ms&#8221; global_colors_info=&#8221;{}&#8221;][\/et_pb_gallery][et_pb_text _builder_version=&#8221;4.27.4&#8243; _module_preset=&#8221;default&#8221; global_colors_info=&#8221;{}&#8221;]<\/p>\n<p>The Instituto Inkari \u2013 Cusco successfully recovered a second mummified body of the small gray type, named Josefina by Thierry Jamin, four brains, and several metal, stone, and bone objects.<\/p>\n<p>[\/et_pb_text][et_pb_button button_url=&#8221;https:\/\/www.the-alien-project.com\/en\/josefina\/&#8221; button_text=&#8221;Learn more about Josefina&#8221; button_alignment=&#8221;center&#8221; _builder_version=&#8221;4.27.4&#8243; _module_preset=&#8221;default&#8221; animation_style=&#8221;slide&#8221; animation_delay=&#8221;750ms&#8221; global_colors_info=&#8221;{}&#8221;][\/et_pb_button][et_pb_button button_url=&#8221;https:\/\/www.the-alien-project.com\/en\/metal\/&#8221; button_text=&#8221;Learn more about objects&#8221; button_alignment=&#8221;center&#8221; _builder_version=&#8221;4.27.4&#8243; _module_preset=&#8221;default&#8221; animation_style=&#8221;slide&#8221; animation_delay=&#8221;1250ms&#8221; global_colors_info=&#8221;{}&#8221;][\/et_pb_button][\/et_pb_column][et_pb_column type=&#8221;1_3&#8243; _builder_version=&#8221;4.27.4&#8243; _module_preset=&#8221;default&#8221; background_color=&#8221;RGBA(75,148,125,0.15)&#8221; custom_padding=&#8221;10px|10px|10px|10px|false|false&#8221; border_radii=&#8221;on|15px|15px|15px|15px&#8221; global_colors_info=&#8221;{}&#8221;][et_pb_text _builder_version=&#8221;4.27.4&#8243; _module_preset=&#8221;default&#8221; header_3_text_align=&#8221;center&#8221; header_5_text_align=&#8221;center&#8221; header_5_font_size=&#8221;35px&#8221; global_colors_info=&#8221;{}&#8221;]<\/p>\n<h5>March 13-15, 2017<\/h5>\n<p>[\/et_pb_text][et_pb_image src=&#8221;https:\/\/www.the-alien-project.com\/wp-content\/uploads\/2025\/08\/09-alberto-entite-biologique-3.jpg&#8221; alt=&#8221;Albert&#8221; title_text=&#8221;Albert&#8221; _builder_version=&#8221;4.27.4&#8243; _module_preset=&#8221;default&#8221; animation_style=&#8221;slide&#8221; animation_direction=&#8221;right&#8221; animation_delay=&#8221;500ms&#8221; global_colors_info=&#8221;{}&#8221;][\/et_pb_image][et_pb_text _builder_version=&#8221;4.27.4&#8243; _module_preset=&#8221;default&#8221; global_colors_info=&#8221;{}&#8221;]<\/p>\n<p>The Instituto Inkari-Cusco succeeded in recovering a first complete body of the small gray type, 60 cm long, quickly named Albert by Internet users. Then, analyses and X-rays of this new Biological Entity were carried out. <\/p>\n<p>[\/et_pb_text][et_pb_button button_url=&#8221;https:\/\/www.the-alien-project.com\/en\/albert\/&#8221; button_text=&#8221;Learn more about Albert&#8221; button_alignment=&#8221;center&#8221; _builder_version=&#8221;4.27.4&#8243; _module_preset=&#8221;default&#8221; animation_style=&#8221;slide&#8221; animation_delay=&#8221;1000ms&#8221; global_colors_info=&#8221;{}&#8221;][\/et_pb_button][\/et_pb_column][\/et_pb_row][et_pb_row column_structure=&#8221;1_2,1_2&#8243; _builder_version=&#8221;4.27.4&#8243; _module_preset=&#8221;default&#8221; global_colors_info=&#8221;{}&#8221;][et_pb_column type=&#8221;1_2&#8243; _builder_version=&#8221;4.27.4&#8243; _module_preset=&#8221;default&#8221; background_color=&#8221;RGBA(75,148,125,0.15)&#8221; custom_padding=&#8221;10px|10px|10px|10px|false|false&#8221; border_radii=&#8221;on|15px|15px|15px|15px&#8221; global_colors_info=&#8221;{}&#8221;][et_pb_text _builder_version=&#8221;4.27.4&#8243; _module_preset=&#8221;default&#8221; header_3_text_align=&#8221;center&#8221; header_5_text_align=&#8221;center&#8221; header_5_font_size=&#8221;35px&#8221; global_colors_info=&#8221;{}&#8221;]<\/p>\n<h5>March 12, 2017<\/h5>\n<p>[\/et_pb_text][et_pb_image src=&#8221;https:\/\/www.the-alien-project.com\/wp-content\/uploads\/2025\/08\/alien-project-ulule.jpg&#8221; alt=&#8221;https:\/\/www.the-alien-project.com\/en\/metal\/&#8221; title_text=&#8221;https:\/\/www.the-alien-project.com\/en\/metal\/&#8221; _builder_version=&#8221;4.27.4&#8243; _module_preset=&#8221;default&#8221; animation_style=&#8221;slide&#8221; animation_direction=&#8221;left&#8221; global_colors_info=&#8221;{}&#8221;][\/et_pb_image][et_pb_text _builder_version=&#8221;4.27.4&#8243; _module_preset=&#8221;default&#8221; global_colors_info=&#8221;{}&#8221;]<\/p>\n<p>End of crowdfunding.<\/p>\n<p>Eight hundred contributors (mostly French) helped exceed the target budget of \u20ac39,510, reaching 136% of the initial project goal.<\/p>\n<p>[\/et_pb_text][\/et_pb_column][et_pb_column type=&#8221;1_2&#8243; _builder_version=&#8221;4.27.4&#8243; _module_preset=&#8221;default&#8221; background_color=&#8221;RGBA(75,148,125,0.15)&#8221; custom_padding=&#8221;10px|10px|10px|10px|false|false&#8221; border_radii=&#8221;on|15px|15px|15px|15px&#8221; global_colors_info=&#8221;{}&#8221;][et_pb_text _builder_version=&#8221;4.27.4&#8243; _module_preset=&#8221;default&#8221; header_3_text_align=&#8221;center&#8221; header_5_text_align=&#8221;center&#8221; header_5_font_size=&#8221;35px&#8221; global_colors_info=&#8221;{}&#8221;]<\/p>\n<h5>February 7, 2017<\/h5>\n<p>[\/et_pb_text][et_pb_video src=&#8221;https:\/\/vimeo.com\/249906311&#8243; _builder_version=&#8221;4.27.4&#8243; _module_preset=&#8221;default&#8221; animation_style=&#8221;slide&#8221; animation_direction=&#8221;right&#8221; animation_delay=&#8221;250ms&#8221; global_colors_info=&#8221;{}&#8221;][\/et_pb_video][et_pb_text _builder_version=&#8221;4.27.4&#8243; _module_preset=&#8221;default&#8221; global_colors_info=&#8221;{}&#8221;]<\/p>\n<p>Thierry Jamin and Alain Bonnet are launching a crowdfunding campaign on the Ulule platform to finance DNA and Carbon-14 analyses of the biological entities recovered.<\/p>\n<p>Planned budget: \u20ac29,000<\/p>\n<p>[\/et_pb_text][\/et_pb_column][\/et_pb_row][et_pb_row column_structure=&#8221;1_2,1_2&#8243; _builder_version=&#8221;4.27.4&#8243; _module_preset=&#8221;default&#8221; global_colors_info=&#8221;{}&#8221;][et_pb_column type=&#8221;1_2&#8243; _builder_version=&#8221;4.27.4&#8243; _module_preset=&#8221;default&#8221; background_color=&#8221;RGBA(75,148,125,0.15)&#8221; custom_padding=&#8221;10px|10px|10px|10px|false|false&#8221; border_radii=&#8221;on|15px|15px|15px|15px&#8221; global_colors_info=&#8221;{}&#8221;][et_pb_text _builder_version=&#8221;4.27.4&#8243; _module_preset=&#8221;default&#8221; header_3_text_align=&#8221;center&#8221; header_5_text_align=&#8221;center&#8221; header_5_font_size=&#8221;35px&#8221; global_colors_info=&#8221;{}&#8221;]<\/p>\n<h5>February 4, 2017<\/h5>\n<p>[\/et_pb_text][et_pb_video src=&#8221;https:\/\/vimeo.com\/249906311&#8243; _builder_version=&#8221;4.27.4&#8243; _module_preset=&#8221;default&#8221; animation_style=&#8221;slide&#8221; animation_direction=&#8221;left&#8221; global_colors_info=&#8221;{}&#8221;][\/et_pb_video][et_pb_text _builder_version=&#8221;4.27.4&#8243; _module_preset=&#8221;default&#8221; global_colors_info=&#8221;{}&#8221;]<\/p>\n<p>The team from the Instituto Inkari \u2013 Cusco managed to access two mummified heads, of the small gray type, as well as three mummified hands of the three-fingered type.<\/p>\n<p>Initial analyses and X-rays of the heads and hands, with Dr. Edson Salazar Vivanco.<\/p>\n<p>[\/et_pb_text][et_pb_button button_url=&#8221;https:\/\/www.the-alien-project.com\/en\/reptilian-heads\/&#8221; button_text=&#8221;Learn more about the heads&#8221; button_alignment=&#8221;center&#8221; _builder_version=&#8221;4.27.4&#8243; _module_preset=&#8221;default&#8221; animation_style=&#8221;slide&#8221; animation_direction=&#8221;left&#8221; animation_delay=&#8221;500ms&#8221; global_colors_info=&#8221;{}&#8221;][\/et_pb_button][et_pb_button button_url=&#8221;https:\/\/www.the-alien-project.com\/en\/large-three-fingered-hands\/&#8221; button_text=&#8221;Learn more about the hands&#8221; button_alignment=&#8221;center&#8221; _builder_version=&#8221;4.27.4&#8243; _module_preset=&#8221;default&#8221; animation_style=&#8221;slide&#8221; animation_direction=&#8221;left&#8221; animation_delay=&#8221;1000ms&#8221; global_colors_info=&#8221;{}&#8221;][\/et_pb_button][\/et_pb_column][et_pb_column type=&#8221;1_2&#8243; _builder_version=&#8221;4.27.4&#8243; _module_preset=&#8221;default&#8221; background_color=&#8221;RGBA(75,148,125,0.15)&#8221; custom_padding=&#8221;10px|10px|10px|10px|false|false&#8221; border_radii=&#8221;on|15px|15px|15px|15px&#8221; global_colors_info=&#8221;{}&#8221;][et_pb_text _builder_version=&#8221;4.27.4&#8243; _module_preset=&#8221;default&#8221; header_3_text_align=&#8221;center&#8221; header_5_text_align=&#8221;center&#8221; header_5_font_size=&#8221;35px&#8221; global_colors_info=&#8221;{}&#8221;]<\/p>\n<h5>End of January 2017<\/h5>\n<p>[\/et_pb_text][et_pb_video src=&#8221;https:\/\/vimeo.com\/249841991&#8243; _builder_version=&#8221;4.27.4&#8243; _module_preset=&#8221;default&#8221; animation_style=&#8221;slide&#8221; animation_direction=&#8221;right&#8221; animation_delay=&#8221;250ms&#8221; global_colors_info=&#8221;{}&#8221;][\/et_pb_video][et_pb_text _builder_version=&#8221;4.27.4&#8243; _module_preset=&#8221;default&#8221; global_colors_info=&#8221;{}&#8221;]<\/p>\n<p>Thierry Jamin, Jos\u00e9 Casafranca Mont\u00e9s, and Edward Valenzuela Gil, from the Instituto Inkari \u2013 Cusco, meet the leader of the huaqueros, nicknamed \u201cMario\u201d by Thierry Jamin, for the first time in a hotel in La Paz, Bolivia.<\/p>\n<p>First biological entity measuring 38 cm in length<br \/>In Puno, the team from the Instituto Inkari \u2013 Cusco managed to recover and then study a first Biological Entity (B.E.) loaned by \u201cMario.\u201d<\/p>\n<p>The team from the Instituto Inkari \u2013 Cusco managed to recover and then study several stones carved in the shape of UFOs and ETs discovered in the first \u201csarcophagus.\u201d<\/p>\n<p>[\/et_pb_text][\/et_pb_column][\/et_pb_row][et_pb_row column_structure=&#8221;1_2,1_2&#8243; _builder_version=&#8221;4.27.4&#8243; _module_preset=&#8221;default&#8221; global_colors_info=&#8221;{}&#8221;][et_pb_column type=&#8221;1_2&#8243; _builder_version=&#8221;4.27.4&#8243; _module_preset=&#8221;default&#8221; background_color=&#8221;RGBA(75,148,125,0.15)&#8221; custom_padding=&#8221;10px|10px|10px|10px|false|false&#8221; border_radii=&#8221;on|15px|15px|15px|15px&#8221; global_colors_info=&#8221;{}&#8221;][et_pb_text _builder_version=&#8221;4.27.4&#8243; _module_preset=&#8221;default&#8221; header_3_text_align=&#8221;center&#8221; header_5_text_align=&#8221;center&#8221; header_5_font_size=&#8221;35px&#8221; global_colors_info=&#8221;{}&#8221;]<\/p>\n<h5>Mid-January 2017<\/h5>\n<p>[\/et_pb_text][et_pb_video src=&#8221;https:\/\/vimeo.com\/249855792&#8243; _builder_version=&#8221;4.27.4&#8243; _module_preset=&#8221;default&#8221; animation_style=&#8221;slide&#8221; animation_direction=&#8221;left&#8221; global_colors_info=&#8221;{}&#8221;][\/et_pb_video][et_pb_text _builder_version=&#8221;4.27.4&#8243; _module_preset=&#8221;default&#8221; global_colors_info=&#8221;{}&#8221;]<\/p>\n<p>Thierry Jamin and his team set off for Nasca with the aim of identifying and meeting the tomb raiders (huaqueros).<\/p>\n<p>[\/et_pb_text][\/et_pb_column][et_pb_column type=&#8221;1_2&#8243; _builder_version=&#8221;4.27.4&#8243; _module_preset=&#8221;default&#8221; background_color=&#8221;RGBA(75,148,125,0.15)&#8221; custom_padding=&#8221;10px|10px|10px|10px|false|false&#8221; border_radii=&#8221;on|15px|15px|15px|15px&#8221; global_colors_info=&#8221;{}&#8221;][et_pb_text _builder_version=&#8221;4.27.4&#8243; _module_preset=&#8221;default&#8221; header_3_text_align=&#8221;center&#8221; header_5_text_align=&#8221;center&#8221; header_5_font_size=&#8221;35px&#8221; global_colors_info=&#8221;{}&#8221;]<\/p>\n<h5>January 10, 2017<\/h5>\n<p>[\/et_pb_text][et_pb_image src=&#8221;https:\/\/www.the-alien-project.com\/wp-content\/uploads\/2025\/08\/03-lettre-janvier.jpg&#8221; title_text=&#8221;03-lettre-janvier&#8221; _builder_version=&#8221;4.27.4&#8243; _module_preset=&#8221;default&#8221; animation_style=&#8221;slide&#8221; animation_direction=&#8221;right&#8221; animation_delay=&#8221;250ms&#8221; global_colors_info=&#8221;{}&#8221;][\/et_pb_image][et_pb_text _builder_version=&#8221;4.27.4&#8243; _module_preset=&#8221;default&#8221; global_colors_info=&#8221;{}&#8221;]<\/p>\n<p>Thierry Jamin sends a letter to the Peruvian Minister of Culture (with a French translation) to inform him of the situation and request the rapid intervention of his services in order to prevent the possible destruction of archaeological sites in the Nasca region.<\/p>\n<p>[\/et_pb_text][et_pb_button button_url=&#8221;https:\/\/www.the-alien-project.com\/wp-content\/uploads\/2025\/08\/06-Lettre-MINCU-10-janvier-2017-FR-1.pdf&#8221; url_new_window=&#8221;on&#8221; button_text=&#8221;See the mail&#8221; button_alignment=&#8221;center&#8221; _builder_version=&#8221;4.27.4&#8243; _module_preset=&#8221;default&#8221; animation_style=&#8221;slide&#8221; animation_direction=&#8221;left&#8221; animation_delay=&#8221;500ms&#8221; global_colors_info=&#8221;{}&#8221;][\/et_pb_button][\/et_pb_column][\/et_pb_row][et_pb_row column_structure=&#8221;1_2,1_2&#8243; _builder_version=&#8221;4.27.4&#8243; _module_preset=&#8221;default&#8221; global_colors_info=&#8221;{}&#8221;][et_pb_column type=&#8221;1_2&#8243; _builder_version=&#8221;4.27.4&#8243; _module_preset=&#8221;default&#8221; background_color=&#8221;RGBA(75,148,125,0.15)&#8221; custom_padding=&#8221;10px|10px|10px|10px|false|false&#8221; border_radii=&#8221;on|15px|15px|15px|15px&#8221; global_colors_info=&#8221;{}&#8221;][et_pb_text _builder_version=&#8221;4.27.4&#8243; _module_preset=&#8221;default&#8221; header_3_text_align=&#8221;center&#8221; header_5_text_align=&#8221;center&#8221; header_5_font_size=&#8221;35px&#8221; global_colors_info=&#8221;{}&#8221;]<\/p>\n<h5>Octobre-D\u00e9cembre 2016<\/h5>\n<p>[\/et_pb_text][et_pb_video src=&#8221;https:\/\/vimeo.com\/249845613&#8243; _builder_version=&#8221;4.27.4&#8243; _module_preset=&#8221;default&#8221; animation_style=&#8221;slide&#8221; animation_direction=&#8221;left&#8221; global_colors_info=&#8221;{}&#8221;][\/et_pb_video][et_pb_text _builder_version=&#8221;4.27.4&#8243; _module_preset=&#8221;default&#8221; global_colors_info=&#8221;{}&#8221;]<\/p>\n<p>In October 2016, the first meeting took place at the Instituto Inkari Cusco with a certain \u201cLuis Quispe,\u201d alias \u201cPaul R.,\u201d a contact of the grave robbers.<\/p>\n<p>Several meetings between Thierry Jamin, Jos\u00e9 Casafranca Montes, and Paul followed. These meetings provided further insight into the huaqueros (grave robbers) and the circumstances surrounding the discovery of the site. At the same time, Thierry Jamin and the team from the Instituto Inkari \u2013 Cusco took the opportunity to study the biological material recovered by Paul.  <\/p>\n<p>[\/et_pb_text][\/et_pb_column][et_pb_column type=&#8221;1_2&#8243; _builder_version=&#8221;4.27.4&#8243; _module_preset=&#8221;default&#8221; background_color=&#8221;RGBA(255,255,255,0)&#8221; custom_padding=&#8221;10px||||false|false&#8221; border_radii=&#8221;on|15px|15px|15px|15px&#8221; global_colors_info=&#8221;{}&#8221;][et_pb_text _builder_version=&#8221;4.27.4&#8243; _module_preset=&#8221;default&#8221; header_3_text_align=&#8221;center&#8221; header_5_text_align=&#8221;center&#8221; header_5_font_size=&#8221;35px&#8221; global_colors_info=&#8221;{}&#8221;]<\/p>\n<h5>End of 2015<\/h5>\n<p>[\/et_pb_text][et_pb_image src=&#8221;https:\/\/www.the-alien-project.com\/wp-content\/uploads\/2025\/08\/nazca.jpg&#8221; alt=&#8221;Nazca&#8221; title_text=&#8221;Nazca&#8221; _builder_version=&#8221;4.27.4&#8243; _module_preset=&#8221;default&#8221; animation_style=&#8221;slide&#8221; animation_direction=&#8221;right&#8221; animation_delay=&#8221;250ms&#8221; global_colors_info=&#8221;{}&#8221;][\/et_pb_image][et_pb_text _builder_version=&#8221;4.27.4&#8243; _module_preset=&#8221;default&#8221; custom_padding=&#8221;||0px|||&#8221; global_colors_info=&#8221;{}&#8221;]<\/p>\n<p>Discovery of the site, in the Nasca-Palpa area, by grave robbers, or huaqueros.<\/p>\n<p>[\/et_pb_text][\/et_pb_column][\/et_pb_row][\/et_pb_section][et_pb_section fb_built=&#8221;1&#8243; custom_padding_last_edited=&#8221;off|desktop&#8221; admin_label=&#8221;Footer&#8221; _builder_version=&#8221;4.27.4&#8243; background_image=&#8221;https:\/\/www.the-alien-project.com\/wp-content\/uploads\/2025\/08\/En-savoir-plus-2.jpg&#8221; custom_margin=&#8221;|||&#8221; custom_padding=&#8221;50px|0px|50px|0px|true|false&#8221; custom_padding_tablet=&#8221;10vw||10vw||true&#8221; custom_padding_phone=&#8221;5vw||5vw||true&#8221; global_module=&#8221;347&#8243; saved_tabs=&#8221;all&#8221; locked=&#8221;off&#8221; collapsed=&#8221;off&#8221; global_colors_info=&#8221;{}&#8221;][et_pb_row _builder_version=&#8221;4.27.4&#8243; _module_preset=&#8221;default&#8221; global_colors_info=&#8221;{}&#8221;][et_pb_column type=&#8221;4_4&#8243; _builder_version=&#8221;4.27.4&#8243; _module_preset=&#8221;default&#8221; global_colors_info=&#8221;{}&#8221;][et_pb_text _builder_version=&#8221;4.27.4&#8243; _module_preset=&#8221;default&#8221; header_3_text_align=&#8221;center&#8221; header_3_text_color=&#8221;#FFFFFF&#8221; global_colors_info=&#8221;{}&#8221;]<\/p>\n<h3>To Find out more&#8230;<\/h3>\n<p>[\/et_pb_text][\/et_pb_column][\/et_pb_row][et_pb_row column_structure=&#8221;1_4,1_4,1_4,1_4&#8243; _builder_version=&#8221;4.27.4&#8243; _module_preset=&#8221;default&#8221; global_colors_info=&#8221;{}&#8221;][et_pb_column type=&#8221;1_4&#8243; _builder_version=&#8221;4.27.4&#8243; _module_preset=&#8221;default&#8221; global_colors_info=&#8221;{}&#8221;][et_pb_blurb title=&#8221;TRIDACTYLS Season 2&#8243; url=&#8221;https:\/\/vimeo.com\/ondemand\/tridactyls2en&#8221; url_new_window=&#8221;on&#8221; image=&#8221;https:\/\/www.the-alien-project.com\/wp-content\/uploads\/2025\/08\/Tridactyls-Saison-2.jpg&#8221; alt=&#8221;TRIDACTYLS Season 2&#8243; _builder_version=&#8221;4.27.4&#8243; _module_preset=&#8221;default&#8221; header_text_color=&#8221;#FFFFFF&#8221; body_text_color=&#8221;#FFFFFF&#8221; text_orientation=&#8221;center&#8221; background_layout=&#8221;dark&#8221; animation_style=&#8221;slide&#8221; animation_direction=&#8221;top&#8221; link_option_url=&#8221;https:\/\/vimeo.com\/ondemand\/tridactyls2en&#8221; link_option_url_new_window=&#8221;on&#8221; global_colors_info=&#8221;{}&#8221;]<\/p>\n<h4>Documentary 6&#215;60 min<\/h4>\n<p>Rent or buy on VOD<\/p>\n<p>[\/et_pb_blurb][\/et_pb_column][et_pb_column type=&#8221;1_4&#8243; _builder_version=&#8221;4.27.4&#8243; _module_preset=&#8221;default&#8221; global_colors_info=&#8221;{}&#8221;][et_pb_blurb title=&#8221;TRIDACTYLS Season 1&#8243; url=&#8221;https:\/\/vimeo.com\/ondemand\/tridactylsen&#8221; url_new_window=&#8221;on&#8221; image=&#8221;https:\/\/www.the-alien-project.com\/wp-content\/uploads\/2025\/08\/TRIDACTYLS-FR-1.jpg&#8221; alt=&#8221;TRIDACTYLS Season 1&#8243; _builder_version=&#8221;4.27.4&#8243; _module_preset=&#8221;default&#8221; header_text_color=&#8221;#FFFFFF&#8221; body_text_color=&#8221;#FFFFFF&#8221; text_orientation=&#8221;center&#8221; background_layout=&#8221;dark&#8221; animation_style=&#8221;slide&#8221; animation_direction=&#8221;top&#8221; animation_delay=&#8221;250ms&#8221; link_option_url=&#8221;https:\/\/vimeo.com\/ondemand\/tridactylsen&#8221; link_option_url_new_window=&#8221;on&#8221; global_colors_info=&#8221;{}&#8221;]<\/p>\n<h4>Documentary 6&#215;52 min<\/h4>\n<p>Rent or buy on VOD<\/p>\n<p>[\/et_pb_blurb][\/et_pb_column][et_pb_column type=&#8221;1_4&#8243; _builder_version=&#8221;4.27.4&#8243; _module_preset=&#8221;default&#8221; global_colors_info=&#8221;{}&#8221;][et_pb_blurb title=&#8221;Les momies non humaines de Nazca&#8221; url=&#8221;https:\/\/www.editions-atlantes.fr\/produit\/les-momies-non-humaines-de-nazca\/&#8221; url_new_window=&#8221;on&#8221; image=&#8221;https:\/\/www.the-alien-project.com\/wp-content\/uploads\/2025\/08\/momies-non-humaines-de-Nazca-1.jpg&#8221; alt=&#8221;Les momies non humaines de Nazca&#8221; _builder_version=&#8221;4.27.4&#8243; _module_preset=&#8221;default&#8221; header_text_color=&#8221;#FFFFFF&#8221; body_text_color=&#8221;#FFFFFF&#8221; text_orientation=&#8221;center&#8221; background_layout=&#8221;dark&#8221; animation_style=&#8221;slide&#8221; animation_direction=&#8221;top&#8221; animation_delay=&#8221;500ms&#8221; link_option_url=&#8221;https:\/\/www.editions-atlantes.fr\/produit\/les-momies-non-humaines-de-nazca\/&#8221; link_option_url_new_window=&#8221;on&#8221; global_colors_info=&#8221;{}&#8221;]<\/p>\n<p>Only in French<br \/>Buy the book<\/p>\n<p>[\/et_pb_blurb][\/et_pb_column][et_pb_column type=&#8221;1_4&#8243; _builder_version=&#8221;4.27.4&#8243; _module_preset=&#8221;default&#8221; global_colors_info=&#8221;{}&#8221;][et_pb_blurb title=&#8221;Lost Paititi &#038; the Non-Human Remains of Nazca&#8221; url=&#8221;https:\/\/www.adventuresunlimitedpress.com\/proddetail.php?prod=LPNZ&#8221; url_new_window=&#8221;on&#8221; image=&#8221;https:\/\/www.the-alien-project.com\/wp-content\/uploads\/2025\/08\/Lost-Paititi-cover-bg.jpg&#8221; alt=&#8221;Lost Paititi &#038; the Non-Human Remains of Nazca&#8221; _builder_version=&#8221;4.27.4&#8243; _module_preset=&#8221;default&#8221; header_text_color=&#8221;#FFFFFF&#8221; body_text_color=&#8221;#FFFFFF&#8221; text_orientation=&#8221;center&#8221; background_layout=&#8221;dark&#8221; animation_style=&#8221;slide&#8221; animation_direction=&#8221;top&#8221; animation_delay=&#8221;750ms&#8221; link_option_url=&#8221;https:\/\/www.adventuresunlimitedpress.com\/proddetail.php?prod=LPNZ&#8221; link_option_url_new_window=&#8221;on&#8221; global_colors_info=&#8221;{}&#8221;]<\/p>\n<p>Only in English<br \/>Buy the book<\/p>\n<p>[\/et_pb_blurb][\/et_pb_column][\/et_pb_row][\/et_pb_section]<\/p>\n","protected":false},"excerpt":{"rendered":"<p>This page presents the facts about the Nazca three-fingered mummies case,from the most recent to the oldest.September 2025 The Inkarri Cusco Institute was able to study two new mummies, Sullqa and Yachaq, belonging to a new species: Cauda Bifurca Lacerta Nascensis. CT scans were performed.April 9, 2025The Ministry of Culture (DDC Ica) has released the [&hellip;]<\/p>\n","protected":false},"author":1,"featured_media":0,"parent":0,"menu_order":0,"comment_status":"closed","ping_status":"closed","template":"","meta":{"_et_pb_use_builder":"on","_et_pb_old_content":"","_et_gb_content_width":"","iawp_total_views":544,"footnotes":""},"class_list":["post-3378","page","type-page","status-publish","hentry"],"yoast_head":"<!-- This site is optimized with the Yoast SEO plugin v27.2 - https:\/\/yoast.com\/product\/yoast-seo-wordpress\/ -->\n<title>The three-fingered mummies of Nazca - Chronology of events<\/title>\n<meta name=\"description\" content=\"This page presents the facts about the Nazca Mummies tridactyl case, from the most recent to the oldest.\" \/>\n<meta name=\"robots\" content=\"index, follow, max-snippet:-1, max-image-preview:large, max-video-preview:-1\" \/>\n<link rel=\"canonical\" href=\"https:\/\/www.the-alien-project.com\/en\/chronology\/\" \/>\n<meta property=\"og:locale\" content=\"en_US\" \/>\n<meta property=\"og:type\" content=\"article\" \/>\n<meta property=\"og:title\" content=\"The Tridactyl Nazca Mummies\" \/>\n<meta property=\"og:description\" content=\"This page presents the facts about the Nazca Mummies tridactyl case, from the most recent to the oldest.\" \/>\n<meta property=\"og:url\" content=\"https:\/\/www.the-alien-project.com\/en\/chronology\/\" \/>\n<meta property=\"og:site_name\" content=\"Les momies de Nazca\" \/>\n<meta property=\"article:publisher\" content=\"https:\/\/www.facebook.com\/AlienProjectPeru\/\" \/>\n<meta property=\"article:modified_time\" content=\"2025-12-12T05:41:35+00:00\" \/>\n<meta property=\"og:image\" content=\"https:\/\/www.the-alien-project.com\/wp-content\/uploads\/2025\/08\/64-2-04-e1744722766897.jpg\" \/>\n<meta name=\"twitter:card\" content=\"summary_large_image\" \/>\n<meta name=\"twitter:title\" content=\"The Tridactyl Nazca Mummies\" \/>\n<meta name=\"twitter:description\" content=\"This page presents the facts about the Nazca Mummies tridactyl case, from the most recent to the oldest.\" \/>\n<meta name=\"twitter:image\" content=\"https:\/\/www.the-alien-project.com\/wp-content\/uploads\/2025\/08\/64-2-04-e1744722766897.jpg\" \/>\n<meta name=\"twitter:label1\" content=\"Est. reading time\" \/>\n\t<meta name=\"twitter:data1\" content=\"29 minutes\" \/>\n<script type=\"application\/ld+json\" class=\"yoast-schema-graph\">{\"@context\":\"https:\/\/schema.org\",\"@graph\":[{\"@type\":\"WebPage\",\"@id\":\"https:\/\/www.the-alien-project.com\/en\/chronology\/\",\"url\":\"https:\/\/www.the-alien-project.com\/en\/chronology\/\",\"name\":\"The three-fingered mummies of Nazca - Chronology of events\",\"isPartOf\":{\"@id\":\"https:\/\/www.the-alien-project.com\/en\/#website\"},\"primaryImageOfPage\":{\"@id\":\"https:\/\/www.the-alien-project.com\/en\/chronology\/#primaryimage\"},\"image\":{\"@id\":\"https:\/\/www.the-alien-project.com\/en\/chronology\/#primaryimage\"},\"thumbnailUrl\":\"https:\/\/www.the-alien-project.com\/wp-content\/uploads\/2025\/08\/momies-non-humaines-de-Nazca-1-204x300.jpg\",\"datePublished\":\"2025-08-05T15:48:55+00:00\",\"dateModified\":\"2025-12-12T05:41:35+00:00\",\"description\":\"This page presents the facts about the Nazca Mummies tridactyl case, from the most recent to the oldest.\",\"breadcrumb\":{\"@id\":\"https:\/\/www.the-alien-project.com\/en\/chronology\/#breadcrumb\"},\"inLanguage\":\"en-US\",\"potentialAction\":[{\"@type\":\"ReadAction\",\"target\":[\"https:\/\/www.the-alien-project.com\/en\/chronology\/\"]}]},{\"@type\":\"ImageObject\",\"inLanguage\":\"en-US\",\"@id\":\"https:\/\/www.the-alien-project.com\/en\/chronology\/#primaryimage\",\"url\":\"https:\/\/www.the-alien-project.com\/wp-content\/uploads\/2025\/08\/momies-non-humaines-de-Nazca-1-204x300.jpg\",\"contentUrl\":\"https:\/\/www.the-alien-project.com\/wp-content\/uploads\/2025\/08\/momies-non-humaines-de-Nazca-1-204x300.jpg\"},{\"@type\":\"BreadcrumbList\",\"@id\":\"https:\/\/www.the-alien-project.com\/en\/chronology\/#breadcrumb\",\"itemListElement\":[{\"@type\":\"ListItem\",\"position\":1,\"name\":\"Accueil\",\"item\":\"https:\/\/www.the-alien-project.com\/en\/home\/\"},{\"@type\":\"ListItem\",\"position\":2,\"name\":\"Chronology\"}]},{\"@type\":\"WebSite\",\"@id\":\"https:\/\/www.the-alien-project.com\/en\/#website\",\"url\":\"https:\/\/www.the-alien-project.com\/en\/\",\"name\":\"Les momies de Nazca\",\"description\":\"\",\"publisher\":{\"@id\":\"https:\/\/www.the-alien-project.com\/en\/#organization\"},\"potentialAction\":[{\"@type\":\"SearchAction\",\"target\":{\"@type\":\"EntryPoint\",\"urlTemplate\":\"https:\/\/www.the-alien-project.com\/en\/?s={search_term_string}\"},\"query-input\":{\"@type\":\"PropertyValueSpecification\",\"valueRequired\":true,\"valueName\":\"search_term_string\"}}],\"inLanguage\":\"en-US\"},{\"@type\":\"Organization\",\"@id\":\"https:\/\/www.the-alien-project.com\/en\/#organization\",\"name\":\"Les momies de Nazca\",\"url\":\"https:\/\/www.the-alien-project.com\/en\/\",\"logo\":{\"@type\":\"ImageObject\",\"inLanguage\":\"en-US\",\"@id\":\"https:\/\/www.the-alien-project.com\/en\/#\/schema\/logo\/image\/\",\"url\":\"https:\/\/www.the-alien-project.com\/wp-content\/uploads\/2025\/08\/logo-alien-project-2025.png\",\"contentUrl\":\"https:\/\/www.the-alien-project.com\/wp-content\/uploads\/2025\/08\/logo-alien-project-2025.png\",\"width\":146,\"height\":80,\"caption\":\"Les momies de Nazca\"},\"image\":{\"@id\":\"https:\/\/www.the-alien-project.com\/en\/#\/schema\/logo\/image\/\"},\"sameAs\":[\"https:\/\/www.facebook.com\/AlienProjectPeru\/\"]}]}<\/script>\n<!-- \/ Yoast SEO plugin. -->","yoast_head_json":{"title":"The three-fingered mummies of Nazca - Chronology of events","description":"This page presents the facts about the Nazca Mummies tridactyl case, from the most recent to the oldest.","robots":{"index":"index","follow":"follow","max-snippet":"max-snippet:-1","max-image-preview":"max-image-preview:large","max-video-preview":"max-video-preview:-1"},"canonical":"https:\/\/www.the-alien-project.com\/en\/chronology\/","og_locale":"en_US","og_type":"article","og_title":"The Tridactyl Nazca Mummies","og_description":"This page presents the facts about the Nazca Mummies tridactyl case, from the most recent to the oldest.","og_url":"https:\/\/www.the-alien-project.com\/en\/chronology\/","og_site_name":"Les momies de Nazca","article_publisher":"https:\/\/www.facebook.com\/AlienProjectPeru\/","article_modified_time":"2025-12-12T05:41:35+00:00","og_image":[{"url":"https:\/\/www.the-alien-project.com\/wp-content\/uploads\/2025\/08\/64-2-04-e1744722766897.jpg","type":"","width":"","height":""}],"twitter_card":"summary_large_image","twitter_title":"The Tridactyl Nazca Mummies","twitter_description":"This page presents the facts about the Nazca Mummies tridactyl case, from the most recent to the oldest.","twitter_image":"https:\/\/www.the-alien-project.com\/wp-content\/uploads\/2025\/08\/64-2-04-e1744722766897.jpg","twitter_misc":{"Est. reading time":"29 minutes"},"schema":{"@context":"https:\/\/schema.org","@graph":[{"@type":"WebPage","@id":"https:\/\/www.the-alien-project.com\/en\/chronology\/","url":"https:\/\/www.the-alien-project.com\/en\/chronology\/","name":"The three-fingered mummies of Nazca - Chronology of events","isPartOf":{"@id":"https:\/\/www.the-alien-project.com\/en\/#website"},"primaryImageOfPage":{"@id":"https:\/\/www.the-alien-project.com\/en\/chronology\/#primaryimage"},"image":{"@id":"https:\/\/www.the-alien-project.com\/en\/chronology\/#primaryimage"},"thumbnailUrl":"https:\/\/www.the-alien-project.com\/wp-content\/uploads\/2025\/08\/momies-non-humaines-de-Nazca-1-204x300.jpg","datePublished":"2025-08-05T15:48:55+00:00","dateModified":"2025-12-12T05:41:35+00:00","description":"This page presents the facts about the Nazca Mummies tridactyl case, from the most recent to the oldest.","breadcrumb":{"@id":"https:\/\/www.the-alien-project.com\/en\/chronology\/#breadcrumb"},"inLanguage":"en-US","potentialAction":[{"@type":"ReadAction","target":["https:\/\/www.the-alien-project.com\/en\/chronology\/"]}]},{"@type":"ImageObject","inLanguage":"en-US","@id":"https:\/\/www.the-alien-project.com\/en\/chronology\/#primaryimage","url":"https:\/\/www.the-alien-project.com\/wp-content\/uploads\/2025\/08\/momies-non-humaines-de-Nazca-1-204x300.jpg","contentUrl":"https:\/\/www.the-alien-project.com\/wp-content\/uploads\/2025\/08\/momies-non-humaines-de-Nazca-1-204x300.jpg"},{"@type":"BreadcrumbList","@id":"https:\/\/www.the-alien-project.com\/en\/chronology\/#breadcrumb","itemListElement":[{"@type":"ListItem","position":1,"name":"Accueil","item":"https:\/\/www.the-alien-project.com\/en\/home\/"},{"@type":"ListItem","position":2,"name":"Chronology"}]},{"@type":"WebSite","@id":"https:\/\/www.the-alien-project.com\/en\/#website","url":"https:\/\/www.the-alien-project.com\/en\/","name":"Les momies de Nazca","description":"","publisher":{"@id":"https:\/\/www.the-alien-project.com\/en\/#organization"},"potentialAction":[{"@type":"SearchAction","target":{"@type":"EntryPoint","urlTemplate":"https:\/\/www.the-alien-project.com\/en\/?s={search_term_string}"},"query-input":{"@type":"PropertyValueSpecification","valueRequired":true,"valueName":"search_term_string"}}],"inLanguage":"en-US"},{"@type":"Organization","@id":"https:\/\/www.the-alien-project.com\/en\/#organization","name":"Les momies de Nazca","url":"https:\/\/www.the-alien-project.com\/en\/","logo":{"@type":"ImageObject","inLanguage":"en-US","@id":"https:\/\/www.the-alien-project.com\/en\/#\/schema\/logo\/image\/","url":"https:\/\/www.the-alien-project.com\/wp-content\/uploads\/2025\/08\/logo-alien-project-2025.png","contentUrl":"https:\/\/www.the-alien-project.com\/wp-content\/uploads\/2025\/08\/logo-alien-project-2025.png","width":146,"height":80,"caption":"Les momies de Nazca"},"image":{"@id":"https:\/\/www.the-alien-project.com\/en\/#\/schema\/logo\/image\/"},"sameAs":["https:\/\/www.facebook.com\/AlienProjectPeru\/"]}]}},"_links":{"self":[{"href":"https:\/\/www.the-alien-project.com\/en\/wp-json\/wp\/v2\/pages\/3378","targetHints":{"allow":["GET"]}}],"collection":[{"href":"https:\/\/www.the-alien-project.com\/en\/wp-json\/wp\/v2\/pages"}],"about":[{"href":"https:\/\/www.the-alien-project.com\/en\/wp-json\/wp\/v2\/types\/page"}],"author":[{"embeddable":true,"href":"https:\/\/www.the-alien-project.com\/en\/wp-json\/wp\/v2\/users\/1"}],"replies":[{"embeddable":true,"href":"https:\/\/www.the-alien-project.com\/en\/wp-json\/wp\/v2\/comments?post=3378"}],"version-history":[{"count":0,"href":"https:\/\/www.the-alien-project.com\/en\/wp-json\/wp\/v2\/pages\/3378\/revisions"}],"wp:attachment":[{"href":"https:\/\/www.the-alien-project.com\/en\/wp-json\/wp\/v2\/media?parent=3378"}],"curies":[{"name":"wp","href":"https:\/\/api.w.org\/{rel}","templated":true}]}}